{"id":6842,"date":"2021-10-26T16:23:41","date_gmt":"2021-10-26T16:23:41","guid":{"rendered":"https:\/\/gemaa.iesp.uerj.br\/projeto\/consorcio2022\/"},"modified":"2022-05-09T15:25:42","modified_gmt":"2022-05-09T15:25:42","slug":"consortium2022","status":"publish","type":"projeto_de_pesquisa","link":"https:\/\/gemaa.iesp.uerj.br\/en\/projeto\/consortium2022\/","title":{"rendered":"Consortium for 2022 Affirmative Actions Monitoring"},"content":{"rendered":"\n<h4 class=\"wp-block-heading\">Coordena\u00e7\u00e3o<\/h4>\n\n\n\n<div class=\"wp-block-columns is-layout-flex wp-container-core-columns-is-layout-28f84493 wp-block-columns-is-layout-flex\">\n<div class=\"wp-block-column is-layout-flow wp-block-column-is-layout-flow\">\n<h5 class=\"wp-block-heading\"><strong>Grupo de estudos Multidisciplinares de A\u00e7\u00e3o Afirmativa &#8211; GEMAA<\/strong><\/h5>\n\n\n\n<p>Prof Dr. Luiz Augusto Campos (IESP-UERJ) O GEMAA ser\u00e1 co-respons\u00e1vel por conduzir a pesquisa com os dados e estudantes da UERJ. O grupo tem inscri\u00e7\u00e3o no CNPq e sede no IESP-UERJ. Criado em 2008 com o intuito de produzir estudos sobre a\u00e7\u00e3o afirmativa a partir de uma variedade de abordagens metodol\u00f3gicas, o GEMAA ampliou sua \u00e1rea de atua\u00e7\u00e3o e hoje desenvolve investiga\u00e7\u00f5es sobre a representa\u00e7\u00e3o de ra\u00e7a e g\u00eanero na pol\u00edtica e em diversas institui\u00e7\u00f5es e m\u00eddias (jornalismo, cinema, telenovelas, revistas, videogames). Al\u00e9m das atividades de pesquisa, o grupo tamb\u00e9m realiza eventos, debates e cursos. Tamb\u00e9m possui acesso aos dados de sua institui\u00e7\u00e3o sede. <\/p>\n\n\n\n<figure class=\"wp-block-image size-full is-resized\"><img decoding=\"async\" src=\"https:\/\/gemaa.iesp.uerj.br\/wp-content\/uploads\/2021\/10\/Logo-Vertical.svg\" alt=\"\" class=\"wp-image-3928\" width=\"128\" height=\"66\"\/><\/figure>\n\n\n        <div class=\"wp-block-getwid-custom-post-type custom-post-type-pesquisador has-layout-grid\">\n            <div class=\"wp-block-getwid-custom-post-type__wrapper getwid-columns getwid-columns-1\">\n                <p>Nothing found.<\/p>            <\/div>\n\n                    <\/div>\n        <\/div>\n\n\n\n<div class=\"wp-block-column is-layout-flow wp-block-column-is-layout-flow\">\n<h5 class=\"wp-block-heading\"><strong>N\u00facleo de Pesquisa e Forma\u00e7\u00e3o em Ra\u00e7a, G\u00eanero e Justi\u00e7a Racial &#8211; AFRO<\/strong><\/h5>\n\n\n\n<p>Prof.\u00aa Dr.\u00aa Marcia Lima (USP) Criado em 2019, o Afro \u00e9 um n\u00facleo de pesquisa, forma\u00e7\u00e3o e difus\u00e3o sobre a tem\u00e1tica racial que busca contribuir para o fortalecimento das pesquisas acad\u00eamicas sobre desigualdades, rela\u00e7\u00f5es raciais e interseccionalidade. Atua com vistas a qualificar o debate p\u00fablico sobre quest\u00f5es raciais e fortalecer a agenda de Direitos Humanos e da democracia, em especial no tocante \u00e0 justi\u00e7a e \u00e0 igualdade racial e de g\u00eanero. O Afrto tem como prioridade a produ\u00e7\u00e3o de pesquisa que amplie o di\u00e1logo com a sociedade civil, formadores de opini\u00e3o e p\u00fablico interessado no debate sobre a tem\u00e1tica racial e seus desdobramentos.  <\/p>\n\n\n\n<figure class=\"wp-block-image size-full is-resized\"><img decoding=\"async\" src=\"https:\/\/gemaa.iesp.uerj.br\/wp-content\/uploads\/2021\/10\/logo_afro_transparente.png\" alt=\"\" class=\"wp-image-4792\" width=\"158\" height=\"84\" srcset=\"https:\/\/gemaa.iesp.uerj.br\/wp-content\/uploads\/2021\/10\/logo_afro_transparente.png 700w, https:\/\/gemaa.iesp.uerj.br\/wp-content\/uploads\/2021\/10\/logo_afro_transparente-300x160.png 300w\" sizes=\"(max-width: 158px) 100vw, 158px\" \/><\/figure>\n\n\n        <div class=\"wp-block-getwid-custom-post-type custom-post-type-pesquisador has-layout-grid\">\n            <div class=\"wp-block-getwid-custom-post-type__wrapper getwid-columns getwid-columns-1\">\n                \t\t\t\t\t\t\t\t<div class='wp-block-getwid-custom-post-type__post'>\n\t\t\t\t\t\t\t\t\t\n<div class=\"wp-block-columns is-layout-flex wp-container-core-columns-is-layout-28f84493 wp-block-columns-is-layout-flex\">\n<div class=\"wp-block-column card pesquisador sombra has-palette-color-4-color has-palette-color-7-background-color has-text-color has-background is-layout-flow wp-block-column-is-layout-flow\">\n<div class=\"wp-block-getwid-template-post-featured-image\" >\n            <a href=\"https:\/\/gemaa.iesp.uerj.br\/en\/pesquisador\/marcia-lima\/\">\n        <img fetchpriority=\"high\" decoding=\"async\" width=\"1024\" height=\"683\" src=\"https:\/\/gemaa.iesp.uerj.br\/wp-content\/uploads\/2021\/11\/marcia-lima-1024x683.png\" class=\"attachment-large size-large wp-post-image\" alt=\"Marcia Lima\" srcset=\"https:\/\/gemaa.iesp.uerj.br\/wp-content\/uploads\/2021\/11\/marcia-lima-1024x683.png 1024w, https:\/\/gemaa.iesp.uerj.br\/wp-content\/uploads\/2021\/11\/marcia-lima-300x200.png 300w, https:\/\/gemaa.iesp.uerj.br\/wp-content\/uploads\/2021\/11\/marcia-lima-768x512.png 768w, https:\/\/gemaa.iesp.uerj.br\/wp-content\/uploads\/2021\/11\/marcia-lima-1600x1067.png 1600w, https:\/\/gemaa.iesp.uerj.br\/wp-content\/uploads\/2021\/11\/marcia-lima-1536x1024.png 1536w, https:\/\/gemaa.iesp.uerj.br\/wp-content\/uploads\/2021\/11\/marcia-lima.png 1960w\" sizes=\"(max-width: 1024px) 100vw, 1024px\" \/>            <\/a>\n    <\/div>\n\n\n\n<div class=\"wp-block-columns nome is-layout-flex wp-container-core-columns-is-layout-28f84493 wp-block-columns-is-layout-flex\">\n<div class=\"wp-block-column is-layout-flow wp-block-column-is-layout-flow\">\n<h3 class=\"wp-block-getwid-template-post-title\"><a class=\"wp-block-getwid-template-post-title__link\" href=\"https:\/\/gemaa.iesp.uerj.br\/en\/pesquisador\/marcia-lima\/\">Marcia Lima<\/a><\/h3><\/div>\n<\/div>\n\n\n\n<div class=\"wp-block-getwid-template-post-custom-field bio-curta custom-field-biografia_curta\" >\n    <\/div>\n\n\n\n<div class=\"wp-block-getwid-template-post-custom-field custom-field-funcao_cotas_2022\" >\n    Coordenadora<\/div>\n\n\n<div class=\"lazyblock-card-pesquisador-contato-1u8Sg0 wp-block-lazyblock-card-pesquisador-contato\">\n<div class=\"card-contatos\">\n  <a class=\"mail\" target=\"_blank\" href=\"mailto:mrlima@usp.br\"><i class=\"fas fa-paper-plane\"><\/i>mrlima@usp.br<\/a>\n\n  <a class=\"lattes_url\" href=\"http:\/\/lattes.cnpq.br\/7144720866935019\" target=\"_blank\"><i class=\"fas fa-globe-americas\"><\/i>Lattes<\/a>\n\n\n\n\n\n<\/div><\/div><\/div>\n<\/div>\n\t\t\t\t\t\t\t\t<\/div>\n\t\t\t\t\t\t\t            <\/div>\n\n                    <\/div>\n        <\/div>\n<\/div>\n\n\n\n<p><\/p>\n\n\n\n<p><\/p>\n\n\n\n<h4 class=\"wp-block-heading\">Universidades e N\u00facleos Envolvidos<\/h4>\n\n\n\n<h5 class=\"wp-block-heading\">Universidade Federal da Bahia (UFBA)<\/h5>\n\n\n        <div class=\"wp-block-getwid-custom-post-type custom-post-type-pesquisador has-layout-grid\">\n            <div class=\"wp-block-getwid-custom-post-type__wrapper getwid-columns getwid-columns-3\">\n                \t\t\t\t\t\t\t\t<div class='wp-block-getwid-custom-post-type__post'>\n\t\t\t\t\t\t\t\t\t\n<div class=\"wp-block-columns is-layout-flex wp-container-core-columns-is-layout-28f84493 wp-block-columns-is-layout-flex\">\n<div class=\"wp-block-column card pesquisador sombra has-palette-color-4-color has-palette-color-7-background-color has-text-color has-background is-layout-flow wp-block-column-is-layout-flow\">\n<div class=\"wp-block-getwid-template-post-featured-image\" >\n            <a href=\"https:\/\/gemaa.iesp.uerj.br\/en\/pesquisador\/edilza-sotero\/\">\n        <img loading=\"lazy\" decoding=\"async\" width=\"400\" height=\"400\" src=\"https:\/\/gemaa.iesp.uerj.br\/wp-content\/uploads\/2021\/11\/edilza-sotero.png\" class=\"attachment-large size-large wp-post-image\" alt=\"Edilza Sotero\" srcset=\"https:\/\/gemaa.iesp.uerj.br\/wp-content\/uploads\/2021\/11\/edilza-sotero.png 400w, https:\/\/gemaa.iesp.uerj.br\/wp-content\/uploads\/2021\/11\/edilza-sotero-300x300.png 300w, https:\/\/gemaa.iesp.uerj.br\/wp-content\/uploads\/2021\/11\/edilza-sotero-150x150.png 150w\" sizes=\"(max-width: 400px) 100vw, 400px\" \/>            <\/a>\n    <\/div>\n\n\n\n<div class=\"wp-block-columns nome is-layout-flex wp-container-core-columns-is-layout-28f84493 wp-block-columns-is-layout-flex\">\n<div class=\"wp-block-column is-layout-flow wp-block-column-is-layout-flow\">\n<h3 class=\"wp-block-getwid-template-post-title\"><a class=\"wp-block-getwid-template-post-title__link\" href=\"https:\/\/gemaa.iesp.uerj.br\/en\/pesquisador\/edilza-sotero\/\">Edilza Sotero<\/a><\/h3><\/div>\n<\/div>\n\n\n\n<div class=\"wp-block-getwid-template-post-custom-field bio-curta custom-field-biografia_curta\" >\n    <\/div>\n\n\n\n<div class=\"wp-block-getwid-template-post-custom-field custom-field-funcao_cotas_2022\" >\n    Coordenadora<\/div>\n\n\n<div class=\"lazyblock-card-pesquisador-contato-1u8Sg0 wp-block-lazyblock-card-pesquisador-contato\">\n<div class=\"card-contatos\">\n  <a class=\"mail\" target=\"_blank\" href=\"mailto:edilza.sotero@ufba.br\"><i class=\"fas fa-paper-plane\"><\/i>edilza.sotero@ufba.br<\/a>\n\n  <a class=\"lattes_url\" href=\"http:\/\/lattes.cnpq.br\/8287804054596501\" target=\"_blank\"><i class=\"fas fa-globe-americas\"><\/i>Lattes<\/a>\n\n\n\n\n\n<\/div><\/div><\/div>\n<\/div>\n\t\t\t\t\t\t\t\t<\/div>\n\t\t\t\t\t\t\t\t\t\t\t\t\t\t\t<div class='wp-block-getwid-custom-post-type__post'>\n\t\t\t\t\t\t\t\t\t\n<div class=\"wp-block-columns is-layout-flex wp-container-core-columns-is-layout-28f84493 wp-block-columns-is-layout-flex\">\n<div class=\"wp-block-column card pesquisador sombra has-palette-color-4-color has-palette-color-7-background-color has-text-color has-background is-layout-flow wp-block-column-is-layout-flow\">\n<div class=\"wp-block-getwid-template-post-featured-image\" >\n            <a href=\"https:\/\/gemaa.iesp.uerj.br\/en\/pesquisador\/paula-barreto\/\">\n        <img loading=\"lazy\" decoding=\"async\" width=\"750\" height=\"500\" src=\"https:\/\/gemaa.iesp.uerj.br\/wp-content\/uploads\/2021\/11\/PaulaCristinaBarreto-e1649970764599.jpeg\" class=\"attachment-large size-large wp-post-image\" alt=\"Paula Cristina da Silva Barreto\" \/>            <\/a>\n    <\/div>\n\n\n\n<div class=\"wp-block-columns nome is-layout-flex wp-container-core-columns-is-layout-28f84493 wp-block-columns-is-layout-flex\">\n<div class=\"wp-block-column is-layout-flow wp-block-column-is-layout-flow\">\n<h3 class=\"wp-block-getwid-template-post-title\"><a class=\"wp-block-getwid-template-post-title__link\" href=\"https:\/\/gemaa.iesp.uerj.br\/en\/pesquisador\/paula-barreto\/\">Paula Cristina da Silva Barreto<\/a><\/h3><\/div>\n<\/div>\n\n\n\n<div class=\"wp-block-getwid-template-post-custom-field bio-curta custom-field-biografia_curta\" >\n    <\/div>\n\n\n\n<div class=\"wp-block-getwid-template-post-custom-field custom-field-funcao_cotas_2022\" >\n    Coordenadora<\/div>\n\n\n<div class=\"lazyblock-card-pesquisador-contato-1u8Sg0 wp-block-lazyblock-card-pesquisador-contato\">\n<div class=\"card-contatos\">\n  <a class=\"mail\" target=\"_blank\" href=\"mailto:paulacbarr@uol.com.br\"><i class=\"fas fa-paper-plane\"><\/i>paulacbarr@uol.com.br<\/a>\n\n  <a class=\"lattes_url\" href=\"http:\/\/lattes.cnpq.br\/3865670491591815\" target=\"_blank\"><i class=\"fas fa-globe-americas\"><\/i>Lattes<\/a>\n\n\n\n\n\n<\/div><\/div><\/div>\n<\/div>\n\t\t\t\t\t\t\t\t<\/div>\n\t\t\t\t\t\t\t            <\/div>\n\n                    <\/div>\n        \n\n\n<h5 class=\"wp-block-heading\">Universidade Federal de Santa Catarina (UFSC)<\/h5>\n\n\n        <div class=\"wp-block-getwid-custom-post-type custom-post-type-pesquisador has-layout-grid\">\n            <div class=\"wp-block-getwid-custom-post-type__wrapper getwid-columns getwid-columns-3\">\n                \t\t\t\t\t\t\t\t<div class='wp-block-getwid-custom-post-type__post'>\n\t\t\t\t\t\t\t\t\t\n<div class=\"wp-block-columns is-layout-flex wp-container-core-columns-is-layout-28f84493 wp-block-columns-is-layout-flex\">\n<div class=\"wp-block-column card pesquisador sombra has-palette-color-4-color has-palette-color-7-background-color has-text-color has-background is-layout-flow wp-block-column-is-layout-flow\">\n<div class=\"wp-block-getwid-template-post-featured-image\" >\n            <a href=\"https:\/\/gemaa.iesp.uerj.br\/en\/pesquisador\/marcelo-tragtenberg\/\">\n        <img loading=\"lazy\" decoding=\"async\" width=\"377\" height=\"371\" src=\"https:\/\/gemaa.iesp.uerj.br\/wp-content\/uploads\/2021\/11\/marcelo-tragtenberg.png\" class=\"attachment-large size-large wp-post-image\" alt=\"Marcelo Tragtenberg\" srcset=\"https:\/\/gemaa.iesp.uerj.br\/wp-content\/uploads\/2021\/11\/marcelo-tragtenberg.png 377w, https:\/\/gemaa.iesp.uerj.br\/wp-content\/uploads\/2021\/11\/marcelo-tragtenberg-300x295.png 300w\" sizes=\"(max-width: 377px) 100vw, 377px\" \/>            <\/a>\n    <\/div>\n\n\n\n<div class=\"wp-block-columns nome is-layout-flex wp-container-core-columns-is-layout-28f84493 wp-block-columns-is-layout-flex\">\n<div class=\"wp-block-column is-layout-flow wp-block-column-is-layout-flow\">\n<h3 class=\"wp-block-getwid-template-post-title\"><a class=\"wp-block-getwid-template-post-title__link\" href=\"https:\/\/gemaa.iesp.uerj.br\/en\/pesquisador\/marcelo-tragtenberg\/\">Marcelo Tragtenberg<\/a><\/h3><\/div>\n<\/div>\n\n\n\n<div class=\"wp-block-getwid-template-post-custom-field bio-curta custom-field-biografia_curta\" >\n    <\/div>\n\n\n\n<div class=\"wp-block-getwid-template-post-custom-field custom-field-funcao_cotas_2022\" >\n    Coordenador<\/div>\n\n\n<div class=\"lazyblock-card-pesquisador-contato-1u8Sg0 wp-block-lazyblock-card-pesquisador-contato\">\n<div class=\"card-contatos\">\n  <a class=\"mail\" target=\"_blank\" href=\"mailto:marcelotragtenberg@gmail.com\"><i class=\"fas fa-paper-plane\"><\/i>marcelotragtenberg@gmail.com<\/a>\n\n  <a class=\"lattes_url\" href=\"http:\/\/lattes.cnpq.br\/0522021126041521\" target=\"_blank\"><i class=\"fas fa-globe-americas\"><\/i>Lattes<\/a>\n\n\n\n\n\n<\/div><\/div><\/div>\n<\/div>\n\t\t\t\t\t\t\t\t<\/div>\n\t\t\t\t\t\t\t            <\/div>\n\n                    <\/div>\n        \n\n\n<h5 class=\"wp-block-heading\">Universidade Federal do Rio de Janeiro (UFRJ)<\/h5>\n\n\n        <div class=\"wp-block-getwid-custom-post-type custom-post-type-pesquisador has-layout-grid\">\n            <div class=\"wp-block-getwid-custom-post-type__wrapper getwid-columns getwid-columns-3\">\n                \t\t\t\t\t\t\t\t<div class='wp-block-getwid-custom-post-type__post'>\n\t\t\t\t\t\t\t\t\t\n<div class=\"wp-block-columns is-layout-flex wp-container-core-columns-is-layout-28f84493 wp-block-columns-is-layout-flex\">\n<div class=\"wp-block-column card pesquisador sombra has-palette-color-4-color has-palette-color-7-background-color has-text-color has-background is-layout-flow wp-block-column-is-layout-flow\">\n<div class=\"wp-block-getwid-template-post-featured-image\" >\n            <a href=\"https:\/\/gemaa.iesp.uerj.br\/en\/pesquisador\/felicia-picanco\/\">\n        <img loading=\"lazy\" decoding=\"async\" width=\"1024\" height=\"1024\" src=\"https:\/\/gemaa.iesp.uerj.br\/wp-content\/uploads\/2021\/11\/felicia-picanco-1024x1024.png\" class=\"attachment-large size-large wp-post-image\" alt=\"Fel\u00edcia Pican\u00e7o\" srcset=\"https:\/\/gemaa.iesp.uerj.br\/wp-content\/uploads\/2021\/11\/felicia-picanco-1024x1024.png 1024w, https:\/\/gemaa.iesp.uerj.br\/wp-content\/uploads\/2021\/11\/felicia-picanco-300x300.png 300w, https:\/\/gemaa.iesp.uerj.br\/wp-content\/uploads\/2021\/11\/felicia-picanco-150x150.png 150w, https:\/\/gemaa.iesp.uerj.br\/wp-content\/uploads\/2021\/11\/felicia-picanco-768x768.png 768w, https:\/\/gemaa.iesp.uerj.br\/wp-content\/uploads\/2021\/11\/felicia-picanco.png 1080w\" sizes=\"(max-width: 1024px) 100vw, 1024px\" \/>            <\/a>\n    <\/div>\n\n\n\n<div class=\"wp-block-columns nome is-layout-flex wp-container-core-columns-is-layout-28f84493 wp-block-columns-is-layout-flex\">\n<div class=\"wp-block-column is-layout-flow wp-block-column-is-layout-flow\">\n<h3 class=\"wp-block-getwid-template-post-title\"><a class=\"wp-block-getwid-template-post-title__link\" href=\"https:\/\/gemaa.iesp.uerj.br\/en\/pesquisador\/felicia-picanco\/\">Fel\u00edcia Pican\u00e7o<\/a><\/h3><\/div>\n<\/div>\n\n\n\n<div class=\"wp-block-getwid-template-post-custom-field bio-curta custom-field-biografia_curta\" >\n    <\/div>\n\n\n\n<div class=\"wp-block-getwid-template-post-custom-field custom-field-funcao_cotas_2022\" >\n    Coordenadora<\/div>\n\n\n<div class=\"lazyblock-card-pesquisador-contato-1u8Sg0 wp-block-lazyblock-card-pesquisador-contato\">\n<div class=\"card-contatos\">\n  <a class=\"mail\" target=\"_blank\" href=\"mailto:felicia@uol.com.br\"><i class=\"fas fa-paper-plane\"><\/i>felicia@uol.com.br<\/a>\n\n  <a class=\"lattes_url\" href=\"http:\/\/lattes.cnpq.br\/3614300058034223\" target=\"_blank\"><i class=\"fas fa-globe-americas\"><\/i>Lattes<\/a>\n\n  <a class=\"orcid_url\" href=\"https:\/\/orcid.org\/0000-0001-5661-5782\" target=\"_blank\"><i class=\"fas fa-globe-americas\"><\/i>ORCID<\/a>\n\n\n\n\n<\/div><\/div><\/div>\n<\/div>\n\t\t\t\t\t\t\t\t<\/div>\n\t\t\t\t\t\t\t            <\/div>\n\n                    <\/div>\n        \n\n\n<h5 class=\"wp-block-heading\">Universidade Federal de Minas Gerais (UFMG)<\/h5>\n\n\n        <div class=\"wp-block-getwid-custom-post-type custom-post-type-pesquisador has-layout-grid\">\n            <div class=\"wp-block-getwid-custom-post-type__wrapper getwid-columns getwid-columns-3\">\n                \t\t\t\t\t\t\t\t<div class='wp-block-getwid-custom-post-type__post'>\n\t\t\t\t\t\t\t\t\t\n<div class=\"wp-block-columns is-layout-flex wp-container-core-columns-is-layout-28f84493 wp-block-columns-is-layout-flex\">\n<div class=\"wp-block-column card pesquisador sombra has-palette-color-4-color has-palette-color-7-background-color has-text-color has-background is-layout-flow wp-block-column-is-layout-flow\">\n<div class=\"wp-block-getwid-template-post-featured-image\" >\n            <a href=\"https:\/\/gemaa.iesp.uerj.br\/en\/pesquisador\/ana-karruz\/\">\n        <img loading=\"lazy\" decoding=\"async\" width=\"737\" height=\"737\" src=\"https:\/\/gemaa.iesp.uerj.br\/wp-content\/uploads\/2021\/11\/Ana-Karruz-web.jpg\" class=\"attachment-large size-large wp-post-image\" alt=\"Ana Karruz\" srcset=\"https:\/\/gemaa.iesp.uerj.br\/wp-content\/uploads\/2021\/11\/Ana-Karruz-web.jpg 737w, https:\/\/gemaa.iesp.uerj.br\/wp-content\/uploads\/2021\/11\/Ana-Karruz-web-300x300.jpg 300w, https:\/\/gemaa.iesp.uerj.br\/wp-content\/uploads\/2021\/11\/Ana-Karruz-web-150x150.jpg 150w\" sizes=\"(max-width: 737px) 100vw, 737px\" \/>            <\/a>\n    <\/div>\n\n\n\n<div class=\"wp-block-columns nome is-layout-flex wp-container-core-columns-is-layout-28f84493 wp-block-columns-is-layout-flex\">\n<div class=\"wp-block-column is-layout-flow wp-block-column-is-layout-flow\">\n<h3 class=\"wp-block-getwid-template-post-title\"><a class=\"wp-block-getwid-template-post-title__link\" href=\"https:\/\/gemaa.iesp.uerj.br\/en\/pesquisador\/ana-karruz\/\">Ana Karruz<\/a><\/h3><\/div>\n<\/div>\n\n\n\n<div class=\"wp-block-getwid-template-post-custom-field bio-curta custom-field-biografia_curta\" >\n    <\/div>\n\n\n\n<div class=\"wp-block-getwid-template-post-custom-field custom-field-funcao_cotas_2022\" >\n    Coordenadora<\/div>\n\n\n<div class=\"lazyblock-card-pesquisador-contato-1u8Sg0 wp-block-lazyblock-card-pesquisador-contato\">\n<div class=\"card-contatos\">\n  <a class=\"mail\" target=\"_blank\" href=\"mailto:apkarruz@gmail.com\"><i class=\"fas fa-paper-plane\"><\/i>apkarruz@gmail.com<\/a>\n\n  <a class=\"lattes_url\" href=\"http:\/\/lattes.cnpq.br\/3772370803299330\" target=\"_blank\"><i class=\"fas fa-globe-americas\"><\/i>Lattes<\/a>\n\n  <a class=\"orcid_url\" href=\"https:\/\/orcid.org\/0000-0002-8200-0121\" target=\"_blank\"><i class=\"fas fa-globe-americas\"><\/i>ORCID<\/a>\n\n\n\n\n<\/div><\/div><\/div>\n<\/div>\n\t\t\t\t\t\t\t\t<\/div>\n\t\t\t\t\t\t\t            <\/div>\n\n                    <\/div>\n        \n\n\n<h5 class=\"wp-block-heading\">Universidade de Bras\u00edlia (UnB)<\/h5>\n\n\n        <div class=\"wp-block-getwid-custom-post-type custom-post-type-pesquisador has-layout-grid\">\n            <div class=\"wp-block-getwid-custom-post-type__wrapper getwid-columns getwid-columns-3\">\n                \t\t\t\t\t\t\t\t<div class='wp-block-getwid-custom-post-type__post'>\n\t\t\t\t\t\t\t\t\t\n<div class=\"wp-block-columns is-layout-flex wp-container-core-columns-is-layout-28f84493 wp-block-columns-is-layout-flex\">\n<div class=\"wp-block-column card pesquisador sombra has-palette-color-4-color has-palette-color-7-background-color has-text-color has-background is-layout-flow wp-block-column-is-layout-flow\">\n<div class=\"wp-block-getwid-template-post-featured-image\" >\n            <a href=\"https:\/\/gemaa.iesp.uerj.br\/en\/pesquisador\/joaze-bernardino\/\">\n        <img loading=\"lazy\" decoding=\"async\" width=\"651\" height=\"550\" src=\"https:\/\/gemaa.iesp.uerj.br\/wp-content\/uploads\/2021\/11\/joaze-bernardino-e1649971496786.jpg\" class=\"attachment-large size-large wp-post-image\" alt=\"Joaze Bernardino\" \/>            <\/a>\n    <\/div>\n\n\n\n<div class=\"wp-block-columns nome is-layout-flex wp-container-core-columns-is-layout-28f84493 wp-block-columns-is-layout-flex\">\n<div class=\"wp-block-column is-layout-flow wp-block-column-is-layout-flow\">\n<h3 class=\"wp-block-getwid-template-post-title\"><a class=\"wp-block-getwid-template-post-title__link\" href=\"https:\/\/gemaa.iesp.uerj.br\/en\/pesquisador\/joaze-bernardino\/\">Joaze Bernardino<\/a><\/h3><\/div>\n<\/div>\n\n\n\n<div class=\"wp-block-getwid-template-post-custom-field bio-curta custom-field-biografia_curta\" >\n    <\/div>\n\n\n\n<div class=\"wp-block-getwid-template-post-custom-field custom-field-funcao_cotas_2022\" >\n    Coordenador<\/div>\n\n\n<div class=\"lazyblock-card-pesquisador-contato-1u8Sg0 wp-block-lazyblock-card-pesquisador-contato\">\n<div class=\"card-contatos\">\n\n  <a class=\"lattes_url\" href=\"http:\/\/lattes.cnpq.br\/9455103902642220\" target=\"_blank\"><i class=\"fas fa-globe-americas\"><\/i>Lattes<\/a>\n\n\n\n\n\n<\/div><\/div><\/div>\n<\/div>\n\t\t\t\t\t\t\t\t<\/div>\n\t\t\t\t\t\t\t\t\t\t\t\t\t\t\t<div class='wp-block-getwid-custom-post-type__post'>\n\t\t\t\t\t\t\t\t\t\n<div class=\"wp-block-columns is-layout-flex wp-container-core-columns-is-layout-28f84493 wp-block-columns-is-layout-flex\">\n<div class=\"wp-block-column card pesquisador sombra has-palette-color-4-color has-palette-color-7-background-color has-text-color has-background is-layout-flow wp-block-column-is-layout-flow\">\n<div class=\"wp-block-getwid-template-post-featured-image\" >\n            <a href=\"https:\/\/gemaa.iesp.uerj.br\/en\/pesquisador\/carlos-machado-2\/\">\n        <img loading=\"lazy\" decoding=\"async\" width=\"768\" height=\"1024\" src=\"https:\/\/gemaa.iesp.uerj.br\/wp-content\/uploads\/2021\/11\/Carlos-Machado-e1649971571394.jpeg\" class=\"attachment-large size-large wp-post-image\" alt=\"Carlos Machado\" \/>            <\/a>\n    <\/div>\n\n\n\n<div class=\"wp-block-columns nome is-layout-flex wp-container-core-columns-is-layout-28f84493 wp-block-columns-is-layout-flex\">\n<div class=\"wp-block-column is-layout-flow wp-block-column-is-layout-flow\">\n<h3 class=\"wp-block-getwid-template-post-title\"><a class=\"wp-block-getwid-template-post-title__link\" href=\"https:\/\/gemaa.iesp.uerj.br\/en\/pesquisador\/carlos-machado-2\/\">Carlos Machado<\/a><\/h3><\/div>\n<\/div>\n\n\n\n<div class=\"wp-block-getwid-template-post-custom-field bio-curta custom-field-biografia_curta\" >\n    <\/div>\n\n\n\n<div class=\"wp-block-getwid-template-post-custom-field custom-field-funcao_cotas_2022\" >\n    Coordenador<\/div>\n\n\n<div class=\"lazyblock-card-pesquisador-contato-1u8Sg0 wp-block-lazyblock-card-pesquisador-contato\">\n<div class=\"card-contatos\">\n  <a class=\"mail\" target=\"_blank\" href=\"mailto:carlosmellomachado@gmail.com\"><i class=\"fas fa-paper-plane\"><\/i>carlosmellomachado@gmail.com<\/a>\n\n  <a class=\"lattes_url\" href=\"http:\/\/lattes.cnpq.br\/7171652402587748\" target=\"_blank\"><i class=\"fas fa-globe-americas\"><\/i>Lattes<\/a>\n\n\n\n\n\n<\/div><\/div><\/div>\n<\/div>\n\t\t\t\t\t\t\t\t<\/div>\n\t\t\t\t\t\t\t            <\/div>\n\n                    <\/div>\n        \n\n\n<h5 class=\"wp-block-heading\">Universidade do Estado do Rio de Janeiro (UERJ)<\/h5>\n\n\n        <div class=\"wp-block-getwid-custom-post-type custom-post-type-pesquisador has-layout-grid\">\n            <div class=\"wp-block-getwid-custom-post-type__wrapper getwid-columns getwid-columns-3\">\n                <p>Nothing found.<\/p>            <\/div>\n\n                    <\/div>\n        \n\n\n<h5 class=\"wp-block-heading\">Universidade de Campinas (Unicamp)<\/h5>\n\n\n        <div class=\"wp-block-getwid-custom-post-type custom-post-type-pesquisador has-layout-grid\">\n            <div class=\"wp-block-getwid-custom-post-type__wrapper getwid-columns getwid-columns-3\">\n                \t\t\t\t\t\t\t\t<div class='wp-block-getwid-custom-post-type__post'>\n\t\t\t\t\t\t\t\t\t\n<div class=\"wp-block-columns is-layout-flex wp-container-core-columns-is-layout-28f84493 wp-block-columns-is-layout-flex\">\n<div class=\"wp-block-column card pesquisador sombra has-palette-color-4-color has-palette-color-7-background-color has-text-color has-background is-layout-flow wp-block-column-is-layout-flow\">\n<div class=\"wp-block-getwid-template-post-featured-image\" >\n            <a href=\"https:\/\/gemaa.iesp.uerj.br\/en\/pesquisador\/ana-maria-fonseca-almeida\/\">\n        <img loading=\"lazy\" decoding=\"async\" width=\"640\" height=\"480\" src=\"https:\/\/gemaa.iesp.uerj.br\/wp-content\/uploads\/2021\/11\/ana-maria-fonseca-e1649971713448.png\" class=\"attachment-large size-large wp-post-image\" alt=\"Ana Maria Fonseca Almeida\" \/>            <\/a>\n    <\/div>\n\n\n\n<div class=\"wp-block-columns nome is-layout-flex wp-container-core-columns-is-layout-28f84493 wp-block-columns-is-layout-flex\">\n<div class=\"wp-block-column is-layout-flow wp-block-column-is-layout-flow\">\n<h3 class=\"wp-block-getwid-template-post-title\"><a class=\"wp-block-getwid-template-post-title__link\" href=\"https:\/\/gemaa.iesp.uerj.br\/en\/pesquisador\/ana-maria-fonseca-almeida\/\">Ana Maria Fonseca Almeida<\/a><\/h3><\/div>\n<\/div>\n\n\n\n<div class=\"wp-block-getwid-template-post-custom-field bio-curta custom-field-biografia_curta\" >\n    <\/div>\n\n\n\n<div class=\"wp-block-getwid-template-post-custom-field custom-field-funcao_cotas_2022\" >\n    Coordenadora<\/div>\n\n\n<div class=\"lazyblock-card-pesquisador-contato-1u8Sg0 wp-block-lazyblock-card-pesquisador-contato\">\n<div class=\"card-contatos\">\n  <a class=\"mail\" target=\"_blank\" href=\"mailto:aalmeida@unicamp.br\"><i class=\"fas fa-paper-plane\"><\/i>aalmeida@unicamp.br<\/a>\n\n  <a class=\"lattes_url\" href=\"http:\/\/lattes.cnpq.br\/2452772438199184\" target=\"_blank\"><i class=\"fas fa-globe-americas\"><\/i>Lattes<\/a>\n\n  <a class=\"orcid_url\" href=\"https:\/\/orcid.org\/0000-0002-4504-0423\" target=\"_blank\"><i class=\"fas fa-globe-americas\"><\/i>ORCID<\/a>\n\n\n\n\n<\/div><\/div><\/div>\n<\/div>\n\t\t\t\t\t\t\t\t<\/div>\n\t\t\t\t\t\t\t            <\/div>\n\n                    <\/div>\n        \n\n\n<h4 class=\"wp-block-heading\">Apoio<\/h4>\n\n\n\n<div class=\"wp-block-columns are-vertically-aligned-center is-layout-flex wp-container-core-columns-is-layout-28f84493 wp-block-columns-is-layout-flex\">\n<div class=\"wp-block-column is-vertically-aligned-center is-layout-flow wp-block-column-is-layout-flow\">\n<figure class=\"wp-block-image size-full is-resized is-style-default\"><img loading=\"lazy\" decoding=\"async\" src=\"https:\/\/gemaa.iesp.uerj.br\/wp-content\/uploads\/2021\/11\/logo-ibirapitanga-black.svg\" alt=\"\" class=\"wp-image-4787\" width=\"229\" height=\"29\"\/><\/figure>\n<\/div>\n\n\n\n<div class=\"wp-block-column is-vertically-aligned-center is-layout-flow wp-block-column-is-layout-flow\">\n<figure class=\"wp-block-image size-large is-resized is-style-default\"><img loading=\"lazy\" decoding=\"async\" src=\"https:\/\/gemaa.iesp.uerj.br\/wp-content\/uploads\/2021\/11\/LogoHorizontalColoridoFundoTransp-1024x258.png\" alt=\"\" class=\"wp-image-4860\" width=\"329\" height=\"83\" srcset=\"https:\/\/gemaa.iesp.uerj.br\/wp-content\/uploads\/2021\/11\/LogoHorizontalColoridoFundoTransp-1024x258.png 1024w, https:\/\/gemaa.iesp.uerj.br\/wp-content\/uploads\/2021\/11\/LogoHorizontalColoridoFundoTransp-300x76.png 300w, https:\/\/gemaa.iesp.uerj.br\/wp-content\/uploads\/2021\/11\/LogoHorizontalColoridoFundoTransp-768x194.png 768w, https:\/\/gemaa.iesp.uerj.br\/wp-content\/uploads\/2021\/11\/LogoHorizontalColoridoFundoTransp-1600x404.png 1600w, https:\/\/gemaa.iesp.uerj.br\/wp-content\/uploads\/2021\/11\/LogoHorizontalColoridoFundoTransp-1536x387.png 1536w, https:\/\/gemaa.iesp.uerj.br\/wp-content\/uploads\/2021\/11\/LogoHorizontalColoridoFundoTransp-2048x517.png 2048w\" sizes=\"(max-width: 329px) 100vw, 329px\" \/><\/figure>\n<\/div>\n\n\n\n<div class=\"wp-block-column is-vertically-aligned-center is-layout-flow wp-block-column-is-layout-flow\">\n<figure class=\"wp-block-image size-full is-resized is-style-default\"><img loading=\"lazy\" decoding=\"async\" src=\"https:\/\/gemaa.iesp.uerj.br\/wp-content\/uploads\/2021\/10\/FordFoundation.svg\" alt=\"\" class=\"wp-image-6772\" width=\"290\" height=\"44\"\/><\/figure>\n<\/div>\n<\/div>\n","protected":false},"excerpt":{"rendered":"<p>O Cons\u00f3rcio de Acompanhamento de A\u00e7\u00e3o Afirmativa 2022 (CAA22) \u00e9 uma articula\u00e7\u00e3o de n\u00facleos de pesquisa que se uniram para produzir dados e an\u00e1lises sobre a pol\u00edtica de cotas no ensino superior brasileiro. A pesquisa pretende sistematizar o conhecimento acad\u00eamico acumulado sobre as conquistas e desafios da pol\u00edtica a partir da bibliografia especializada e de estudos de caso, quantitativos e qualitativos de distintas universidades.<\/p>\n","protected":false},"featured_media":0,"template":"","tematica":[530,532],"class_list":["post-6842","projeto_de_pesquisa","type-projeto_de_pesquisa","status-publish","hentry","tematica-education","tematica-higher-education"],"blocksy_meta":{"styles_descriptor":{"styles":{"desktop":"","tablet":"","mobile":""},"google_fonts":[],"version":6},"post_title_panel":"","has_hero_section":"default","dd1ac9589866689c9130369ca5c78b25":"","hero_section":"type-1","hero_elements":[{"id":"custom_title","enabled":true,"heading_tag":"h1","title":"P\u00e1gina inicial"},{"id":"custom_description","enabled":true,"description_visibility":{"desktop":true,"tablet":true,"mobile":false}},{"id":"custom_meta","enabled":true,"meta_elements":[{"id":"author","enabled":true,"label":"Por","has_author_avatar":"yes","avatar_size":25},{"id":"post_date","enabled":true,"label":"Em","date_format_source":"default","date_format":"M j, Y"},{"id":"updated_date","enabled":false,"label":"Em","date_format_source":"default","date_format":"M j, Y"},{"id":"categories","enabled":true,"label":"Em","style":"simple"},{"id":"comments","enabled":true}],"page_meta_elements":{"joined":true,"articles_count":true,"comments":true}},{"id":"breadcrumbs","enabled":false}],"3868044f4882363e907e98904faa40ad":"","hero_alignment1":"CT_CSS_SKIP_RULE","hero_margin":40,"hero_alignment2":"center","hero_vertical_alignment":"center","5df028c78e874c832871ce54b3f21ac7":"","hero_structure":"narrow","570425028c2a988df5096b798f934b1c":"","page_title_bg_type":"featured_image","custom_hero_background":{"attachment_id":null},"parallax":{"desktop":false,"tablet":false,"mobile":false},"c7cbf44acffcf9b5303462ffcf3b32fd":"","hero_height":"250px","pageTitleFont":{"family":"Default","variation":"Default","size":"30px","line-height":"CT_CSS_SKIP_RULE","letter-spacing":"CT_CSS_SKIP_RULE","text-transform":"CT_CSS_SKIP_RULE","text-decoration":"CT_CSS_SKIP_RULE"},"pageTitleFontColor":{"default":{"color":"CT_CSS_SKIP_RULEDEFAULT"}},"pageMetaFont":{"family":"Default","variation":"n6","size":"12px","line-height":"1.3","letter-spacing":"CT_CSS_SKIP_RULE","text-transform":"uppercase","text-decoration":"CT_CSS_SKIP_RULE"},"pageMetaFontColor":{"default":{"color":"CT_CSS_SKIP_RULEDEFAULT"},"hover":{"color":"CT_CSS_SKIP_RULEDEFAULT"}},"page_meta_button_type_font_colors":{"default":{"color":"CT_CSS_SKIP_RULEDEFAULT"},"hover":{"color":"CT_CSS_SKIP_RULEDEFAULT"}},"page_meta_button_type_background_colors":{"default":{"color":"CT_CSS_SKIP_RULEDEFAULT"},"hover":{"color":"CT_CSS_SKIP_RULEDEFAULT"}},"pageExcerptFont":{"family":"Default","variation":"Default","size":"CT_CSS_SKIP_RULE","line-height":"CT_CSS_SKIP_RULE","letter-spacing":"CT_CSS_SKIP_RULE","text-transform":"CT_CSS_SKIP_RULE","text-decoration":"CT_CSS_SKIP_RULE"},"pageExcerptColor":{"default":{"color":"CT_CSS_SKIP_RULEDEFAULT"}},"breadcrumbsFont":{"family":"Default","variation":"Default","size":"CT_CSS_SKIP_RULE","line-height":"CT_CSS_SKIP_RULE","letter-spacing":"CT_CSS_SKIP_RULE","text-transform":"CT_CSS_SKIP_RULE","text-decoration":"CT_CSS_SKIP_RULE"},"breadcrumbsFontColor":{"default":{"color":"CT_CSS_SKIP_RULEDEFAULT"},"initial":{"color":"CT_CSS_SKIP_RULEDEFAULT"},"hover":{"color":"CT_CSS_SKIP_RULEDEFAULT"}},"acf_field_hero_elements":"","typography":{"family":"Default","variation":"Default","size":"CT_CSS_SKIP_RULE","line-height":"CT_CSS_SKIP_RULE","letter-spacing":"CT_CSS_SKIP_RULE","text-transform":"CT_CSS_SKIP_RULE","text-decoration":"CT_CSS_SKIP_RULE"},"color":{"default":{"color":"CT_CSS_SKIP_RULEDEFAULT"},"hover":{"color":"CT_CSS_SKIP_RULEDEFAULT"}},"metabox_field_hero_elements":"","toolset_field_hero_elements":"","jetengine_field_hero_elements":"","custom_field_hero_elements":"","pageTitleOverlay":{"background_type":"color","background_pattern":"type-1","background_image":{"attachment_id":null,"x":0,"y":0},"gradient":"linear-gradient(135deg,rgba(6,147,227,1) 0%,rgb(155,81,224) 100%)","background_repeat":"repeat","background_size":"auto","background_attachment":"scroll","patternColor":{"default":{"color":"#e5e7ea"}},"overlayColor":{"default":{"color":"CT_CSS_SKIP_RULE"}},"backgroundColor":{"default":{"color":"CT_CSS_SKIP_RULE"}}},"pageTitleBackground":{"background_type":"color","background_pattern":"type-1","background_image":{"attachment_id":null,"x":0,"y":0},"gradient":"linear-gradient(135deg,rgba(6,147,227,1) 0%,rgb(155,81,224) 100%)","background_repeat":"repeat","background_size":"auto","background_attachment":"scroll","patternColor":{"default":{"color":"#e5e7ea"}},"overlayColor":{"default":{"color":"CT_CSS_SKIP_RULE"}},"backgroundColor":{"default":{"color":"var(--theme-palette-color-6)"}}},"pageTitlePadding":{"top":"50px","bottom":"50px","left":"auto","right":"auto","linked":true},"30e680a417a6879faefb87ef4fed2d19":"","page_structure_type":"default","3ae71a6eb50d89efb5ee9566e8c280ac":"","content_style_source":"inherit","content_style":"wide","vertical_spacing_source":"inherit","content_area_spacing":"both","background":{"background_type":"color","background_pattern":"type-1","background_image":{"attachment_id":null,"x":0,"y":0},"gradient":"linear-gradient(135deg,rgba(6,147,227,1) 0%,rgb(155,81,224) 100%)","background_repeat":"repeat","background_size":"auto","background_attachment":"scroll","patternColor":{"default":{"color":"#e5e7ea"}},"overlayColor":{"default":{"color":"CT_CSS_SKIP_RULE"}},"backgroundColor":{"default":{"color":"CT_CSS_SKIP_RULE"}}},"content_background":{"background_type":"color","background_pattern":"type-1","background_image":{"attachment_id":null,"x":0,"y":0},"gradient":"linear-gradient(135deg,rgba(6,147,227,1) 0%,rgb(155,81,224) 100%)","background_repeat":"repeat","background_size":"auto","background_attachment":"scroll","patternColor":{"default":{"color":"#e5e7ea"}},"overlayColor":{"default":{"color":"CT_CSS_SKIP_RULE"}},"backgroundColor":{"default":{"color":"var(--theme-palette-color-8)"}}},"content_boxed_shadow":{"inherit":false,"blur":18,"spread":-6,"v_offset":12,"h_offset":0,"inset":false,"enable":true,"color":{"color":"rgba(34, 56, 101, 0.04)"}},"boxed_content_spacing":{"desktop":{"top":"40px","bottom":"40px","left":"40px","right":"40px","linked":true},"tablet":{"top":"35px","bottom":"35px","left":"35px","right":"35px","linked":true},"mobile":{"top":"20px","bottom":"20px","left":"20px","right":"20px","linked":true}},"content_boxed_radius":{"top":"3px","bottom":"3px","left":"3px","right":"3px","linked":true},"179eb43f343db955f98db978c6db2503":"","disable_featured_image":"no","disable_share_box":"no","disable_author_box":"no","disable_posts_navigation":"no","b7ad95be9ac23b70cf403896dfb2f0fe":"","disable_related_posts":"no","disable_header":"no","disable_footer":"no"},"featured_image_urls_v2":{"full":"","thumbnail":"","medium":"","medium_large":"","large":"","gs-tiny":"","xl":"","xxl":"","xxxl":"","xxxxl":"","xxxxxl":"","1536x1536":"","2048x2048":""},"post_excerpt_stackable_v2":"<p>O Cons\u00f3rcio de Acompanhamento de A\u00e7\u00e3o Afirmativa 2022 (CAA22) \u00e9 uma articula\u00e7\u00e3o de n\u00facleos de pesquisa que se uniram para produzir dados e an\u00e1lises sobre a pol\u00edtica de cotas no ensino superior brasileiro. A pesquisa pretende sistematizar o conhecimento acad\u00eamico acumulado sobre as conquistas e desafios da pol\u00edtica a partir da bibliografia especializada e de estudos de caso, quantitativos e qualitativos de distintas universidades.<\/p>\n","category_list_v2":"","author_info_v2":{"name":"","url":""},"comments_num_v2":"0 comments","acf":[],"_links":{"self":[{"href":"https:\/\/gemaa.iesp.uerj.br\/en\/wp-json\/wp\/v2\/projeto_de_pesquisa\/6842","targetHints":{"allow":["GET"]}}],"collection":[{"href":"https:\/\/gemaa.iesp.uerj.br\/en\/wp-json\/wp\/v2\/projeto_de_pesquisa"}],"about":[{"href":"https:\/\/gemaa.iesp.uerj.br\/en\/wp-json\/wp\/v2\/types\/projeto_de_pesquisa"}],"version-history":[{"count":0,"href":"https:\/\/gemaa.iesp.uerj.br\/en\/wp-json\/wp\/v2\/projeto_de_pesquisa\/6842\/revisions"}],"wp:attachment":[{"href":"https:\/\/gemaa.iesp.uerj.br\/en\/wp-json\/wp\/v2\/media?parent=6842"}],"wp:term":[{"taxonomy":"tematica","embeddable":true,"href":"https:\/\/gemaa.iesp.uerj.br\/en\/wp-json\/wp\/v2\/tematica?post=6842"}],"curies":[{"name":"wp","href":"https:\/\/api.w.org\/{rel}","templated":true}]}}