{"id":6872,"date":"2021-11-15T19:19:04","date_gmt":"2021-11-15T19:19:04","guid":{"rendered":"https:\/\/gemaa.iesp.uerj.br\/busca\/"},"modified":"2022-05-09T15:33:17","modified_gmt":"2022-05-09T15:33:17","slug":"search","status":"publish","type":"page","link":"https:\/\/gemaa.iesp.uerj.br\/en\/search\/","title":{"rendered":"Search"},"content":{"rendered":"\n<div class=\"wp-block-columns is-layout-flex wp-container-core-columns-is-layout-28f84493 wp-block-columns-is-layout-flex\">\n<div class=\"wp-block-column filterColumn is-layout-flow wp-block-column-is-layout-flow\" style=\"flex-basis:33.33%\"><form data-sf-form-id='4459' data-is-rtl='0' data-maintain-state='' data-results-url='https:\/\/gemaa.iesp.uerj.br\/busca\/' data-ajax-url='https:\/\/gemaa.iesp.uerj.br\/en\/?sfid=4459&amp;sf_action=get_data&amp;sf_data=results' data-ajax-form-url='https:\/\/gemaa.iesp.uerj.br\/en\/?sfid=4459&amp;sf_action=get_data&amp;sf_data=form' data-display-result-method='shortcode' data-use-history-api='1' data-template-loaded='0' data-lang-code='en' data-ajax='1' data-ajax-data-type='json' data-ajax-links-selector='.pagination a' data-ajax-target='#search-filter-results-4459' data-ajax-pagination-type='normal' data-update-ajax-url='1' data-only-results-ajax='1' data-scroll-to-pos='0' data-init-paged='1' data-auto-update='1' action='https:\/\/gemaa.iesp.uerj.br\/busca\/' method='post' class='searchandfilter' id='search-filter-form-4459' autocomplete='off' data-instance-count='1'><ul><li class=\"sf-field-search\" data-sf-field-name=\"search\" data-sf-field-type=\"search\" data-sf-field-input-type=\"\">\t\t<label><input placeholder=\"Busca \u2026\" name=\"_sf_search[]\" class=\"sf-input-text\" type=\"text\" value=\"\" title=\"\"><\/label>\t\t<\/li><li class=\"sf-field-post_type\" data-sf-field-name=\"_sf_post_type\" data-sf-field-type=\"post_type\" data-sf-field-input-type=\"checkbox\">\t\t<ul class=\"\">\r\n\t\t\t\r\n\t\t\t<li class=\"sf-level-0 \" data-sf-depth=\"0\"><input  class=\"sf-input-checkbox\" type=\"checkbox\" value=\"post\" name=\"_sf_post_type[]\" id=\"sf-input-3497b3379be4f95e14d6f6ad7697f77b\"><label class=\"sf-label-checkbox\" for=\"sf-input-3497b3379be4f95e14d6f6ad7697f77b\">Posts<\/label><\/li><li class=\"sf-level-0 \" data-sf-depth=\"0\"><input  class=\"sf-input-checkbox\" type=\"checkbox\" value=\"projeto_de_pesquisa\" name=\"_sf_post_type[]\" id=\"sf-input-0de962a36ec7c634807b9b30fb0f1c67\"><label class=\"sf-label-checkbox\" for=\"sf-input-0de962a36ec7c634807b9b30fb0f1c67\">Projetos de pesquisa<\/label><\/li>\t\t<\/ul>\r\n\t\t<\/li><li class=\"sf-field-taxonomy-tematica\" data-sf-field-name=\"_sft_tematica\" data-sf-field-type=\"taxonomy\" data-sf-field-input-type=\"multiselect\" data-sf-combobox=\"1\"><h4>Tem\u00e1ticas<\/h4>\t\t<label>\r\n\t\t\t\t<select data-combobox=\"1\" data-placeholder=\"Todas as tem\u00e1ticas\" data-operator=\"and\" multiple=\"multiple\" name=\"_sft_tematica[]\" class=\"sf-input-select\" title=\"\">\r\n\t\t\t\r\n\t\t\t\t\t\t<option class=\"sf-level-0 sf-item-522\" data-sf-count=\"9\" data-sf-depth=\"0\" value=\"audiovisual-en\">Audiovisual<\/option>\r\n\t\t\t\t\t\t<option class=\"sf-level-1 sf-item-523\" data-sf-count=\"7\" data-sf-depth=\"1\" value=\"cinema-en\">&nbsp;&nbsp;&nbsp;Cinema<\/option>\r\n\t\t\t\t\t\t<option class=\"sf-level-1 sf-item-525\" data-sf-count=\"2\" data-sf-depth=\"1\" value=\"video-game\">&nbsp;&nbsp;&nbsp;Video game<\/option>\r\n\t\t\t\t\t\t<option class=\"sf-level-0 sf-item-530\" data-sf-count=\"31\" data-sf-depth=\"0\" value=\"education\">Education<\/option>\r\n\t\t\t\t\t\t<option class=\"sf-level-1 sf-item-531\" data-sf-count=\"1\" data-sf-depth=\"1\" value=\"basic-education\">&nbsp;&nbsp;&nbsp;Basic Education<\/option>\r\n\t\t\t\t\t\t<option class=\"sf-level-1 sf-item-533\" data-sf-count=\"6\" data-sf-depth=\"1\" value=\"graduate\">&nbsp;&nbsp;&nbsp;Graduate<\/option>\r\n\t\t\t\t\t\t<option class=\"sf-level-1 sf-item-532\" data-sf-count=\"24\" data-sf-depth=\"1\" value=\"higher-education\">&nbsp;&nbsp;&nbsp;Higher Education<\/option>\r\n\t\t\t\t\t\t<option class=\"sf-level-0 sf-item-526\" data-sf-count=\"10\" data-sf-depth=\"0\" value=\"inequalities\">Inequalities<\/option>\r\n\t\t\t\t\t\t<option class=\"sf-level-1 sf-item-527\" data-sf-count=\"3\" data-sf-depth=\"1\" value=\"class\">&nbsp;&nbsp;&nbsp;Class<\/option>\r\n\t\t\t\t\t\t<option class=\"sf-level-1 sf-item-528\" data-sf-count=\"15\" data-sf-depth=\"1\" value=\"gender\">&nbsp;&nbsp;&nbsp;Gender<\/option>\r\n\t\t\t\t\t\t<option class=\"sf-level-1 sf-item-529\" data-sf-count=\"16\" data-sf-depth=\"1\" value=\"race\">&nbsp;&nbsp;&nbsp;Race<\/option>\r\n\t\t\t\t\t\t<option class=\"sf-level-0 sf-item-534\" data-sf-count=\"9\" data-sf-depth=\"0\" value=\"media\">Media<\/option>\r\n\t\t\t\t\t\t<option class=\"sf-level-1 sf-item-536\" data-sf-count=\"1\" data-sf-depth=\"1\" value=\"advertising\">&nbsp;&nbsp;&nbsp;Advertising<\/option>\r\n\t\t\t\t\t\t<option class=\"sf-level-1 sf-item-535\" data-sf-count=\"7\" data-sf-depth=\"1\" value=\"press\">&nbsp;&nbsp;&nbsp;Press<\/option>\r\n\t\t\t\t\t\t<option class=\"sf-level-1 sf-item-537\" data-sf-count=\"2\" data-sf-depth=\"1\" value=\"tv-en\">&nbsp;&nbsp;&nbsp;TV<\/option>\r\n\t\t\t\t\t\t<option class=\"sf-level-0 sf-item-538\" data-sf-count=\"2\" data-sf-depth=\"0\" value=\"politics\">Politics<\/option>\r\n\t\t\t\t\t\t<option class=\"sf-level-1 sf-item-539\" data-sf-count=\"2\" data-sf-depth=\"1\" value=\"elections\">&nbsp;&nbsp;&nbsp;Elections<\/option>\r\n\t\t\t\t\t<\/select>\r\n\t\t<\/label>\t\t<\/li><li class=\"sf-field-category\" data-sf-field-name=\"_sft_category\" data-sf-field-type=\"category\" data-sf-field-input-type=\"multiselect\" data-sf-combobox=\"1\"><h4>Formatos<\/h4>\t\t<label>\r\n\t\t\t\t<select data-combobox=\"1\" data-placeholder=\"Todos os formatos\" data-operator=\"and\" multiple=\"multiple\" name=\"_sft_category[]\" class=\"sf-input-select\" title=\"\">\r\n\t\t\t\r\n\t\t\t\t\t\t<option class=\"sf-level-0 sf-item-541\" data-sf-count=\"8\" data-sf-depth=\"0\" value=\"bulletins\">Bulletins<\/option>\r\n\t\t\t\t\t\t<option class=\"sf-level-0 sf-item-542\" data-sf-count=\"1\" data-sf-depth=\"0\" value=\"history\">History<\/option>\r\n\t\t\t\t\t\t<option class=\"sf-level-0 sf-item-543\" data-sf-count=\"11\" data-sf-depth=\"0\" value=\"infographics\">Infographics<\/option>\r\n\t\t\t\t\t\t<option class=\"sf-level-0 sf-item-545\" data-sf-count=\"2\" data-sf-depth=\"0\" value=\"reporting\">Reporting<\/option>\r\n\t\t\t\t\t\t<option class=\"sf-level-0 sf-item-544\" data-sf-count=\"14\" data-sf-depth=\"0\" value=\"surveys\">Surveys<\/option>\r\n\t\t\t\t\t\t<option class=\"sf-level-0 sf-item-546\" data-sf-count=\"5\" data-sf-depth=\"0\" value=\"texts-for-discussion\">Texts for discussion<\/option>\r\n\t\t\t\t\t\t<option class=\"sf-level-0 sf-item-504\" data-sf-count=\"98\" data-sf-depth=\"0\" value=\"uncategorized\">Uncategorized<\/option>\r\n\t\t\t\t\t<\/select>\r\n\t\t<\/label>\t\t<\/li><li class=\"sf-field-post-meta-posts_autores\" data-sf-field-name=\"_sfm_posts_autores\" data-sf-field-type=\"post_meta\" data-sf-field-input-type=\"multiselect\" data-sf-meta-type=\"choice\" data-sf-combobox=\"1\"><h4>Autores<\/h4>\t\t<label>\r\n\t\t\t\t<select data-operator=\"and\" data-combobox=\"1\" data-placeholder=\"Todos os autores\" multiple=\"multiple\" name=\"_sfm_posts_autores[]\" class=\"sf-input-select\" title=\"\">\r\n\t\t\t\r\n\t\t\t\t\t\t<option class=\"sf-level-0 \" data-sf-count=\"-1\" data-sf-depth=\"0\" value=\"10336\">Dados de participa\u00e7\u00e3o das mulheres na ci\u00eancia<\/option>\r\n\t\t\t\t\t\t<option class=\"sf-level-0 \" data-sf-count=\"-1\" data-sf-depth=\"0\" value=\"1071\">Boletim GEMAA 3: Ra\u00e7a e G\u00eanero no Festival de Cinema do Rio de Janeiro<\/option>\r\n\t\t\t\t\t\t<option class=\"sf-level-0 \" data-sf-count=\"-1\" data-sf-depth=\"0\" value=\"10975\">Guilhermina Augusti<\/option>\r\n\t\t\t\t\t\t<option class=\"sf-level-0 \" data-sf-count=\"-1\" data-sf-depth=\"0\" value=\"1399\">16 \u2013 Efeitos das altera\u00e7\u00f5es do PAAIS-Unicamp nos vestibulares de 2016 e 2017<\/option>\r\n\t\t\t\t\t\t<option class=\"sf-level-0 \" data-sf-count=\"-1\" data-sf-depth=\"0\" value=\"14370\">Jheniffer Ribeiro<\/option>\r\n\t\t\t\t\t\t<option class=\"sf-level-0 \" data-sf-count=\"-1\" data-sf-depth=\"0\" value=\"314\">9 &#8211; O Programa de Inclus\u00e3o Social da USP (INCLUSP)<\/option>\r\n\t\t\t\t\t\t<option class=\"sf-level-0 \" data-sf-count=\"-1\" data-sf-depth=\"0\" value=\"316\">Festival do Rio &#8211; Perfil da Diversidade de Ra\u00e7a e G\u00eanero<\/option>\r\n\t\t\t\t\t\t<option class=\"sf-level-0 \" data-sf-count=\"-1\" data-sf-depth=\"0\" value=\"321\">Diversidade Racial e de G\u00eanero nos 87 anos do Oscar<\/option>\r\n\t\t\t\t\t\t<option class=\"sf-level-0 \" data-sf-count=\"-1\" data-sf-depth=\"0\" value=\"3500\">6 &#8211; \u201cA Cara do Cinema Nacional\u201d: g\u00eanero e cor dos atores, diretores e roteiristas dos filmes brasileiros (2002-2012)<\/option>\r\n\t\t\t\t\t\t<option class=\"sf-level-0 \" data-sf-count=\"-1\" data-sf-depth=\"0\" value=\"3502\">Evolu\u00e7\u00e3o das A\u00e7\u00f5es Afirmativas nas Universidades P\u00fablicas Estaduais<\/option>\r\n\t\t\t\t\t\t<option class=\"sf-level-0 \" data-sf-count=\"-1\" data-sf-depth=\"0\" value=\"3503\">A Ra\u00e7a e o G\u00eanero nas Novelas dos \u00daltimos 20 Anos<\/option>\r\n\t\t\t\t\t\t<option class=\"sf-level-0 \" data-sf-count=\"-1\" data-sf-depth=\"0\" value=\"3508\">11 &#8211;\u00a0Onze Anos da A\u00e7\u00e3o Afirmativa sem Cota da UNICAMP<\/option>\r\n\t\t\t\t\t\t<option class=\"sf-level-0 \" data-sf-count=\"-1\" data-sf-depth=\"0\" value=\"3509\">Jornalismo Brasileiro: G\u00eanero e Cor\/Ra\u00e7a dos Colunistas dos Principais Jornais do Pa\u00eds<\/option>\r\n\t\t\t\t\t\t<option class=\"sf-level-0 \" data-sf-count=\"-1\" data-sf-depth=\"0\" value=\"3513\">Boletim GEMAA 1: Perfil do Cinema Brasileiro (1995-2016)<\/option>\r\n\t\t\t\t\t\t<option class=\"sf-level-0 \" data-sf-count=\"-1\" data-sf-depth=\"0\" value=\"3755\">Jo\u00e3o Feres J\u00fanior<\/option>\r\n\t\t\t\t\t\t<option class=\"sf-level-0 \" data-sf-count=\"-1\" data-sf-depth=\"0\" value=\"3757\">Luiz Augusto Campos<\/option>\r\n\t\t\t\t\t\t<option class=\"sf-level-0 \" data-sf-count=\"-1\" data-sf-depth=\"0\" value=\"3759\">Anna Carolina Venturini<\/option>\r\n\t\t\t\t\t\t<option class=\"sf-level-0 \" data-sf-count=\"-1\" data-sf-depth=\"0\" value=\"3761\">Luna Sassara<\/option>\r\n\t\t\t\t\t\t<option class=\"sf-level-0 \" data-sf-count=\"-1\" data-sf-depth=\"0\" value=\"3763\">Bruno Salgado<\/option>\r\n\t\t\t\t\t\t<option class=\"sf-level-0 \" data-sf-count=\"-1\" data-sf-depth=\"0\" value=\"3765\">Marcia Rangel Candido<\/option>\r\n\t\t\t\t\t\t<option class=\"sf-level-0 \" data-sf-count=\"-1\" data-sf-depth=\"0\" value=\"3767\">La\u00eds M\u00fcller<\/option>\r\n\t\t\t\t\t\t<option class=\"sf-level-0 \" data-sf-count=\"-1\" data-sf-depth=\"0\" value=\"3769\">Marcell Machado dos Santos<\/option>\r\n\t\t\t\t\t\t<option class=\"sf-level-0 \" data-sf-count=\"-1\" data-sf-depth=\"0\" value=\"3771\">Marcelle Felix<\/option>\r\n\t\t\t\t\t\t<option class=\"sf-level-0 \" data-sf-count=\"-1\" data-sf-depth=\"0\" value=\"3773\">Natalia Le\u00e3o Siqueira<\/option>\r\n\t\t\t\t\t\t<option class=\"sf-level-0 \" data-sf-count=\"-1\" data-sf-depth=\"0\" value=\"3777\">Raissa Imani<\/option>\r\n\t\t\t\t\t\t<option class=\"sf-level-0 \" data-sf-count=\"-1\" data-sf-depth=\"0\" value=\"3779\">\u00c1guida Bessa<\/option>\r\n\t\t\t\t\t\t<option class=\"sf-level-0 \" data-sf-count=\"-1\" data-sf-depth=\"0\" value=\"3783\">Caroline Ser\u00f4dio<\/option>\r\n\t\t\t\t\t\t<option class=\"sf-level-0 \" data-sf-count=\"-1\" data-sf-depth=\"0\" value=\"3787\">Vivian Nascimento<\/option>\r\n\t\t\t\t\t\t<option class=\"sf-level-0 \" data-sf-count=\"-1\" data-sf-depth=\"0\" value=\"4322\">Jefferson Belarmino de Freitas<\/option>\r\n\t\t\t\t\t\t<option class=\"sf-level-0 \" data-sf-count=\"-1\" data-sf-depth=\"0\" value=\"4323\">Poema Portela<\/option>\r\n\t\t\t\t\t\t<option class=\"sf-level-0 \" data-sf-count=\"-1\" data-sf-depth=\"0\" value=\"4324\">Izabele S\u00e1<\/option>\r\n\t\t\t\t\t\t<option class=\"sf-level-0 \" data-sf-count=\"-1\" data-sf-depth=\"0\" value=\"4325\">Juliana Flor<\/option>\r\n\t\t\t\t\t\t<option class=\"sf-level-0 \" data-sf-count=\"-1\" data-sf-depth=\"0\" value=\"4326\">Louise de Lima<\/option>\r\n\t\t\t\t\t\t<option class=\"sf-level-0 \" data-sf-count=\"-1\" data-sf-depth=\"0\" value=\"4377\">Danilo Fran\u00e7a<\/option>\r\n\t\t\t\t\t\t<option class=\"sf-level-0 \" data-sf-count=\"-1\" data-sf-depth=\"0\" value=\"4378\">Lidiane Vieira<\/option>\r\n\t\t\t\t\t\t<option class=\"sf-level-0 \" data-sf-count=\"-1\" data-sf-depth=\"0\" value=\"4379\">Airton Santos<\/option>\r\n\t\t\t\t\t\t<option class=\"sf-level-0 \" data-sf-count=\"-1\" data-sf-depth=\"0\" value=\"4536\">Cleissa Regina Martins<\/option>\r\n\t\t\t\t\t\t<option class=\"sf-level-0 \" data-sf-count=\"-1\" data-sf-depth=\"0\" value=\"4537\">Fernanda Lemos<\/option>\r\n\t\t\t\t\t\t<option class=\"sf-level-0 \" data-sf-count=\"-1\" data-sf-depth=\"0\" value=\"4606\">Carlos Machado<\/option>\r\n\t\t\t\t\t\t<option class=\"sf-level-0 \" data-sf-count=\"-1\" data-sf-depth=\"0\" value=\"4646\">Ver\u00f4nica Toste<\/option>\r\n\t\t\t\t\t\t<option class=\"sf-level-0 \" data-sf-count=\"-1\" data-sf-depth=\"0\" value=\"4647\">Gabriella Moratelli<\/option>\r\n\t\t\t\t\t\t<option class=\"sf-level-0 \" data-sf-count=\"-1\" data-sf-depth=\"0\" value=\"4664\">Eduardo Barbarela<\/option>\r\n\t\t\t\t\t\t<option class=\"sf-level-0 \" data-sf-count=\"-1\" data-sf-depth=\"0\" value=\"4674\">Tiago Storni<\/option>\r\n\t\t\t\t\t\t<option class=\"sf-level-0 \" data-sf-count=\"-1\" data-sf-depth=\"0\" value=\"4690\">Fl\u00e1vio Carvalhaes<\/option>\r\n\t\t\t\t\t\t<option class=\"sf-level-0 \" data-sf-count=\"-1\" data-sf-depth=\"0\" value=\"4694\">Pedro Ramos<\/option>\r\n\t\t\t\t\t\t<option class=\"sf-level-0 \" data-sf-count=\"-1\" data-sf-depth=\"0\" value=\"510\">Infogr\u00e1fico &#8211; Festival do Rio 2016<\/option>\r\n\t\t\t\t\t\t<option class=\"sf-level-0 \" data-sf-count=\"-1\" data-sf-depth=\"0\" value=\"570\">13 \u2013 \u201cA Cara do Cinema Nacional\u201d: G\u00eanero e Ra\u00e7a nos Filmes Nacionais de Maior P\u00fablico (1995 \u2013 2014)<\/option>\r\n\t\t\t\t\t\t<option class=\"sf-level-0 \" data-sf-count=\"-1\" data-sf-depth=\"0\" value=\"7301\"><\/option>\r\n\t\t\t\t\t\t<option class=\"sf-level-0 \" data-sf-count=\"-1\" data-sf-depth=\"0\" value=\"7316\">Boletim GEMAA 7: Edi\u00e7\u00e3o Especial 10 anos GEMAA<\/option>\r\n\t\t\t\t\t\t<option class=\"sf-level-0 \" data-sf-count=\"-1\" data-sf-depth=\"0\" value=\"7319\">Boletim OCS-GEMAA 1: Ra\u00e7a e G\u00eanero nas Ci\u00eancias Sociais<\/option>\r\n\t\t\t\t\t\t<option class=\"sf-level-0 \" data-sf-count=\"-1\" data-sf-depth=\"0\" value=\"7320\">Hist\u00f3ria do GEMAA: 50 anos de IESP-UERJ<\/option>\r\n\t\t\t\t\t\t<option class=\"sf-level-0 \" data-sf-count=\"-1\" data-sf-depth=\"0\" value=\"7321\">A\u00e7\u00f5es Afirmativas nos Programas de P\u00f3s-Gradua\u00e7\u00e3o Acad\u00eamicos de Universidades P\u00fablicas<\/option>\r\n\t\t\t\t\t\t<option class=\"sf-level-0 \" data-sf-count=\"-1\" data-sf-depth=\"0\" value=\"7327\">Boletim GEMAA 6: A\u00e7\u00f5es Afirmativas em Cursos de P\u00f3s-Gradua\u00e7\u00e3o Acad\u00eamicos de Universidades P\u00fablicas<\/option>\r\n\t\t\t\t\t\t<option class=\"sf-level-0 \" data-sf-count=\"-1\" data-sf-depth=\"0\" value=\"7336\">Relat\u00f3rio das Desigualdades GEMAA n\u00ba 1<\/option>\r\n\t\t\t\t\t\t<option class=\"sf-level-0 \" data-sf-count=\"-1\" data-sf-depth=\"0\" value=\"7338\">Boletim GEMAA 2: Ra\u00e7a e G\u00eanero no Cinema Brasileiro (1970-2016)<\/option>\r\n\t\t\t\t\t\t<option class=\"sf-level-0 \" data-sf-count=\"-1\" data-sf-depth=\"0\" value=\"7346\">Racial Inequality in the Brazilian Judiciary<\/option>\r\n\t\t\t\t\t\t<option class=\"sf-level-0 \" data-sf-count=\"-1\" data-sf-depth=\"0\" value=\"7347\">A Desigualdade Racial no Judici\u00e1rio Brasileiro<\/option>\r\n\t\t\t\t\t\t<option class=\"sf-level-0 \" data-sf-count=\"-1\" data-sf-depth=\"0\" value=\"7349\">Gender Inequality in the Brazilian Judiciary<\/option>\r\n\t\t\t\t\t\t<option class=\"sf-level-0 \" data-sf-count=\"-1\" data-sf-depth=\"0\" value=\"7350\">A Desigualdade de G\u00eanero na Justi\u00e7a Brasileira<\/option>\r\n\t\t\t\t\t\t<option class=\"sf-level-0 \" data-sf-count=\"-1\" data-sf-depth=\"0\" value=\"7351\">Brazilian Newspapers: Gender and Race of Opinion Columnists in the Main Newspapers<\/option>\r\n\t\t\t\t\t\t<option class=\"sf-level-0 \" data-sf-count=\"-1\" data-sf-depth=\"0\" value=\"7362\">A Cara do Cinema Nacional<\/option>\r\n\t\t\t\t\t\t<option class=\"sf-level-0 \" data-sf-count=\"-1\" data-sf-depth=\"0\" value=\"7475\">Marcelle Felix<\/option>\r\n\t\t\t\t\t\t<option class=\"sf-level-0 \" data-sf-count=\"-1\" data-sf-depth=\"0\" value=\"7478\">Marcia Rangel Candido<\/option>\r\n\t\t\t\t\t\t<option class=\"sf-level-0 \" data-sf-count=\"-1\" data-sf-depth=\"0\" value=\"7481\">Anna Carolina Venturini<\/option>\r\n\t\t\t\t\t\t<option class=\"sf-level-0 \" data-sf-count=\"-1\" data-sf-depth=\"0\" value=\"7487\">Izabele S\u00e1<\/option>\r\n\t\t\t\t\t\t<option class=\"sf-level-0 \" data-sf-count=\"-1\" data-sf-depth=\"0\" value=\"8050\">Vivian Nascimento<\/option>\r\n\t\t\t\t\t\t<option class=\"sf-level-0 \" data-sf-count=\"-1\" data-sf-depth=\"0\" value=\"892\">A\u00e7\u00f5es Afirmativas na P\u00f3s-Gradua\u00e7\u00e3o<\/option>\r\n\t\t\t\t\t\t<option class=\"sf-level-0 \" data-sf-count=\"-1\" data-sf-depth=\"0\" value=\"9988\"><\/option>\r\n\t\t\t\t\t<\/select>\r\n\t\t<\/label>\t\t<\/li><\/ul><\/form>\n<\/div>\n\n\n\n<div class=\"wp-block-column is-layout-flow wp-block-column-is-layout-flow\" style=\"flex-basis:66.66%\"><div class=\"search-filter-results\" id=\"search-filter-results-4459\">\t\n\t<!--<h6 class=\"busca-total\">Encontrados 160 resultados<\/h6>*\/-->\n\t<div class='search-filter-results-list busca-resultados'>\n\t\n\t\t\t<div class=\"card-post post-7304\">\n\t\t\t\t<div class=\"classificacoes\">\n\t\t\t\t\t<ul class=\"post-type\">\n\t\t\t\t\t\t<li><span rel=\"tag\" class=\"Post\">Post<\/span><\/li>\n\t\t\t\t\t<\/ul>\n\t\t\t\t\t<ul class=\"categorias\"><li><a href=\"https:\/\/gemaa.iesp.uerj.br\/en\/category\/infographics\/\" rel=\"tag\">Infographics<\/a><\/li><\/ul>\t\t\t\t\t\t\t\t\t\t\t<ul class=\"tematicas\">\n\t\t\t\t\t\t\t\t\t\t\t\t\t<li><a href=\"https:\/\/gemaa.iesp.uerj.br\/en\/tematica\/gender\/\" rel=\"tag\" class=\"ct-term-528\">Gender<\/a><\/li>\n\t\t\t\t\t\t\t\t\t\t\t\t\t<li><a href=\"https:\/\/gemaa.iesp.uerj.br\/en\/tematica\/graduate\/\" rel=\"tag\" class=\"ct-term-533\">Graduate<\/a><\/li>\n\t\t\t\t\t\t\t\t\t\t\t\t\t<li><a href=\"https:\/\/gemaa.iesp.uerj.br\/en\/tematica\/inequalities\/\" rel=\"tag\" class=\"ct-term-526\">Inequalities<\/a><\/li>\n\t\t\t\t\t\t\t\t\t\t\t\t<\/ul>\n\t\t\t\t\t\t\t\t\t<\/div>\n\t\t\t\t<span class=\"date\">11\/02\/2022<\/span>\n\n\t\t\t\t<h2 class=\"entry-title\"><a target=\"_blank\" href=\"https:\/\/gemaa.iesp.uerj.br\/en\/infographics\/mulheres-na-ciencia-brasileira\/\">Mulheres na ci\u00eancia brasileira<\/a><\/h2>\n\t\t\t\t\t\t\t\t\t<ul class=\"autores\">\n\t\t\t\t\t\t<li><a href=\"https:\/\/gemaa.iesp.uerj.br\/en\/pesquisador\/marcia-rangel-candido\/\">Marcia Rangel Candido<\/a><\/li>\t\t\t\t\t<\/ul>\n\t\t\t\t\t\t\t\t<div class=\"entry-content\">\n\t\t\t\t\tO infogr\u00e1fico \u201cMulheres na Ci\u00eancia Brasileira\u201d divulga a propor\u00e7\u00e3o de g\u00eanero dos docentesvinculados a programas de p\u00f3s-gradua\u00e7\u00e3o no pa\u00eds de&hellip;\t\t\t\t<\/div>\n\t\t\t<\/div>\n\t\t\t\n\t\t\t\n\t\t\t<div class=\"card-post post-7305\">\n\t\t\t\t<div class=\"classificacoes\">\n\t\t\t\t\t<ul class=\"post-type\">\n\t\t\t\t\t\t<li><span rel=\"tag\" class=\"Post\">Post<\/span><\/li>\n\t\t\t\t\t<\/ul>\n\t\t\t\t\t<ul class=\"categorias\"><li><a href=\"https:\/\/gemaa.iesp.uerj.br\/en\/category\/infographics\/\" rel=\"tag\">Infographics<\/a><\/li><\/ul>\t\t\t\t\t\t\t\t\t\t\t<ul class=\"tematicas\">\n\t\t\t\t\t\t\t\t\t\t\t\t\t<li><a href=\"https:\/\/gemaa.iesp.uerj.br\/en\/tematica\/gender\/\" rel=\"tag\" class=\"ct-term-528\">Gender<\/a><\/li>\n\t\t\t\t\t\t\t\t\t\t\t\t\t<li><a href=\"https:\/\/gemaa.iesp.uerj.br\/en\/tematica\/media\/\" rel=\"tag\" class=\"ct-term-534\">Media<\/a><\/li>\n\t\t\t\t\t\t\t\t\t\t\t\t\t<li><a href=\"https:\/\/gemaa.iesp.uerj.br\/en\/tematica\/press\/\" rel=\"tag\" class=\"ct-term-535\">Press<\/a><\/li>\n\t\t\t\t\t\t\t\t\t\t\t\t\t<li><a href=\"https:\/\/gemaa.iesp.uerj.br\/en\/tematica\/race\/\" rel=\"tag\" class=\"ct-term-529\">Race<\/a><\/li>\n\t\t\t\t\t\t\t\t\t\t\t\t<\/ul>\n\t\t\t\t\t\t\t\t\t<\/div>\n\t\t\t\t<span class=\"date\">09\/12\/2021<\/span>\n\n\t\t\t\t<h2 class=\"entry-title\"><a target=\"_blank\" href=\"https:\/\/gemaa.iesp.uerj.br\/en\/infographics\/jornalismo-brasileiro-raca-e-genero-de-quem-escreve-nos-principais-jornais-do-pais\/\">Jornalismo brasileiro: ra\u00e7a e g\u00eanero de quem escreve nos principais jornais do pa\u00eds.<\/a><\/h2>\n\t\t\t\t\t\t\t\t<div class=\"entry-content\">\n\t\t\t\t\tNeste estudo, o GEMAA amplia a an\u00e1lise sobre o perfil profissional dos jornalistas que escrevem nos tr\u00eas maiores ve\u00edculos impressos&hellip;\t\t\t\t<\/div>\n\t\t\t<\/div>\n\t\t\t\n\t\t\t\n\t\t\t<div class=\"card-post post-7306\">\n\t\t\t\t<div class=\"classificacoes\">\n\t\t\t\t\t<ul class=\"post-type\">\n\t\t\t\t\t\t<li><span rel=\"tag\" class=\"Post\">Post<\/span><\/li>\n\t\t\t\t\t<\/ul>\n\t\t\t\t\t<ul class=\"categorias\"><li><a href=\"https:\/\/gemaa.iesp.uerj.br\/en\/category\/surveys\/\" rel=\"tag\">Surveys<\/a><\/li><\/ul>\t\t\t\t\t\t\t\t\t\t\t<ul class=\"tematicas\">\n\t\t\t\t\t\t\t\t\t\t\t\t\t<li><a href=\"https:\/\/gemaa.iesp.uerj.br\/en\/tematica\/class\/\" rel=\"tag\" class=\"ct-term-527\">Class<\/a><\/li>\n\t\t\t\t\t\t\t\t\t\t\t\t\t<li><a href=\"https:\/\/gemaa.iesp.uerj.br\/en\/tematica\/education\/\" rel=\"tag\" class=\"ct-term-530\">Education<\/a><\/li>\n\t\t\t\t\t\t\t\t\t\t\t\t\t<li><a href=\"https:\/\/gemaa.iesp.uerj.br\/en\/tematica\/gender\/\" rel=\"tag\" class=\"ct-term-528\">Gender<\/a><\/li>\n\t\t\t\t\t\t\t\t\t\t\t\t\t<li><a href=\"https:\/\/gemaa.iesp.uerj.br\/en\/tematica\/higher-education\/\" rel=\"tag\" class=\"ct-term-532\">Higher Education<\/a><\/li>\n\t\t\t\t\t\t\t\t\t\t\t\t\t<li><a href=\"https:\/\/gemaa.iesp.uerj.br\/en\/tematica\/inequalities\/\" rel=\"tag\" class=\"ct-term-526\">Inequalities<\/a><\/li>\n\t\t\t\t\t\t\t\t\t\t\t\t\t<li><a href=\"https:\/\/gemaa.iesp.uerj.br\/en\/tematica\/race\/\" rel=\"tag\" class=\"ct-term-529\">Race<\/a><\/li>\n\t\t\t\t\t\t\t\t\t\t\t\t<\/ul>\n\t\t\t\t\t\t\t\t\t<\/div>\n\t\t\t\t<span class=\"date\">01\/12\/2021<\/span>\n\n\t\t\t\t<h2 class=\"entry-title\"><a target=\"_blank\" href=\"https:\/\/gemaa.iesp.uerj.br\/en\/surveys\/levantamento-das-politicas-de-acao-afirmativa-nas-universidades-federais-e-estaduais-2013-2019\/\">Levantamento das Pol\u00edticas de A\u00e7\u00e3o Afirmativa nas Universidades Federais e Estaduais (2013-2019).<\/a><\/h2>\n\t\t\t\t\t\t\t\t\t<ul class=\"autores\">\n\t\t\t\t\t\t<li><a href=\"https:\/\/gemaa.iesp.uerj.br\/en\/pesquisador\/louise-de-lima\/\">Louise de Lima<\/a><\/li><li><a href=\"https:\/\/gemaa.iesp.uerj.br\/en\/pesquisador\/juliana-flor\/\">Juliana Flor<\/a><\/li><li><a href=\"https:\/\/gemaa.iesp.uerj.br\/en\/pesquisador\/poema-portela\/\">Poema Portela<\/a><\/li><li><a href=\"https:\/\/gemaa.iesp.uerj.br\/en\/pesquisador\/jefferson-belarmino-de-freitas\/\">Jefferson Belarmino de Freitas<\/a><\/li><li><a href=\"https:\/\/gemaa.iesp.uerj.br\/en\/pesquisador\/joao-feres-junior\/\">Jo\u00e3o Feres J\u00fanior<\/a><\/li><li><a href=\"https:\/\/gemaa.iesp.uerj.br\/en\/pesquisador\/izabele-sa\/\">Izabele S\u00e1<\/a><\/li>\t\t\t\t\t<\/ul>\n\t\t\t\t\t\t\t\t<div class=\"entry-content\">\n\t\t\t\t\tNeste levantamento, analisamos as pol\u00edticas de a\u00e7\u00e3o afirmativa nas universidades federais e estaduais brasileiras em 2019. Abordamos os dados para&hellip;\t\t\t\t<\/div>\n\t\t\t<\/div>\n\t\t\t\n\t\t\t\n\t\t\t<div class=\"card-post post-6842\">\n\t\t\t\t<div class=\"classificacoes\">\n\t\t\t\t\t<ul class=\"post-type\">\n\t\t\t\t\t\t<li><span rel=\"tag\" class=\"Projeto de pesquisa\">Projeto de pesquisa<\/span><\/li>\n\t\t\t\t\t<\/ul>\n\t\t\t\t\t\t\t\t\t\t\t\t\t\t\t\t<ul class=\"tematicas\">\n\t\t\t\t\t\t\t\t\t\t\t\t\t<li><a href=\"https:\/\/gemaa.iesp.uerj.br\/en\/tematica\/education\/\" rel=\"tag\" class=\"ct-term-530\">Education<\/a><\/li>\n\t\t\t\t\t\t\t\t\t\t\t\t\t<li><a href=\"https:\/\/gemaa.iesp.uerj.br\/en\/tematica\/higher-education\/\" rel=\"tag\" class=\"ct-term-532\">Higher Education<\/a><\/li>\n\t\t\t\t\t\t\t\t\t\t\t\t<\/ul>\n\t\t\t\t\t\t\t\t\t<\/div>\n\t\t\t\t<span class=\"date\">26\/10\/2021<\/span>\n\n\t\t\t\t<h2 class=\"entry-title\"><a target=\"_blank\" href=\"https:\/\/gemaa.iesp.uerj.br\/en\/projeto\/consortium2022\/\">Consortium for 2022 Affirmative Actions Monitoring<\/a><\/h2>\n\t\t\t\t\t\t\t\t<div class=\"entry-content\">\n\t\t\t\t\tO Cons\u00f3rcio de Acompanhamento de A\u00e7\u00e3o Afirmativa 2022 (CAA22) \u00e9 uma articula\u00e7\u00e3o de n\u00facleos de pesquisa que se uniram para&hellip;\t\t\t\t<\/div>\n\t\t\t<\/div>\n\t\t\t\n\t\t\t\n\t\t\t<div class=\"card-post post-7131\">\n\t\t\t\t<div class=\"classificacoes\">\n\t\t\t\t\t<ul class=\"post-type\">\n\t\t\t\t\t\t<li><span rel=\"tag\" class=\"Projeto de pesquisa\">Projeto de pesquisa<\/span><\/li>\n\t\t\t\t\t<\/ul>\n\t\t\t\t\t\t\t\t\t\t\t\t\t\t\t\t<ul class=\"tematicas\">\n\t\t\t\t\t\t\t\t\t\t\t\t\t<li><a href=\"https:\/\/gemaa.iesp.uerj.br\/en\/tematica\/education\/\" rel=\"tag\" class=\"ct-term-530\">Education<\/a><\/li>\n\t\t\t\t\t\t\t\t\t\t\t\t\t<li><a href=\"https:\/\/gemaa.iesp.uerj.br\/en\/tematica\/higher-education\/\" rel=\"tag\" class=\"ct-term-532\">Higher Education<\/a><\/li>\n\t\t\t\t\t\t\t\t\t\t\t\t<\/ul>\n\t\t\t\t\t\t\t\t\t<\/div>\n\t\t\t\t<span class=\"date\">20\/10\/2021<\/span>\n\n\t\t\t\t<h2 class=\"entry-title\"><a target=\"_blank\" href=\"https:\/\/gemaa.iesp.uerj.br\/en\/projeto\/acao-afirmativa-na-franca\/\">A\u00e7\u00e3o afirmativa na Fran\u00e7a<\/a><\/h2>\n\t\t\t\t\t\t\t\t<div class=\"entry-content\">\n\t\t\t\t\tA discrimina\u00e7\u00e3o positiva, maneira como a a\u00e7\u00e3o afirmativa \u00e9 conhecida na Fran\u00e7a, \u00e9 tema de grande pol\u00eamica naquele pa\u00eds. A&hellip;\t\t\t\t<\/div>\n\t\t\t<\/div>\n\t\t\t\n\t\t\t\n\t\t\t<div class=\"card-post post-7307\">\n\t\t\t\t<div class=\"classificacoes\">\n\t\t\t\t\t<ul class=\"post-type\">\n\t\t\t\t\t\t<li><span rel=\"tag\" class=\"Post\">Post<\/span><\/li>\n\t\t\t\t\t<\/ul>\n\t\t\t\t\t<ul class=\"categorias\"><li><a href=\"https:\/\/gemaa.iesp.uerj.br\/en\/category\/surveys\/\" rel=\"tag\">Surveys<\/a><\/li><\/ul>\t\t\t\t\t\t\t\t\t\t\t<ul class=\"tematicas\">\n\t\t\t\t\t\t\t\t\t\t\t\t\t<li><a href=\"https:\/\/gemaa.iesp.uerj.br\/en\/tematica\/education\/\" rel=\"tag\" class=\"ct-term-530\">Education<\/a><\/li>\n\t\t\t\t\t\t\t\t\t\t\t\t\t<li><a href=\"https:\/\/gemaa.iesp.uerj.br\/en\/tematica\/higher-education\/\" rel=\"tag\" class=\"ct-term-532\">Higher Education<\/a><\/li>\n\t\t\t\t\t\t\t\t\t\t\t\t\t<li><a href=\"https:\/\/gemaa.iesp.uerj.br\/en\/tematica\/race\/\" rel=\"tag\" class=\"ct-term-529\">Race<\/a><\/li>\n\t\t\t\t\t\t\t\t\t\t\t\t<\/ul>\n\t\t\t\t\t\t\t\t\t<\/div>\n\t\t\t\t<span class=\"date\">06\/08\/2021<\/span>\n\n\t\t\t\t<h2 class=\"entry-title\"><a target=\"_blank\" href=\"https:\/\/gemaa.iesp.uerj.br\/en\/surveys\/politicas-de-acao-afirmativa-para-quilombolas-nas-universidades-publicas-2019\/\">Pol\u00edticas de A\u00e7\u00e3o Afirmativa para quilombolas nas Universidades P\u00fablicas (2019)<\/a><\/h2>\n\t\t\t\t\t\t\t\t\t<ul class=\"autores\">\n\t\t\t\t\t\t<li><a href=\"https:\/\/gemaa.iesp.uerj.br\/en\/pesquisador\/louise-de-lima\/\">Louise de Lima<\/a><\/li><li><a href=\"https:\/\/gemaa.iesp.uerj.br\/en\/pesquisador\/poema-portela\/\">Poema Portela<\/a><\/li><li><a href=\"https:\/\/gemaa.iesp.uerj.br\/en\/pesquisador\/jefferson-belarmino-de-freitas\/\">Jefferson Belarmino de Freitas<\/a><\/li><li><a href=\"https:\/\/gemaa.iesp.uerj.br\/en\/pesquisador\/joao-feres-junior\/\">Jo\u00e3o Feres J\u00fanior<\/a><\/li><li><a href=\"https:\/\/gemaa.iesp.uerj.br\/en\/pesquisador\/izabele-sa\/\">Izabele S\u00e1<\/a><\/li>\t\t\t\t\t<\/ul>\n\t\t\t\t\t\t\t\t<div class=\"entry-content\">\n\t\t\t\t\tEm um levantamento pioneiro no pa\u00eds, o GEMAA (Grupo de Estudos Multidisciplinares da A\u00e7\u00e3o Afirmativa) analisa as pol\u00edticas de a\u00e7\u00e3o&hellip;\t\t\t\t<\/div>\n\t\t\t<\/div>\n\t\t\t\n\t\t\t\n\t\t\t<div class=\"card-post post-7308\">\n\t\t\t\t<div class=\"classificacoes\">\n\t\t\t\t\t<ul class=\"post-type\">\n\t\t\t\t\t\t<li><span rel=\"tag\" class=\"Post\">Post<\/span><\/li>\n\t\t\t\t\t<\/ul>\n\t\t\t\t\t<ul class=\"categorias\"><li><a href=\"https:\/\/gemaa.iesp.uerj.br\/en\/category\/bulletins\/\" rel=\"tag\">Bulletins<\/a><\/li><\/ul>\t\t\t\t\t\t\t\t\t\t\t<ul class=\"tematicas\">\n\t\t\t\t\t\t\t\t\t\t\t\t\t<li><a href=\"https:\/\/gemaa.iesp.uerj.br\/en\/tematica\/basic-education\/\" rel=\"tag\" class=\"ct-term-531\">Basic Education<\/a><\/li>\n\t\t\t\t\t\t\t\t\t\t\t\t\t<li><a href=\"https:\/\/gemaa.iesp.uerj.br\/en\/tematica\/education\/\" rel=\"tag\" class=\"ct-term-530\">Education<\/a><\/li>\n\t\t\t\t\t\t\t\t\t\t\t\t\t<li><a href=\"https:\/\/gemaa.iesp.uerj.br\/en\/tematica\/race\/\" rel=\"tag\" class=\"ct-term-529\">Race<\/a><\/li>\n\t\t\t\t\t\t\t\t\t\t\t\t<\/ul>\n\t\t\t\t\t\t\t\t\t<\/div>\n\t\t\t\t<span class=\"date\">01\/04\/2021<\/span>\n\n\t\t\t\t<h2 class=\"entry-title\"><a target=\"_blank\" href=\"https:\/\/gemaa.iesp.uerj.br\/en\/bulletins\/boletim-gemaa-9-desigualdade-racial-nas-escolas-privadas-de-alto-desempenho\/\">Boletim GEMAA 9: Desigualdade Racial nas escolas privadas de alto desempenho.<\/a><\/h2>\n\t\t\t\t\t\t\t\t<div class=\"entry-content\">\n\t\t\t\t\tUsando como base o Censo Escolar de 2020, o GEMAA tabulou a composi\u00e7\u00e3o racial das escolas de Ensino M\u00e9dio mais&hellip;\t\t\t\t<\/div>\n\t\t\t<\/div>\n\t\t\t\n\t\t\t\n\t\t\t<div class=\"card-post post-7309\">\n\t\t\t\t<div class=\"classificacoes\">\n\t\t\t\t\t<ul class=\"post-type\">\n\t\t\t\t\t\t<li><span rel=\"tag\" class=\"Post\">Post<\/span><\/li>\n\t\t\t\t\t<\/ul>\n\t\t\t\t\t<ul class=\"categorias\"><li><a href=\"https:\/\/gemaa.iesp.uerj.br\/en\/category\/uncategorized\/\" rel=\"tag\">Uncategorized<\/a><\/li><\/ul>\t\t\t\t\t\t\t\t\t<\/div>\n\t\t\t\t<span class=\"date\">24\/02\/2021<\/span>\n\n\t\t\t\t<h2 class=\"entry-title\"><a target=\"_blank\" href=\"https:\/\/gemaa.iesp.uerj.br\/en\/uncategorized\/pessoas-trans-na-universidades-federais-do-brasil\/\">Pessoas trans na universidades federais do Brasil<\/a><\/h2>\n\t\t\t\t\t\t\t\t<div class=\"entry-content\">\n\t\t\t\t\tA partir da an\u00e1lise dos dados da V Pesquisa Nacional de Perfil Socioecon\u00f4mico e Cultural dos Estudantes de Gradua\u00e7\u00e3o das&hellip;\t\t\t\t<\/div>\n\t\t\t<\/div>\n\t\t\t\n\t\t\t\n\t\t\t<div class=\"card-post post-7811\">\n\t\t\t\t<div class=\"classificacoes\">\n\t\t\t\t\t<ul class=\"post-type\">\n\t\t\t\t\t\t<li><span rel=\"tag\" class=\"Post\">Post<\/span><\/li>\n\t\t\t\t\t<\/ul>\n\t\t\t\t\t<ul class=\"categorias\"><li><a href=\"https:\/\/gemaa.iesp.uerj.br\/category\/nao-categorizado\/\" rel=\"tag\">N\u00e3o categorizado<\/a><\/li><\/ul>\t\t\t\t\t\t\t\t\t<\/div>\n\t\t\t\t<span class=\"date\">24\/02\/2021<\/span>\n\n\t\t\t\t<h2 class=\"entry-title\"><a target=\"_blank\" href=\"https:\/\/gemaa.iesp.uerj.br\/en\/nao-categorizado\/pessoas-trans-na-universidades-federais-do-brasil\/\">Pessoas trans nas universidades federais do Brasil<\/a><\/h2>\n\t\t\t\t\t\t\t\t<div class=\"entry-content\">\n\t\t\t\t\tA partir da an\u00e1lise dos dados da V Pesquisa Nacional de Perfil Socioecon\u00f4mico e Cultural dos Estudantes de Gradua\u00e7\u00e3o das&hellip;\t\t\t\t<\/div>\n\t\t\t<\/div>\n\t\t\t\n\t\t\t\n\t\t\t<div class=\"card-post post-7816\">\n\t\t\t\t<div class=\"classificacoes\">\n\t\t\t\t\t<ul class=\"post-type\">\n\t\t\t\t\t\t<li><span rel=\"tag\" class=\"Post\">Post<\/span><\/li>\n\t\t\t\t\t<\/ul>\n\t\t\t\t\t<ul class=\"categorias\"><li><a href=\"https:\/\/gemaa.iesp.uerj.br\/category\/nao-categorizado\/\" rel=\"tag\">N\u00e3o categorizado<\/a><\/li><\/ul>\t\t\t\t\t\t\t\t\t<\/div>\n\t\t\t\t<span class=\"date\">24\/02\/2021<\/span>\n\n\t\t\t\t<h2 class=\"entry-title\"><a target=\"_blank\" href=\"https:\/\/gemaa.iesp.uerj.br\/en\/nao-categorizado\/pessoas-trans-nas-universidades-federais-do-brasil\/\">Pessoas trans nas universidades federais do Brasil<\/a><\/h2>\n\t\t\t\t\t\t\t\t<div class=\"entry-content\">\n\t\t\t\t\tA partir da an\u00e1lise dos dados da V Pesquisa Nacional de Perfil Socioecon\u00f4mico e Cultural dos Estudantes de Gradua\u00e7\u00e3o das&hellip;\t\t\t\t<\/div>\n\t\t\t<\/div>\n\t\t\t\n\t\t\t\n\t\t\t<div class=\"card-post post-7310\">\n\t\t\t\t<div class=\"classificacoes\">\n\t\t\t\t\t<ul class=\"post-type\">\n\t\t\t\t\t\t<li><span rel=\"tag\" class=\"Post\">Post<\/span><\/li>\n\t\t\t\t\t<\/ul>\n\t\t\t\t\t<ul class=\"categorias\"><li><a href=\"https:\/\/gemaa.iesp.uerj.br\/en\/category\/uncategorized\/\" rel=\"tag\">Uncategorized<\/a><\/li><\/ul>\t\t\t\t\t\t\t\t\t<\/div>\n\t\t\t\t<span class=\"date\">20\/11\/2020<\/span>\n\n\t\t\t\t<h2 class=\"entry-title\"><a target=\"_blank\" href=\"https:\/\/gemaa.iesp.uerj.br\/en\/uncategorized\/relatorio2020\/\">Relat\u00f3rio das Desigualdades de Ra\u00e7a, Classe e G\u00eanero GEMAA 2020<\/a><\/h2>\n\t\t\t\t\t\t\t\t<div class=\"entry-content\">\n\t\t\t\t\tO objetivo do Relat\u00f3rio das Desigualdades de Ra\u00e7a, G\u00eanero e Classe GEMAA 2020 \u00e9 tornar acess\u00edvel ao grande p\u00fablico dados&hellip;\t\t\t\t<\/div>\n\t\t\t<\/div>\n\t\t\t\n\t\t\t\n\t\t\t<div class=\"card-post post-6843\">\n\t\t\t\t<div class=\"classificacoes\">\n\t\t\t\t\t<ul class=\"post-type\">\n\t\t\t\t\t\t<li><span rel=\"tag\" class=\"Projeto de pesquisa\">Projeto de pesquisa<\/span><\/li>\n\t\t\t\t\t<\/ul>\n\t\t\t\t\t\t\t\t\t\t\t\t\t\t<\/div>\n\t\t\t\t<span class=\"date\">23\/10\/2020<\/span>\n\n\t\t\t\t<h2 class=\"entry-title\"><a target=\"_blank\" href=\"https:\/\/gemaa.iesp.uerj.br\/en\/projeto\/2020-elections\/\">2020 Elections<\/a><\/h2>\n\t\t\t\t\t\t\t\t<div class=\"entry-content\">\n\t\t\t\t\tEste projeto consiste no monitoramento e divulga\u00e7\u00e3o de dados acerca da quest\u00e3o racial nas elei\u00e7\u00f5es para vereadores de 2020 no&hellip;\t\t\t\t<\/div>\n\t\t\t<\/div>\n\t\t\t\n\t\t\t\n\t\t\t<div class=\"card-post post-7312\">\n\t\t\t\t<div class=\"classificacoes\">\n\t\t\t\t\t<ul class=\"post-type\">\n\t\t\t\t\t\t<li><span rel=\"tag\" class=\"Post\">Post<\/span><\/li>\n\t\t\t\t\t<\/ul>\n\t\t\t\t\t<ul class=\"categorias\"><li><a href=\"https:\/\/gemaa.iesp.uerj.br\/en\/category\/uncategorized\/\" rel=\"tag\">Uncategorized<\/a><\/li><\/ul>\t\t\t\t\t\t\t\t\t<\/div>\n\t\t\t\t<span class=\"date\">09\/09\/2020<\/span>\n\n\t\t\t\t<h2 class=\"entry-title\"><a target=\"_blank\" href=\"https:\/\/gemaa.iesp.uerj.br\/en\/uncategorized\/raca-genero-e-saude-mental-nas-universidades-federais-do-rio-de-janeiro\/\">Ra\u00e7a, g\u00eanero e sa\u00fade mental nas universidades federais do Rio de Janeiro<\/a><\/h2>\n\t\t\t\t\t\t\t\t<div class=\"entry-content\">\n\t\t\t\t\tA partir da an\u00e1lise dos dados da V Pesquisa Nacional de Perfil Socioecon\u00f4mico e Cultural dos&nbsp;Estudantes de Gradua\u00e7\u00e3o das Institui\u00e7\u00f5es&hellip;\t\t\t\t<\/div>\n\t\t\t<\/div>\n\t\t\t\n\t\t\t\n\t\t\t<div class=\"card-post post-7313\">\n\t\t\t\t<div class=\"classificacoes\">\n\t\t\t\t\t<ul class=\"post-type\">\n\t\t\t\t\t\t<li><span rel=\"tag\" class=\"Post\">Post<\/span><\/li>\n\t\t\t\t\t<\/ul>\n\t\t\t\t\t<ul class=\"categorias\"><li><a href=\"https:\/\/gemaa.iesp.uerj.br\/en\/category\/bulletins\/\" rel=\"tag\">Bulletins<\/a><\/li><\/ul>\t\t\t\t\t\t\t\t\t\t\t<ul class=\"tematicas\">\n\t\t\t\t\t\t\t\t\t\t\t\t\t<li><a href=\"https:\/\/gemaa.iesp.uerj.br\/en\/tematica\/education\/\" rel=\"tag\" class=\"ct-term-530\">Education<\/a><\/li>\n\t\t\t\t\t\t\t\t\t\t\t\t\t<li><a href=\"https:\/\/gemaa.iesp.uerj.br\/en\/tematica\/gender\/\" rel=\"tag\" class=\"ct-term-528\">Gender<\/a><\/li>\n\t\t\t\t\t\t\t\t\t\t\t\t\t<li><a href=\"https:\/\/gemaa.iesp.uerj.br\/en\/tematica\/higher-education\/\" rel=\"tag\" class=\"ct-term-532\">Higher Education<\/a><\/li>\n\t\t\t\t\t\t\t\t\t\t\t\t\t<li><a href=\"https:\/\/gemaa.iesp.uerj.br\/en\/tematica\/inequalities\/\" rel=\"tag\" class=\"ct-term-526\">Inequalities<\/a><\/li>\n\t\t\t\t\t\t\t\t\t\t\t\t\t<li><a href=\"https:\/\/gemaa.iesp.uerj.br\/en\/tematica\/race\/\" rel=\"tag\" class=\"ct-term-529\">Race<\/a><\/li>\n\t\t\t\t\t\t\t\t\t\t\t\t<\/ul>\n\t\t\t\t\t\t\t\t\t<\/div>\n\t\t\t\t<span class=\"date\">29\/07\/2020<\/span>\n\n\t\t\t\t<h2 class=\"entry-title\"><a target=\"_blank\" href=\"https:\/\/gemaa.iesp.uerj.br\/en\/bulletins\/boletim-gemaa-8-raca-genero-e-saude-mental-nas-universidades-federais\/\">Boletim GEMAA 8: Ra\u00e7a, G\u00eanero e Sa\u00fade Mental nas Universidades Federais.<\/a><\/h2>\n\t\t\t\t\t\t\t\t\t<ul class=\"autores\">\n\t\t\t\t\t\t<li><a href=\"https:\/\/gemaa.iesp.uerj.br\/en\/pesquisador\/poema-portela\/\">Poema Portela<\/a><\/li><li><a href=\"https:\/\/gemaa.iesp.uerj.br\/en\/pesquisador\/jefferson-belarmino-de-freitas\/\">Jefferson Belarmino de Freitas<\/a><\/li><li><a href=\"https:\/\/gemaa.iesp.uerj.br\/en\/pesquisador\/joao-feres-junior\/\">Jo\u00e3o Feres J\u00fanior<\/a><\/li>\t\t\t\t\t<\/ul>\n\t\t\t\t\t\t\t\t<div class=\"entry-content\">\n\t\t\t\t\tNeste boletim inauguramos uma s\u00e9rie de an\u00e1lises relacionadas a \u201cV Pesquisa Nacional de Perfil Socioecon\u00f4mico e Cultural dos Estudantes de&hellip;\t\t\t\t<\/div>\n\t\t\t<\/div>\n\t\t\t\n\t\t\t\n\t\t\t<div class=\"card-post post-7314\">\n\t\t\t\t<div class=\"classificacoes\">\n\t\t\t\t\t<ul class=\"post-type\">\n\t\t\t\t\t\t<li><span rel=\"tag\" class=\"Post\">Post<\/span><\/li>\n\t\t\t\t\t<\/ul>\n\t\t\t\t\t<ul class=\"categorias\"><li><a href=\"https:\/\/gemaa.iesp.uerj.br\/en\/category\/surveys\/\" rel=\"tag\">Surveys<\/a><\/li><\/ul>\t\t\t\t\t\t\t\t\t\t\t<ul class=\"tematicas\">\n\t\t\t\t\t\t\t\t\t\t\t\t\t<li><a href=\"https:\/\/gemaa.iesp.uerj.br\/en\/tematica\/education\/\" rel=\"tag\" class=\"ct-term-530\">Education<\/a><\/li>\n\t\t\t\t\t\t\t\t\t\t\t\t\t<li><a href=\"https:\/\/gemaa.iesp.uerj.br\/en\/tematica\/higher-education\/\" rel=\"tag\" class=\"ct-term-532\">Higher Education<\/a><\/li>\n\t\t\t\t\t\t\t\t\t\t\t\t<\/ul>\n\t\t\t\t\t\t\t\t\t<\/div>\n\t\t\t\t<span class=\"date\">22\/06\/2020<\/span>\n\n\t\t\t\t<h2 class=\"entry-title\"><a target=\"_blank\" href=\"https:\/\/gemaa.iesp.uerj.br\/en\/surveys\/politicas-de-acao-afirmativa-nas-universidades-federais-e-estaduais-2013-2018\/\">Pol\u00edticas de A\u00e7\u00e3o Afirmativa nas Universidades Federais e Estaduais (2013-2018)<\/a><\/h2>\n\t\t\t\t\t\t\t\t\t<ul class=\"autores\">\n\t\t\t\t\t\t<li><a href=\"https:\/\/gemaa.iesp.uerj.br\/en\/pesquisador\/aguida-bessa\/\">\u00c1guida Bessa<\/a><\/li><li><a href=\"https:\/\/gemaa.iesp.uerj.br\/en\/pesquisador\/poema-portela\/\">Poema Portela<\/a><\/li><li><a href=\"https:\/\/gemaa.iesp.uerj.br\/en\/pesquisador\/jefferson-belarmino-de-freitas\/\">Jefferson Belarmino de Freitas<\/a><\/li><li><a href=\"https:\/\/gemaa.iesp.uerj.br\/en\/?post_type=pesquisador&p=7490\">Vivian Nascimento<\/a><\/li><li><a href=\"https:\/\/gemaa.iesp.uerj.br\/en\/pesquisador\/joao-feres-junior\/\">Jo\u00e3o Feres J\u00fanior<\/a><\/li>\t\t\t\t\t<\/ul>\n\t\t\t\t\t\t\t\t<div class=\"entry-content\">\n\t\t\t\t\tEste estudo, realizado periodicamente pelo GEMAA (Grupo de Estudos Multidisciplinares da A\u00e7\u00e3o Afirmativa), apresenta os resultados do acompanhamento das pol\u00edticas&hellip;\t\t\t\t<\/div>\n\t\t\t<\/div>\n\t\t\t\n\t\t\t\n\t\t\t<div class=\"card-post post-7315\">\n\t\t\t\t<div class=\"classificacoes\">\n\t\t\t\t\t<ul class=\"post-type\">\n\t\t\t\t\t\t<li><span rel=\"tag\" class=\"Post\">Post<\/span><\/li>\n\t\t\t\t\t<\/ul>\n\t\t\t\t\t<ul class=\"categorias\"><li><a href=\"https:\/\/gemaa.iesp.uerj.br\/en\/category\/infographics\/\" rel=\"tag\">Infographics<\/a><\/li><\/ul>\t\t\t\t\t\t\t\t\t\t\t<ul class=\"tematicas\">\n\t\t\t\t\t\t\t\t\t\t\t\t\t<li><a href=\"https:\/\/gemaa.iesp.uerj.br\/en\/tematica\/gender\/\" rel=\"tag\" class=\"ct-term-528\">Gender<\/a><\/li>\n\t\t\t\t\t\t\t\t\t\t\t\t\t<li><a href=\"https:\/\/gemaa.iesp.uerj.br\/en\/tematica\/inequalities\/\" rel=\"tag\" class=\"ct-term-526\">Inequalities<\/a><\/li>\n\t\t\t\t\t\t\t\t\t\t\t\t\t<li><a href=\"https:\/\/gemaa.iesp.uerj.br\/en\/tematica\/media\/\" rel=\"tag\" class=\"ct-term-534\">Media<\/a><\/li>\n\t\t\t\t\t\t\t\t\t\t\t\t\t<li><a href=\"https:\/\/gemaa.iesp.uerj.br\/en\/tematica\/press\/\" rel=\"tag\" class=\"ct-term-535\">Press<\/a><\/li>\n\t\t\t\t\t\t\t\t\t\t\t\t\t<li><a href=\"https:\/\/gemaa.iesp.uerj.br\/en\/tematica\/race\/\" rel=\"tag\" class=\"ct-term-529\">Race<\/a><\/li>\n\t\t\t\t\t\t\t\t\t\t\t\t<\/ul>\n\t\t\t\t\t\t\t\t\t<\/div>\n\t\t\t\t<span class=\"date\">10\/06\/2020<\/span>\n\n\t\t\t\t<h2 class=\"entry-title\"><a target=\"_blank\" href=\"https:\/\/gemaa.iesp.uerj.br\/en\/infographics\/negros-nos-jornais-brasileiros\/\">Negros nos jornais Brasileiros<\/a><\/h2>\n\t\t\t\t\t\t\t\t\t<ul class=\"autores\">\n\t\t\t\t\t\t<li><a href=\"https:\/\/gemaa.iesp.uerj.br\/en\/pesquisador\/lidiane-vieira\/\">Lidiane Vieira<\/a><\/li><li><a href=\"https:\/\/gemaa.iesp.uerj.br\/en\/pesquisador\/marcia-rangel-candido\/\">Marcia Rangel Candido<\/a><\/li>\t\t\t\t\t<\/ul>\n\t\t\t\t\t\t\t\t<div class=\"entry-content\">\n\t\t\t\t\tMarcia Rangel Candido Lidiane Vieira Este infogr\u00e1fico responde a pergunta &#8220;Quem produz opini\u00e3o na grande m\u00eddia?&#8221; a partir da an\u00e1lise&hellip;\t\t\t\t<\/div>\n\t\t\t<\/div>\n\t\t\t\n\t\t\t\n\t\t\t<div class=\"card-post post-7316\">\n\t\t\t\t<div class=\"classificacoes\">\n\t\t\t\t\t<ul class=\"post-type\">\n\t\t\t\t\t\t<li><span rel=\"tag\" class=\"Post\">Post<\/span><\/li>\n\t\t\t\t\t<\/ul>\n\t\t\t\t\t<ul class=\"categorias\"><li><a href=\"https:\/\/gemaa.iesp.uerj.br\/en\/category\/bulletins\/\" rel=\"tag\">Bulletins<\/a><\/li><\/ul>\t\t\t\t\t\t\t\t\t\t\t<ul class=\"tematicas\">\n\t\t\t\t\t\t\t\t\t\t\t\t\t<li><a href=\"https:\/\/gemaa.iesp.uerj.br\/en\/tematica\/audiovisual-en\/\" rel=\"tag\" class=\"ct-term-522\">Audiovisual<\/a><\/li>\n\t\t\t\t\t\t\t\t\t\t\t\t\t<li><a href=\"https:\/\/gemaa.iesp.uerj.br\/en\/tematica\/cinema-en\/\" rel=\"tag\" class=\"ct-term-523\">Cinema<\/a><\/li>\n\t\t\t\t\t\t\t\t\t\t\t\t\t<li><a href=\"https:\/\/gemaa.iesp.uerj.br\/en\/tematica\/gender\/\" rel=\"tag\" class=\"ct-term-528\">Gender<\/a><\/li>\n\t\t\t\t\t\t\t\t\t\t\t\t\t<li><a href=\"https:\/\/gemaa.iesp.uerj.br\/en\/tematica\/inequalities\/\" rel=\"tag\" class=\"ct-term-526\">Inequalities<\/a><\/li>\n\t\t\t\t\t\t\t\t\t\t\t\t\t<li><a href=\"https:\/\/gemaa.iesp.uerj.br\/en\/tematica\/race\/\" rel=\"tag\" class=\"ct-term-529\">Race<\/a><\/li>\n\t\t\t\t\t\t\t\t\t\t\t\t<\/ul>\n\t\t\t\t\t\t\t\t\t<\/div>\n\t\t\t\t<span class=\"date\">09\/04\/2020<\/span>\n\n\t\t\t\t<h2 class=\"entry-title\"><a target=\"_blank\" href=\"https:\/\/gemaa.iesp.uerj.br\/en\/bulletins\/boletim-gemaa-7-edicao-especial-10-anos-gemaa\/\">Boletim GEMAA 7: Edi\u00e7\u00e3o Especial 10 anos GEMAA<\/a><\/h2>\n\t\t\t\t\t\t\t\t\t<ul class=\"autores\">\n\t\t\t\t\t\t<li><a href=\"https:\/\/gemaa.iesp.uerj.br\/en\/pesquisador\/juliana-flor\/\">Juliana Flor<\/a><\/li><li><a href=\"https:\/\/gemaa.iesp.uerj.br\/en\/pesquisador\/jefferson-belarmino-de-freitas\/\">Jefferson Belarmino de Freitas<\/a><\/li><li><a href=\"https:\/\/gemaa.iesp.uerj.br\/en\/pesquisador\/marcia-rangel-candido\/\">Marcia Rangel Candido<\/a><\/li>\t\t\t\t\t<\/ul>\n\t\t\t\t\t\t\t\t<div class=\"entry-content\">\n\t\t\t\t\tNesta edi\u00e7\u00e3o especial do Boletim GEMAA, atualizamos a base de dados de relat\u00f3rios anteriores que produzimos sobre g\u00eanero e ra\u00e7a&hellip;\t\t\t\t<\/div>\n\t\t\t<\/div>\n\t\t\t\n\t\t\t\n\t\t\t<div class=\"card-post post-7317\">\n\t\t\t\t<div class=\"classificacoes\">\n\t\t\t\t\t<ul class=\"post-type\">\n\t\t\t\t\t\t<li><span rel=\"tag\" class=\"Post\">Post<\/span><\/li>\n\t\t\t\t\t<\/ul>\n\t\t\t\t\t<ul class=\"categorias\"><li><a href=\"https:\/\/gemaa.iesp.uerj.br\/en\/category\/infographics\/\" rel=\"tag\">Infographics<\/a><\/li><\/ul>\t\t\t\t\t\t\t\t\t\t\t<ul class=\"tematicas\">\n\t\t\t\t\t\t\t\t\t\t\t\t\t<li><a href=\"https:\/\/gemaa.iesp.uerj.br\/en\/tematica\/advertising\/\" rel=\"tag\" class=\"ct-term-536\">Advertising<\/a><\/li>\n\t\t\t\t\t\t\t\t\t\t\t\t\t<li><a href=\"https:\/\/gemaa.iesp.uerj.br\/en\/tematica\/media\/\" rel=\"tag\" class=\"ct-term-534\">Media<\/a><\/li>\n\t\t\t\t\t\t\t\t\t\t\t\t\t<li><a href=\"https:\/\/gemaa.iesp.uerj.br\/en\/tematica\/press\/\" rel=\"tag\" class=\"ct-term-535\">Press<\/a><\/li>\n\t\t\t\t\t\t\t\t\t\t\t\t<\/ul>\n\t\t\t\t\t\t\t\t\t<\/div>\n\t\t\t\t<span class=\"date\">17\/02\/2020<\/span>\n\n\t\t\t\t<h2 class=\"entry-title\"><a target=\"_blank\" href=\"https:\/\/gemaa.iesp.uerj.br\/en\/infographics\/diversidade-racial-e-de-genero-na-publicidade-brasileira-das-ultimas-tres-decadas-1987-2017\/\">Diversidade Racial e de G\u00eanero na Publicidade Brasileira das \u00daltimas Tr\u00eas D\u00e9cadas (1987-2017)<\/a><\/h2>\n\t\t\t\t\t\t\t\t\t<ul class=\"autores\">\n\t\t\t\t\t\t<li><a href=\"https:\/\/gemaa.iesp.uerj.br\/en\/pesquisador\/marcelle-felix\/\">Marcelle Felix<\/a><\/li>\t\t\t\t\t<\/ul>\n\t\t\t\t\t\t\t\t<div class=\"entry-content\">\n\t\t\t\t\tDiversidade Racial e de G\u00eanero na Publicidade Brasileira das \u00daltimas Tr\u00eas D\u00e9cadas (1987-2017) &nbsp; Luiz Augusto Campos Marcelle Felix Em&hellip;\t\t\t\t<\/div>\n\t\t\t<\/div>\n\t\t\t\n\t\t\t\n\t\t\t<div class=\"card-post post-7318\">\n\t\t\t\t<div class=\"classificacoes\">\n\t\t\t\t\t<ul class=\"post-type\">\n\t\t\t\t\t\t<li><span rel=\"tag\" class=\"Post\">Post<\/span><\/li>\n\t\t\t\t\t<\/ul>\n\t\t\t\t\t<ul class=\"categorias\"><li><a href=\"https:\/\/gemaa.iesp.uerj.br\/en\/category\/uncategorized\/\" rel=\"tag\">Uncategorized<\/a><\/li><\/ul>\t\t\t\t\t\t\t\t\t<\/div>\n\t\t\t\t<span class=\"date\">17\/12\/2019<\/span>\n\n\t\t\t\t<h2 class=\"entry-title\"><a target=\"_blank\" href=\"https:\/\/gemaa.iesp.uerj.br\/en\/uncategorized\/20-acoes-afirmativas-e-desempenho-academico-uma-analise-da-universidade-federal-do-piaui\/\">20 \u2013 A\u00e7\u00f5es Afirmativas e Desempenho Acad\u00eamico: uma An\u00e1lise da Universidade Federal do Piau\u00ed<\/a><\/h2>\n\t\t\t\t\t\t\t\t<div class=\"entry-content\">\n\t\t\t\t\tEsse texto examina a trajet\u00f3ria acad\u00eamica de ingressantes da Universidade Federal do Piau\u00ed (UFPI) que optaram pela pol\u00edtica de a\u00e7\u00e3o&hellip;\t\t\t\t<\/div>\n\t\t\t<\/div>\n\t\t\t\n\t\t\t\n\t\t\t<div class=\"card-post post-7319\">\n\t\t\t\t<div class=\"classificacoes\">\n\t\t\t\t\t<ul class=\"post-type\">\n\t\t\t\t\t\t<li><span rel=\"tag\" class=\"Post\">Post<\/span><\/li>\n\t\t\t\t\t<\/ul>\n\t\t\t\t\t<ul class=\"categorias\"><li><a href=\"https:\/\/gemaa.iesp.uerj.br\/en\/category\/bulletins\/\" rel=\"tag\">Bulletins<\/a><\/li><\/ul>\t\t\t\t\t\t\t\t\t\t\t<ul class=\"tematicas\">\n\t\t\t\t\t\t\t\t\t\t\t\t\t<li><a href=\"https:\/\/gemaa.iesp.uerj.br\/en\/tematica\/education\/\" rel=\"tag\" class=\"ct-term-530\">Education<\/a><\/li>\n\t\t\t\t\t\t\t\t\t\t\t\t\t<li><a href=\"https:\/\/gemaa.iesp.uerj.br\/en\/tematica\/gender\/\" rel=\"tag\" class=\"ct-term-528\">Gender<\/a><\/li>\n\t\t\t\t\t\t\t\t\t\t\t\t\t<li><a href=\"https:\/\/gemaa.iesp.uerj.br\/en\/tematica\/graduate\/\" rel=\"tag\" class=\"ct-term-533\">Graduate<\/a><\/li>\n\t\t\t\t\t\t\t\t\t\t\t\t\t<li><a href=\"https:\/\/gemaa.iesp.uerj.br\/en\/tematica\/race\/\" rel=\"tag\" class=\"ct-term-529\">Race<\/a><\/li>\n\t\t\t\t\t\t\t\t\t\t\t\t<\/ul>\n\t\t\t\t\t\t\t\t\t<\/div>\n\t\t\t\t<span class=\"date\">18\/11\/2019<\/span>\n\n\t\t\t\t<h2 class=\"entry-title\"><a target=\"_blank\" href=\"https:\/\/gemaa.iesp.uerj.br\/en\/bulletins\/boletim-ocs-raca-e-genero-nas-ciencias-sociais\/\">Boletim OCS-GEMAA 1: Ra\u00e7a e G\u00eanero nas Ci\u00eancias Sociais<\/a><\/h2>\n\t\t\t\t\t\t\t\t\t<ul class=\"autores\">\n\t\t\t\t\t\t<li><a href=\"https:\/\/gemaa.iesp.uerj.br\/en\/pesquisador\/joao-feres-junior\/\">Jo\u00e3o Feres J\u00fanior<\/a><\/li><li><a href=\"https:\/\/gemaa.iesp.uerj.br\/en\/pesquisador\/marcia-rangel-candido\/\">Marcia Rangel Candido<\/a><\/li>\t\t\t\t\t<\/ul>\n\t\t\t\t\t\t\t\t<div class=\"entry-content\">\n\t\t\t\t\tA primeira edi\u00e7\u00e3o do Boletim OCS apresenta o perfil dos docentes dos programas de p\u00f3s-gradua\u00e7\u00e3o em Ci\u00eancias Sociais no Brasil.&hellip;\t\t\t\t<\/div>\n\t\t\t<\/div>\n\t\t\t\n\t\t\t\n\t\t\t<div class=\"card-post post-7320\">\n\t\t\t\t<div class=\"classificacoes\">\n\t\t\t\t\t<ul class=\"post-type\">\n\t\t\t\t\t\t<li><span rel=\"tag\" class=\"Post\">Post<\/span><\/li>\n\t\t\t\t\t<\/ul>\n\t\t\t\t\t<ul class=\"categorias\"><li><a href=\"https:\/\/gemaa.iesp.uerj.br\/en\/category\/history\/\" rel=\"tag\">History<\/a><\/li><\/ul>\t\t\t\t\t\t\t\t\t\t\t<ul class=\"tematicas\">\n\t\t\t\t\t\t\t\t\t\t\t\t\t<li><a href=\"https:\/\/gemaa.iesp.uerj.br\/en\/tematica\/education\/\" rel=\"tag\" class=\"ct-term-530\">Education<\/a><\/li>\n\t\t\t\t\t\t\t\t\t\t\t\t\t<li><a href=\"https:\/\/gemaa.iesp.uerj.br\/en\/tematica\/graduate\/\" rel=\"tag\" class=\"ct-term-533\">Graduate<\/a><\/li>\n\t\t\t\t\t\t\t\t\t\t\t\t<\/ul>\n\t\t\t\t\t\t\t\t\t<\/div>\n\t\t\t\t<span class=\"date\">23\/10\/2019<\/span>\n\n\t\t\t\t<h2 class=\"entry-title\"><a target=\"_blank\" href=\"https:\/\/gemaa.iesp.uerj.br\/en\/history\/historia-do-gemaa-50-anos-de-iesp-uerj\/\">Hist\u00f3ria do GEMAA: 50 anos de IESP-UERJ<\/a><\/h2>\n\t\t\t\t\t\t\t\t\t<ul class=\"autores\">\n\t\t\t\t\t\t<li><a href=\"https:\/\/gemaa.iesp.uerj.br\/en\/pesquisador\/poema-portela\/\">Poema Portela<\/a><\/li><li><a href=\"https:\/\/gemaa.iesp.uerj.br\/en\/pesquisador\/marcia-rangel-candido\/\">Marcia Rangel Candido<\/a><\/li>\t\t\t\t\t<\/ul>\n\t\t\t\t\t\t\t\t<div class=\"entry-content\">\n\t\t\t\t\tAs pesquisadoras do GEMAA Marcia Rangel Candido e Poema Portela escreveram sobre a trajet\u00f3ria do grupo de pesquisa para um&hellip;\t\t\t\t<\/div>\n\t\t\t<\/div>\n\t\t\t\n\t\t\t\n\t\t\t<div class=\"card-post post-7321\">\n\t\t\t\t<div class=\"classificacoes\">\n\t\t\t\t\t<ul class=\"post-type\">\n\t\t\t\t\t\t<li><span rel=\"tag\" class=\"Post\">Post<\/span><\/li>\n\t\t\t\t\t<\/ul>\n\t\t\t\t\t<ul class=\"categorias\"><li><a href=\"https:\/\/gemaa.iesp.uerj.br\/en\/category\/surveys\/\" rel=\"tag\">Surveys<\/a><\/li><\/ul>\t\t\t\t\t\t\t\t\t\t\t<ul class=\"tematicas\">\n\t\t\t\t\t\t\t\t\t\t\t\t\t<li><a href=\"https:\/\/gemaa.iesp.uerj.br\/en\/tematica\/education\/\" rel=\"tag\" class=\"ct-term-530\">Education<\/a><\/li>\n\t\t\t\t\t\t\t\t\t\t\t\t\t<li><a href=\"https:\/\/gemaa.iesp.uerj.br\/en\/tematica\/gender\/\" rel=\"tag\" class=\"ct-term-528\">Gender<\/a><\/li>\n\t\t\t\t\t\t\t\t\t\t\t\t\t<li><a href=\"https:\/\/gemaa.iesp.uerj.br\/en\/tematica\/graduate\/\" rel=\"tag\" class=\"ct-term-533\">Graduate<\/a><\/li>\n\t\t\t\t\t\t\t\t\t\t\t\t\t<li><a href=\"https:\/\/gemaa.iesp.uerj.br\/en\/tematica\/inequalities\/\" rel=\"tag\" class=\"ct-term-526\">Inequalities<\/a><\/li>\n\t\t\t\t\t\t\t\t\t\t\t\t\t<li><a href=\"https:\/\/gemaa.iesp.uerj.br\/en\/tematica\/race\/\" rel=\"tag\" class=\"ct-term-529\">Race<\/a><\/li>\n\t\t\t\t\t\t\t\t\t\t\t\t<\/ul>\n\t\t\t\t\t\t\t\t\t<\/div>\n\t\t\t\t<span class=\"date\">28\/08\/2019<\/span>\n\n\t\t\t\t<h2 class=\"entry-title\"><a target=\"_blank\" href=\"https:\/\/gemaa.iesp.uerj.br\/en\/surveys\/acoes-afirmativas-nos-programas-de-pos-graduacao-academicos-de-universidades-publicas\/\">A\u00e7\u00f5es Afirmativas nos Programas de P\u00f3s-Gradua\u00e7\u00e3o Acad\u00eamicos de Universidades P\u00fablicas<\/a><\/h2>\n\t\t\t\t\t\t\t\t\t<ul class=\"autores\">\n\t\t\t\t\t\t<li><a href=\"https:\/\/gemaa.iesp.uerj.br\/en\/pesquisador\/anna-carolina-venturini\/\">Anna Carolina Venturini<\/a><\/li>\t\t\t\t\t<\/ul>\n\t\t\t\t\t\t\t\t<div class=\"entry-content\">\n\t\t\t\t\tEste estudo apresenta resultados do processo de cria\u00e7\u00e3o de a\u00e7\u00f5es afirmativas em cursos de p\u00f3s-gradua\u00e7\u00e3o acad\u00eamicos (mestrado e doutorado) de&hellip;\t\t\t\t<\/div>\n\t\t\t<\/div>\n\t\t\t\n\t\t\t\n\t\t\t<div class=\"card-post post-7322\">\n\t\t\t\t<div class=\"classificacoes\">\n\t\t\t\t\t<ul class=\"post-type\">\n\t\t\t\t\t\t<li><span rel=\"tag\" class=\"Post\">Post<\/span><\/li>\n\t\t\t\t\t<\/ul>\n\t\t\t\t\t<ul class=\"categorias\"><li><a href=\"https:\/\/gemaa.iesp.uerj.br\/en\/category\/surveys\/\" rel=\"tag\">Surveys<\/a><\/li><\/ul>\t\t\t\t\t\t\t\t\t\t\t<ul class=\"tematicas\">\n\t\t\t\t\t\t\t\t\t\t\t\t\t<li><a href=\"https:\/\/gemaa.iesp.uerj.br\/en\/tematica\/education\/\" rel=\"tag\" class=\"ct-term-530\">Education<\/a><\/li>\n\t\t\t\t\t\t\t\t\t\t\t\t\t<li><a href=\"https:\/\/gemaa.iesp.uerj.br\/en\/tematica\/higher-education\/\" rel=\"tag\" class=\"ct-term-532\">Higher Education<\/a><\/li>\n\t\t\t\t\t\t\t\t\t\t\t\t<\/ul>\n\t\t\t\t\t\t\t\t\t<\/div>\n\t\t\t\t<span class=\"date\">01\/08\/2019<\/span>\n\n\t\t\t\t<h2 class=\"entry-title\"><a target=\"_blank\" href=\"https:\/\/gemaa.iesp.uerj.br\/en\/surveys\/evolucao-da-lei-no-12-711-nas-universidades-federais-2003-2017\/\">Evolu\u00e7\u00e3o da Lei n\u00ba 12.711 nas Universidades Federais (2003-2017)<\/a><\/h2>\n\t\t\t\t\t\t\t\t\t<ul class=\"autores\">\n\t\t\t\t\t\t<li><a href=\"https:\/\/gemaa.iesp.uerj.br\/en\/pesquisador\/marcell-machado-dos-santos\/\">Marcell Machado dos Santos<\/a><\/li><li><a href=\"https:\/\/gemaa.iesp.uerj.br\/en\/pesquisador\/aguida-bessa\/\">\u00c1guida Bessa<\/a><\/li><li><a href=\"https:\/\/gemaa.iesp.uerj.br\/en\/pesquisador\/joao-feres-junior\/\">Jo\u00e3o Feres J\u00fanior<\/a><\/li>\t\t\t\t\t<\/ul>\n\t\t\t\t\t\t\t\t<div class=\"entry-content\">\n\t\t\t\t\tEste estudo apresenta resultados do acompanhamento das pol\u00edticas de a\u00e7\u00e3o afirmativa nas universidades federais brasileiras realizado anualmente pelo GEMAA (Grupo&hellip;\t\t\t\t<\/div>\n\t\t\t<\/div>\n\t\t\t\n\t\t\t\n\t\t\t<div class=\"card-post post-7323\">\n\t\t\t\t<div class=\"classificacoes\">\n\t\t\t\t\t<ul class=\"post-type\">\n\t\t\t\t\t\t<li><span rel=\"tag\" class=\"Post\">Post<\/span><\/li>\n\t\t\t\t\t<\/ul>\n\t\t\t\t\t<ul class=\"categorias\"><li><a href=\"https:\/\/gemaa.iesp.uerj.br\/en\/category\/uncategorized\/\" rel=\"tag\">Uncategorized<\/a><\/li><\/ul>\t\t\t\t\t\t\t\t\t<\/div>\n\t\t\t\t<span class=\"date\">29\/07\/2019<\/span>\n\n\t\t\t\t<h2 class=\"entry-title\"><a target=\"_blank\" href=\"https:\/\/gemaa.iesp.uerj.br\/en\/uncategorized\/19-programas-de-pos-graduacao-e-o-pacto-pela-diversidade\/\">19 \u2013 Programas de P\u00f3s-Gradua\u00e7\u00e3o e o Pacto pela Diversidade<\/a><\/h2>\n\t\t\t\t\t\t\t\t<div class=\"entry-content\">\n\t\t\t\t\tEste texto examina como as universidades p\u00fablicas brasileiras que aderiram ao Pacto Universit\u00e1rio pela Promo\u00e7\u00e3o do Respeito \u00e0 Diversidade, da&hellip;\t\t\t\t<\/div>\n\t\t\t<\/div>\n\t\t\t\n\t\t\t\n\t\t\t<div class=\"card-post post-7324\">\n\t\t\t\t<div class=\"classificacoes\">\n\t\t\t\t\t<ul class=\"post-type\">\n\t\t\t\t\t\t<li><span rel=\"tag\" class=\"Post\">Post<\/span><\/li>\n\t\t\t\t\t<\/ul>\n\t\t\t\t\t<ul class=\"categorias\"><li><a href=\"https:\/\/gemaa.iesp.uerj.br\/en\/category\/reporting\/\" rel=\"tag\">Reporting<\/a><\/li><\/ul>\t\t\t\t\t\t\t\t\t\t\t<ul class=\"tematicas\">\n\t\t\t\t\t\t\t\t\t\t\t\t\t<li><a href=\"https:\/\/gemaa.iesp.uerj.br\/en\/tematica\/class\/\" rel=\"tag\" class=\"ct-term-527\">Class<\/a><\/li>\n\t\t\t\t\t\t\t\t\t\t\t\t\t<li><a href=\"https:\/\/gemaa.iesp.uerj.br\/en\/tematica\/education\/\" rel=\"tag\" class=\"ct-term-530\">Education<\/a><\/li>\n\t\t\t\t\t\t\t\t\t\t\t\t\t<li><a href=\"https:\/\/gemaa.iesp.uerj.br\/en\/tematica\/gender\/\" rel=\"tag\" class=\"ct-term-528\">Gender<\/a><\/li>\n\t\t\t\t\t\t\t\t\t\t\t\t\t<li><a href=\"https:\/\/gemaa.iesp.uerj.br\/en\/tematica\/inequalities\/\" rel=\"tag\" class=\"ct-term-526\">Inequalities<\/a><\/li>\n\t\t\t\t\t\t\t\t\t\t\t\t\t<li><a href=\"https:\/\/gemaa.iesp.uerj.br\/en\/tematica\/race\/\" rel=\"tag\" class=\"ct-term-529\">Race<\/a><\/li>\n\t\t\t\t\t\t\t\t\t\t\t\t<\/ul>\n\t\t\t\t\t\t\t\t\t<\/div>\n\t\t\t\t<span class=\"date\">27\/11\/2018<\/span>\n\n\t\t\t\t<h2 class=\"entry-title\"><a target=\"_blank\" href=\"https:\/\/gemaa.iesp.uerj.br\/en\/reporting\/relatorio-das-desigualdades-gemaa-no-2\/\">Relat\u00f3rio das Desigualdades GEMAA n\u00ba 2<\/a><\/h2>\n\t\t\t\t\t\t\t\t\t<ul class=\"autores\">\n\t\t\t\t\t\t<li><a href=\"https:\/\/gemaa.iesp.uerj.br\/en\/pesquisador\/danilo-franca\/\">Danilo Fran\u00e7a<\/a><\/li><li><a href=\"https:\/\/gemaa.iesp.uerj.br\/en\/pesquisador\/joao-feres-junior\/\">Jo\u00e3o Feres J\u00fanior<\/a><\/li>\t\t\t\t\t<\/ul>\n\t\t\t\t\t\t\t\t<div class=\"entry-content\">\n\t\t\t\t\tRelat\u00f3rio das Desigualdades de Ra\u00e7a, G\u00eanero e Classe GEMAA n\u00ba 2 O objetivo do Relat\u00f3rio das Desigualdades de Ra\u00e7a, G\u00eanero&hellip;\t\t\t\t<\/div>\n\t\t\t<\/div>\n\t\t\t\n\t\t\t\n\t\t\t<div class=\"card-post post-7325\">\n\t\t\t\t<div class=\"classificacoes\">\n\t\t\t\t\t<ul class=\"post-type\">\n\t\t\t\t\t\t<li><span rel=\"tag\" class=\"Post\">Post<\/span><\/li>\n\t\t\t\t\t<\/ul>\n\t\t\t\t\t<ul class=\"categorias\"><li><a href=\"https:\/\/gemaa.iesp.uerj.br\/en\/category\/uncategorized\/\" rel=\"tag\">Uncategorized<\/a><\/li><\/ul>\t\t\t\t\t\t\t\t\t<\/div>\n\t\t\t\t<span class=\"date\">27\/11\/2018<\/span>\n\n\t\t\t\t<h2 class=\"entry-title\"><a target=\"_blank\" href=\"https:\/\/gemaa.iesp.uerj.br\/en\/uncategorized\/18-a-implementacao-do-pacto-pela-diversidade-nas-universidades-publicas\/\">18 \u2013 A Implementa\u00e7\u00e3o do Pacto pela Diversidade nas Universidades P\u00fablicas<\/a><\/h2>\n\t\t\t\t\t\t\t\t<div class=\"entry-content\">\n\t\t\t\t\tEste estudo examina como as universidades p\u00fablicas brasileiras que aderiram ao Pacto Universit\u00e1rio pela Promo\u00e7\u00e3o do Respeito \u00e0 Diversidade, da&hellip;\t\t\t\t<\/div>\n\t\t\t<\/div>\n\t\t\t\n\t\t\t\n\t\t\t<div class=\"card-post post-7326\">\n\t\t\t\t<div class=\"classificacoes\">\n\t\t\t\t\t<ul class=\"post-type\">\n\t\t\t\t\t\t<li><span rel=\"tag\" class=\"Post\">Post<\/span><\/li>\n\t\t\t\t\t<\/ul>\n\t\t\t\t\t<ul class=\"categorias\"><li><a href=\"https:\/\/gemaa.iesp.uerj.br\/en\/category\/surveys\/\" rel=\"tag\">Surveys<\/a><\/li><\/ul>\t\t\t\t\t\t\t\t\t\t\t<ul class=\"tematicas\">\n\t\t\t\t\t\t\t\t\t\t\t\t\t<li><a href=\"https:\/\/gemaa.iesp.uerj.br\/en\/tematica\/education\/\" rel=\"tag\" class=\"ct-term-530\">Education<\/a><\/li>\n\t\t\t\t\t\t\t\t\t\t\t\t\t<li><a href=\"https:\/\/gemaa.iesp.uerj.br\/en\/tematica\/higher-education\/\" rel=\"tag\" class=\"ct-term-532\">Higher Education<\/a><\/li>\n\t\t\t\t\t\t\t\t\t\t\t\t<\/ul>\n\t\t\t\t\t\t\t\t\t<\/div>\n\t\t\t\t<span class=\"date\">18\/10\/2018<\/span>\n\n\t\t\t\t<h2 class=\"entry-title\"><a target=\"_blank\" href=\"https:\/\/gemaa.iesp.uerj.br\/en\/surveys\/as-politicas-de-acao-afirmativa-nas-universidades-estaduais-2017\/\">As Pol\u00edticas de A\u00e7\u00e3o Afirmativa nas Universidades Estaduais (2017)<\/a><\/h2>\n\t\t\t\t\t\t\t\t\t<ul class=\"autores\">\n\t\t\t\t\t\t<li><a href=\"https:\/\/gemaa.iesp.uerj.br\/en\/pesquisador\/marcell-machado-dos-santos\/\">Marcell Machado dos Santos<\/a><\/li><li><a href=\"https:\/\/gemaa.iesp.uerj.br\/en\/pesquisador\/poema-portela\/\">Poema Portela<\/a><\/li><li><a href=\"https:\/\/gemaa.iesp.uerj.br\/en\/pesquisador\/joao-feres-junior\/\">Jo\u00e3o Feres J\u00fanior<\/a><\/li>\t\t\t\t\t<\/ul>\n\t\t\t\t\t\t\t\t<div class=\"entry-content\">\n\t\t\t\t\tEste estudo apresenta os resultados do acompanhamento das pol\u00edticas de a\u00e7\u00e3o afirmativa em vigor nas universidades estaduais brasileiras, realizado anualmente&hellip;\t\t\t\t<\/div>\n\t\t\t<\/div>\n\t\t\t\n\t\t\t\n\t\t\t<div class=\"card-post post-7327\">\n\t\t\t\t<div class=\"classificacoes\">\n\t\t\t\t\t<ul class=\"post-type\">\n\t\t\t\t\t\t<li><span rel=\"tag\" class=\"Post\">Post<\/span><\/li>\n\t\t\t\t\t<\/ul>\n\t\t\t\t\t<ul class=\"categorias\"><li><a href=\"https:\/\/gemaa.iesp.uerj.br\/en\/category\/bulletins\/\" rel=\"tag\">Bulletins<\/a><\/li><\/ul>\t\t\t\t\t\t\t\t\t\t\t<ul class=\"tematicas\">\n\t\t\t\t\t\t\t\t\t\t\t\t\t<li><a href=\"https:\/\/gemaa.iesp.uerj.br\/en\/tematica\/education\/\" rel=\"tag\" class=\"ct-term-530\">Education<\/a><\/li>\n\t\t\t\t\t\t\t\t\t\t\t\t\t<li><a href=\"https:\/\/gemaa.iesp.uerj.br\/en\/tematica\/graduate\/\" rel=\"tag\" class=\"ct-term-533\">Graduate<\/a><\/li>\n\t\t\t\t\t\t\t\t\t\t\t\t<\/ul>\n\t\t\t\t\t\t\t\t\t<\/div>\n\t\t\t\t<span class=\"date\">19\/07\/2018<\/span>\n\n\t\t\t\t<h2 class=\"entry-title\"><a target=\"_blank\" href=\"https:\/\/gemaa.iesp.uerj.br\/en\/bulletins\/boletim-gemaa-6-acoes-afirmativas-em-cursos-de-pos-graduacao-academicos-de-universidades-publicas\/\">Boletim GEMAA 6: A\u00e7\u00f5es Afirmativas em Cursos de P\u00f3s-Gradua\u00e7\u00e3o Acad\u00eamicos de Universidades P\u00fablicas<\/a><\/h2>\n\t\t\t\t\t\t\t\t\t<ul class=\"autores\">\n\t\t\t\t\t\t<li><a href=\"https:\/\/gemaa.iesp.uerj.br\/en\/pesquisador\/joao-feres-junior\/\">Jo\u00e3o Feres J\u00fanior<\/a><\/li><li><a href=\"https:\/\/gemaa.iesp.uerj.br\/en\/pesquisador\/anna-carolina-venturini\/\">Anna Carolina Venturini<\/a><\/li>\t\t\t\t\t<\/ul>\n\t\t\t\t\t\t\t\t<div class=\"entry-content\">\n\t\t\t\t\tDesde 2002, programas de p\u00f3s-gradua\u00e7\u00e3o de universidades p\u00fablicas come\u00e7aram a adotar a\u00e7\u00f5es afirmativas para ingresso em seus cursos. Tais pol\u00edticas,&hellip;\t\t\t\t<\/div>\n\t\t\t<\/div>\n\t\t\t\n\t\t\t\n\t\t\t<div class=\"card-post post-7328\">\n\t\t\t\t<div class=\"classificacoes\">\n\t\t\t\t\t<ul class=\"post-type\">\n\t\t\t\t\t\t<li><span rel=\"tag\" class=\"Post\">Post<\/span><\/li>\n\t\t\t\t\t<\/ul>\n\t\t\t\t\t<ul class=\"categorias\"><li><a href=\"https:\/\/gemaa.iesp.uerj.br\/en\/category\/surveys\/\" rel=\"tag\">Surveys<\/a><\/li><\/ul>\t\t\t\t\t\t\t\t\t\t\t<ul class=\"tematicas\">\n\t\t\t\t\t\t\t\t\t\t\t\t\t<li><a href=\"https:\/\/gemaa.iesp.uerj.br\/en\/tematica\/education\/\" rel=\"tag\" class=\"ct-term-530\">Education<\/a><\/li>\n\t\t\t\t\t\t\t\t\t\t\t\t\t<li><a href=\"https:\/\/gemaa.iesp.uerj.br\/en\/tematica\/higher-education\/\" rel=\"tag\" class=\"ct-term-532\">Higher Education<\/a><\/li>\n\t\t\t\t\t\t\t\t\t\t\t\t<\/ul>\n\t\t\t\t\t\t\t\t\t<\/div>\n\t\t\t\t<span class=\"date\">03\/07\/2018<\/span>\n\n\t\t\t\t<h2 class=\"entry-title\"><a target=\"_blank\" href=\"https:\/\/gemaa.iesp.uerj.br\/en\/surveys\/evolucao-da-lei-no-12-711-nas-universidades-federais-2016\/\">Evolu\u00e7\u00e3o da Lei n\u00ba 12.711 nas Universidades Federais (2016)<\/a><\/h2>\n\t\t\t\t\t\t\t\t\t<ul class=\"autores\">\n\t\t\t\t\t\t<li><a href=\"https:\/\/gemaa.iesp.uerj.br\/en\/pesquisador\/poema-portela\/\">Poema Portela<\/a><\/li><li><a href=\"https:\/\/gemaa.iesp.uerj.br\/en\/pesquisador\/joao-feres-junior\/\">Jo\u00e3o Feres J\u00fanior<\/a><\/li>\t\t\t\t\t<\/ul>\n\t\t\t\t\t\t\t\t<div class=\"entry-content\">\n\t\t\t\t\tEste estudo apresenta resultados do acompanhamento das pol\u00edticas de a\u00e7\u00e3o afirmativa realizado anualmente pelo GEMAA (Grupo de Estudos Multidisciplinares da&hellip;\t\t\t\t<\/div>\n\t\t\t<\/div>\n\t\t\t\n\t\t\t\n\t\t\t<div class=\"card-post post-7329\">\n\t\t\t\t<div class=\"classificacoes\">\n\t\t\t\t\t<ul class=\"post-type\">\n\t\t\t\t\t\t<li><span rel=\"tag\" class=\"Post\">Post<\/span><\/li>\n\t\t\t\t\t<\/ul>\n\t\t\t\t\t<ul class=\"categorias\"><li><a href=\"https:\/\/gemaa.iesp.uerj.br\/en\/category\/bulletins\/\" rel=\"tag\">Bulletins<\/a><\/li><\/ul>\t\t\t\t\t\t\t\t\t\t\t<ul class=\"tematicas\">\n\t\t\t\t\t\t\t\t\t\t\t\t\t<li><a href=\"https:\/\/gemaa.iesp.uerj.br\/en\/tematica\/audiovisual-en\/\" rel=\"tag\" class=\"ct-term-522\">Audiovisual<\/a><\/li>\n\t\t\t\t\t\t\t\t\t\t\t\t\t<li><a href=\"https:\/\/gemaa.iesp.uerj.br\/en\/tematica\/cinema-en\/\" rel=\"tag\" class=\"ct-term-523\">Cinema<\/a><\/li>\n\t\t\t\t\t\t\t\t\t\t\t\t<\/ul>\n\t\t\t\t\t\t\t\t\t<\/div>\n\t\t\t\t<span class=\"date\">05\/06\/2018<\/span>\n\n\t\t\t\t<h2 class=\"entry-title\"><a target=\"_blank\" href=\"https:\/\/gemaa.iesp.uerj.br\/en\/bulletins\/boletim-gemaa-5-raca-e-genero-na-curadoria-e-no-juri-de-cinema\/\">Boletim GEMAA 5: Ra\u00e7a e G\u00eanero na Curadoria e no J\u00fari de Cinema<\/a><\/h2>\n\t\t\t\t\t\t\t\t\t<ul class=\"autores\">\n\t\t\t\t\t\t<li><a href=\"https:\/\/gemaa.iesp.uerj.br\/en\/pesquisador\/cleissa-regina-martins\/\">Cleissa Regina Martins<\/a><\/li>\t\t\t\t\t<\/ul>\n\t\t\t\t\t\t\t\t<div class=\"entry-content\">\n\t\t\t\t\tO \u00faltimo boletim lan\u00e7ado pelo GEMAA, no fim do ano passado, analisou os indicados e os ganhadores do Grande Pr\u00eamio&hellip;\t\t\t\t<\/div>\n\t\t\t<\/div>\n\t\t\t\n\t\t\t\n\t\t\t<div class=\"card-post post-7330\">\n\t\t\t\t<div class=\"classificacoes\">\n\t\t\t\t\t<ul class=\"post-type\">\n\t\t\t\t\t\t<li><span rel=\"tag\" class=\"Post\">Post<\/span><\/li>\n\t\t\t\t\t<\/ul>\n\t\t\t\t\t<ul class=\"categorias\"><li><a href=\"https:\/\/gemaa.iesp.uerj.br\/en\/category\/texts-for-discussion\/\" rel=\"tag\">Texts for discussion<\/a><\/li><\/ul>\t\t\t\t\t\t\t\t\t\t\t<ul class=\"tematicas\">\n\t\t\t\t\t\t\t\t\t\t\t\t\t<li><a href=\"https:\/\/gemaa.iesp.uerj.br\/en\/tematica\/audiovisual-en\/\" rel=\"tag\" class=\"ct-term-522\">Audiovisual<\/a><\/li>\n\t\t\t\t\t\t\t\t\t\t\t\t\t<li><a href=\"https:\/\/gemaa.iesp.uerj.br\/en\/tematica\/video-game\/\" rel=\"tag\" class=\"ct-term-525\">Video game<\/a><\/li>\n\t\t\t\t\t\t\t\t\t\t\t\t<\/ul>\n\t\t\t\t\t\t\t\t\t<\/div>\n\t\t\t\t<span class=\"date\">17\/05\/2018<\/span>\n\n\t\t\t\t<h2 class=\"entry-title\"><a target=\"_blank\" href=\"https:\/\/gemaa.iesp.uerj.br\/en\/texts-for-discussion\/17-representacao-de-genero-e-raca-em-jogos-de-videogame\/\">17 \u2013 Representa\u00e7\u00e3o de G\u00eanero e Ra\u00e7a em Jogos de Videogame<\/a><\/h2>\n\t\t\t\t\t\t\t\t\t<ul class=\"autores\">\n\t\t\t\t\t\t<li><a href=\"https:\/\/gemaa.iesp.uerj.br\/en\/pesquisador\/marcell-machado-dos-santos\/\">Marcell Machado dos Santos<\/a><\/li><li><a href=\"https:\/\/gemaa.iesp.uerj.br\/en\/pesquisador\/poema-portela\/\">Poema Portela<\/a><\/li><li><a href=\"https:\/\/gemaa.iesp.uerj.br\/en\/pesquisador\/joao-feres-junior\/\">Jo\u00e3o Feres J\u00fanior<\/a><\/li>\t\t\t\t\t<\/ul>\n\t\t\t\t\t\t\t\t<div class=\"entry-content\">\n\t\t\t\t\tEste texto analisa a quest\u00e3o da diversidade em tr\u00eas jogos eletr\u00f4nicos com grande inser\u00e7\u00e3o no mercado brasileiro e mundial: World&hellip;\t\t\t\t<\/div>\n\t\t\t<\/div>\n\t\t\t\n\t\t\t\n\t\t\t<div class=\"card-post post-7132\">\n\t\t\t\t<div class=\"classificacoes\">\n\t\t\t\t\t<ul class=\"post-type\">\n\t\t\t\t\t\t<li><span rel=\"tag\" class=\"Projeto de pesquisa\">Projeto de pesquisa<\/span><\/li>\n\t\t\t\t\t<\/ul>\n\t\t\t\t\t\t\t\t\t\t\t\t\t\t\t\t<ul class=\"tematicas\">\n\t\t\t\t\t\t\t\t\t\t\t\t\t<li><a href=\"https:\/\/gemaa.iesp.uerj.br\/en\/tematica\/media\/\" rel=\"tag\" class=\"ct-term-534\">Media<\/a><\/li>\n\t\t\t\t\t\t\t\t\t\t\t\t\t<li><a href=\"https:\/\/gemaa.iesp.uerj.br\/en\/tematica\/tv-en\/\" rel=\"tag\" class=\"ct-term-537\">TV<\/a><\/li>\n\t\t\t\t\t\t\t\t\t\t\t\t<\/ul>\n\t\t\t\t\t\t\t\t\t<\/div>\n\t\t\t\t<span class=\"date\">07\/05\/2018<\/span>\n\n\t\t\t\t<h2 class=\"entry-title\"><a target=\"_blank\" href=\"https:\/\/gemaa.iesp.uerj.br\/en\/projeto\/a-imagem-da-globeleza\/\">A Imagem da Globeleza<\/a><\/h2>\n\t\t\t\t\t\t\t\t<div class=\"entry-content\">\n\t\t\t\t\tA pesquisa analisa criticamente a constru\u00e7\u00e3o da representa\u00e7\u00e3o da Globeleza como um \u00edcone da cultura nacional a partir da intersec\u00e7\u00e3o&hellip;\t\t\t\t<\/div>\n\t\t\t<\/div>\n\t\t\t\n\t\t\t\n\t\t\t<div class=\"card-post post-7133\">\n\t\t\t\t<div class=\"classificacoes\">\n\t\t\t\t\t<ul class=\"post-type\">\n\t\t\t\t\t\t<li><span rel=\"tag\" class=\"Projeto de pesquisa\">Projeto de pesquisa<\/span><\/li>\n\t\t\t\t\t<\/ul>\n\t\t\t\t\t\t\t\t\t\t\t\t\t\t\t\t<ul class=\"tematicas\">\n\t\t\t\t\t\t\t\t\t\t\t\t\t<li><a href=\"https:\/\/gemaa.iesp.uerj.br\/en\/tematica\/media\/\" rel=\"tag\" class=\"ct-term-534\">Media<\/a><\/li>\n\t\t\t\t\t\t\t\t\t\t\t\t\t<li><a href=\"https:\/\/gemaa.iesp.uerj.br\/en\/tematica\/video-game\/\" rel=\"tag\" class=\"ct-term-525\">Video game<\/a><\/li>\n\t\t\t\t\t\t\t\t\t\t\t\t<\/ul>\n\t\t\t\t\t\t\t\t\t<\/div>\n\t\t\t\t<span class=\"date\">07\/05\/2018<\/span>\n\n\t\t\t\t<h2 class=\"entry-title\"><a target=\"_blank\" href=\"https:\/\/gemaa.iesp.uerj.br\/en\/projeto\/genero-e-raca-nos-videogames\/\">G\u00eanero e Ra\u00e7a nos Videogames<\/a><\/h2>\n\t\t\t\t\t\t\t\t<div class=\"entry-content\">\n\t\t\t\t\tO objetivo desta pesquisa \u00e9 elucidar quais os papeis atribu\u00eddos \u00e0s personagens dos principais videogames em circula\u00e7\u00e3o no pa\u00eds.\t\t\t\t<\/div>\n\t\t\t<\/div>\n\t\t\t\n\t\t\t\n\t\t\t<div class=\"card-post post-7134\">\n\t\t\t\t<div class=\"classificacoes\">\n\t\t\t\t\t<ul class=\"post-type\">\n\t\t\t\t\t\t<li><span rel=\"tag\" class=\"Projeto de pesquisa\">Projeto de pesquisa<\/span><\/li>\n\t\t\t\t\t<\/ul>\n\t\t\t\t\t\t\t\t\t\t\t\t\t\t\t\t<ul class=\"tematicas\">\n\t\t\t\t\t\t\t\t\t\t\t\t\t<li><a href=\"https:\/\/gemaa.iesp.uerj.br\/en\/tematica\/elections\/\" rel=\"tag\" class=\"ct-term-539\">Elections<\/a><\/li>\n\t\t\t\t\t\t\t\t\t\t\t\t\t<li><a href=\"https:\/\/gemaa.iesp.uerj.br\/en\/tematica\/politics\/\" rel=\"tag\" class=\"ct-term-538\">Politics<\/a><\/li>\n\t\t\t\t\t\t\t\t\t\t\t\t<\/ul>\n\t\t\t\t\t\t\t\t\t<\/div>\n\t\t\t\t<span class=\"date\">07\/05\/2018<\/span>\n\n\t\t\t\t<h2 class=\"entry-title\"><a target=\"_blank\" href=\"https:\/\/gemaa.iesp.uerj.br\/en\/projeto\/raca-e-eleicoes-no-brasil\/\">Ra\u00e7a e Elei\u00e7\u00f5es no Brasil<\/a><\/h2>\n\t\t\t\t\t\t\t\t<div class=\"entry-content\">\n\t\t\t\t\tEste projeto pretende elucidar quais s\u00e3o os principais filtros que afastam os pretos e pardos da pol\u00edtica brasileira.\t\t\t\t<\/div>\n\t\t\t<\/div>\n\t\t\t\n\t\t\t\n\t\t\t<div class=\"card-post post-7135\">\n\t\t\t\t<div class=\"classificacoes\">\n\t\t\t\t\t<ul class=\"post-type\">\n\t\t\t\t\t\t<li><span rel=\"tag\" class=\"Projeto de pesquisa\">Projeto de pesquisa<\/span><\/li>\n\t\t\t\t\t<\/ul>\n\t\t\t\t\t\t\t\t\t\t\t\t\t\t\t\t<ul class=\"tematicas\">\n\t\t\t\t\t\t\t\t\t\t\t\t\t<li><a href=\"https:\/\/gemaa.iesp.uerj.br\/en\/tematica\/media\/\" rel=\"tag\" class=\"ct-term-534\">Media<\/a><\/li>\n\t\t\t\t\t\t\t\t\t\t\t\t\t<li><a href=\"https:\/\/gemaa.iesp.uerj.br\/en\/tematica\/press\/\" rel=\"tag\" class=\"ct-term-535\">Press<\/a><\/li>\n\t\t\t\t\t\t\t\t\t\t\t\t<\/ul>\n\t\t\t\t\t\t\t\t\t<\/div>\n\t\t\t\t<span class=\"date\">07\/05\/2018<\/span>\n\n\t\t\t\t<h2 class=\"entry-title\"><a target=\"_blank\" href=\"https:\/\/gemaa.iesp.uerj.br\/en\/projeto\/cotas-e-opiniao-publica\/\">Cotas e Opini\u00e3o P\u00fablica: concep\u00e7\u00f5es de esfera p\u00fablica na controv\u00e9rsia das cotas raciais no Brasil<\/a><\/h2>\n\t\t\t\t\t\t\t\t<div class=\"entry-content\">\n\t\t\t\t\tA pesquisa busca inventariar as concep\u00e7\u00f5es de esfera p\u00fablica em disputa na controv\u00e9rsia em torno das a\u00e7\u00f5es afirmativas raciais no&hellip;\t\t\t\t<\/div>\n\t\t\t<\/div>\n\t\t\t\n\t\t\t\n\t\t\t<div class=\"card-post post-7136\">\n\t\t\t\t<div class=\"classificacoes\">\n\t\t\t\t\t<ul class=\"post-type\">\n\t\t\t\t\t\t<li><span rel=\"tag\" class=\"Projeto de pesquisa\">Projeto de pesquisa<\/span><\/li>\n\t\t\t\t\t<\/ul>\n\t\t\t\t\t\t\t\t\t\t\t\t\t\t\t\t<ul class=\"tematicas\">\n\t\t\t\t\t\t\t\t\t\t\t\t\t<li><a href=\"https:\/\/gemaa.iesp.uerj.br\/en\/tematica\/education\/\" rel=\"tag\" class=\"ct-term-530\">Education<\/a><\/li>\n\t\t\t\t\t\t\t\t\t\t\t\t\t<li><a href=\"https:\/\/gemaa.iesp.uerj.br\/en\/tematica\/higher-education\/\" rel=\"tag\" class=\"ct-term-532\">Higher Education<\/a><\/li>\n\t\t\t\t\t\t\t\t\t\t\t\t<\/ul>\n\t\t\t\t\t\t\t\t\t<\/div>\n\t\t\t\t<span class=\"date\">07\/05\/2018<\/span>\n\n\t\t\t\t<h2 class=\"entry-title\"><a target=\"_blank\" href=\"https:\/\/gemaa.iesp.uerj.br\/en\/projeto\/acao-afirmativa-nos-estados-unidos\/\">A\u00e7\u00e3o afirmativa nos Estados Unidos<\/a><\/h2>\n\t\t\t\t\t\t\t\t<div class=\"entry-content\">\n\t\t\t\t\tEsse \u00e9 de longe o caso mais estudado no mundo, por duas raz\u00f5es principais: (1) as quatro d\u00e9cadas de experi\u00eancia&hellip;\t\t\t\t<\/div>\n\t\t\t<\/div>\n\t\t\t\n\t\t\t\n\t\t\t<div class=\"card-post post-7137\">\n\t\t\t\t<div class=\"classificacoes\">\n\t\t\t\t\t<ul class=\"post-type\">\n\t\t\t\t\t\t<li><span rel=\"tag\" class=\"Projeto de pesquisa\">Projeto de pesquisa<\/span><\/li>\n\t\t\t\t\t<\/ul>\n\t\t\t\t\t\t\t\t\t\t\t\t\t\t\t\t<ul class=\"tematicas\">\n\t\t\t\t\t\t\t\t\t\t\t\t\t<li><a href=\"https:\/\/gemaa.iesp.uerj.br\/en\/tematica\/education\/\" rel=\"tag\" class=\"ct-term-530\">Education<\/a><\/li>\n\t\t\t\t\t\t\t\t\t\t\t\t\t<li><a href=\"https:\/\/gemaa.iesp.uerj.br\/en\/tematica\/higher-education\/\" rel=\"tag\" class=\"ct-term-532\">Higher Education<\/a><\/li>\n\t\t\t\t\t\t\t\t\t\t\t\t<\/ul>\n\t\t\t\t\t\t\t\t\t<\/div>\n\t\t\t\t<span class=\"date\">07\/05\/2018<\/span>\n\n\t\t\t\t<h2 class=\"entry-title\"><a target=\"_blank\" href=\"https:\/\/gemaa.iesp.uerj.br\/en\/projeto\/acao-afirmativa-na-india\/\">A\u00e7\u00e3o afirmativa na \u00cdndia<\/a><\/h2>\n\t\t\t\t\t\t\t\t<div class=\"entry-content\">\n\t\t\t\t\tEsse \u00e9 de longe o caso mais estudado no mundo, por duas raz\u00f5es principais: (1) as quatro d\u00e9cadas de experi\u00eancia&hellip;\t\t\t\t<\/div>\n\t\t\t<\/div>\n\t\t\t\n\t\t\t\n\t\t\t<div class=\"card-post post-7138\">\n\t\t\t\t<div class=\"classificacoes\">\n\t\t\t\t\t<ul class=\"post-type\">\n\t\t\t\t\t\t<li><span rel=\"tag\" class=\"Projeto de pesquisa\">Projeto de pesquisa<\/span><\/li>\n\t\t\t\t\t<\/ul>\n\t\t\t\t\t\t\t\t\t\t\t\t\t\t\t\t<ul class=\"tematicas\">\n\t\t\t\t\t\t\t\t\t\t\t\t\t<li><a href=\"https:\/\/gemaa.iesp.uerj.br\/en\/tematica\/education\/\" rel=\"tag\" class=\"ct-term-530\">Education<\/a><\/li>\n\t\t\t\t\t\t\t\t\t\t\t\t\t<li><a href=\"https:\/\/gemaa.iesp.uerj.br\/en\/tematica\/higher-education\/\" rel=\"tag\" class=\"ct-term-532\">Higher Education<\/a><\/li>\n\t\t\t\t\t\t\t\t\t\t\t\t<\/ul>\n\t\t\t\t\t\t\t\t\t<\/div>\n\t\t\t\t<span class=\"date\">07\/05\/2018<\/span>\n\n\t\t\t\t<h2 class=\"entry-title\"><a target=\"_blank\" href=\"https:\/\/gemaa.iesp.uerj.br\/en\/projeto\/acao-afirmativa-em-perspectiva-comparada\/\">A\u00e7\u00e3o afirmativa em perspectiva comparada<\/a><\/h2>\n\t\t\t\t\t\t\t\t<div class=\"entry-content\">\n\t\t\t\t\tDando prosseguimento \u00e0 pesquisa que deu origem ao \u201cGuia Bibliogr\u00e1fico Multidisciplinar: A\u00e7\u00e3o Afirmativa \u2013 Brasil, \u00c1frica do Sul, \u00cdndia, EUA\u201d,&hellip;\t\t\t\t<\/div>\n\t\t\t<\/div>\n\t\t\t\n\t\t\t\n\t\t\t<div class=\"card-post post-7139\">\n\t\t\t\t<div class=\"classificacoes\">\n\t\t\t\t\t<ul class=\"post-type\">\n\t\t\t\t\t\t<li><span rel=\"tag\" class=\"Projeto de pesquisa\">Projeto de pesquisa<\/span><\/li>\n\t\t\t\t\t<\/ul>\n\t\t\t\t\t\t\t\t\t\t\t\t\t\t\t\t<ul class=\"tematicas\">\n\t\t\t\t\t\t\t\t\t\t\t\t\t<li><a href=\"https:\/\/gemaa.iesp.uerj.br\/en\/tematica\/media\/\" rel=\"tag\" class=\"ct-term-534\">Media<\/a><\/li>\n\t\t\t\t\t\t\t\t\t\t\t\t\t<li><a href=\"https:\/\/gemaa.iesp.uerj.br\/en\/tematica\/press\/\" rel=\"tag\" class=\"ct-term-535\">Press<\/a><\/li>\n\t\t\t\t\t\t\t\t\t\t\t\t<\/ul>\n\t\t\t\t\t\t\t\t\t<\/div>\n\t\t\t\t<span class=\"date\">07\/05\/2018<\/span>\n\n\t\t\t\t<h2 class=\"entry-title\"><a target=\"_blank\" href=\"https:\/\/gemaa.iesp.uerj.br\/en\/projeto\/acao-afirmativa-e-o-debate-na-grande-midia\/\">A\u00e7\u00e3o afirmativa e o debate na grande m\u00eddia<\/a><\/h2>\n\t\t\t\t\t\t\t\t<div class=\"entry-content\">\n\t\t\t\t\tSistematiza\u00e7\u00e3o e an\u00e1lise da val\u00eancia (positiva, negativa, neutra e ambivalente), enquadramento, argumentos, recursos ret\u00f3ricos, representa\u00e7\u00f5es de na\u00e7\u00e3o e atores que&hellip;\t\t\t\t<\/div>\n\t\t\t<\/div>\n\t\t\t\n\t\t\t\n\t\t\t<div class=\"card-post post-7140\">\n\t\t\t\t<div class=\"classificacoes\">\n\t\t\t\t\t<ul class=\"post-type\">\n\t\t\t\t\t\t<li><span rel=\"tag\" class=\"Projeto de pesquisa\">Projeto de pesquisa<\/span><\/li>\n\t\t\t\t\t<\/ul>\n\t\t\t\t\t\t\t\t\t\t\t\t\t\t<\/div>\n\t\t\t\t<span class=\"date\">03\/05\/2018<\/span>\n\n\t\t\t\t<h2 class=\"entry-title\"><a target=\"_blank\" href=\"https:\/\/gemaa.iesp.uerj.br\/en\/projeto\/a-justificacao-das-politicas-de-acao-afirmativa-nos-planos-da-teoria-moral-e-do-direito\/\">A justifica\u00e7\u00e3o das pol\u00edticas de a\u00e7\u00e3o afirmativa nos planos da teoria moral e do direito<\/a><\/h2>\n\t\t\t\t\t\t\t\t<div class=\"entry-content\">\n\t\t\t\t\tEstudo das justifica\u00e7\u00f5es das pol\u00edticas de a\u00e7\u00e3o afirmativa no plano da teoria moral, teoria pol\u00edtica e teoria do direito. Essa&hellip;\t\t\t\t<\/div>\n\t\t\t<\/div>\n\t\t\t\n\t\t\t\n\t\t\t<div class=\"card-post post-7141\">\n\t\t\t\t<div class=\"classificacoes\">\n\t\t\t\t\t<ul class=\"post-type\">\n\t\t\t\t\t\t<li><span rel=\"tag\" class=\"Projeto de pesquisa\">Projeto de pesquisa<\/span><\/li>\n\t\t\t\t\t<\/ul>\n\t\t\t\t\t\t\t\t\t\t\t\t\t\t\t\t<ul class=\"tematicas\">\n\t\t\t\t\t\t\t\t\t\t\t\t\t<li><a href=\"https:\/\/gemaa.iesp.uerj.br\/en\/tematica\/audiovisual-en\/\" rel=\"tag\" class=\"ct-term-522\">Audiovisual<\/a><\/li>\n\t\t\t\t\t\t\t\t\t\t\t\t\t<li><a href=\"https:\/\/gemaa.iesp.uerj.br\/en\/tematica\/cinema-en\/\" rel=\"tag\" class=\"ct-term-523\">Cinema<\/a><\/li>\n\t\t\t\t\t\t\t\t\t\t\t\t<\/ul>\n\t\t\t\t\t\t\t\t\t<\/div>\n\t\t\t\t<span class=\"date\">03\/05\/2018<\/span>\n\n\t\t\t\t<h2 class=\"entry-title\"><a target=\"_blank\" href=\"https:\/\/gemaa.iesp.uerj.br\/en\/projeto\/projeto-a-cara-do-cinema-nacional\/\">A Cara do Cinema Nacional<\/a><\/h2>\n\t\t\t\t\t\t\t\t<div class=\"entry-content\">\n\t\t\t\t\tA pesquisa analisa a distribui\u00e7\u00e3o de ra\u00e7a e g\u00eanero nas principais fun\u00e7\u00f5es (dire\u00e7\u00e3o, roteiro e elenco) da produ\u00e7\u00e3o cinematogr\u00e1fica brasileira&hellip;\t\t\t\t<\/div>\n\t\t\t<\/div>\n\t\t\t\n\t\t\t\n\t\t\t<div class=\"card-post post-7142\">\n\t\t\t\t<div class=\"classificacoes\">\n\t\t\t\t\t<ul class=\"post-type\">\n\t\t\t\t\t\t<li><span rel=\"tag\" class=\"Projeto de pesquisa\">Projeto de pesquisa<\/span><\/li>\n\t\t\t\t\t<\/ul>\n\t\t\t\t\t\t\t\t\t\t\t\t\t\t\t\t<ul class=\"tematicas\">\n\t\t\t\t\t\t\t\t\t\t\t\t\t<li><a href=\"https:\/\/gemaa.iesp.uerj.br\/en\/tematica\/education\/\" rel=\"tag\" class=\"ct-term-530\">Education<\/a><\/li>\n\t\t\t\t\t\t\t\t\t\t\t\t\t<li><a href=\"https:\/\/gemaa.iesp.uerj.br\/en\/tematica\/higher-education\/\" rel=\"tag\" class=\"ct-term-532\">Higher Education<\/a><\/li>\n\t\t\t\t\t\t\t\t\t\t\t\t<\/ul>\n\t\t\t\t\t\t\t\t\t<\/div>\n\t\t\t\t<span class=\"date\">03\/05\/2018<\/span>\n\n\t\t\t\t<h2 class=\"entry-title\"><a target=\"_blank\" href=\"https:\/\/gemaa.iesp.uerj.br\/en\/projeto\/levantamento-acao-afirmativa-nas-universidades-estaduais\/\">Levantamento a\u00e7\u00e3o afirmativa nas universidades estaduais<\/a><\/h2>\n\t\t\t\t\t\t\t\t<div class=\"entry-content\">\n\t\t\t\t\tO GEMAA vem acompanhando periodicamente as pol\u00edticas de a\u00e7\u00e3o afirmativa no sistema federal de educa\u00e7\u00e3o superior, desde sua implanta\u00e7\u00e3o. Devido&hellip;\t\t\t\t<\/div>\n\t\t\t<\/div>\n\t\t\t\n\t\t\t\n\t\t\t<div class=\"card-post post-7143\">\n\t\t\t\t<div class=\"classificacoes\">\n\t\t\t\t\t<ul class=\"post-type\">\n\t\t\t\t\t\t<li><span rel=\"tag\" class=\"Projeto de pesquisa\">Projeto de pesquisa<\/span><\/li>\n\t\t\t\t\t<\/ul>\n\t\t\t\t\t\t\t\t\t\t\t\t\t\t\t\t<ul class=\"tematicas\">\n\t\t\t\t\t\t\t\t\t\t\t\t\t<li><a href=\"https:\/\/gemaa.iesp.uerj.br\/en\/tematica\/education\/\" rel=\"tag\" class=\"ct-term-530\">Education<\/a><\/li>\n\t\t\t\t\t\t\t\t\t\t\t\t\t<li><a href=\"https:\/\/gemaa.iesp.uerj.br\/en\/tematica\/higher-education\/\" rel=\"tag\" class=\"ct-term-532\">Higher Education<\/a><\/li>\n\t\t\t\t\t\t\t\t\t\t\t\t<\/ul>\n\t\t\t\t\t\t\t\t\t<\/div>\n\t\t\t\t<span class=\"date\">03\/05\/2018<\/span>\n\n\t\t\t\t<h2 class=\"entry-title\"><a target=\"_blank\" href=\"https:\/\/gemaa.iesp.uerj.br\/en\/projeto\/levantamento-acao-afirmativa-nas-universidades-federais\/\">Levantamento a\u00e7\u00e3o afirmativa nas universidades federais<\/a><\/h2>\n\t\t\t\t\t\t\t\t<div class=\"entry-content\">\n\t\t\t\t\tO GEMAA vem acompanhando periodicamente as pol\u00edticas de a\u00e7\u00e3o afirmativa no sistema federal de educa\u00e7\u00e3o superior, desde sua implanta\u00e7\u00e3o, inclusive&hellip;\t\t\t\t<\/div>\n\t\t\t<\/div>\n\t\t\t\n\t\t\t\n\t\t\t<div class=\"card-post post-7144\">\n\t\t\t\t<div class=\"classificacoes\">\n\t\t\t\t\t<ul class=\"post-type\">\n\t\t\t\t\t\t<li><span rel=\"tag\" class=\"Projeto de pesquisa\">Projeto de pesquisa<\/span><\/li>\n\t\t\t\t\t<\/ul>\n\t\t\t\t\t\t\t\t\t\t\t\t\t\t\t\t<ul class=\"tematicas\">\n\t\t\t\t\t\t\t\t\t\t\t\t\t<li><a href=\"https:\/\/gemaa.iesp.uerj.br\/en\/tematica\/education\/\" rel=\"tag\" class=\"ct-term-530\">Education<\/a><\/li>\n\t\t\t\t\t\t\t\t\t\t\t\t\t<li><a href=\"https:\/\/gemaa.iesp.uerj.br\/en\/tematica\/graduate\/\" rel=\"tag\" class=\"ct-term-533\">Graduate<\/a><\/li>\n\t\t\t\t\t\t\t\t\t\t\t\t<\/ul>\n\t\t\t\t\t\t\t\t\t<\/div>\n\t\t\t\t<span class=\"date\">03\/05\/2018<\/span>\n\n\t\t\t\t<h2 class=\"entry-title\"><a target=\"_blank\" href=\"https:\/\/gemaa.iesp.uerj.br\/en\/projeto\/acao-afirmativa-na-pos-graduacao\/\">A\u00e7\u00e3o afirmativa na p\u00f3s-gradua\u00e7\u00e3o<\/a><\/h2>\n\t\t\t\t\t\t\t\t<div class=\"entry-content\">\n\t\t\t\t\tFoi desenvolvido o seguinte infogr\u00e1fico pela equipe GEMAA a partir dessa pesquisa: A\u00e7\u00f5es afirmativas na p\u00f3s-gradua\u00e7\u00e3o &nbsp; Os resumos sobre&hellip;\t\t\t\t<\/div>\n\t\t\t<\/div>\n\t\t\t\n\t\t\t\n\t\t\t<div class=\"card-post post-7145\">\n\t\t\t\t<div class=\"classificacoes\">\n\t\t\t\t\t<ul class=\"post-type\">\n\t\t\t\t\t\t<li><span rel=\"tag\" class=\"Projeto de pesquisa\">Projeto de pesquisa<\/span><\/li>\n\t\t\t\t\t<\/ul>\n\t\t\t\t\t\t\t\t\t\t\t\t\t\t\t\t<ul class=\"tematicas\">\n\t\t\t\t\t\t\t\t\t\t\t\t\t<li><a href=\"https:\/\/gemaa.iesp.uerj.br\/en\/tematica\/education\/\" rel=\"tag\" class=\"ct-term-530\">Education<\/a><\/li>\n\t\t\t\t\t\t\t\t\t\t\t\t\t<li><a href=\"https:\/\/gemaa.iesp.uerj.br\/en\/tematica\/higher-education\/\" rel=\"tag\" class=\"ct-term-532\">Higher Education<\/a><\/li>\n\t\t\t\t\t\t\t\t\t\t\t\t<\/ul>\n\t\t\t\t\t\t\t\t\t<\/div>\n\t\t\t\t<span class=\"date\">03\/05\/2018<\/span>\n\n\t\t\t\t<h2 class=\"entry-title\"><a target=\"_blank\" href=\"https:\/\/gemaa.iesp.uerj.br\/en\/projeto\/comparando-o-desempenho-de-cotistas-e-nao-cotistas-no-ensino-superior\/\">Comparando o desempenho de cotistas e n\u00e3o cotistas no ensino superior<\/a><\/h2>\n\t\t\t\t\t\t\t\t<div class=\"entry-content\">\n\t\t\t\t\tForam desenvolvidos os seguintes textos para discuss\u00e3o pela equipe GEMAA a partir dessa pesquisa: 4 \u2013 O Desempenho Dos Cotistas&hellip;\t\t\t\t<\/div>\n\t\t\t<\/div>\n\t\t\t\n\t\t\t\n\t\t\t<div class=\"card-post post-7146\">\n\t\t\t\t<div class=\"classificacoes\">\n\t\t\t\t\t<ul class=\"post-type\">\n\t\t\t\t\t\t<li><span rel=\"tag\" class=\"Projeto de pesquisa\">Projeto de pesquisa<\/span><\/li>\n\t\t\t\t\t<\/ul>\n\t\t\t\t\t\t\t\t\t\t\t\t\t\t\t\t<ul class=\"tematicas\">\n\t\t\t\t\t\t\t\t\t\t\t\t\t<li><a href=\"https:\/\/gemaa.iesp.uerj.br\/en\/tematica\/media\/\" rel=\"tag\" class=\"ct-term-534\">Media<\/a><\/li>\n\t\t\t\t\t\t\t\t\t\t\t\t\t<li><a href=\"https:\/\/gemaa.iesp.uerj.br\/en\/tematica\/press\/\" rel=\"tag\" class=\"ct-term-535\">Press<\/a><\/li>\n\t\t\t\t\t\t\t\t\t\t\t\t<\/ul>\n\t\t\t\t\t\t\t\t\t<\/div>\n\t\t\t\t<span class=\"date\">03\/05\/2018<\/span>\n\n\t\t\t\t<h2 class=\"entry-title\"><a target=\"_blank\" href=\"https:\/\/gemaa.iesp.uerj.br\/en\/projeto\/diversidade-racial-e-de-genero-na-publicidade-impressa-brasileira\/\">Diversidade racial e de g\u00eanero na publicidade impressa brasileira<\/a><\/h2>\n\t\t\t\t\t\t\t\t<div class=\"entry-content\">\n\t\t\t\t\tEste projeto visa entender como minorias de ra\u00e7a e g\u00eanero s\u00e3o representadas na publicidade brasileira. Para tal, analisamos as pe\u00e7as&hellip;\t\t\t\t<\/div>\n\t\t\t<\/div>\n\t\t\t\n\t\t\t\n\t\t\t<div class=\"card-post post-7147\">\n\t\t\t\t<div class=\"classificacoes\">\n\t\t\t\t\t<ul class=\"post-type\">\n\t\t\t\t\t\t<li><span rel=\"tag\" class=\"Projeto de pesquisa\">Projeto de pesquisa<\/span><\/li>\n\t\t\t\t\t<\/ul>\n\t\t\t\t\t\t\t\t\t\t\t\t\t\t\t\t<ul class=\"tematicas\">\n\t\t\t\t\t\t\t\t\t\t\t\t\t<li><a href=\"https:\/\/gemaa.iesp.uerj.br\/en\/tematica\/education\/\" rel=\"tag\" class=\"ct-term-530\">Education<\/a><\/li>\n\t\t\t\t\t\t\t\t\t\t\t\t\t<li><a href=\"https:\/\/gemaa.iesp.uerj.br\/en\/tematica\/higher-education\/\" rel=\"tag\" class=\"ct-term-532\">Higher Education<\/a><\/li>\n\t\t\t\t\t\t\t\t\t\t\t\t<\/ul>\n\t\t\t\t\t\t\t\t\t<\/div>\n\t\t\t\t<span class=\"date\">03\/05\/2018<\/span>\n\n\t\t\t\t<h2 class=\"entry-title\"><a target=\"_blank\" href=\"https:\/\/gemaa.iesp.uerj.br\/en\/projeto\/projeto-diversidade-no-ensino-superior\/\">Projeto diversidade no ensino superior<\/a><\/h2>\n\t\t\t\t\t\t\t\t<div class=\"entry-content\">\n\t\t\t\t\tFinanciado pela Secretaria de Educa\u00e7\u00e3o Continuada, Alfabetiza\u00e7\u00e3o, Diversidade e Inclus\u00e3o (SECADI), do MEC, esse projeto tem por objetivo produzir conhecimento&hellip;\t\t\t\t<\/div>\n\t\t\t<\/div>\n\t\t\t\n\t\t\t\n\t\t\t<div class=\"card-post post-7331\">\n\t\t\t\t<div class=\"classificacoes\">\n\t\t\t\t\t<ul class=\"post-type\">\n\t\t\t\t\t\t<li><span rel=\"tag\" class=\"Post\">Post<\/span><\/li>\n\t\t\t\t\t<\/ul>\n\t\t\t\t\t<ul class=\"categorias\"><li><a href=\"https:\/\/gemaa.iesp.uerj.br\/en\/category\/uncategorized\/\" rel=\"tag\">Uncategorized<\/a><\/li><\/ul>\t\t\t\t\t\t\t\t\t<\/div>\n\t\t\t\t<span class=\"date\">09\/02\/2018<\/span>\n\n\t\t\t\t<h2 class=\"entry-title\"><a target=\"_blank\" href=\"https:\/\/gemaa.iesp.uerj.br\/en\/uncategorized\/16-alteracoes-do-paais-unicamp-nos-vestibulares-de-2016-e-2017\/\">16 \u2013 Efeitos das altera\u00e7\u00f5es do PAAIS-Unicamp nos vestibulares de 2016 e 2017<\/a><\/h2>\n\t\t\t\t\t\t\t\t<div class=\"entry-content\">\n\t\t\t\t\tEste texto \u00e9 uma an\u00e1lise dos resultados do Programa de A\u00e7\u00e3o Afirmativa e Inclus\u00e3o Social (PAAIS) da UNICAMP nos vestibulares&hellip;\t\t\t\t<\/div>\n\t\t\t<\/div>\n\t\t\t\n\t\t\t\n\t\t\t<div class=\"card-post post-7332\">\n\t\t\t\t<div class=\"classificacoes\">\n\t\t\t\t\t<ul class=\"post-type\">\n\t\t\t\t\t\t<li><span rel=\"tag\" class=\"Post\">Post<\/span><\/li>\n\t\t\t\t\t<\/ul>\n\t\t\t\t\t<ul class=\"categorias\"><li><a href=\"https:\/\/gemaa.iesp.uerj.br\/en\/category\/uncategorized\/\" rel=\"tag\">Uncategorized<\/a><\/li><\/ul>\t\t\t\t\t\t\t\t\t<\/div>\n\t\t\t\t<span class=\"date\">16\/01\/2018<\/span>\n\n\t\t\t\t<h2 class=\"entry-title\"><a target=\"_blank\" href=\"https:\/\/gemaa.iesp.uerj.br\/en\/uncategorized\/acoes-afirmativas-na-pos-graduacao-2\/\">A\u00e7\u00f5es Afirmativas na P\u00f3s-Gradua\u00e7\u00e3o<\/a><\/h2>\n\t\t\t\t\t\t\t\t<div class=\"entry-content\">\n\t\t\t\t\tAnna Carolina Venturini, Luiz Augusto Campos e Ra\u00edssa Rodrigues Nos \u00faltimos anos, diversas universidades brasileiras institu\u00edram a\u00e7\u00f5es afirmativas para ingresso&hellip;\t\t\t\t<\/div>\n\t\t\t<\/div>\n\t\t\t\n\t\t\t\n\t\t\t<div class=\"card-post post-7333\">\n\t\t\t\t<div class=\"classificacoes\">\n\t\t\t\t\t<ul class=\"post-type\">\n\t\t\t\t\t\t<li><span rel=\"tag\" class=\"Post\">Post<\/span><\/li>\n\t\t\t\t\t<\/ul>\n\t\t\t\t\t<ul class=\"categorias\"><li><a href=\"https:\/\/gemaa.iesp.uerj.br\/en\/category\/bulletins\/\" rel=\"tag\">Bulletins<\/a><\/li><\/ul>\t\t\t\t\t\t\t\t\t\t\t<ul class=\"tematicas\">\n\t\t\t\t\t\t\t\t\t\t\t\t\t<li><a href=\"https:\/\/gemaa.iesp.uerj.br\/en\/tematica\/audiovisual-en\/\" rel=\"tag\" class=\"ct-term-522\">Audiovisual<\/a><\/li>\n\t\t\t\t\t\t\t\t\t\t\t\t\t<li><a href=\"https:\/\/gemaa.iesp.uerj.br\/en\/tematica\/cinema-en\/\" rel=\"tag\" class=\"ct-term-523\">Cinema<\/a><\/li>\n\t\t\t\t\t\t\t\t\t\t\t\t<\/ul>\n\t\t\t\t\t\t\t\t\t<\/div>\n\t\t\t\t<span class=\"date\">21\/12\/2017<\/span>\n\n\t\t\t\t<h2 class=\"entry-title\"><a target=\"_blank\" href=\"https:\/\/gemaa.iesp.uerj.br\/en\/bulletins\/boletim-gemaa-4\/\">Boletim GEMAA 4: Ra\u00e7a e G\u00eanero no &#8220;Grande Pr\u00eamio do Cinema Brasileiro&#8221; (2002-2017)<\/a><\/h2>\n\t\t\t\t\t\t\t\t\t<ul class=\"autores\">\n\t\t\t\t\t\t<li><a href=\"https:\/\/gemaa.iesp.uerj.br\/en\/pesquisador\/cleissa-regina-martins\/\">Cleissa Regina Martins<\/a><\/li><li><a href=\"https:\/\/gemaa.iesp.uerj.br\/en\/pesquisador\/raissa-imani\/\">Raissa Imani<\/a><\/li><li><a href=\"https:\/\/gemaa.iesp.uerj.br\/en\/pesquisador\/joao-feres-junior\/\">Jo\u00e3o Feres J\u00fanior<\/a><\/li>\t\t\t\t\t<\/ul>\n\t\t\t\t\t\t\t\t<div class=\"entry-content\">\n\t\t\t\t\tNeste boletim, analisamos a diversidade de ra\u00e7a e g\u00eanero ao longo de 15 anos do Grande Pr\u00eamio do Cinema Brasileiro,&hellip;\t\t\t\t<\/div>\n\t\t\t<\/div>\n\t\t\t\n\t\t\t\n\t\t\t<div class=\"card-post post-7334\">\n\t\t\t\t<div class=\"classificacoes\">\n\t\t\t\t\t<ul class=\"post-type\">\n\t\t\t\t\t\t<li><span rel=\"tag\" class=\"Post\">Post<\/span><\/li>\n\t\t\t\t\t<\/ul>\n\t\t\t\t\t<ul class=\"categorias\"><li><a href=\"https:\/\/gemaa.iesp.uerj.br\/en\/category\/surveys\/\" rel=\"tag\">Surveys<\/a><\/li><\/ul>\t\t\t\t\t\t\t\t\t\t\t<ul class=\"tematicas\">\n\t\t\t\t\t\t\t\t\t\t\t\t\t<li><a href=\"https:\/\/gemaa.iesp.uerj.br\/en\/tematica\/education\/\" rel=\"tag\" class=\"ct-term-530\">Education<\/a><\/li>\n\t\t\t\t\t\t\t\t\t\t\t\t\t<li><a href=\"https:\/\/gemaa.iesp.uerj.br\/en\/tematica\/higher-education\/\" rel=\"tag\" class=\"ct-term-532\">Higher Education<\/a><\/li>\n\t\t\t\t\t\t\t\t\t\t\t\t<\/ul>\n\t\t\t\t\t\t\t\t\t<\/div>\n\t\t\t\t<span class=\"date\">12\/12\/2017<\/span>\n\n\t\t\t\t<h2 class=\"entry-title\"><a target=\"_blank\" href=\"https:\/\/gemaa.iesp.uerj.br\/en\/surveys\/as-politicas-de-acao-afirmativa-nas-universidades-estaduais-2016\/\">As Pol\u00edticas de A\u00e7\u00e3o Afirmativa nas Universidades Estaduais (2016)<\/a><\/h2>\n\t\t\t\t\t\t\t\t\t<ul class=\"autores\">\n\t\t\t\t\t\t<li><a href=\"https:\/\/gemaa.iesp.uerj.br\/en\/pesquisador\/marcell-machado-dos-santos\/\">Marcell Machado dos Santos<\/a><\/li><li><a href=\"https:\/\/gemaa.iesp.uerj.br\/en\/pesquisador\/poema-portela\/\">Poema Portela<\/a><\/li><li><a href=\"https:\/\/gemaa.iesp.uerj.br\/en\/pesquisador\/joao-feres-junior\/\">Jo\u00e3o Feres J\u00fanior<\/a><\/li>\t\t\t\t\t<\/ul>\n\t\t\t\t\t\t\t\t<div class=\"entry-content\">\n\t\t\t\t\tEste estudo apresenta os resultados do acompanhamento das pol\u00edticas de a\u00e7\u00e3o afirmativa em vigor nas universidades estaduais brasileiras, realizado anualmente&hellip;\t\t\t\t<\/div>\n\t\t\t<\/div>\n\t\t\t\n\t\t\t\n\t\t\t<div class=\"card-post post-7335\">\n\t\t\t\t<div class=\"classificacoes\">\n\t\t\t\t\t<ul class=\"post-type\">\n\t\t\t\t\t\t<li><span rel=\"tag\" class=\"Post\">Post<\/span><\/li>\n\t\t\t\t\t<\/ul>\n\t\t\t\t\t<ul class=\"categorias\"><li><a href=\"https:\/\/gemaa.iesp.uerj.br\/en\/category\/uncategorized\/\" rel=\"tag\">Uncategorized<\/a><\/li><\/ul>\t\t\t\t\t\t\t\t\t<\/div>\n\t\t\t\t<span class=\"date\">21\/09\/2017<\/span>\n\n\t\t\t\t<h2 class=\"entry-title\"><a target=\"_blank\" href=\"https:\/\/gemaa.iesp.uerj.br\/en\/uncategorized\/boletim-gemaa-3-raca-e-genero-no-festival-de-cinema-do-rio-de-janeiro\/\">Boletim GEMAA 3: Ra\u00e7a e G\u00eanero no Festival de Cinema do Rio de Janeiro<\/a><\/h2>\n\t\t\t\t\t\t\t\t<div class=\"entry-content\">\n\t\t\t\t\tEste boletim d\u00e1 continuidade aos levantamentos do GEMAA sobre o Festival do Rio realizados em 2015 e 2016. Analisamos o&hellip;\t\t\t\t<\/div>\n\t\t\t<\/div>\n\t\t\t\n\t\t\t\n\t\t\t<div class=\"card-post post-7336\">\n\t\t\t\t<div class=\"classificacoes\">\n\t\t\t\t\t<ul class=\"post-type\">\n\t\t\t\t\t\t<li><span rel=\"tag\" class=\"Post\">Post<\/span><\/li>\n\t\t\t\t\t<\/ul>\n\t\t\t\t\t<ul class=\"categorias\"><li><a href=\"https:\/\/gemaa.iesp.uerj.br\/en\/category\/reporting\/\" rel=\"tag\">Reporting<\/a><\/li><\/ul>\t\t\t\t\t\t\t\t\t\t\t<ul class=\"tematicas\">\n\t\t\t\t\t\t\t\t\t\t\t\t\t<li><a href=\"https:\/\/gemaa.iesp.uerj.br\/en\/tematica\/class\/\" rel=\"tag\" class=\"ct-term-527\">Class<\/a><\/li>\n\t\t\t\t\t\t\t\t\t\t\t\t\t<li><a href=\"https:\/\/gemaa.iesp.uerj.br\/en\/tematica\/gender\/\" rel=\"tag\" class=\"ct-term-528\">Gender<\/a><\/li>\n\t\t\t\t\t\t\t\t\t\t\t\t\t<li><a href=\"https:\/\/gemaa.iesp.uerj.br\/en\/tematica\/inequalities\/\" rel=\"tag\" class=\"ct-term-526\">Inequalities<\/a><\/li>\n\t\t\t\t\t\t\t\t\t\t\t\t\t<li><a href=\"https:\/\/gemaa.iesp.uerj.br\/en\/tematica\/race\/\" rel=\"tag\" class=\"ct-term-529\">Race<\/a><\/li>\n\t\t\t\t\t\t\t\t\t\t\t\t<\/ul>\n\t\t\t\t\t\t\t\t\t<\/div>\n\t\t\t\t<span class=\"date\">24\/08\/2017<\/span>\n\n\t\t\t\t<h2 class=\"entry-title\"><a target=\"_blank\" href=\"https:\/\/gemaa.iesp.uerj.br\/en\/reporting\/relatorio-das-desigualdades-gemaa-no-1\/\">Relat\u00f3rio das Desigualdades GEMAA n\u00ba 1<\/a><\/h2>\n\t\t\t\t\t\t\t\t\t<ul class=\"autores\">\n\t\t\t\t\t\t<li><a href=\"https:\/\/gemaa.iesp.uerj.br\/en\/pesquisador\/natalia-leao-siqueira\/\">Natalia Le\u00e3o Siqueira<\/a><\/li><li><a href=\"https:\/\/gemaa.iesp.uerj.br\/en\/pesquisador\/joao-feres-junior\/\">Jo\u00e3o Feres J\u00fanior<\/a><\/li><li><a href=\"https:\/\/gemaa.iesp.uerj.br\/en\/pesquisador\/marcia-rangel-candido\/\">Marcia Rangel Candido<\/a><\/li>\t\t\t\t\t<\/ul>\n\t\t\t\t\t\t\t\t<div class=\"entry-content\">\n\t\t\t\t\tRelat\u00f3rio das Desigualdades de Ra\u00e7a, G\u00eanero e Classe GEMAA n\u00ba 1 &nbsp; O GEMAA acaba de lan\u00e7ar o seu primeiro&hellip;\t\t\t\t<\/div>\n\t\t\t<\/div>\n\t\t\t\n\t\t\t\n\t\t\t<div class=\"card-post post-7337\">\n\t\t\t\t<div class=\"classificacoes\">\n\t\t\t\t\t<ul class=\"post-type\">\n\t\t\t\t\t\t<li><span rel=\"tag\" class=\"Post\">Post<\/span><\/li>\n\t\t\t\t\t<\/ul>\n\t\t\t\t\t<ul class=\"categorias\"><li><a href=\"https:\/\/gemaa.iesp.uerj.br\/en\/category\/uncategorized\/\" rel=\"tag\">Uncategorized<\/a><\/li><\/ul>\t\t\t\t\t\t\t\t\t<\/div>\n\t\t\t\t<span class=\"date\">02\/08\/2017<\/span>\n\n\t\t\t\t<h2 class=\"entry-title\"><a target=\"_blank\" href=\"https:\/\/gemaa.iesp.uerj.br\/en\/uncategorized\/15-genero-e-raca-nas-revistas-de-bordo\/\">15 &#8211; G\u00eanero e Ra\u00e7a nas Revistas de Bordo<\/a><\/h2>\n\t\t\t\t\t\t\t\t<div class=\"entry-content\">\n\t\t\t\t\tEste texto discute as representa\u00e7\u00f5es de ra\u00e7a e g\u00eanero em revistas de bordo de tr\u00eas companhias \u00e1reas brasileiras (Gol, TAM&hellip;\t\t\t\t<\/div>\n\t\t\t<\/div>\n\t\t\t\n\t\t\t\n\t\t\t<div class=\"card-post post-7338\">\n\t\t\t\t<div class=\"classificacoes\">\n\t\t\t\t\t<ul class=\"post-type\">\n\t\t\t\t\t\t<li><span rel=\"tag\" class=\"Post\">Post<\/span><\/li>\n\t\t\t\t\t<\/ul>\n\t\t\t\t\t<ul class=\"categorias\"><li><a href=\"https:\/\/gemaa.iesp.uerj.br\/en\/category\/bulletins\/\" rel=\"tag\">Bulletins<\/a><\/li><\/ul>\t\t\t\t\t\t\t\t\t\t\t<ul class=\"tematicas\">\n\t\t\t\t\t\t\t\t\t\t\t\t\t<li><a href=\"https:\/\/gemaa.iesp.uerj.br\/en\/tematica\/audiovisual-en\/\" rel=\"tag\" class=\"ct-term-522\">Audiovisual<\/a><\/li>\n\t\t\t\t\t\t\t\t\t\t\t\t\t<li><a href=\"https:\/\/gemaa.iesp.uerj.br\/en\/tematica\/cinema-en\/\" rel=\"tag\" class=\"ct-term-523\">Cinema<\/a><\/li>\n\t\t\t\t\t\t\t\t\t\t\t\t\t<li><a href=\"https:\/\/gemaa.iesp.uerj.br\/en\/tematica\/gender\/\" rel=\"tag\" class=\"ct-term-528\">Gender<\/a><\/li>\n\t\t\t\t\t\t\t\t\t\t\t\t\t<li><a href=\"https:\/\/gemaa.iesp.uerj.br\/en\/tematica\/race\/\" rel=\"tag\" class=\"ct-term-529\">Race<\/a><\/li>\n\t\t\t\t\t\t\t\t\t\t\t\t<\/ul>\n\t\t\t\t\t\t\t\t\t<\/div>\n\t\t\t\t<span class=\"date\">23\/06\/2017<\/span>\n\n\t\t\t\t<h2 class=\"entry-title\"><a target=\"_blank\" href=\"https:\/\/gemaa.iesp.uerj.br\/en\/bulletins\/boletim-gemaa-2-raca-e-genero-no-cinema-brasileiro-1970-2016\/\">Boletim GEMAA 2: Ra\u00e7a e G\u00eanero no Cinema Brasileiro (1970-2016)<\/a><\/h2>\n\t\t\t\t\t\t\t\t\t<ul class=\"autores\">\n\t\t\t\t\t\t<li><a href=\"https:\/\/gemaa.iesp.uerj.br\/en\/pesquisador\/cleissa-regina-martins\/\">Cleissa Regina Martins<\/a><\/li><li><a href=\"https:\/\/gemaa.iesp.uerj.br\/en\/pesquisador\/raissa-imani\/\">Raissa Imani<\/a><\/li><li><a href=\"https:\/\/gemaa.iesp.uerj.br\/en\/pesquisador\/joao-feres-junior\/\">Jo\u00e3o Feres J\u00fanior<\/a><\/li><li><a href=\"https:\/\/gemaa.iesp.uerj.br\/en\/pesquisador\/marcia-rangel-candido\/\">Marcia Rangel Candido<\/a><\/li>\t\t\t\t\t<\/ul>\n\t\t\t\t\t\t\t\t<div class=\"entry-content\">\n\t\t\t\t\tEste boletim expande o horizonte temporal dos trabalhos anteriores feitos pelo GEMAA sobre diversidade no cinema brasileiro. Com base nos&hellip;\t\t\t\t<\/div>\n\t\t\t<\/div>\n\t\t\t\n\t\t\t\n\t\t\t<div class=\"card-post post-7339\">\n\t\t\t\t<div class=\"classificacoes\">\n\t\t\t\t\t<ul class=\"post-type\">\n\t\t\t\t\t\t<li><span rel=\"tag\" class=\"Post\">Post<\/span><\/li>\n\t\t\t\t\t<\/ul>\n\t\t\t\t\t<ul class=\"categorias\"><li><a href=\"https:\/\/gemaa.iesp.uerj.br\/en\/category\/uncategorized\/\" rel=\"tag\">Uncategorized<\/a><\/li><\/ul>\t\t\t\t\t\t\t\t\t<\/div>\n\t\t\t\t<span class=\"date\">19\/05\/2017<\/span>\n\n\t\t\t\t<h2 class=\"entry-title\"><a target=\"_blank\" href=\"https:\/\/gemaa.iesp.uerj.br\/en\/uncategorized\/acoes-afirmativas-na-pos-graduacao\/\">A\u00e7\u00f5es Afirmativas na P\u00f3s-Gradua\u00e7\u00e3o<\/a><\/h2>\n\t\t\t\t\t\t\t\t<div class=\"entry-content\">\n\t\t\t\t\tA\u00e7\u00f5es Afirmativas na P\u00f3s-Gradua\u00e7\u00e3o &nbsp; Anna Carolina Venturini Nos \u00faltimos anos, diversas universidades brasileiras institu\u00edram a\u00e7\u00f5es afirmativas para ingresso em&hellip;\t\t\t\t<\/div>\n\t\t\t<\/div>\n\t\t\t\n\t\t\t\n\t\t\t<div class=\"card-post post-7340\">\n\t\t\t\t<div class=\"classificacoes\">\n\t\t\t\t\t<ul class=\"post-type\">\n\t\t\t\t\t\t<li><span rel=\"tag\" class=\"Post\">Post<\/span><\/li>\n\t\t\t\t\t<\/ul>\n\t\t\t\t\t<ul class=\"categorias\"><li><a href=\"https:\/\/gemaa.iesp.uerj.br\/en\/category\/uncategorized\/\" rel=\"tag\">Uncategorized<\/a><\/li><\/ul>\t\t\t\t\t\t\t\t\t<\/div>\n\t\t\t\t<span class=\"date\">01\/04\/2017<\/span>\n\n\t\t\t\t<h2 class=\"entry-title\"><a target=\"_blank\" href=\"https:\/\/gemaa.iesp.uerj.br\/en\/uncategorized\/boletim-gemaa-perfil-do-cinema-brasileiro-1995-2016\/\">Boletim GEMAA 1: Perfil do Cinema Brasileiro (1995-2016)<\/a><\/h2>\n\t\t\t\t\t\t\t\t<div class=\"entry-content\">\n\t\t\t\t\tEste boletim apresenta o perfil de ra\u00e7a e g\u00eanero dos filmes brasileiros de maior p\u00fablico lan\u00e7ados entre 1995 e 2016.&hellip;\t\t\t\t<\/div>\n\t\t\t<\/div>\n\t\t\t\n\t\t\t\n\t\t\t<div class=\"card-post post-7341\">\n\t\t\t\t<div class=\"classificacoes\">\n\t\t\t\t\t<ul class=\"post-type\">\n\t\t\t\t\t\t<li><span rel=\"tag\" class=\"Post\">Post<\/span><\/li>\n\t\t\t\t\t<\/ul>\n\t\t\t\t\t<ul class=\"categorias\"><li><a href=\"https:\/\/gemaa.iesp.uerj.br\/en\/category\/uncategorized\/\" rel=\"tag\">Uncategorized<\/a><\/li><\/ul>\t\t\t\t\t\t\t\t\t<\/div>\n\t\t\t\t<span class=\"date\">22\/12\/2016<\/span>\n\n\t\t\t\t<h2 class=\"entry-title\"><a target=\"_blank\" href=\"https:\/\/gemaa.iesp.uerj.br\/en\/uncategorized\/tpd14\/\">14 &#8211; A Cor do ENEM 2014: Compara\u00e7\u00f5es entre o desempenho de brancos, pardos e pretos<\/a><\/h2>\n\t\t\t\t\t\t\t\t<div class=\"entry-content\">\n\t\t\t\t\tEste texto discute a estratifica\u00e7\u00e3o racial e seus impactos educacionais entre os inscritos no ENEM de 2014. Com o objetivo&hellip;\t\t\t\t<\/div>\n\t\t\t<\/div>\n\t\t\t\n\t\t\t\n\t\t\t<div class=\"card-post post-7342\">\n\t\t\t\t<div class=\"classificacoes\">\n\t\t\t\t\t<ul class=\"post-type\">\n\t\t\t\t\t\t<li><span rel=\"tag\" class=\"Post\">Post<\/span><\/li>\n\t\t\t\t\t<\/ul>\n\t\t\t\t\t<ul class=\"categorias\"><li><a href=\"https:\/\/gemaa.iesp.uerj.br\/en\/category\/surveys\/\" rel=\"tag\">Surveys<\/a><\/li><\/ul>\t\t\t\t\t\t\t\t\t\t\t<ul class=\"tematicas\">\n\t\t\t\t\t\t\t\t\t\t\t\t\t<li><a href=\"https:\/\/gemaa.iesp.uerj.br\/en\/tematica\/education\/\" rel=\"tag\" class=\"ct-term-530\">Education<\/a><\/li>\n\t\t\t\t\t\t\t\t\t\t\t\t\t<li><a href=\"https:\/\/gemaa.iesp.uerj.br\/en\/tematica\/higher-education\/\" rel=\"tag\" class=\"ct-term-532\">Higher Education<\/a><\/li>\n\t\t\t\t\t\t\t\t\t\t\t\t<\/ul>\n\t\t\t\t\t\t\t\t\t<\/div>\n\t\t\t\t<span class=\"date\">22\/12\/2016<\/span>\n\n\t\t\t\t<h2 class=\"entry-title\"><a target=\"_blank\" href=\"https:\/\/gemaa.iesp.uerj.br\/en\/surveys\/evolucao-da-lei-no-12-711-nas-universidades-federais-2015\/\">Evolu\u00e7\u00e3o da Lei n\u00ba 12.711 nas universidades federais (2015)<\/a><\/h2>\n\t\t\t\t\t\t\t\t\t<ul class=\"autores\">\n\t\t\t\t\t\t<li><a href=\"https:\/\/gemaa.iesp.uerj.br\/en\/pesquisador\/poema-portela\/\">Poema Portela<\/a><\/li><li><a href=\"https:\/\/gemaa.iesp.uerj.br\/en\/pesquisador\/joao-feres-junior\/\">Jo\u00e3o Feres J\u00fanior<\/a><\/li>\t\t\t\t\t<\/ul>\n\t\t\t\t\t\t\t\t<div class=\"entry-content\">\n\t\t\t\t\tEste estudo apresenta resultados do acompanhamento das pol\u00edticas de a\u00e7\u00e3o afirmativa realizado anualmente pelo GEMAA (Grupo de Estudos Multidisciplinares da&hellip;\t\t\t\t<\/div>\n\t\t\t<\/div>\n\t\t\t\n\t\t\t\n\t\t\t<div class=\"card-post post-7343\">\n\t\t\t\t<div class=\"classificacoes\">\n\t\t\t\t\t<ul class=\"post-type\">\n\t\t\t\t\t\t<li><span rel=\"tag\" class=\"Post\">Post<\/span><\/li>\n\t\t\t\t\t<\/ul>\n\t\t\t\t\t<ul class=\"categorias\"><li><a href=\"https:\/\/gemaa.iesp.uerj.br\/en\/category\/uncategorized\/\" rel=\"tag\">Uncategorized<\/a><\/li><\/ul>\t\t\t\t\t\t\t\t\t<\/div>\n\t\t\t\t<span class=\"date\">01\/11\/2016<\/span>\n\n\t\t\t\t<h2 class=\"entry-title\"><a target=\"_blank\" href=\"https:\/\/gemaa.iesp.uerj.br\/en\/uncategorized\/13-a-cara-do-cinema-nacional-genero-e-raca-nos-filmes-nacionais-de-maior-publico-1995-2014\/\">13 \u2013 \u201cA Cara do Cinema Nacional\u201d: G\u00eanero e Ra\u00e7a nos Filmes Nacionais de Maior P\u00fablico (1995 \u2013 2014)<\/a><\/h2>\n\t\t\t\t\t\t\t\t<div class=\"entry-content\">\n\t\t\t\t\tO texto discute a representatividade de g\u00eanero e ra\u00e7a nos filmes de maior p\u00fablico do cinema brasileiro nos \u00faltimos vinte&hellip;\t\t\t\t<\/div>\n\t\t\t<\/div>\n\t\t\t\n\t\t\t\n\t\t\t<div class=\"card-post post-7344\">\n\t\t\t\t<div class=\"classificacoes\">\n\t\t\t\t\t<ul class=\"post-type\">\n\t\t\t\t\t\t<li><span rel=\"tag\" class=\"Post\">Post<\/span><\/li>\n\t\t\t\t\t<\/ul>\n\t\t\t\t\t<ul class=\"categorias\"><li><a href=\"https:\/\/gemaa.iesp.uerj.br\/en\/category\/uncategorized\/\" rel=\"tag\">Uncategorized<\/a><\/li><\/ul>\t\t\t\t\t\t\t\t\t<\/div>\n\t\t\t\t<span class=\"date\">01\/11\/2016<\/span>\n\n\t\t\t\t<h2 class=\"entry-title\"><a target=\"_blank\" href=\"https:\/\/gemaa.iesp.uerj.br\/en\/uncategorized\/12-a-cor-e-o-sexo-da-politica-candidatos-e-candidatas-nas-eleicoes-municipais-de-2016\/\">12 &#8211; A Cor e o Sexo da Pol\u00edtica: Candidatos e candidatas nas elei\u00e7\u00f5es municipais de 2016<\/a><\/h2>\n\t\t\t\t\t\t\t\t<div class=\"entry-content\">\n\t\t\t\t\tO Grupo de Estudos Multidisciplinares da A\u00e7\u00e3o Afirmativa (GEMAA), do Instituto de Estudos Sociais e Pol\u00edticos da UERJ (IESP-UERJ) acaba&hellip;\t\t\t\t<\/div>\n\t\t\t<\/div>\n\t\t\t\n\t\t\t\n\t\t\t<div class=\"card-post post-7345\">\n\t\t\t\t<div class=\"classificacoes\">\n\t\t\t\t\t<ul class=\"post-type\">\n\t\t\t\t\t\t<li><span rel=\"tag\" class=\"Post\">Post<\/span><\/li>\n\t\t\t\t\t<\/ul>\n\t\t\t\t\t<ul class=\"categorias\"><li><a href=\"https:\/\/gemaa.iesp.uerj.br\/en\/category\/uncategorized\/\" rel=\"tag\">Uncategorized<\/a><\/li><\/ul>\t\t\t\t\t\t\t\t\t<\/div>\n\t\t\t\t<span class=\"date\">21\/10\/2016<\/span>\n\n\t\t\t\t<h2 class=\"entry-title\"><a target=\"_blank\" href=\"https:\/\/gemaa.iesp.uerj.br\/en\/uncategorized\/infografico-festival-do-rio-2016\/\">Infogr\u00e1fico &#8211; Festival do Rio 2016<\/a><\/h2>\n\t\t\t\t\t\t\t\t<div class=\"entry-content\">\n\t\t\t\t\tFestival do Rio 2016 \u00e9 o terceiro de uma s\u00e9rie de infogr\u00e1ficos do GEMAA* que descrevem a distribui\u00e7\u00e3o de g\u00eanero,&hellip;\t\t\t\t<\/div>\n\t\t\t<\/div>\n\t\t\t\n\t\t\t\n\t\t\t<div class=\"card-post post-7346\">\n\t\t\t\t<div class=\"classificacoes\">\n\t\t\t\t\t<ul class=\"post-type\">\n\t\t\t\t\t\t<li><span rel=\"tag\" class=\"Post\">Post<\/span><\/li>\n\t\t\t\t\t<\/ul>\n\t\t\t\t\t<ul class=\"categorias\"><li><a href=\"https:\/\/gemaa.iesp.uerj.br\/en\/category\/infographics\/\" rel=\"tag\">Infographics<\/a><\/li><\/ul>\t\t\t\t\t\t\t\t\t\t\t<ul class=\"tematicas\">\n\t\t\t\t\t\t\t\t\t\t\t\t\t<li><a href=\"https:\/\/gemaa.iesp.uerj.br\/en\/tematica\/inequalities\/\" rel=\"tag\" class=\"ct-term-526\">Inequalities<\/a><\/li>\n\t\t\t\t\t\t\t\t\t\t\t\t\t<li><a href=\"https:\/\/gemaa.iesp.uerj.br\/en\/tematica\/race\/\" rel=\"tag\" class=\"ct-term-529\">Race<\/a><\/li>\n\t\t\t\t\t\t\t\t\t\t\t\t<\/ul>\n\t\t\t\t\t\t\t\t\t<\/div>\n\t\t\t\t<span class=\"date\">22\/09\/2016<\/span>\n\n\t\t\t\t<h2 class=\"entry-title\"><a target=\"_blank\" href=\"https:\/\/gemaa.iesp.uerj.br\/en\/infographics\/racial-inequality-in-the-brazilian-judiciary\/\">Racial Inequality in the Brazilian Judiciary<\/a><\/h2>\n\t\t\t\t\t\t\t\t\t<ul class=\"autores\">\n\t\t\t\t\t\t<li><a href=\"https:\/\/gemaa.iesp.uerj.br\/en\/pesquisador\/joao-feres-junior\/\">Jo\u00e3o Feres J\u00fanior<\/a><\/li><li><a href=\"https:\/\/gemaa.iesp.uerj.br\/en\/pesquisador\/anna-carolina-venturini\/\">Anna Carolina Venturini<\/a><\/li>\t\t\t\t\t<\/ul>\n\t\t\t\t\t\t\t\t<div class=\"entry-content\">\n\t\t\t\t\tRacial inequality in the Brazilian Judiciary &nbsp; Anna Carolina Venturini and Jo\u00e3o Feres J\u00fanior&nbsp; This study explores the issue of&hellip;\t\t\t\t<\/div>\n\t\t\t<\/div>\n\t\t\t\n\t\t\t\n\t\t\t<div class=\"card-post post-7347\">\n\t\t\t\t<div class=\"classificacoes\">\n\t\t\t\t\t<ul class=\"post-type\">\n\t\t\t\t\t\t<li><span rel=\"tag\" class=\"Post\">Post<\/span><\/li>\n\t\t\t\t\t<\/ul>\n\t\t\t\t\t<ul class=\"categorias\"><li><a href=\"https:\/\/gemaa.iesp.uerj.br\/en\/category\/infographics\/\" rel=\"tag\">Infographics<\/a><\/li><\/ul>\t\t\t\t\t\t\t\t\t\t\t<ul class=\"tematicas\">\n\t\t\t\t\t\t\t\t\t\t\t\t\t<li><a href=\"https:\/\/gemaa.iesp.uerj.br\/en\/tematica\/inequalities\/\" rel=\"tag\" class=\"ct-term-526\">Inequalities<\/a><\/li>\n\t\t\t\t\t\t\t\t\t\t\t\t\t<li><a href=\"https:\/\/gemaa.iesp.uerj.br\/en\/tematica\/race\/\" rel=\"tag\" class=\"ct-term-529\">Race<\/a><\/li>\n\t\t\t\t\t\t\t\t\t\t\t\t<\/ul>\n\t\t\t\t\t\t\t\t\t<\/div>\n\t\t\t\t<span class=\"date\">22\/09\/2016<\/span>\n\n\t\t\t\t<h2 class=\"entry-title\"><a target=\"_blank\" href=\"https:\/\/gemaa.iesp.uerj.br\/en\/infographics\/a-desigualdade-racial-no-judiciario-brasileiro\/\">A Desigualdade Racial no Judici\u00e1rio Brasileiro<\/a><\/h2>\n\t\t\t\t\t\t\t\t\t<ul class=\"autores\">\n\t\t\t\t\t\t<li><a href=\"https:\/\/gemaa.iesp.uerj.br\/en\/pesquisador\/joao-feres-junior\/\">Jo\u00e3o Feres J\u00fanior<\/a><\/li><li><a href=\"https:\/\/gemaa.iesp.uerj.br\/en\/pesquisador\/anna-carolina-venturini\/\">Anna Carolina Venturini<\/a><\/li>\t\t\t\t\t<\/ul>\n\t\t\t\t\t\t\t\t<div class=\"entry-content\">\n\t\t\t\t\tA desigualdade racial no Judici\u00e1rio brasileiro &nbsp; Anna Carolina Venturini e Jo\u00e3o Feres J\u00fanior&nbsp; A pesquisa examina a desigualdade racial&hellip;\t\t\t\t<\/div>\n\t\t\t<\/div>\n\t\t\t\n\t\t\t\n\t\t\t<div class=\"card-post post-7348\">\n\t\t\t\t<div class=\"classificacoes\">\n\t\t\t\t\t<ul class=\"post-type\">\n\t\t\t\t\t\t<li><span rel=\"tag\" class=\"Post\">Post<\/span><\/li>\n\t\t\t\t\t<\/ul>\n\t\t\t\t\t<ul class=\"categorias\"><li><a href=\"https:\/\/gemaa.iesp.uerj.br\/en\/category\/uncategorized\/\" rel=\"tag\">Uncategorized<\/a><\/li><\/ul>\t\t\t\t\t\t\t\t\t<\/div>\n\t\t\t\t<span class=\"date\">16\/09\/2016<\/span>\n\n\t\t\t\t<h2 class=\"entry-title\"><a target=\"_blank\" href=\"https:\/\/gemaa.iesp.uerj.br\/en\/uncategorized\/administrator\/\">Administrator<\/a><\/h2>\n\t\t\t\t\t\t\t\t<div class=\"entry-content\">\n\t\t\t\t\t\t\t\t\t<\/div>\n\t\t\t<\/div>\n\t\t\t\n\t\t\t\n\t\t\t<div class=\"card-post post-7349\">\n\t\t\t\t<div class=\"classificacoes\">\n\t\t\t\t\t<ul class=\"post-type\">\n\t\t\t\t\t\t<li><span rel=\"tag\" class=\"Post\">Post<\/span><\/li>\n\t\t\t\t\t<\/ul>\n\t\t\t\t\t<ul class=\"categorias\"><li><a href=\"https:\/\/gemaa.iesp.uerj.br\/en\/category\/infographics\/\" rel=\"tag\">Infographics<\/a><\/li><\/ul>\t\t\t\t\t\t\t\t\t\t\t<ul class=\"tematicas\">\n\t\t\t\t\t\t\t\t\t\t\t\t\t<li><a href=\"https:\/\/gemaa.iesp.uerj.br\/en\/tematica\/gender\/\" rel=\"tag\" class=\"ct-term-528\">Gender<\/a><\/li>\n\t\t\t\t\t\t\t\t\t\t\t\t<\/ul>\n\t\t\t\t\t\t\t\t\t<\/div>\n\t\t\t\t<span class=\"date\">12\/08\/2016<\/span>\n\n\t\t\t\t<h2 class=\"entry-title\"><a target=\"_blank\" href=\"https:\/\/gemaa.iesp.uerj.br\/en\/infographics\/gender-inequality-in-the-brazilian-judiciary\/\">Gender Inequality in the Brazilian Judiciary<\/a><\/h2>\n\t\t\t\t\t\t\t\t\t<ul class=\"autores\">\n\t\t\t\t\t\t<li><a href=\"https:\/\/gemaa.iesp.uerj.br\/en\/pesquisador\/joao-feres-junior\/\">Jo\u00e3o Feres J\u00fanior<\/a><\/li><li><a href=\"https:\/\/gemaa.iesp.uerj.br\/en\/pesquisador\/anna-carolina-venturini\/\">Anna Carolina Venturini<\/a><\/li>\t\t\t\t\t<\/ul>\n\t\t\t\t\t\t\t\t<div class=\"entry-content\">\n\t\t\t\t\tGender inequality in the Brazilian Judiciary &nbsp; &nbsp;Anna Carolina Venturini and Jo\u00e3o Feres J\u00fanior &nbsp; This study examines the issue&hellip;\t\t\t\t<\/div>\n\t\t\t<\/div>\n\t\t\t\n\t\t\t\n\t\t\t<div class=\"card-post post-7350\">\n\t\t\t\t<div class=\"classificacoes\">\n\t\t\t\t\t<ul class=\"post-type\">\n\t\t\t\t\t\t<li><span rel=\"tag\" class=\"Post\">Post<\/span><\/li>\n\t\t\t\t\t<\/ul>\n\t\t\t\t\t<ul class=\"categorias\"><li><a href=\"https:\/\/gemaa.iesp.uerj.br\/en\/category\/infographics\/\" rel=\"tag\">Infographics<\/a><\/li><\/ul>\t\t\t\t\t\t\t\t\t\t\t<ul class=\"tematicas\">\n\t\t\t\t\t\t\t\t\t\t\t\t\t<li><a href=\"https:\/\/gemaa.iesp.uerj.br\/en\/tematica\/gender\/\" rel=\"tag\" class=\"ct-term-528\">Gender<\/a><\/li>\n\t\t\t\t\t\t\t\t\t\t\t\t<\/ul>\n\t\t\t\t\t\t\t\t\t<\/div>\n\t\t\t\t<span class=\"date\">12\/08\/2016<\/span>\n\n\t\t\t\t<h2 class=\"entry-title\"><a target=\"_blank\" href=\"https:\/\/gemaa.iesp.uerj.br\/en\/infographics\/a-desigualdade-de-genero-na-justica-brasileira\/\">A Desigualdade de G\u00eanero na Justi\u00e7a Brasileira<\/a><\/h2>\n\t\t\t\t\t\t\t\t\t<ul class=\"autores\">\n\t\t\t\t\t\t<li><a href=\"https:\/\/gemaa.iesp.uerj.br\/en\/pesquisador\/joao-feres-junior\/\">Jo\u00e3o Feres J\u00fanior<\/a><\/li><li><a href=\"https:\/\/gemaa.iesp.uerj.br\/en\/pesquisador\/anna-carolina-venturini\/\">Anna Carolina Venturini<\/a><\/li>\t\t\t\t\t<\/ul>\n\t\t\t\t\t\t\t\t<div class=\"entry-content\">\n\t\t\t\t\tA desigualdade de g\u00eanero na Justi\u00e7a brasileira &nbsp; Anna Carolina Venturini e Jo\u00e3o Feres J\u00fanior&nbsp; A pesquisa examina a igualdade&hellip;\t\t\t\t<\/div>\n\t\t\t<\/div>\n\t\t\t\n\t\t\t\n\t\t\t<div class=\"card-post post-7351\">\n\t\t\t\t<div class=\"classificacoes\">\n\t\t\t\t\t<ul class=\"post-type\">\n\t\t\t\t\t\t<li><span rel=\"tag\" class=\"Post\">Post<\/span><\/li>\n\t\t\t\t\t<\/ul>\n\t\t\t\t\t<ul class=\"categorias\"><li><a href=\"https:\/\/gemaa.iesp.uerj.br\/en\/category\/infographics\/\" rel=\"tag\">Infographics<\/a><\/li><\/ul>\t\t\t\t\t\t\t\t\t\t\t<ul class=\"tematicas\">\n\t\t\t\t\t\t\t\t\t\t\t\t\t<li><a href=\"https:\/\/gemaa.iesp.uerj.br\/en\/tematica\/media\/\" rel=\"tag\" class=\"ct-term-534\">Media<\/a><\/li>\n\t\t\t\t\t\t\t\t\t\t\t\t\t<li><a href=\"https:\/\/gemaa.iesp.uerj.br\/en\/tematica\/press\/\" rel=\"tag\" class=\"ct-term-535\">Press<\/a><\/li>\n\t\t\t\t\t\t\t\t\t\t\t\t<\/ul>\n\t\t\t\t\t\t\t\t\t<\/div>\n\t\t\t\t<span class=\"date\">06\/05\/2016<\/span>\n\n\t\t\t\t<h2 class=\"entry-title\"><a target=\"_blank\" href=\"https:\/\/gemaa.iesp.uerj.br\/en\/infographics\/brazilian-newspapers-gende-and-race-of-opinion-columnists-in-the-main-newspapers\/\">Brazilian Newspapers: Gender and Race of Opinion Columnists in the Main Newspapers<\/a><\/h2>\n\t\t\t\t\t\t\t\t\t<ul class=\"autores\">\n\t\t\t\t\t\t<li><a href=\"https:\/\/gemaa.iesp.uerj.br\/en\/pesquisador\/joao-feres-junior\/\">Jo\u00e3o Feres J\u00fanior<\/a><\/li><li><a href=\"https:\/\/gemaa.iesp.uerj.br\/en\/pesquisador\/marcia-rangel-candido\/\">Marcia Rangel Candido<\/a><\/li>\t\t\t\t\t<\/ul>\n\t\t\t\t\t\t\t\t<div class=\"entry-content\">\n\t\t\t\t\tBrazilian Newspapers: Gender and race of opinion columnists in the main newspapers&nbsp; &nbsp; &nbsp; Jo\u00e3o Feres J\u00fanior e Marcia Rangel&hellip;\t\t\t\t<\/div>\n\t\t\t<\/div>\n\t\t\t\n\t\t\t\n\t\t\t<div class=\"card-post post-7352\">\n\t\t\t\t<div class=\"classificacoes\">\n\t\t\t\t\t<ul class=\"post-type\">\n\t\t\t\t\t\t<li><span rel=\"tag\" class=\"Post\">Post<\/span><\/li>\n\t\t\t\t\t<\/ul>\n\t\t\t\t\t<ul class=\"categorias\"><li><a href=\"https:\/\/gemaa.iesp.uerj.br\/en\/category\/uncategorized\/\" rel=\"tag\">Uncategorized<\/a><\/li><\/ul>\t\t\t\t\t\t\t\t\t<\/div>\n\t\t\t\t<span class=\"date\">06\/05\/2016<\/span>\n\n\t\t\t\t<h2 class=\"entry-title\"><a target=\"_blank\" href=\"https:\/\/gemaa.iesp.uerj.br\/en\/uncategorized\/jornalismo-brasileiro-genero-cor-raca-dos-colunistas-dos-principais-jornais\/\">Jornalismo Brasileiro: G\u00eanero e Cor\/Ra\u00e7a dos Colunistas dos Principais Jornais do Pa\u00eds<\/a><\/h2>\n\t\t\t\t\t\t\t\t<div class=\"entry-content\">\n\t\t\t\t\tA aus\u00eancia de diversidade no jornalismo brasileiro tradicional n\u00e3o \u00e9 novidade. Tampouco se refere apenas \u00e0 exist\u00eancia dos oligop\u00f3lios midi\u00e1ticos.&hellip;\t\t\t\t<\/div>\n\t\t\t<\/div>\n\t\t\t\n\t\t\t\n\t\t\t<div class=\"card-post post-7353\">\n\t\t\t\t<div class=\"classificacoes\">\n\t\t\t\t\t<ul class=\"post-type\">\n\t\t\t\t\t\t<li><span rel=\"tag\" class=\"Post\">Post<\/span><\/li>\n\t\t\t\t\t<\/ul>\n\t\t\t\t\t<ul class=\"categorias\"><li><a href=\"https:\/\/gemaa.iesp.uerj.br\/en\/category\/uncategorized\/\" rel=\"tag\">Uncategorized<\/a><\/li><\/ul>\t\t\t\t\t\t\t\t\t<\/div>\n\t\t\t\t<span class=\"date\">25\/04\/2016<\/span>\n\n\t\t\t\t<h2 class=\"entry-title\"><a target=\"_blank\" href=\"https:\/\/gemaa.iesp.uerj.br\/en\/uncategorized\/onze-anos-da-acao-afirmativa-sem-cota-da-unicamp\/\">11 &#8211;\u00a0Onze Anos da A\u00e7\u00e3o Afirmativa sem Cota da UNICAMP<\/a><\/h2>\n\t\t\t\t\t\t\t\t<div class=\"entry-content\">\n\t\t\t\t\tO Grupo de Estudos Multidisciplinares da A\u00e7\u00e3o Afirmativa (GEMAA), do Instituto de Estudos Sociais e Pol\u00edticos da UERJ (IESP-UERJ) acaba&hellip;\t\t\t\t<\/div>\n\t\t\t<\/div>\n\t\t\t\n\t\t\t\n\t\t\t<div class=\"card-post post-7354\">\n\t\t\t\t<div class=\"classificacoes\">\n\t\t\t\t\t<ul class=\"post-type\">\n\t\t\t\t\t\t<li><span rel=\"tag\" class=\"Post\">Post<\/span><\/li>\n\t\t\t\t\t<\/ul>\n\t\t\t\t\t<ul class=\"categorias\"><li><a href=\"https:\/\/gemaa.iesp.uerj.br\/en\/category\/surveys\/\" rel=\"tag\">Surveys<\/a><\/li><\/ul>\t\t\t\t\t\t\t\t\t\t\t<ul class=\"tematicas\">\n\t\t\t\t\t\t\t\t\t\t\t\t\t<li><a href=\"https:\/\/gemaa.iesp.uerj.br\/en\/tematica\/education\/\" rel=\"tag\" class=\"ct-term-530\">Education<\/a><\/li>\n\t\t\t\t\t\t\t\t\t\t\t\t\t<li><a href=\"https:\/\/gemaa.iesp.uerj.br\/en\/tematica\/higher-education\/\" rel=\"tag\" class=\"ct-term-532\">Higher Education<\/a><\/li>\n\t\t\t\t\t\t\t\t\t\t\t\t<\/ul>\n\t\t\t\t\t\t\t\t\t<\/div>\n\t\t\t\t<span class=\"date\">21\/02\/2016<\/span>\n\n\t\t\t\t<h2 class=\"entry-title\"><a target=\"_blank\" href=\"https:\/\/gemaa.iesp.uerj.br\/en\/surveys\/levantamento-das-politicas-de-acao-afirmativa-nas-universidades-estaduais-2015\/\">Levantamento das Pol\u00edticas de A\u00e7\u00e3o Afirmativa nas Universidades Estaduais &#8211; 2015<\/a><\/h2>\n\t\t\t\t\t\t\t\t\t<ul class=\"autores\">\n\t\t\t\t\t\t<li><a href=\"https:\/\/gemaa.iesp.uerj.br\/en\/pesquisador\/poema-portela\/\">Poema Portela<\/a><\/li><li><a href=\"https:\/\/gemaa.iesp.uerj.br\/en\/pesquisador\/joao-feres-junior\/\">Jo\u00e3o Feres J\u00fanior<\/a><\/li>\t\t\t\t\t<\/ul>\n\t\t\t\t\t\t\t\t<div class=\"entry-content\">\n\t\t\t\t\tO Grupo de Estudos Multidisciplinares da A\u00e7\u00e3o afirmativa (GEMAA) do IESP-Uerj acaba de disponibilizar para o p\u00fablico o \u201cLevantamento das&hellip;\t\t\t\t<\/div>\n\t\t\t<\/div>\n\t\t\t\n\t\t\t\n\t\t\t<div class=\"card-post post-7355\">\n\t\t\t\t<div class=\"classificacoes\">\n\t\t\t\t\t<ul class=\"post-type\">\n\t\t\t\t\t\t<li><span rel=\"tag\" class=\"Post\">Post<\/span><\/li>\n\t\t\t\t\t<\/ul>\n\t\t\t\t\t<ul class=\"categorias\"><li><a href=\"https:\/\/gemaa.iesp.uerj.br\/en\/category\/infographics\/\" rel=\"tag\">Infographics<\/a><\/li><\/ul>\t\t\t\t\t\t\t\t\t\t\t<ul class=\"tematicas\">\n\t\t\t\t\t\t\t\t\t\t\t\t\t<li><a href=\"https:\/\/gemaa.iesp.uerj.br\/en\/tematica\/audiovisual-en\/\" rel=\"tag\" class=\"ct-term-522\">Audiovisual<\/a><\/li>\n\t\t\t\t\t\t\t\t\t\t\t\t\t<li><a href=\"https:\/\/gemaa.iesp.uerj.br\/en\/tematica\/cinema-en\/\" rel=\"tag\" class=\"ct-term-523\">Cinema<\/a><\/li>\n\t\t\t\t\t\t\t\t\t\t\t\t\t<li><a href=\"https:\/\/gemaa.iesp.uerj.br\/en\/tematica\/gender\/\" rel=\"tag\" class=\"ct-term-528\">Gender<\/a><\/li>\n\t\t\t\t\t\t\t\t\t\t\t\t\t<li><a href=\"https:\/\/gemaa.iesp.uerj.br\/en\/tematica\/race\/\" rel=\"tag\" class=\"ct-term-529\">Race<\/a><\/li>\n\t\t\t\t\t\t\t\t\t\t\t\t<\/ul>\n\t\t\t\t\t\t\t\t\t<\/div>\n\t\t\t\t<span class=\"date\">29\/01\/2016<\/span>\n\n\t\t\t\t<h2 class=\"entry-title\"><a target=\"_blank\" href=\"https:\/\/gemaa.iesp.uerj.br\/en\/infographics\/raca-e-genero-no-cinema-brasileiro-2002-2014\/\">Ra\u00e7a e G\u00eanero no Cinema Brasileiro (2002-2014)<\/a><\/h2>\n\t\t\t\t\t\t\t\t<div class=\"entry-content\">\n\t\t\t\t\tRa\u00e7a e G\u00eanero no Cinema Brasileiro (2002-2014) &nbsp; Marcia Rangel Candido e Luiz Augusto Campos O Grupo de Estudos Multidisciplinares&hellip;\t\t\t\t<\/div>\n\t\t\t<\/div>\n\t\t\t\n\t\t\t\n\t\t\t<div class=\"card-post post-7356\">\n\t\t\t\t<div class=\"classificacoes\">\n\t\t\t\t\t<ul class=\"post-type\">\n\t\t\t\t\t\t<li><span rel=\"tag\" class=\"Post\">Post<\/span><\/li>\n\t\t\t\t\t<\/ul>\n\t\t\t\t\t<ul class=\"categorias\"><li><a href=\"https:\/\/gemaa.iesp.uerj.br\/en\/category\/uncategorized\/\" rel=\"tag\">Uncategorized<\/a><\/li><\/ul>\t\t\t\t\t\t\t\t\t<\/div>\n\t\t\t\t<span class=\"date\">22\/01\/2016<\/span>\n\n\t\t\t\t<h2 class=\"entry-title\"><a target=\"_blank\" href=\"https:\/\/gemaa.iesp.uerj.br\/en\/uncategorized\/diversidade-racial-e-de-genero-nos-87-anos-do-oscar\/\">Diversidade Racial e de G\u00eanero nos 87 anos do Oscar<\/a><\/h2>\n\t\t\t\t\t\t\t\t<div class=\"entry-content\">\n\t\t\t\t\tO Oscar (The Academy Awards) \u00e9 o mais famoso trof\u00e9u do mundo do cinema e \u00e9 entregue anualmente pela Academia&hellip;\t\t\t\t<\/div>\n\t\t\t<\/div>\n\t\t\t\n\t\t\t\n\t\t\t<div class=\"card-post post-7357\">\n\t\t\t\t<div class=\"classificacoes\">\n\t\t\t\t\t<ul class=\"post-type\">\n\t\t\t\t\t\t<li><span rel=\"tag\" class=\"Post\">Post<\/span><\/li>\n\t\t\t\t\t<\/ul>\n\t\t\t\t\t<ul class=\"categorias\"><li><a href=\"https:\/\/gemaa.iesp.uerj.br\/en\/category\/texts-for-discussion\/\" rel=\"tag\">Texts for discussion<\/a><\/li><\/ul>\t\t\t\t\t\t\t\t\t\t\t<ul class=\"tematicas\">\n\t\t\t\t\t\t\t\t\t\t\t\t\t<li><a href=\"https:\/\/gemaa.iesp.uerj.br\/en\/tematica\/audiovisual-en\/\" rel=\"tag\" class=\"ct-term-522\">Audiovisual<\/a><\/li>\n\t\t\t\t\t\t\t\t\t\t\t\t\t<li><a href=\"https:\/\/gemaa.iesp.uerj.br\/en\/tematica\/tv-en\/\" rel=\"tag\" class=\"ct-term-537\">TV<\/a><\/li>\n\t\t\t\t\t\t\t\t\t\t\t\t<\/ul>\n\t\t\t\t\t\t\t\t\t<\/div>\n\t\t\t\t<span class=\"date\">05\/12\/2015<\/span>\n\n\t\t\t\t<h2 class=\"entry-title\"><a target=\"_blank\" href=\"https:\/\/gemaa.iesp.uerj.br\/en\/texts-for-discussion\/10-televisao-em-cores-raca-e-sexo-nas-telenovelas-globais-1984-2014\/\">10-Televis\u00e3o em Cores? Ra\u00e7a e sexo nas telenovelas \u201cGlobais\u201d (1984-2014)<\/a><\/h2>\n\t\t\t\t\t\t\t\t\t<ul class=\"autores\">\n\t\t\t\t\t\t<li><a href=\"https:\/\/gemaa.iesp.uerj.br\/en\/pesquisador\/joao-feres-junior\/\">Jo\u00e3o Feres J\u00fanior<\/a><\/li>\t\t\t\t\t<\/ul>\n\t\t\t\t\t\t\t\t<div class=\"entry-content\">\n\t\t\t\t\tO Grupo de Estudos Multidisciplinares da A\u00e7\u00e3o Afirmativa (GEMAA), do Instituto de Estudos Sociais e Pol\u00edticos da UERJ (IESP-UERJ) acaba&hellip;\t\t\t\t<\/div>\n\t\t\t<\/div>\n\t\t\t\n\t\t\t\n\t\t\t<div class=\"card-post post-7358\">\n\t\t\t\t<div class=\"classificacoes\">\n\t\t\t\t\t<ul class=\"post-type\">\n\t\t\t\t\t\t<li><span rel=\"tag\" class=\"Post\">Post<\/span><\/li>\n\t\t\t\t\t<\/ul>\n\t\t\t\t\t<ul class=\"categorias\"><li><a href=\"https:\/\/gemaa.iesp.uerj.br\/en\/category\/uncategorized\/\" rel=\"tag\">Uncategorized<\/a><\/li><\/ul>\t\t\t\t\t\t\t\t\t<\/div>\n\t\t\t\t<span class=\"date\">01\/10\/2015<\/span>\n\n\t\t\t\t<h2 class=\"entry-title\"><a target=\"_blank\" href=\"https:\/\/gemaa.iesp.uerj.br\/en\/uncategorized\/festival-do-rio-perfil-da-diversidade-de-raca-e-genero\/\">Festival do Rio &#8211; Perfil da Diversidade de Ra\u00e7a e G\u00eanero<\/a><\/h2>\n\t\t\t\t\t\t\t\t<div class=\"entry-content\">\n\t\t\t\t\tComo pesquisa do GEMAA j\u00e1 mostrou no Texto para Discuss\u00e3o 6, na produ\u00e7\u00e3o audiovisual homens brancos s\u00e3o absolutamente dominantes no&hellip;\t\t\t\t<\/div>\n\t\t\t<\/div>\n\t\t\t\n\t\t\t\n\t\t\t<div class=\"card-post post-7359\">\n\t\t\t\t<div class=\"classificacoes\">\n\t\t\t\t\t<ul class=\"post-type\">\n\t\t\t\t\t\t<li><span rel=\"tag\" class=\"Post\">Post<\/span><\/li>\n\t\t\t\t\t<\/ul>\n\t\t\t\t\t<ul class=\"categorias\"><li><a href=\"https:\/\/gemaa.iesp.uerj.br\/en\/category\/uncategorized\/\" rel=\"tag\">Uncategorized<\/a><\/li><\/ul>\t\t\t\t\t\t\t\t\t<\/div>\n\t\t\t\t<span class=\"date\">29\/07\/2015<\/span>\n\n\t\t\t\t<h2 class=\"entry-title\"><a target=\"_blank\" href=\"https:\/\/gemaa.iesp.uerj.br\/en\/uncategorized\/9-o-programa-de-inclusao-social-da-usp-inclusp\/\">9 &#8211; O Programa de Inclus\u00e3o Social da USP (INCLUSP)<\/a><\/h2>\n\t\t\t\t\t\t\t\t<div class=\"entry-content\">\n\t\t\t\t\tO Grupo de Estudos Multidisciplinares da A\u00e7\u00e3o Afirmativa (GEMAA), do Instituto de Estudos Sociais e Pol\u00edticos da UERJ (IESP-UERJ) publica&hellip;\t\t\t\t<\/div>\n\t\t\t<\/div>\n\t\t\t\n\t\t\t\n\t\t\t<div class=\"card-post post-7360\">\n\t\t\t\t<div class=\"classificacoes\">\n\t\t\t\t\t<ul class=\"post-type\">\n\t\t\t\t\t\t<li><span rel=\"tag\" class=\"Post\">Post<\/span><\/li>\n\t\t\t\t\t<\/ul>\n\t\t\t\t\t<ul class=\"categorias\"><li><a href=\"https:\/\/gemaa.iesp.uerj.br\/en\/category\/uncategorized\/\" rel=\"tag\">Uncategorized<\/a><\/li><\/ul>\t\t\t\t\t\t\t\t\t<\/div>\n\t\t\t\t<span class=\"date\">09\/06\/2015<\/span>\n\n\t\t\t\t<h2 class=\"entry-title\"><a target=\"_blank\" href=\"https:\/\/gemaa.iesp.uerj.br\/en\/uncategorized\/a-raca-e-o-genero-nas-novelas-dos-ultimos-20-anos\/\">A Ra\u00e7a e o G\u00eanero nas Novelas dos \u00daltimos 20 Anos<\/a><\/h2>\n\t\t\t\t\t\t\t\t<div class=\"entry-content\">\n\t\t\t\t\tAs novelas brasileiras produzidas pela maior emissora de televis\u00e3o do pa\u00eds, a Rede Globo, s\u00e3o parte do cotidiano nacional. Como&hellip;\t\t\t\t<\/div>\n\t\t\t<\/div>\n\t\t\t\n\t\t\t\n\t\t\t<div class=\"card-post post-7361\">\n\t\t\t\t<div class=\"classificacoes\">\n\t\t\t\t\t<ul class=\"post-type\">\n\t\t\t\t\t\t<li><span rel=\"tag\" class=\"Post\">Post<\/span><\/li>\n\t\t\t\t\t<\/ul>\n\t\t\t\t\t<ul class=\"categorias\"><li><a href=\"https:\/\/gemaa.iesp.uerj.br\/en\/category\/uncategorized\/\" rel=\"tag\">Uncategorized<\/a><\/li><\/ul>\t\t\t\t\t\t\t\t\t<\/div>\n\t\t\t\t<span class=\"date\">28\/04\/2015<\/span>\n\n\t\t\t\t<h2 class=\"entry-title\"><a target=\"_blank\" href=\"https:\/\/gemaa.iesp.uerj.br\/en\/uncategorized\/infografico2\/\">Evolu\u00e7\u00e3o das A\u00e7\u00f5es Afirmativas nas Universidades P\u00fablicas Estaduais<\/a><\/h2>\n\t\t\t\t\t\t\t\t<div class=\"entry-content\">\n\t\t\t\t\tO Grupo de Estudos Multidisciplinares da A\u00e7\u00e3o Afirmativa faz o acompanhamento anual das a\u00e7\u00f5es afirmativas com o objetivo de registrar&hellip;\t\t\t\t<\/div>\n\t\t\t<\/div>\n\t\t\t\n\t\t\t\n\t\t\t<div class=\"card-post post-7362\">\n\t\t\t\t<div class=\"classificacoes\">\n\t\t\t\t\t<ul class=\"post-type\">\n\t\t\t\t\t\t<li><span rel=\"tag\" class=\"Post\">Post<\/span><\/li>\n\t\t\t\t\t<\/ul>\n\t\t\t\t\t<ul class=\"categorias\"><li><a href=\"https:\/\/gemaa.iesp.uerj.br\/en\/category\/infographics\/\" rel=\"tag\">Infographics<\/a><\/li><\/ul>\t\t\t\t\t\t\t\t\t\t\t<ul class=\"tematicas\">\n\t\t\t\t\t\t\t\t\t\t\t\t\t<li><a href=\"https:\/\/gemaa.iesp.uerj.br\/en\/tematica\/audiovisual-en\/\" rel=\"tag\" class=\"ct-term-522\">Audiovisual<\/a><\/li>\n\t\t\t\t\t\t\t\t\t\t\t\t\t<li><a href=\"https:\/\/gemaa.iesp.uerj.br\/en\/tematica\/cinema-en\/\" rel=\"tag\" class=\"ct-term-523\">Cinema<\/a><\/li>\n\t\t\t\t\t\t\t\t\t\t\t\t<\/ul>\n\t\t\t\t\t\t\t\t\t<\/div>\n\t\t\t\t<span class=\"date\">28\/04\/2015<\/span>\n\n\t\t\t\t<h2 class=\"entry-title\"><a target=\"_blank\" href=\"https:\/\/gemaa.iesp.uerj.br\/en\/infographics\/infografico1\/\">A Cara do Cinema Nacional<\/a><\/h2>\n\t\t\t\t\t\t\t\t\t<ul class=\"autores\">\n\t\t\t\t\t\t<li><a href=\"https:\/\/gemaa.iesp.uerj.br\/en\/pesquisador\/veronica-toste\/\">Ver\u00f4nica Toste<\/a><\/li><li><a href=\"https:\/\/gemaa.iesp.uerj.br\/en\/pesquisador\/marcia-rangel-candido\/\">Marcia Rangel Candido<\/a><\/li>\t\t\t\t\t<\/ul>\n\t\t\t\t\t\t\t\t<div class=\"entry-content\">\n\t\t\t\t\tO Brasil das telas de cinema \u00e9 um pa\u00eds branco &nbsp; Ver\u00f4nica Toste e Marcia Rangel Candido O Brasil por&hellip;\t\t\t\t<\/div>\n\t\t\t<\/div>\n\t\t\t\n\t\t\t\n\t\t\t<div class=\"card-post post-7363\">\n\t\t\t\t<div class=\"classificacoes\">\n\t\t\t\t\t<ul class=\"post-type\">\n\t\t\t\t\t\t<li><span rel=\"tag\" class=\"Post\">Post<\/span><\/li>\n\t\t\t\t\t<\/ul>\n\t\t\t\t\t<ul class=\"categorias\"><li><a href=\"https:\/\/gemaa.iesp.uerj.br\/en\/category\/uncategorized\/\" rel=\"tag\">Uncategorized<\/a><\/li><\/ul>\t\t\t\t\t\t\t\t\t<\/div>\n\t\t\t\t<span class=\"date\">19\/11\/2014<\/span>\n\n\t\t\t\t<h2 class=\"entry-title\"><a target=\"_blank\" href=\"https:\/\/gemaa.iesp.uerj.br\/en\/uncategorized\/8-a-cor-do-enem-2012-comparacao-entre-o-desempenho-de-brancos-pardos-e-pretos\/\">8 &#8211; A Cor do ENEM &#8211; 2012: Compara\u00e7\u00e3o entre o desempenho de brancos, pardos e pretos<\/a><\/h2>\n\t\t\t\t\t\t\t\t<div class=\"entry-content\">\n\t\t\t\t\tO oitavo Texto para Discuss\u00e3o GEMAA analisa as desigualdades raciais dentre os inscritos no ENEM de 2012. Em rela\u00e7\u00e3o ao&hellip;\t\t\t\t<\/div>\n\t\t\t<\/div>\n\t\t\t\n\t\t\t\n\t\t\t<div class=\"card-post post-7364\">\n\t\t\t\t<div class=\"classificacoes\">\n\t\t\t\t\t<ul class=\"post-type\">\n\t\t\t\t\t\t<li><span rel=\"tag\" class=\"Post\">Post<\/span><\/li>\n\t\t\t\t\t<\/ul>\n\t\t\t\t\t<ul class=\"categorias\"><li><a href=\"https:\/\/gemaa.iesp.uerj.br\/en\/category\/texts-for-discussion\/\" rel=\"tag\">Texts for discussion<\/a><\/li><\/ul>\t\t\t\t\t\t\t\t\t\t\t<ul class=\"tematicas\">\n\t\t\t\t\t\t\t\t\t\t\t\t\t<li><a href=\"https:\/\/gemaa.iesp.uerj.br\/en\/tematica\/elections\/\" rel=\"tag\" class=\"ct-term-539\">Elections<\/a><\/li>\n\t\t\t\t\t\t\t\t\t\t\t\t\t<li><a href=\"https:\/\/gemaa.iesp.uerj.br\/en\/tematica\/gender\/\" rel=\"tag\" class=\"ct-term-528\">Gender<\/a><\/li>\n\t\t\t\t\t\t\t\t\t\t\t\t\t<li><a href=\"https:\/\/gemaa.iesp.uerj.br\/en\/tematica\/politics\/\" rel=\"tag\" class=\"ct-term-538\">Politics<\/a><\/li>\n\t\t\t\t\t\t\t\t\t\t\t\t\t<li><a href=\"https:\/\/gemaa.iesp.uerj.br\/en\/tematica\/race\/\" rel=\"tag\" class=\"ct-term-529\">Race<\/a><\/li>\n\t\t\t\t\t\t\t\t\t\t\t\t<\/ul>\n\t\t\t\t\t\t\t\t\t<\/div>\n\t\t\t\t<span class=\"date\">14\/10\/2014<\/span>\n\n\t\t\t\t<h2 class=\"entry-title\"><a target=\"_blank\" href=\"https:\/\/gemaa.iesp.uerj.br\/en\/texts-for-discussion\/7-a-cor-e-o-sexo-da-politica-composicao-das-camaras-federais-e-estaduais-2014\/\">7 &#8211; A Cor e o Sexo da Pol\u00edtica: Composi\u00e7\u00e3o das c\u00e2maras federais e estaduais (2014)<\/a><\/h2>\n\t\t\t\t\t\t\t\t\t<ul class=\"autores\">\n\t\t\t\t\t\t<li><a href=\"https:\/\/gemaa.iesp.uerj.br\/en\/pesquisador\/carlos-machado\/\">Carlos Machado<\/a><\/li>\t\t\t\t\t<\/ul>\n\t\t\t\t\t\t\t\t<div class=\"entry-content\">\n\t\t\t\t\tO s\u00e9timo Texto para Discuss\u00e3o analisa dados sobre a a composi\u00e7\u00e3o da C\u00e2mara dos Deputados Federais e das Assembleias Legislativas&hellip;\t\t\t\t<\/div>\n\t\t\t<\/div>\n\t\t\t\n\t\t\t\n\t\t\t<div class=\"card-post post-7365\">\n\t\t\t\t<div class=\"classificacoes\">\n\t\t\t\t\t<ul class=\"post-type\">\n\t\t\t\t\t\t<li><span rel=\"tag\" class=\"Post\">Post<\/span><\/li>\n\t\t\t\t\t<\/ul>\n\t\t\t\t\t<ul class=\"categorias\"><li><a href=\"https:\/\/gemaa.iesp.uerj.br\/en\/category\/uncategorized\/\" rel=\"tag\">Uncategorized<\/a><\/li><\/ul>\t\t\t\t\t\t\t\t\t<\/div>\n\t\t\t\t<span class=\"date\">12\/10\/2014<\/span>\n\n\t\t\t\t<h2 class=\"entry-title\"><a target=\"_blank\" href=\"https:\/\/gemaa.iesp.uerj.br\/en\/uncategorized\/6-a-cara-do-cinema-nacional-genero-e-cor-dos-atores-diretores-e-roteiristas-dos-filmes-brasileiros-2002-2012\/\">6 &#8211; \u201cA Cara do Cinema Nacional\u201d: g\u00eanero e cor dos atores, diretores e roteiristas dos filmes brasileiros (2002-2012)<\/a><\/h2>\n\t\t\t\t\t\t\t\t<div class=\"entry-content\">\n\t\t\t\t\tEste texto discute a quest\u00e3o da diversidade na produ\u00e7\u00e3o cinematogr\u00e1fica brasileira. Para termos uma compreens\u00e3o da dist\u00e2ncia entre estatuto legal&hellip;\t\t\t\t<\/div>\n\t\t\t<\/div>\n\t\t\t\n\t\t\t\n\t\t\t<div class=\"card-post post-7366\">\n\t\t\t\t<div class=\"classificacoes\">\n\t\t\t\t\t<ul class=\"post-type\">\n\t\t\t\t\t\t<li><span rel=\"tag\" class=\"Post\">Post<\/span><\/li>\n\t\t\t\t\t<\/ul>\n\t\t\t\t\t<ul class=\"categorias\"><li><a href=\"https:\/\/gemaa.iesp.uerj.br\/en\/category\/uncategorized\/\" rel=\"tag\">Uncategorized<\/a><\/li><\/ul>\t\t\t\t\t\t\t\t\t<\/div>\n\t\t\t\t<span class=\"date\">24\/06\/2014<\/span>\n\n\t\t\t\t<h2 class=\"entry-title\"><a target=\"_blank\" href=\"https:\/\/gemaa.iesp.uerj.br\/en\/uncategorized\/tpd5\/\">5 \u2013 Os Casos de Suspeita de Racismo Noticiados pela Folha de S. Paulo: 2001-2012<\/a><\/h2>\n\t\t\t\t\t\t\t\t<div class=\"entry-content\">\n\t\t\t\t\tNo presente texto de discuss\u00e3o apresentamos os 150 casos de suspeita de racismo, discrimina\u00e7\u00e3o e inj\u00faria racial noticiados pelo jornal&hellip;\t\t\t\t<\/div>\n\t\t\t<\/div>\n\t\t\t\n\t\t\t\n\t\t\t<div class=\"card-post post-7367\">\n\t\t\t\t<div class=\"classificacoes\">\n\t\t\t\t\t<ul class=\"post-type\">\n\t\t\t\t\t\t<li><span rel=\"tag\" class=\"Post\">Post<\/span><\/li>\n\t\t\t\t\t<\/ul>\n\t\t\t\t\t<ul class=\"categorias\"><li><a href=\"https:\/\/gemaa.iesp.uerj.br\/en\/category\/texts-for-discussion\/\" rel=\"tag\">Texts for discussion<\/a><\/li><\/ul>\t\t\t\t\t\t\t\t\t\t\t<ul class=\"tematicas\">\n\t\t\t\t\t\t\t\t\t\t\t\t\t<li><a href=\"https:\/\/gemaa.iesp.uerj.br\/en\/tematica\/education\/\" rel=\"tag\" class=\"ct-term-530\">Education<\/a><\/li>\n\t\t\t\t\t\t\t\t\t\t\t\t\t<li><a href=\"https:\/\/gemaa.iesp.uerj.br\/en\/tematica\/higher-education\/\" rel=\"tag\" class=\"ct-term-532\">Higher Education<\/a><\/li>\n\t\t\t\t\t\t\t\t\t\t\t\t<\/ul>\n\t\t\t\t\t\t\t\t\t<\/div>\n\t\t\t\t<span class=\"date\">05\/06\/2014<\/span>\n\n\t\t\t\t<h2 class=\"entry-title\"><a target=\"_blank\" href=\"https:\/\/gemaa.iesp.uerj.br\/en\/texts-for-discussion\/4-o-desempenho-dos-cotistas-no-enem-comparando-as-notas-de-corte-no-sisu\/\">4 \u2013 O Desempenho dos Cotistas no ENEM: Comparando as notas de corte no SISU<\/a><\/h2>\n\t\t\t\t\t\t\t\t\t<ul class=\"autores\">\n\t\t\t\t\t\t<li><a href=\"https:\/\/gemaa.iesp.uerj.br\/en\/pesquisador\/veronica-toste\/\">Ver\u00f4nica Toste<\/a><\/li><li><a href=\"https:\/\/gemaa.iesp.uerj.br\/en\/pesquisador\/joao-feres-junior\/\">Jo\u00e3o Feres J\u00fanior<\/a><\/li>\t\t\t\t\t<\/ul>\n\t\t\t\t\t\t\t\t<div class=\"entry-content\">\n\t\t\t\t\tO quarto Texto para Discuss\u00e3o GEMAA analisa os padr\u00f5es de notas obtidas no ENEM pelos estudantes que se candidataram \u00e0s&hellip;\t\t\t\t<\/div>\n\t\t\t<\/div>\n\t\t\t\n\t\t\t\n\t\t\t<div class=\"card-post post-7368\">\n\t\t\t\t<div class=\"classificacoes\">\n\t\t\t\t\t<ul class=\"post-type\">\n\t\t\t\t\t\t<li><span rel=\"tag\" class=\"Post\">Post<\/span><\/li>\n\t\t\t\t\t<\/ul>\n\t\t\t\t\t<ul class=\"categorias\"><li><a href=\"https:\/\/gemaa.iesp.uerj.br\/en\/category\/surveys\/\" rel=\"tag\">Surveys<\/a><\/li><\/ul>\t\t\t\t\t\t\t\t\t\t\t<ul class=\"tematicas\">\n\t\t\t\t\t\t\t\t\t\t\t\t\t<li><a href=\"https:\/\/gemaa.iesp.uerj.br\/en\/tematica\/education\/\" rel=\"tag\" class=\"ct-term-530\">Education<\/a><\/li>\n\t\t\t\t\t\t\t\t\t\t\t\t\t<li><a href=\"https:\/\/gemaa.iesp.uerj.br\/en\/tematica\/higher-education\/\" rel=\"tag\" class=\"ct-term-532\">Higher Education<\/a><\/li>\n\t\t\t\t\t\t\t\t\t\t\t\t<\/ul>\n\t\t\t\t\t\t\t\t\t<\/div>\n\t\t\t\t<span class=\"date\">14\/04\/2014<\/span>\n\n\t\t\t\t<h2 class=\"entry-title\"><a target=\"_blank\" href=\"https:\/\/gemaa.iesp.uerj.br\/en\/surveys\/levantamento2014\/\">Evolu\u00e7\u00e3o Temporal e Impacto da Lei n\u00ba 12.711 sobre as Universidades Federais<\/a><\/h2>\n\t\t\t\t\t\t\t\t\t<ul class=\"autores\">\n\t\t\t\t\t\t<li><a href=\"https:\/\/gemaa.iesp.uerj.br\/en\/pesquisador\/gabriella-moratelli\/\">Gabriella Moratelli<\/a><\/li><li><a href=\"https:\/\/gemaa.iesp.uerj.br\/en\/pesquisador\/veronica-toste\/\">Ver\u00f4nica Toste<\/a><\/li><li><a href=\"https:\/\/gemaa.iesp.uerj.br\/en\/pesquisador\/joao-feres-junior\/\">Jo\u00e3o Feres J\u00fanior<\/a><\/li>\t\t\t\t\t<\/ul>\n\t\t\t\t\t\t\t\t<div class=\"entry-content\">\n\t\t\t\t\tO presente texto de discuss\u00e3o do Grupo de Estudos Multidisciplinares da A\u00e7\u00e3o Afirmativa (GEMAA, Iesp-Uerj) d\u00e1 continuidade ao acompanhamento anual&hellip;\t\t\t\t<\/div>\n\t\t\t<\/div>\n\t\t\t\n\t\t\t\n\t\t\t<div class=\"card-post post-7369\">\n\t\t\t\t<div class=\"classificacoes\">\n\t\t\t\t\t<ul class=\"post-type\">\n\t\t\t\t\t\t<li><span rel=\"tag\" class=\"Post\">Post<\/span><\/li>\n\t\t\t\t\t<\/ul>\n\t\t\t\t\t<ul class=\"categorias\"><li><a href=\"https:\/\/gemaa.iesp.uerj.br\/en\/category\/uncategorized\/\" rel=\"tag\">Uncategorized<\/a><\/li><\/ul>\t\t\t\t\t\t\t\t\t<\/div>\n\t\t\t\t<span class=\"date\">27\/12\/2013<\/span>\n\n\t\t\t\t<h2 class=\"entry-title\"><a target=\"_blank\" href=\"https:\/\/gemaa.iesp.uerj.br\/en\/uncategorized\/3-a-folha-de-s-paulo-e-as-acoes-afirmativas-dez-anos-de-cobertura-2001-2011\/\">3 \u2013 A Folha de S. Paulo e as A\u00e7\u00f5es Afirmativas: Dez anos de cobertura (2001-2011)<\/a><\/h2>\n\t\t\t\t\t\t\t\t<div class=\"entry-content\">\n\t\t\t\t\tEste texto discute o tratamento conferido \u00e0s a\u00e7\u00f5es afirmativas raciais pelo jornal de maior circula\u00e7\u00e3o nacional, a Folha de S.&hellip;\t\t\t\t<\/div>\n\t\t\t<\/div>\n\t\t\t\n\t\t\t\n\t\t\t<div class=\"card-post post-7370\">\n\t\t\t\t<div class=\"classificacoes\">\n\t\t\t\t\t<ul class=\"post-type\">\n\t\t\t\t\t\t<li><span rel=\"tag\" class=\"Post\">Post<\/span><\/li>\n\t\t\t\t\t<\/ul>\n\t\t\t\t\t<ul class=\"categorias\"><li><a href=\"https:\/\/gemaa.iesp.uerj.br\/en\/category\/surveys\/\" rel=\"tag\">Surveys<\/a><\/li><\/ul>\t\t\t\t\t\t\t\t\t<\/div>\n\t\t\t\t<span class=\"date\">01\/12\/2013<\/span>\n\n\t\t\t\t<h2 class=\"entry-title\"><a target=\"_blank\" href=\"https:\/\/gemaa.iesp.uerj.br\/en\/surveys\/o-impacto-da-lei-no-12-711-sobre-as-universidades-federais-2013\/\">O Impacto da Lei n\u00ba 12.711 sobre as Universidades Federais (2013)<\/a><\/h2>\n\t\t\t\t\t\t\t\t<div class=\"entry-content\">\n\t\t\t\t\tO Grupo de Estudos Multidisciplinares da A\u00e7\u00e3o afirmativa (GEMAA) do IESP-Uerj acaba de disponibilizar para o p\u00fablico seu segundo texto&hellip;\t\t\t\t<\/div>\n\t\t\t<\/div>\n\t\t\t\n\t\t\t\n\t\t\t<div class=\"card-post post-7371\">\n\t\t\t\t<div class=\"classificacoes\">\n\t\t\t\t\t<ul class=\"post-type\">\n\t\t\t\t\t\t<li><span rel=\"tag\" class=\"Post\">Post<\/span><\/li>\n\t\t\t\t\t<\/ul>\n\t\t\t\t\t<ul class=\"categorias\"><li><a href=\"https:\/\/gemaa.iesp.uerj.br\/en\/category\/surveys\/\" rel=\"tag\">Surveys<\/a><\/li><\/ul>\t\t\t\t\t\t\t\t\t\t\t<ul class=\"tematicas\">\n\t\t\t\t\t\t\t\t\t\t\t\t\t<li><a href=\"https:\/\/gemaa.iesp.uerj.br\/en\/tematica\/education\/\" rel=\"tag\" class=\"ct-term-530\">Education<\/a><\/li>\n\t\t\t\t\t\t\t\t\t\t\t\t\t<li><a href=\"https:\/\/gemaa.iesp.uerj.br\/en\/tematica\/higher-education\/\" rel=\"tag\" class=\"ct-term-532\">Higher Education<\/a><\/li>\n\t\t\t\t\t\t\t\t\t\t\t\t<\/ul>\n\t\t\t\t\t\t\t\t\t<\/div>\n\t\t\t\t<span class=\"date\">01\/12\/2013<\/span>\n\n\t\t\t\t<h2 class=\"entry-title\"><a target=\"_blank\" href=\"https:\/\/gemaa.iesp.uerj.br\/en\/surveys\/as-politicas-de-acao-afirmativa-nas-universidades-estaduais\/\">As Pol\u00edticas de A\u00e7\u00e3o Afirmativa nas Universidades Estaduais<\/a><\/h2>\n\t\t\t\t\t\t\t\t\t<ul class=\"autores\">\n\t\t\t\t\t\t<li><a href=\"https:\/\/gemaa.iesp.uerj.br\/en\/pesquisador\/pedro-ramos\/\">Pedro Ramos<\/a><\/li><li><a href=\"https:\/\/gemaa.iesp.uerj.br\/en\/pesquisador\/eduardo-barbarela\/\">Eduardo Barbarela<\/a><\/li><li><a href=\"https:\/\/gemaa.iesp.uerj.br\/en\/pesquisador\/veronica-toste\/\">Ver\u00f4nica Toste<\/a><\/li><li><a href=\"https:\/\/gemaa.iesp.uerj.br\/en\/pesquisador\/joao-feres-junior\/\">Jo\u00e3o Feres J\u00fanior<\/a><\/li>\t\t\t\t\t<\/ul>\n\t\t\t\t\t\t\t\t<div class=\"entry-content\">\n\t\t\t\t\tO Grupo de Estudos Multidisciplinares da A\u00e7\u00e3o afirmativa (GEMAA) do IESP-UERJ acaba de disponibilizar para o p\u00fablico o \u201cLevantamento das&hellip;\t\t\t\t<\/div>\n\t\t\t<\/div>\n\t\t\t\n\t\t\t\n\t\t\t<div class=\"card-post post-7372\">\n\t\t\t\t<div class=\"classificacoes\">\n\t\t\t\t\t<ul class=\"post-type\">\n\t\t\t\t\t\t<li><span rel=\"tag\" class=\"Post\">Post<\/span><\/li>\n\t\t\t\t\t<\/ul>\n\t\t\t\t\t<ul class=\"categorias\"><li><a href=\"https:\/\/gemaa.iesp.uerj.br\/en\/category\/surveys\/\" rel=\"tag\">Surveys<\/a><\/li><\/ul>\t\t\t\t\t\t\t\t\t\t\t<ul class=\"tematicas\">\n\t\t\t\t\t\t\t\t\t\t\t\t\t<li><a href=\"https:\/\/gemaa.iesp.uerj.br\/en\/tematica\/education\/\" rel=\"tag\" class=\"ct-term-530\">Education<\/a><\/li>\n\t\t\t\t\t\t\t\t\t\t\t\t\t<li><a href=\"https:\/\/gemaa.iesp.uerj.br\/en\/tematica\/higher-education\/\" rel=\"tag\" class=\"ct-term-532\">Higher Education<\/a><\/li>\n\t\t\t\t\t\t\t\t\t\t\t\t<\/ul>\n\t\t\t\t\t\t\t\t\t<\/div>\n\t\t\t\t<span class=\"date\">26\/11\/2013<\/span>\n\n\t\t\t\t<h2 class=\"entry-title\"><a target=\"_blank\" href=\"https:\/\/gemaa.iesp.uerj.br\/en\/surveys\/acao-afirmativa-ensino-superior-2011\/\">A A\u00e7\u00e3o Afirmativa no Ensino Superior Brasileiro (2011)<\/a><\/h2>\n\t\t\t\t\t\t\t\t\t<ul class=\"autores\">\n\t\t\t\t\t\t<li><a href=\"https:\/\/gemaa.iesp.uerj.br\/en\/pesquisador\/veronica-toste\/\">Ver\u00f4nica Toste<\/a><\/li><li><a href=\"https:\/\/gemaa.iesp.uerj.br\/en\/pesquisador\/joao-feres-junior\/\">Jo\u00e3o Feres J\u00fanior<\/a><\/li>\t\t\t\t\t<\/ul>\n\t\t\t\t\t\t\t\t<div class=\"entry-content\">\n\t\t\t\t\tEst\u00e1 dispon\u00edvel para download o levantamento das pol\u00edticas a\u00e7\u00e3o afirmativa nas universidades p\u00fablicas estaduais e federais relativo ao ano de&hellip;\t\t\t\t<\/div>\n\t\t\t<\/div>\n\t\t\t\n\t\t\t\n\t\t\t<div class=\"card-post post-7373\">\n\t\t\t\t<div class=\"classificacoes\">\n\t\t\t\t\t<ul class=\"post-type\">\n\t\t\t\t\t\t<li><span rel=\"tag\" class=\"Post\">Post<\/span><\/li>\n\t\t\t\t\t<\/ul>\n\t\t\t\t\t<ul class=\"categorias\"><li><a href=\"https:\/\/gemaa.iesp.uerj.br\/en\/category\/texts-for-discussion\/\" rel=\"tag\">Texts for discussion<\/a><\/li><\/ul>\t\t\t\t\t\t\t\t\t\t\t<ul class=\"tematicas\">\n\t\t\t\t\t\t\t\t\t\t\t\t\t<li><a href=\"https:\/\/gemaa.iesp.uerj.br\/en\/tematica\/education\/\" rel=\"tag\" class=\"ct-term-530\">Education<\/a><\/li>\n\t\t\t\t\t\t\t\t\t\t\t\t\t<li><a href=\"https:\/\/gemaa.iesp.uerj.br\/en\/tematica\/higher-education\/\" rel=\"tag\" class=\"ct-term-532\">Higher Education<\/a><\/li>\n\t\t\t\t\t\t\t\t\t\t\t\t<\/ul>\n\t\t\t\t\t\t\t\t\t<\/div>\n\t\t\t\t<span class=\"date\">25\/11\/2013<\/span>\n\n\t\t\t\t<h2 class=\"entry-title\"><a target=\"_blank\" href=\"https:\/\/gemaa.iesp.uerj.br\/en\/texts-for-discussion\/2-o-globo-e-as-acoes-afirmativas-dez-anos-de-cobertura-2001-2011\/\">2 \u2013 O Globo e as A\u00e7\u00f5es Afirmativas: Dez anos de cobertura (2001-2011)<\/a><\/h2>\n\t\t\t\t\t\t\t\t\t<ul class=\"autores\">\n\t\t\t\t\t\t<li><a href=\"https:\/\/gemaa.iesp.uerj.br\/en\/pesquisador\/joao-feres-junior\/\">Jo\u00e3o Feres J\u00fanior<\/a><\/li>\t\t\t\t\t<\/ul>\n\t\t\t\t\t\t\t\t<div class=\"entry-content\">\n\t\t\t\t\tO Grupo de Estudos Multidisciplinares da A\u00e7\u00e3o afirmativa (GEMAA) do IESP-UERJ acaba de disponibilizar para o p\u00fablico o segundo texto&hellip;\t\t\t\t<\/div>\n\t\t\t<\/div>\n\t\t\t\n\t\t\t\n\t\t\t<div class=\"card-post post-7374\">\n\t\t\t\t<div class=\"classificacoes\">\n\t\t\t\t\t<ul class=\"post-type\">\n\t\t\t\t\t\t<li><span rel=\"tag\" class=\"Post\">Post<\/span><\/li>\n\t\t\t\t\t<\/ul>\n\t\t\t\t\t<ul class=\"categorias\"><li><a href=\"https:\/\/gemaa.iesp.uerj.br\/en\/category\/uncategorized\/\" rel=\"tag\">Uncategorized<\/a><\/li><\/ul>\t\t\t\t\t\t\t\t\t<\/div>\n\t\t\t\t<span class=\"date\">25\/11\/2013<\/span>\n\n\t\t\t\t<h2 class=\"entry-title\"><a target=\"_blank\" href=\"https:\/\/gemaa.iesp.uerj.br\/en\/uncategorized\/1-o-impacto-da-lei-de-cotas-nos-estados-um-estudo-preliminar\/\">1 \u2013 \u201cO impacto da lei de cotas nos estados: Um estudo preliminar\u201d<\/a><\/h2>\n\t\t\t\t\t\t\t\t<div class=\"entry-content\">\n\t\t\t\t\t\u00a0O Grupo de Estudos Multidisciplinares da A\u00e7\u00e3o afirmativa (GEMAA) do IESP-Uerj acaba de disponibilizar para o p\u00fablico o texto de&hellip;\t\t\t\t<\/div>\n\t\t\t<\/div>\n\t\t\t\n\t\t\t\n\t\t\t<div class=\"card-post post-7375\">\n\t\t\t\t<div class=\"classificacoes\">\n\t\t\t\t\t<ul class=\"post-type\">\n\t\t\t\t\t\t<li><span rel=\"tag\" class=\"Post\">Post<\/span><\/li>\n\t\t\t\t\t<\/ul>\n\t\t\t\t\t<ul class=\"categorias\"><li><a href=\"https:\/\/gemaa.iesp.uerj.br\/en\/category\/uncategorized\/\" rel=\"tag\">Uncategorized<\/a><\/li><\/ul>\t\t\t\t\t\t\t\t\t<\/div>\n\t\t\t\t<span class=\"date\">16\/09\/2011<\/span>\n\n\t\t\t\t<h2 class=\"entry-title\"><a target=\"_blank\" href=\"https:\/\/gemaa.iesp.uerj.br\/en\/uncategorized\/uea-universidade-do-estado-do-amazonas\/\">UEA &#8211; Universidade do Estado do Amazonas<\/a><\/h2>\n\t\t\t\t\t\t\t\t<div class=\"entry-content\">\n\t\t\t\t\tNatureza Jur\u00eddica: Estadual Ano de aplica\u00e7\u00e3o da a\u00e7\u00e3o afirmativa: 2004 Meio legal de ado\u00e7\u00e3o: Lei Estadual Modalidade de a\u00e7\u00e3o afirmativa:&hellip;\t\t\t\t<\/div>\n\t\t\t<\/div>\n\t\t\t\n\t\t\t\n\t\t\t<div class=\"card-post post-7376\">\n\t\t\t\t<div class=\"classificacoes\">\n\t\t\t\t\t<ul class=\"post-type\">\n\t\t\t\t\t\t<li><span rel=\"tag\" class=\"Post\">Post<\/span><\/li>\n\t\t\t\t\t<\/ul>\n\t\t\t\t\t<ul class=\"categorias\"><li><a href=\"https:\/\/gemaa.iesp.uerj.br\/en\/category\/uncategorized\/\" rel=\"tag\">Uncategorized<\/a><\/li><\/ul>\t\t\t\t\t\t\t\t\t<\/div>\n\t\t\t\t<span class=\"date\">16\/09\/2011<\/span>\n\n\t\t\t\t<h2 class=\"entry-title\"><a target=\"_blank\" href=\"https:\/\/gemaa.iesp.uerj.br\/en\/uncategorized\/ueap-universidade-do-estado-do-amapa\/\">UEAP &#8211; Universidade do Estado do Amap\u00e1<\/a><\/h2>\n\t\t\t\t\t\t\t\t<div class=\"entry-content\">\n\t\t\t\t\tNatureza Jur\u00eddica: Estadual Ano de aplica\u00e7\u00e3o da a\u00e7\u00e3o afirmativa: 2008 Meio legal de ado\u00e7\u00e3o: Lei Estadual Modalidade de a\u00e7\u00e3o afirmativa:&hellip;\t\t\t\t<\/div>\n\t\t\t<\/div>\n\t\t\t\n\t\t\t\n\t\t\t<div class=\"card-post post-7377\">\n\t\t\t\t<div class=\"classificacoes\">\n\t\t\t\t\t<ul class=\"post-type\">\n\t\t\t\t\t\t<li><span rel=\"tag\" class=\"Post\">Post<\/span><\/li>\n\t\t\t\t\t<\/ul>\n\t\t\t\t\t<ul class=\"categorias\"><li><a href=\"https:\/\/gemaa.iesp.uerj.br\/en\/category\/uncategorized\/\" rel=\"tag\">Uncategorized<\/a><\/li><\/ul>\t\t\t\t\t\t\t\t\t<\/div>\n\t\t\t\t<span class=\"date\">16\/09\/2011<\/span>\n\n\t\t\t\t<h2 class=\"entry-title\"><a target=\"_blank\" href=\"https:\/\/gemaa.iesp.uerj.br\/en\/uncategorized\/ufpa-universidade-federal-do-para\/\">UFPA &#8211; Universidade Federal do Par\u00e1<\/a><\/h2>\n\t\t\t\t\t\t\t\t<div class=\"entry-content\">\n\t\t\t\t\tNatureza Jur\u00eddica: Federal Ano de aplica\u00e7\u00e3o da a\u00e7\u00e3o afirmativa: 2005 Meio legal de ado\u00e7\u00e3o: Resolu\u00e7\u00e3o do conselho universit\u00e1rio Modalidade de&hellip;\t\t\t\t<\/div>\n\t\t\t<\/div>\n\t\t\t\n\t\t\t\n\t\t\t<div class=\"card-post post-7378\">\n\t\t\t\t<div class=\"classificacoes\">\n\t\t\t\t\t<ul class=\"post-type\">\n\t\t\t\t\t\t<li><span rel=\"tag\" class=\"Post\">Post<\/span><\/li>\n\t\t\t\t\t<\/ul>\n\t\t\t\t\t<ul class=\"categorias\"><li><a href=\"https:\/\/gemaa.iesp.uerj.br\/en\/category\/uncategorized\/\" rel=\"tag\">Uncategorized<\/a><\/li><\/ul>\t\t\t\t\t\t\t\t\t<\/div>\n\t\t\t\t<span class=\"date\">16\/09\/2011<\/span>\n\n\t\t\t\t<h2 class=\"entry-title\"><a target=\"_blank\" href=\"https:\/\/gemaa.iesp.uerj.br\/en\/uncategorized\/ufra-universidade-federal-rural-da-amazonia\/\">UFRA &#8211; Universidade Federal Rural da Amaz\u00f4nia<\/a><\/h2>\n\t\t\t\t\t\t\t\t<div class=\"entry-content\">\n\t\t\t\t\tNatureza Jur\u00eddica: Federal Ano de aplica\u00e7\u00e3o da a\u00e7\u00e3o afirmativa: 2006 Meio legal de ado\u00e7\u00e3o: Resolu\u00e7\u00e3o do conselho universit\u00e1rio Modalidade de&hellip;\t\t\t\t<\/div>\n\t\t\t<\/div>\n\t\t\t\n\t\t\t\n\t\t\t<div class=\"card-post post-7379\">\n\t\t\t\t<div class=\"classificacoes\">\n\t\t\t\t\t<ul class=\"post-type\">\n\t\t\t\t\t\t<li><span rel=\"tag\" class=\"Post\">Post<\/span><\/li>\n\t\t\t\t\t<\/ul>\n\t\t\t\t\t<ul class=\"categorias\"><li><a href=\"https:\/\/gemaa.iesp.uerj.br\/en\/category\/uncategorized\/\" rel=\"tag\">Uncategorized<\/a><\/li><\/ul>\t\t\t\t\t\t\t\t\t<\/div>\n\t\t\t\t<span class=\"date\">16\/09\/2011<\/span>\n\n\t\t\t\t<h2 class=\"entry-title\"><a target=\"_blank\" href=\"https:\/\/gemaa.iesp.uerj.br\/en\/uncategorized\/ufmt-universidade-federal-do-mato-grosso\/\">UFMT &#8211; Universidade Federal do Mato Grosso<\/a><\/h2>\n\t\t\t\t\t\t\t\t<div class=\"entry-content\">\n\t\t\t\t\tNatureza Jur\u00eddica: Federal Ano de aplica\u00e7\u00e3o da a\u00e7\u00e3o afirmativa: 2008 Meio legal de ado\u00e7\u00e3o: Resolu\u00e7\u00e3o do conselho universit\u00e1rio Modalidade de&hellip;\t\t\t\t<\/div>\n\t\t\t<\/div>\n\t\t\t\n\t\t\t\n\t\t\t<div class=\"card-post post-7380\">\n\t\t\t\t<div class=\"classificacoes\">\n\t\t\t\t\t<ul class=\"post-type\">\n\t\t\t\t\t\t<li><span rel=\"tag\" class=\"Post\">Post<\/span><\/li>\n\t\t\t\t\t<\/ul>\n\t\t\t\t\t<ul class=\"categorias\"><li><a href=\"https:\/\/gemaa.iesp.uerj.br\/en\/category\/uncategorized\/\" rel=\"tag\">Uncategorized<\/a><\/li><\/ul>\t\t\t\t\t\t\t\t\t<\/div>\n\t\t\t\t<span class=\"date\">16\/09\/2011<\/span>\n\n\t\t\t\t<h2 class=\"entry-title\"><a target=\"_blank\" href=\"https:\/\/gemaa.iesp.uerj.br\/en\/uncategorized\/uft-universidade-federal-do-tocantins\/\">UFT &#8211; Universidade Federal do Tocantins<\/a><\/h2>\n\t\t\t\t\t\t\t\t<div class=\"entry-content\">\n\t\t\t\t\tNatureza Jur\u00eddica: Federal Ano de aplica\u00e7\u00e3o da a\u00e7\u00e3o afirmativa: 2004 Meio legal de ado\u00e7\u00e3o: Resolu\u00e7\u00e3o do conselho universit\u00e1rio Modalidade de&hellip;\t\t\t\t<\/div>\n\t\t\t<\/div>\n\t\t\t\n\t\t\t\n\t\t\t<div class=\"card-post post-7381\">\n\t\t\t\t<div class=\"classificacoes\">\n\t\t\t\t\t<ul class=\"post-type\">\n\t\t\t\t\t\t<li><span rel=\"tag\" class=\"Post\">Post<\/span><\/li>\n\t\t\t\t\t<\/ul>\n\t\t\t\t\t<ul class=\"categorias\"><li><a href=\"https:\/\/gemaa.iesp.uerj.br\/en\/category\/uncategorized\/\" rel=\"tag\">Uncategorized<\/a><\/li><\/ul>\t\t\t\t\t\t\t\t\t<\/div>\n\t\t\t\t<span class=\"date\">16\/09\/2011<\/span>\n\n\t\t\t\t<h2 class=\"entry-title\"><a target=\"_blank\" href=\"https:\/\/gemaa.iesp.uerj.br\/en\/uncategorized\/uemt-universidade-do-estado-de-mato-grosso\/\">UEMT &#8211; Universidade do Estado de Mato Grosso<\/a><\/h2>\n\t\t\t\t\t\t\t\t<div class=\"entry-content\">\n\t\t\t\t\tNatureza Jur\u00eddica: Estadual Ano de aplica\u00e7\u00e3o da a\u00e7\u00e3o afirmativa: 2004 Meio legal de ado\u00e7\u00e3o: Resolu\u00e7\u00e3o do conselho universit\u00e1rio Modalidade de&hellip;\t\t\t\t<\/div>\n\t\t\t<\/div>\n\t\t\t\n\t\t\t\n\t\t\t<div class=\"card-post post-7382\">\n\t\t\t\t<div class=\"classificacoes\">\n\t\t\t\t\t<ul class=\"post-type\">\n\t\t\t\t\t\t<li><span rel=\"tag\" class=\"Post\">Post<\/span><\/li>\n\t\t\t\t\t<\/ul>\n\t\t\t\t\t<ul class=\"categorias\"><li><a href=\"https:\/\/gemaa.iesp.uerj.br\/en\/category\/uncategorized\/\" rel=\"tag\">Uncategorized<\/a><\/li><\/ul>\t\t\t\t\t\t\t\t\t<\/div>\n\t\t\t\t<span class=\"date\">16\/09\/2011<\/span>\n\n\t\t\t\t<h2 class=\"entry-title\"><a target=\"_blank\" href=\"https:\/\/gemaa.iesp.uerj.br\/en\/uncategorized\/uema-universidade-estadual-do-maranhao\/\">UEMA &#8211; Universidade Estadual do Maranh\u00e3o<\/a><\/h2>\n\t\t\t\t\t\t\t\t<div class=\"entry-content\">\n\t\t\t\t\tNatureza Jur\u00eddica: Estadual Ano de aplica\u00e7\u00e3o da a\u00e7\u00e3o afirmativa: 2010 Meio legal de ado\u00e7\u00e3o: Lei Estadual Modalidade de a\u00e7\u00e3o afirmativa:&hellip;\t\t\t\t<\/div>\n\t\t\t<\/div>\n\t\t\t\n\t\t\t\n\t\t\t<div class=\"card-post post-7383\">\n\t\t\t\t<div class=\"classificacoes\">\n\t\t\t\t\t<ul class=\"post-type\">\n\t\t\t\t\t\t<li><span rel=\"tag\" class=\"Post\">Post<\/span><\/li>\n\t\t\t\t\t<\/ul>\n\t\t\t\t\t<ul class=\"categorias\"><li><a href=\"https:\/\/gemaa.iesp.uerj.br\/en\/category\/uncategorized\/\" rel=\"tag\">Uncategorized<\/a><\/li><\/ul>\t\t\t\t\t\t\t\t\t<\/div>\n\t\t\t\t<span class=\"date\">16\/09\/2011<\/span>\n\n\t\t\t\t<h2 class=\"entry-title\"><a target=\"_blank\" href=\"https:\/\/gemaa.iesp.uerj.br\/en\/uncategorized\/ufma-universidade-federal-do-maranhao\/\">UFMA &#8211; Universidade Federal do Maranh\u00e3o<\/a><\/h2>\n\t\t\t\t\t\t\t\t<div class=\"entry-content\">\n\t\t\t\t\tNatureza Jur\u00eddica: Federal Ano de aplica\u00e7\u00e3o da a\u00e7\u00e3o afirmativa: 2006 Meio legal de ado\u00e7\u00e3o: Resolu\u00e7\u00e3o do conselho universit\u00e1rio Modalidade de&hellip;\t\t\t\t<\/div>\n\t\t\t<\/div>\n\t\t\t\n\t\t\t\n\t\t\t<div class=\"card-post post-7384\">\n\t\t\t\t<div class=\"classificacoes\">\n\t\t\t\t\t<ul class=\"post-type\">\n\t\t\t\t\t\t<li><span rel=\"tag\" class=\"Post\">Post<\/span><\/li>\n\t\t\t\t\t<\/ul>\n\t\t\t\t\t<ul class=\"categorias\"><li><a href=\"https:\/\/gemaa.iesp.uerj.br\/en\/category\/uncategorized\/\" rel=\"tag\">Uncategorized<\/a><\/li><\/ul>\t\t\t\t\t\t\t\t\t<\/div>\n\t\t\t\t<span class=\"date\">16\/09\/2011<\/span>\n\n\t\t\t\t<h2 class=\"entry-title\"><a target=\"_blank\" href=\"https:\/\/gemaa.iesp.uerj.br\/en\/uncategorized\/ueg-universidade-estadual-de-goias-2\/\">UEG &#8211; Universidade Estadual de Goi\u00e1s<\/a><\/h2>\n\t\t\t\t\t\t\t\t<div class=\"entry-content\">\n\t\t\t\t\tNatureza Jur\u00eddica: Estadual Ano de aplica\u00e7\u00e3o da a\u00e7\u00e3o afirmativa: 2007 Meio legal de ado\u00e7\u00e3o: Lei Estadual Modalidade de a\u00e7\u00e3o afirmativa:&hellip;\t\t\t\t<\/div>\n\t\t\t<\/div>\n\t\t\t\n\t\t\t\n\t\t\t<div class=\"card-post post-7385\">\n\t\t\t\t<div class=\"classificacoes\">\n\t\t\t\t\t<ul class=\"post-type\">\n\t\t\t\t\t\t<li><span rel=\"tag\" class=\"Post\">Post<\/span><\/li>\n\t\t\t\t\t<\/ul>\n\t\t\t\t\t<ul class=\"categorias\"><li><a href=\"https:\/\/gemaa.iesp.uerj.br\/en\/category\/uncategorized\/\" rel=\"tag\">Uncategorized<\/a><\/li><\/ul>\t\t\t\t\t\t\t\t\t<\/div>\n\t\t\t\t<span class=\"date\">16\/09\/2011<\/span>\n\n\t\t\t\t<h2 class=\"entry-title\"><a target=\"_blank\" href=\"https:\/\/gemaa.iesp.uerj.br\/en\/uncategorized\/ueg-universidade-estadual-de-goias\/\">UEG &#8211; Universidade Estadual de Goi\u00e1s<\/a><\/h2>\n\t\t\t\t\t\t\t\t<div class=\"entry-content\">\n\t\t\t\t\tNatureza Jur\u00eddica: Estadual Ano de aplica\u00e7\u00e3o da a\u00e7\u00e3o afirmativa: 2007 Meio legal de ado\u00e7\u00e3o: Lei Estadual Modalidade de a\u00e7\u00e3o afirmativa:&hellip;\t\t\t\t<\/div>\n\t\t\t<\/div>\n\t\t\t\n\t\t\t\n\t\t\t<div class=\"card-post post-7386\">\n\t\t\t\t<div class=\"classificacoes\">\n\t\t\t\t\t<ul class=\"post-type\">\n\t\t\t\t\t\t<li><span rel=\"tag\" class=\"Post\">Post<\/span><\/li>\n\t\t\t\t\t<\/ul>\n\t\t\t\t\t<ul class=\"categorias\"><li><a href=\"https:\/\/gemaa.iesp.uerj.br\/en\/category\/uncategorized\/\" rel=\"tag\">Uncategorized<\/a><\/li><\/ul>\t\t\t\t\t\t\t\t\t<\/div>\n\t\t\t\t<span class=\"date\">16\/09\/2011<\/span>\n\n\t\t\t\t<h2 class=\"entry-title\"><a target=\"_blank\" href=\"https:\/\/gemaa.iesp.uerj.br\/en\/uncategorized\/ufg-universidade-federal-de-goias\/\">UFG &#8211; Universidade Federal de Goi\u00e1s<\/a><\/h2>\n\t\t\t\t\t\t\t\t<div class=\"entry-content\">\n\t\t\t\t\tNatureza Jur\u00eddica: Federal Ano de aplica\u00e7\u00e3o da a\u00e7\u00e3o afirmativa: 2008 Meio legal de ado\u00e7\u00e3o: Resolu\u00e7\u00e3o do conselho universit\u00e1rio Modalidade de&hellip;\t\t\t\t<\/div>\n\t\t\t<\/div>\n\t\t\t\n\t\t\t\n\t\t\t<div class=\"card-post post-7387\">\n\t\t\t\t<div class=\"classificacoes\">\n\t\t\t\t\t<ul class=\"post-type\">\n\t\t\t\t\t\t<li><span rel=\"tag\" class=\"Post\">Post<\/span><\/li>\n\t\t\t\t\t<\/ul>\n\t\t\t\t\t<ul class=\"categorias\"><li><a href=\"https:\/\/gemaa.iesp.uerj.br\/en\/category\/uncategorized\/\" rel=\"tag\">Uncategorized<\/a><\/li><\/ul>\t\t\t\t\t\t\t\t\t<\/div>\n\t\t\t\t<span class=\"date\">16\/09\/2011<\/span>\n\n\t\t\t\t<h2 class=\"entry-title\"><a target=\"_blank\" href=\"https:\/\/gemaa.iesp.uerj.br\/en\/uncategorized\/ufgd-universidade-federal-da-grande-dourados\/\">UFGD &#8211; Universidade Federal da Grande Dourados<\/a><\/h2>\n\t\t\t\t\t\t\t\t<div class=\"entry-content\">\n\t\t\t\t\tNatureza Jur\u00eddica: Federal Ano de aplica\u00e7\u00e3o da a\u00e7\u00e3o afirmativa: 2008 Meio legal de ado\u00e7\u00e3o: Resolu\u00e7\u00e3o do conselho universit\u00e1rio Modalidade de&hellip;\t\t\t\t<\/div>\n\t\t\t<\/div>\n\t\t\t\n\t\t\t\n\t\t\t<div class=\"card-post post-7388\">\n\t\t\t\t<div class=\"classificacoes\">\n\t\t\t\t\t<ul class=\"post-type\">\n\t\t\t\t\t\t<li><span rel=\"tag\" class=\"Post\">Post<\/span><\/li>\n\t\t\t\t\t<\/ul>\n\t\t\t\t\t<ul class=\"categorias\"><li><a href=\"https:\/\/gemaa.iesp.uerj.br\/en\/category\/uncategorized\/\" rel=\"tag\">Uncategorized<\/a><\/li><\/ul>\t\t\t\t\t\t\t\t\t<\/div>\n\t\t\t\t<span class=\"date\">16\/09\/2011<\/span>\n\n\t\t\t\t<h2 class=\"entry-title\"><a target=\"_blank\" href=\"https:\/\/gemaa.iesp.uerj.br\/en\/uncategorized\/uems-universidade-estadual-de-mato-grosso-do-sul\/\">UEMS &#8211; Universidade Estadual de Mato Grosso do Sul<\/a><\/h2>\n\t\t\t\t\t\t\t\t<div class=\"entry-content\">\n\t\t\t\t\tNatureza Jur\u00eddica: Estadual Ano de aplica\u00e7\u00e3o da a\u00e7\u00e3o afirmativa: 2003 Meio legal de ado\u00e7\u00e3o: Lei Estadual Modalidade de a\u00e7\u00e3o afirmativa:&hellip;\t\t\t\t<\/div>\n\t\t\t<\/div>\n\t\t\t\n\t\t\t\n\t\t\t<div class=\"card-post post-7389\">\n\t\t\t\t<div class=\"classificacoes\">\n\t\t\t\t\t<ul class=\"post-type\">\n\t\t\t\t\t\t<li><span rel=\"tag\" class=\"Post\">Post<\/span><\/li>\n\t\t\t\t\t<\/ul>\n\t\t\t\t\t<ul class=\"categorias\"><li><a href=\"https:\/\/gemaa.iesp.uerj.br\/en\/category\/uncategorized\/\" rel=\"tag\">Uncategorized<\/a><\/li><\/ul>\t\t\t\t\t\t\t\t\t<\/div>\n\t\t\t\t<span class=\"date\">16\/09\/2011<\/span>\n\n\t\t\t\t<h2 class=\"entry-title\"><a target=\"_blank\" href=\"https:\/\/gemaa.iesp.uerj.br\/en\/uncategorized\/uespi-universidade-estadual-do-piaui\/\">UESPI &#8211; Universidade Estadual do Piau\u00ed<\/a><\/h2>\n\t\t\t\t\t\t\t\t<div class=\"entry-content\">\n\t\t\t\t\tNatureza Jur\u00eddica: Estadual Ano de aplica\u00e7\u00e3o da a\u00e7\u00e3o afirmativa: 2008 Meio legal de ado\u00e7\u00e3o: Resolu\u00e7\u00e3o do conselho universit\u00e1rio Modalidade de&hellip;\t\t\t\t<\/div>\n\t\t\t<\/div>\n\t\t\t\n\t\t\t\n\t\t\t<div class=\"card-post post-7390\">\n\t\t\t\t<div class=\"classificacoes\">\n\t\t\t\t\t<ul class=\"post-type\">\n\t\t\t\t\t\t<li><span rel=\"tag\" class=\"Post\">Post<\/span><\/li>\n\t\t\t\t\t<\/ul>\n\t\t\t\t\t<ul class=\"categorias\"><li><a href=\"https:\/\/gemaa.iesp.uerj.br\/en\/category\/uncategorized\/\" rel=\"tag\">Uncategorized<\/a><\/li><\/ul>\t\t\t\t\t\t\t\t\t<\/div>\n\t\t\t\t<span class=\"date\">16\/09\/2011<\/span>\n\n\t\t\t\t<h2 class=\"entry-title\"><a target=\"_blank\" href=\"https:\/\/gemaa.iesp.uerj.br\/en\/uncategorized\/ufpi-universidade-federal-do-piaui\/\">UFPI &#8211; Universidade Federal do Piau\u00ed<\/a><\/h2>\n\t\t\t\t\t\t\t\t<div class=\"entry-content\">\n\t\t\t\t\tNatureza Jur\u00eddica: Federal Ano de aplica\u00e7\u00e3o da a\u00e7\u00e3o afirmativa: 2009 Meio legal de ado\u00e7\u00e3o: Resolu\u00e7\u00e3o do conselho universit\u00e1rio Modalidade de&hellip;\t\t\t\t<\/div>\n\t\t\t<\/div>\n\t\t\t\n\t\t\t\n\t\t\t<div class=\"card-post post-7391\">\n\t\t\t\t<div class=\"classificacoes\">\n\t\t\t\t\t<ul class=\"post-type\">\n\t\t\t\t\t\t<li><span rel=\"tag\" class=\"Post\">Post<\/span><\/li>\n\t\t\t\t\t<\/ul>\n\t\t\t\t\t<ul class=\"categorias\"><li><a href=\"https:\/\/gemaa.iesp.uerj.br\/en\/category\/uncategorized\/\" rel=\"tag\">Uncategorized<\/a><\/li><\/ul>\t\t\t\t\t\t\t\t\t<\/div>\n\t\t\t\t<span class=\"date\">16\/09\/2011<\/span>\n\n\t\t\t\t<h2 class=\"entry-title\"><a target=\"_blank\" href=\"https:\/\/gemaa.iesp.uerj.br\/en\/uncategorized\/unb-universidade-de-brasilia\/\">UnB &#8211; Universidade de Bras\u00edlia<\/a><\/h2>\n\t\t\t\t\t\t\t\t<div class=\"entry-content\">\n\t\t\t\t\tNatureza Jur\u00eddica: Federal Ano de aplica\u00e7\u00e3o da a\u00e7\u00e3o afirmativa: 2003 Meio legal de ado\u00e7\u00e3o: Resolu\u00e7\u00e3o do conselho universit\u00e1rio Modalidade de&hellip;\t\t\t\t<\/div>\n\t\t\t<\/div>\n\t\t\t\n\t\t\t\n\t\t\t<div class=\"card-post post-7392\">\n\t\t\t\t<div class=\"classificacoes\">\n\t\t\t\t\t<ul class=\"post-type\">\n\t\t\t\t\t\t<li><span rel=\"tag\" class=\"Post\">Post<\/span><\/li>\n\t\t\t\t\t<\/ul>\n\t\t\t\t\t<ul class=\"categorias\"><li><a href=\"https:\/\/gemaa.iesp.uerj.br\/en\/category\/uncategorized\/\" rel=\"tag\">Uncategorized<\/a><\/li><\/ul>\t\t\t\t\t\t\t\t\t<\/div>\n\t\t\t\t<span class=\"date\">16\/09\/2011<\/span>\n\n\t\t\t\t<h2 class=\"entry-title\"><a target=\"_blank\" href=\"https:\/\/gemaa.iesp.uerj.br\/en\/uncategorized\/uva-universidade-estadual-vale-do-acarau\/\">UVA &#8211; Universidade Estadual Vale do Acara\u00fa<\/a><\/h2>\n\t\t\t\t\t\t\t\t<div class=\"entry-content\">\n\t\t\t\t\tNatureza Jur\u00eddica: Estadual Ano de aplica\u00e7\u00e3o da a\u00e7\u00e3o afirmativa: 2005 Meio legal de ado\u00e7\u00e3o: Resolu\u00e7\u00e3o do conselho universit\u00e1rio Modalidade de&hellip;\t\t\t\t<\/div>\n\t\t\t<\/div>\n\t\t\t\n\t\t\t\n\t\t\t<div class=\"card-post post-7393\">\n\t\t\t\t<div class=\"classificacoes\">\n\t\t\t\t\t<ul class=\"post-type\">\n\t\t\t\t\t\t<li><span rel=\"tag\" class=\"Post\">Post<\/span><\/li>\n\t\t\t\t\t<\/ul>\n\t\t\t\t\t<ul class=\"categorias\"><li><a href=\"https:\/\/gemaa.iesp.uerj.br\/en\/category\/uncategorized\/\" rel=\"tag\">Uncategorized<\/a><\/li><\/ul>\t\t\t\t\t\t\t\t\t<\/div>\n\t\t\t\t<span class=\"date\">16\/09\/2011<\/span>\n\n\t\t\t\t<h2 class=\"entry-title\"><a target=\"_blank\" href=\"https:\/\/gemaa.iesp.uerj.br\/en\/uncategorized\/uern-universidade-do-estado-do-rio-grande-do-norte\/\">UERN &#8211; Universidade do Estado do Rio Grande do Norte<\/a><\/h2>\n\t\t\t\t\t\t\t\t<div class=\"entry-content\">\n\t\t\t\t\tNatureza Jur\u00eddica: Estadual Ano de aplica\u00e7\u00e3o da a\u00e7\u00e3o afirmativa: 2002 Meio legal de ado\u00e7\u00e3o: Lei Estadual Modalidade de a\u00e7\u00e3o afirmativa:&hellip;\t\t\t\t<\/div>\n\t\t\t<\/div>\n\t\t\t\n\t\t\t\n\t\t\t<div class=\"card-post post-7394\">\n\t\t\t\t<div class=\"classificacoes\">\n\t\t\t\t\t<ul class=\"post-type\">\n\t\t\t\t\t\t<li><span rel=\"tag\" class=\"Post\">Post<\/span><\/li>\n\t\t\t\t\t<\/ul>\n\t\t\t\t\t<ul class=\"categorias\"><li><a href=\"https:\/\/gemaa.iesp.uerj.br\/en\/category\/uncategorized\/\" rel=\"tag\">Uncategorized<\/a><\/li><\/ul>\t\t\t\t\t\t\t\t\t<\/div>\n\t\t\t\t<span class=\"date\">16\/09\/2011<\/span>\n\n\t\t\t\t<h2 class=\"entry-title\"><a target=\"_blank\" href=\"https:\/\/gemaa.iesp.uerj.br\/en\/uncategorized\/ufrn-universidade-federal-do-rio-grande-do-norte\/\">UFRN &#8211; Universidade Federal do Rio Grande do Norte<\/a><\/h2>\n\t\t\t\t\t\t\t\t<div class=\"entry-content\">\n\t\t\t\t\tNatureza Jur\u00eddica: Federal Ano de aplica\u00e7\u00e3o da a\u00e7\u00e3o afirmativa: 2005 Meio legal de ado\u00e7\u00e3o: Resolu\u00e7\u00e3o do conselho universit\u00e1rio Modalidade de&hellip;\t\t\t\t<\/div>\n\t\t\t<\/div>\n\t\t\t\n\t\t\t\n\t\t\t<div class=\"card-post post-7395\">\n\t\t\t\t<div class=\"classificacoes\">\n\t\t\t\t\t<ul class=\"post-type\">\n\t\t\t\t\t\t<li><span rel=\"tag\" class=\"Post\">Post<\/span><\/li>\n\t\t\t\t\t<\/ul>\n\t\t\t\t\t<ul class=\"categorias\"><li><a href=\"https:\/\/gemaa.iesp.uerj.br\/en\/category\/uncategorized\/\" rel=\"tag\">Uncategorized<\/a><\/li><\/ul>\t\t\t\t\t\t\t\t\t<\/div>\n\t\t\t\t<span class=\"date\">16\/09\/2011<\/span>\n\n\t\t\t\t<h2 class=\"entry-title\"><a target=\"_blank\" href=\"https:\/\/gemaa.iesp.uerj.br\/en\/uncategorized\/uepb-universidade-estadual-da-paraiba\/\">UEPB &#8211; Universidade Estadual da Para\u00edba<\/a><\/h2>\n\t\t\t\t\t\t\t\t<div class=\"entry-content\">\n\t\t\t\t\tNatureza Jur\u00eddica: Estadual Ano de aplica\u00e7\u00e3o da a\u00e7\u00e3o afirmativa: 2009 Meio legal de ado\u00e7\u00e3o: Resolu\u00e7\u00e3o do conselho universit\u00e1rio Modalidade de&hellip;\t\t\t\t<\/div>\n\t\t\t<\/div>\n\t\t\t\n\t\t\t\n\t\t\t<div class=\"card-post post-7396\">\n\t\t\t\t<div class=\"classificacoes\">\n\t\t\t\t\t<ul class=\"post-type\">\n\t\t\t\t\t\t<li><span rel=\"tag\" class=\"Post\">Post<\/span><\/li>\n\t\t\t\t\t<\/ul>\n\t\t\t\t\t<ul class=\"categorias\"><li><a href=\"https:\/\/gemaa.iesp.uerj.br\/en\/category\/uncategorized\/\" rel=\"tag\">Uncategorized<\/a><\/li><\/ul>\t\t\t\t\t\t\t\t\t<\/div>\n\t\t\t\t<span class=\"date\">16\/09\/2011<\/span>\n\n\t\t\t\t<h2 class=\"entry-title\"><a target=\"_blank\" href=\"https:\/\/gemaa.iesp.uerj.br\/en\/uncategorized\/ufpe-universidade-federal-de-pernambuco\/\">UFPE &#8211; Universidade Federal de Pernambuco<\/a><\/h2>\n\t\t\t\t\t\t\t\t<div class=\"entry-content\">\n\t\t\t\t\tNatureza Jur\u00eddica: Federal Ano de aplica\u00e7\u00e3o da a\u00e7\u00e3o afirmativa: 2006 Meio legal de ado\u00e7\u00e3o: Resolu\u00e7\u00e3o do conselho universit\u00e1rio Modalidade de&hellip;\t\t\t\t<\/div>\n\t\t\t<\/div>\n\t\t\t\n\t\t\t\n\t\t\t<div class=\"card-post post-7397\">\n\t\t\t\t<div class=\"classificacoes\">\n\t\t\t\t\t<ul class=\"post-type\">\n\t\t\t\t\t\t<li><span rel=\"tag\" class=\"Post\">Post<\/span><\/li>\n\t\t\t\t\t<\/ul>\n\t\t\t\t\t<ul class=\"categorias\"><li><a href=\"https:\/\/gemaa.iesp.uerj.br\/en\/category\/uncategorized\/\" rel=\"tag\">Uncategorized<\/a><\/li><\/ul>\t\t\t\t\t\t\t\t\t<\/div>\n\t\t\t\t<span class=\"date\">16\/09\/2011<\/span>\n\n\t\t\t\t<h2 class=\"entry-title\"><a target=\"_blank\" href=\"https:\/\/gemaa.iesp.uerj.br\/en\/uncategorized\/univasf-universidade-federal-do-vale-do-sao-francisco\/\">UNIVASF &#8211; Universidade Federal do Vale do S\u00e3o Francisco<\/a><\/h2>\n\t\t\t\t\t\t\t\t<div class=\"entry-content\">\n\t\t\t\t\tNatureza Jur\u00eddica: Federal Ano de aplica\u00e7\u00e3o da a\u00e7\u00e3o afirmativa: 2009 Meio legal de ado\u00e7\u00e3o: Resolu\u00e7\u00e3o do conselho universit\u00e1rio Modalidade de&hellip;\t\t\t\t<\/div>\n\t\t\t<\/div>\n\t\t\t\n\t\t\t\n\t\t\t<div class=\"card-post post-7398\">\n\t\t\t\t<div class=\"classificacoes\">\n\t\t\t\t\t<ul class=\"post-type\">\n\t\t\t\t\t\t<li><span rel=\"tag\" class=\"Post\">Post<\/span><\/li>\n\t\t\t\t\t<\/ul>\n\t\t\t\t\t<ul class=\"categorias\"><li><a href=\"https:\/\/gemaa.iesp.uerj.br\/en\/category\/uncategorized\/\" rel=\"tag\">Uncategorized<\/a><\/li><\/ul>\t\t\t\t\t\t\t\t\t<\/div>\n\t\t\t\t<span class=\"date\">16\/09\/2011<\/span>\n\n\t\t\t\t<h2 class=\"entry-title\"><a target=\"_blank\" href=\"https:\/\/gemaa.iesp.uerj.br\/en\/uncategorized\/upe-universidade-de-pernambuco\/\">UPE &#8211; Universidade de Pernambuco<\/a><\/h2>\n\t\t\t\t\t\t\t\t<div class=\"entry-content\">\n\t\t\t\t\tNatureza Jur\u00eddica: Estadual Ano de aplica\u00e7\u00e3o da a\u00e7\u00e3o afirmativa: 2004 Meio legal de ado\u00e7\u00e3o: Resolu\u00e7\u00e3o do conselho universit\u00e1rio Modalidade de&hellip;\t\t\t\t<\/div>\n\t\t\t<\/div>\n\t\t\t\n\t\t\t\n\t\t\t<div class=\"card-post post-7399\">\n\t\t\t\t<div class=\"classificacoes\">\n\t\t\t\t\t<ul class=\"post-type\">\n\t\t\t\t\t\t<li><span rel=\"tag\" class=\"Post\">Post<\/span><\/li>\n\t\t\t\t\t<\/ul>\n\t\t\t\t\t<ul class=\"categorias\"><li><a href=\"https:\/\/gemaa.iesp.uerj.br\/en\/category\/uncategorized\/\" rel=\"tag\">Uncategorized<\/a><\/li><\/ul>\t\t\t\t\t\t\t\t\t<\/div>\n\t\t\t\t<span class=\"date\">16\/09\/2011<\/span>\n\n\t\t\t\t<h2 class=\"entry-title\"><a target=\"_blank\" href=\"https:\/\/gemaa.iesp.uerj.br\/en\/uncategorized\/ufrpe-universidade-federal-rural-de-pernambuco\/\">UFRPE &#8211; Universidade Federal Rural de Pernambuco<\/a><\/h2>\n\t\t\t\t\t\t\t\t<div class=\"entry-content\">\n\t\t\t\t\tNatureza Jur\u00eddica: Federal Ano de aplica\u00e7\u00e3o da a\u00e7\u00e3o afirmativa: 2006 Meio legal de ado\u00e7\u00e3o: Resolu\u00e7\u00e3o do conselho universit\u00e1rio Modalidade de&hellip;\t\t\t\t<\/div>\n\t\t\t<\/div>\n\t\t\t\n\t\t\t\n\t\t\t<div class=\"card-post post-7400\">\n\t\t\t\t<div class=\"classificacoes\">\n\t\t\t\t\t<ul class=\"post-type\">\n\t\t\t\t\t\t<li><span rel=\"tag\" class=\"Post\">Post<\/span><\/li>\n\t\t\t\t\t<\/ul>\n\t\t\t\t\t<ul class=\"categorias\"><li><a href=\"https:\/\/gemaa.iesp.uerj.br\/en\/category\/uncategorized\/\" rel=\"tag\">Uncategorized<\/a><\/li><\/ul>\t\t\t\t\t\t\t\t\t<\/div>\n\t\t\t\t<span class=\"date\">16\/09\/2011<\/span>\n\n\t\t\t\t<h2 class=\"entry-title\"><a target=\"_blank\" href=\"https:\/\/gemaa.iesp.uerj.br\/en\/uncategorized\/ufal-universidade-federal-de-alagoas\/\">UFAL &#8211; Universidade Federal de Alagoas<\/a><\/h2>\n\t\t\t\t\t\t\t\t<div class=\"entry-content\">\n\t\t\t\t\tNatureza Jur\u00eddica: Federal Ano de aplica\u00e7\u00e3o da a\u00e7\u00e3o afirmativa: 2003 Meio legal de ado\u00e7\u00e3o: Resolu\u00e7\u00e3o do conselho universit\u00e1rio Modalidade de&hellip;\t\t\t\t<\/div>\n\t\t\t<\/div>\n\t\t\t\n\t\t\t\n\t\t\t<div class=\"card-post post-7401\">\n\t\t\t\t<div class=\"classificacoes\">\n\t\t\t\t\t<ul class=\"post-type\">\n\t\t\t\t\t\t<li><span rel=\"tag\" class=\"Post\">Post<\/span><\/li>\n\t\t\t\t\t<\/ul>\n\t\t\t\t\t<ul class=\"categorias\"><li><a href=\"https:\/\/gemaa.iesp.uerj.br\/en\/category\/uncategorized\/\" rel=\"tag\">Uncategorized<\/a><\/li><\/ul>\t\t\t\t\t\t\t\t\t<\/div>\n\t\t\t\t<span class=\"date\">16\/09\/2011<\/span>\n\n\t\t\t\t<h2 class=\"entry-title\"><a target=\"_blank\" href=\"https:\/\/gemaa.iesp.uerj.br\/en\/uncategorized\/uncisal-universidade-estadual-de-ciencias-da-saude-de-alagoas\/\">UNCISAL &#8211; Universidade Estadual de Ci\u00eancias da Sa\u00fade de Alagoas<\/a><\/h2>\n\t\t\t\t\t\t\t\t<div class=\"entry-content\">\n\t\t\t\t\tNatureza Jur\u00eddica: Estadual Ano de aplica\u00e7\u00e3o da a\u00e7\u00e3o afirmativa: 2008 Meio legal de ado\u00e7\u00e3o: Resolu\u00e7\u00e3o do conselho universit\u00e1rio Modalidade de&hellip;\t\t\t\t<\/div>\n\t\t\t<\/div>\n\t\t\t\n\t\t\t\n\t\t\t<div class=\"card-post post-7402\">\n\t\t\t\t<div class=\"classificacoes\">\n\t\t\t\t\t<ul class=\"post-type\">\n\t\t\t\t\t\t<li><span rel=\"tag\" class=\"Post\">Post<\/span><\/li>\n\t\t\t\t\t<\/ul>\n\t\t\t\t\t<ul class=\"categorias\"><li><a href=\"https:\/\/gemaa.iesp.uerj.br\/en\/category\/uncategorized\/\" rel=\"tag\">Uncategorized<\/a><\/li><\/ul>\t\t\t\t\t\t\t\t\t<\/div>\n\t\t\t\t<span class=\"date\">16\/09\/2011<\/span>\n\n\t\t\t\t<h2 class=\"entry-title\"><a target=\"_blank\" href=\"https:\/\/gemaa.iesp.uerj.br\/en\/uncategorized\/uneal-universidade-estadual-de-alagoas\/\">UNEAL &#8211; Universidade Estadual de Alagoas<\/a><\/h2>\n\t\t\t\t\t\t\t\t<div class=\"entry-content\">\n\t\t\t\t\tNatureza Jur\u00eddica: Estadual Ano de aplica\u00e7\u00e3o da a\u00e7\u00e3o afirmativa: 2004 Meio legal de ado\u00e7\u00e3o: Lei Estadual Modalidade de a\u00e7\u00e3o afirmativa:&hellip;\t\t\t\t<\/div>\n\t\t\t<\/div>\n\t\t\t\n\t\t\t\n\t\t\t<div class=\"card-post post-7403\">\n\t\t\t\t<div class=\"classificacoes\">\n\t\t\t\t\t<ul class=\"post-type\">\n\t\t\t\t\t\t<li><span rel=\"tag\" class=\"Post\">Post<\/span><\/li>\n\t\t\t\t\t<\/ul>\n\t\t\t\t\t<ul class=\"categorias\"><li><a href=\"https:\/\/gemaa.iesp.uerj.br\/en\/category\/uncategorized\/\" rel=\"tag\">Uncategorized<\/a><\/li><\/ul>\t\t\t\t\t\t\t\t\t<\/div>\n\t\t\t\t<span class=\"date\">16\/09\/2011<\/span>\n\n\t\t\t\t<h2 class=\"entry-title\"><a target=\"_blank\" href=\"https:\/\/gemaa.iesp.uerj.br\/en\/uncategorized\/ufs-universidade-federal-de-sergipe\/\">UFS &#8211; Universidade Federal de Sergipe<\/a><\/h2>\n\t\t\t\t\t\t\t\t<div class=\"entry-content\">\n\t\t\t\t\tNatureza Jur\u00eddica: Federal Ano de aplica\u00e7\u00e3o da a\u00e7\u00e3o afirmativa: 2008 Meio legal de ado\u00e7\u00e3o: Resolu\u00e7\u00e3o do conselho universit\u00e1rio Modalidade de&hellip;\t\t\t\t<\/div>\n\t\t\t<\/div>\n\t\t\t\n\t\t\t\n\t\t\t<div class=\"card-post post-7404\">\n\t\t\t\t<div class=\"classificacoes\">\n\t\t\t\t\t<ul class=\"post-type\">\n\t\t\t\t\t\t<li><span rel=\"tag\" class=\"Post\">Post<\/span><\/li>\n\t\t\t\t\t<\/ul>\n\t\t\t\t\t<ul class=\"categorias\"><li><a href=\"https:\/\/gemaa.iesp.uerj.br\/en\/category\/uncategorized\/\" rel=\"tag\">Uncategorized<\/a><\/li><\/ul>\t\t\t\t\t\t\t\t\t<\/div>\n\t\t\t\t<span class=\"date\">16\/09\/2011<\/span>\n\n\t\t\t\t<h2 class=\"entry-title\"><a target=\"_blank\" href=\"https:\/\/gemaa.iesp.uerj.br\/en\/uncategorized\/uefs-universidade-estadual-de-feira-de-santana\/\">UEFS &#8211; Universidade Estadual de Feira de Santana<\/a><\/h2>\n\t\t\t\t\t\t\t\t<div class=\"entry-content\">\n\t\t\t\t\tNatureza Jur\u00eddica: Estadual Ano de aplica\u00e7\u00e3o da a\u00e7\u00e3o afirmativa: 2006 Meio legal de ado\u00e7\u00e3o: Resolu\u00e7\u00e3o do conselho universit\u00e1rio Modalidade de&hellip;\t\t\t\t<\/div>\n\t\t\t<\/div>\n\t\t\t\n\t\t\t\n\t\t\t<div class=\"card-post post-7405\">\n\t\t\t\t<div class=\"classificacoes\">\n\t\t\t\t\t<ul class=\"post-type\">\n\t\t\t\t\t\t<li><span rel=\"tag\" class=\"Post\">Post<\/span><\/li>\n\t\t\t\t\t<\/ul>\n\t\t\t\t\t<ul class=\"categorias\"><li><a href=\"https:\/\/gemaa.iesp.uerj.br\/en\/category\/uncategorized\/\" rel=\"tag\">Uncategorized<\/a><\/li><\/ul>\t\t\t\t\t\t\t\t\t<\/div>\n\t\t\t\t<span class=\"date\">16\/09\/2011<\/span>\n\n\t\t\t\t<h2 class=\"entry-title\"><a target=\"_blank\" href=\"https:\/\/gemaa.iesp.uerj.br\/en\/uncategorized\/uesb-universidade-estadual-do-sudoeste-da-bahia\/\">UESB &#8211; Universidade Estadual do Sudoeste da Bahia<\/a><\/h2>\n\t\t\t\t\t\t\t\t<div class=\"entry-content\">\n\t\t\t\t\tNatureza Jur\u00eddica: Estadual Ano de aplica\u00e7\u00e3o da a\u00e7\u00e3o afirmativa: 2009 Meio legal de ado\u00e7\u00e3o: Resolu\u00e7\u00e3o do conselho universit\u00e1rio Modalidade de&hellip;\t\t\t\t<\/div>\n\t\t\t<\/div>\n\t\t\t\n\t\t\t\n\t\t\t<div class=\"card-post post-7406\">\n\t\t\t\t<div class=\"classificacoes\">\n\t\t\t\t\t<ul class=\"post-type\">\n\t\t\t\t\t\t<li><span rel=\"tag\" class=\"Post\">Post<\/span><\/li>\n\t\t\t\t\t<\/ul>\n\t\t\t\t\t<ul class=\"categorias\"><li><a href=\"https:\/\/gemaa.iesp.uerj.br\/en\/category\/uncategorized\/\" rel=\"tag\">Uncategorized<\/a><\/li><\/ul>\t\t\t\t\t\t\t\t\t<\/div>\n\t\t\t\t<span class=\"date\">16\/09\/2011<\/span>\n\n\t\t\t\t<h2 class=\"entry-title\"><a target=\"_blank\" href=\"https:\/\/gemaa.iesp.uerj.br\/en\/uncategorized\/uesc-universidade-estadual-de-santa-cruz\/\">UESC &#8211; Universidade Estadual de Santa Cruz<\/a><\/h2>\n\t\t\t\t\t\t\t\t<div class=\"entry-content\">\n\t\t\t\t\tNatureza Jur\u00eddica: Estadual Ano de aplica\u00e7\u00e3o da a\u00e7\u00e3o afirmativa: 2006 Meio legal de ado\u00e7\u00e3o: Resolu\u00e7\u00e3o do conselho universit\u00e1rio Modalidade de&hellip;\t\t\t\t<\/div>\n\t\t\t<\/div>\n\t\t\t\n\t\t\t\n\t\t\t<div class=\"card-post post-7407\">\n\t\t\t\t<div class=\"classificacoes\">\n\t\t\t\t\t<ul class=\"post-type\">\n\t\t\t\t\t\t<li><span rel=\"tag\" class=\"Post\">Post<\/span><\/li>\n\t\t\t\t\t<\/ul>\n\t\t\t\t\t<ul class=\"categorias\"><li><a href=\"https:\/\/gemaa.iesp.uerj.br\/en\/category\/uncategorized\/\" rel=\"tag\">Uncategorized<\/a><\/li><\/ul>\t\t\t\t\t\t\t\t\t<\/div>\n\t\t\t\t<span class=\"date\">16\/09\/2011<\/span>\n\n\t\t\t\t<h2 class=\"entry-title\"><a target=\"_blank\" href=\"https:\/\/gemaa.iesp.uerj.br\/en\/uncategorized\/ufba-universidade-federal-da-bahia\/\">UFBA &#8211; Universidade Federal da Bahia<\/a><\/h2>\n\t\t\t\t\t\t\t\t<div class=\"entry-content\">\n\t\t\t\t\tNatureza Jur\u00eddica: Federal Ano de aplica\u00e7\u00e3o da a\u00e7\u00e3o afirmativa: 2005 Meio legal de ado\u00e7\u00e3o: Resolu\u00e7\u00e3o do conselho universit\u00e1rio Modalidade de&hellip;\t\t\t\t<\/div>\n\t\t\t<\/div>\n\t\t\t\n\t\t\t\n\t\t\t<div class=\"card-post post-7408\">\n\t\t\t\t<div class=\"classificacoes\">\n\t\t\t\t\t<ul class=\"post-type\">\n\t\t\t\t\t\t<li><span rel=\"tag\" class=\"Post\">Post<\/span><\/li>\n\t\t\t\t\t<\/ul>\n\t\t\t\t\t<ul class=\"categorias\"><li><a href=\"https:\/\/gemaa.iesp.uerj.br\/en\/category\/uncategorized\/\" rel=\"tag\">Uncategorized<\/a><\/li><\/ul>\t\t\t\t\t\t\t\t\t<\/div>\n\t\t\t\t<span class=\"date\">16\/09\/2011<\/span>\n\n\t\t\t\t<h2 class=\"entry-title\"><a target=\"_blank\" href=\"https:\/\/gemaa.iesp.uerj.br\/en\/uncategorized\/uneb-universidade-do-estado-da-bahia\/\">UNEB &#8211; Universidade do Estado da Bahia<\/a><\/h2>\n\t\t\t\t\t\t\t\t<div class=\"entry-content\">\n\t\t\t\t\tNatureza Jur\u00eddica: Estadual Ano de aplica\u00e7\u00e3o da a\u00e7\u00e3o afirmativa: 2007 Meio legal de ado\u00e7\u00e3o: Resolu\u00e7\u00e3o do conselho universit\u00e1rio Modalidade de&hellip;\t\t\t\t<\/div>\n\t\t\t<\/div>\n\t\t\t\n\t\t\t\n\t\t\t<div class=\"card-post post-7409\">\n\t\t\t\t<div class=\"classificacoes\">\n\t\t\t\t\t<ul class=\"post-type\">\n\t\t\t\t\t\t<li><span rel=\"tag\" class=\"Post\">Post<\/span><\/li>\n\t\t\t\t\t<\/ul>\n\t\t\t\t\t<ul class=\"categorias\"><li><a href=\"https:\/\/gemaa.iesp.uerj.br\/en\/category\/uncategorized\/\" rel=\"tag\">Uncategorized<\/a><\/li><\/ul>\t\t\t\t\t\t\t\t\t<\/div>\n\t\t\t\t<span class=\"date\">16\/09\/2011<\/span>\n\n\t\t\t\t<h2 class=\"entry-title\"><a target=\"_blank\" href=\"https:\/\/gemaa.iesp.uerj.br\/en\/uncategorized\/ufrb-universidade-federal-do-reconcavo-da-bahia\/\">UFRB &#8211; Universidade Federal do Rec\u00f4ncavo da Bahia<\/a><\/h2>\n\t\t\t\t\t\t\t\t<div class=\"entry-content\">\n\t\t\t\t\tNatureza Jur\u00eddica: Federal Ano de aplica\u00e7\u00e3o da a\u00e7\u00e3o afirmativa: 2004 Meio legal de ado\u00e7\u00e3o: Resolu\u00e7\u00e3o do conselho universit\u00e1rio Modalidade de&hellip;\t\t\t\t<\/div>\n\t\t\t<\/div>\n\t\t\t\n\t\t\t\n\t\t\t<div class=\"card-post post-7410\">\n\t\t\t\t<div class=\"classificacoes\">\n\t\t\t\t\t<ul class=\"post-type\">\n\t\t\t\t\t\t<li><span rel=\"tag\" class=\"Post\">Post<\/span><\/li>\n\t\t\t\t\t<\/ul>\n\t\t\t\t\t<ul class=\"categorias\"><li><a href=\"https:\/\/gemaa.iesp.uerj.br\/en\/category\/uncategorized\/\" rel=\"tag\">Uncategorized<\/a><\/li><\/ul>\t\t\t\t\t\t\t\t\t<\/div>\n\t\t\t\t<span class=\"date\">16\/09\/2011<\/span>\n\n\t\t\t\t<h2 class=\"entry-title\"><a target=\"_blank\" href=\"https:\/\/gemaa.iesp.uerj.br\/en\/uncategorized\/uemg-universidade-do-estado-de-minas-gerais\/\">UEMG &#8211; Universidade do Estado de Minas Gerais<\/a><\/h2>\n\t\t\t\t\t\t\t\t<div class=\"entry-content\">\n\t\t\t\t\tNatureza Jur\u00eddica: Estadual Ano de aplica\u00e7\u00e3o da a\u00e7\u00e3o afirmativa: 2004 Meio legal de ado\u00e7\u00e3o: Lei Estadual Modalidade de a\u00e7\u00e3o afirmativa:&hellip;\t\t\t\t<\/div>\n\t\t\t<\/div>\n\t\t\t\n\t\t\t\n\t\t\t<div class=\"card-post post-7411\">\n\t\t\t\t<div class=\"classificacoes\">\n\t\t\t\t\t<ul class=\"post-type\">\n\t\t\t\t\t\t<li><span rel=\"tag\" class=\"Post\">Post<\/span><\/li>\n\t\t\t\t\t<\/ul>\n\t\t\t\t\t<ul class=\"categorias\"><li><a href=\"https:\/\/gemaa.iesp.uerj.br\/en\/category\/uncategorized\/\" rel=\"tag\">Uncategorized<\/a><\/li><\/ul>\t\t\t\t\t\t\t\t\t<\/div>\n\t\t\t\t<span class=\"date\">16\/09\/2011<\/span>\n\n\t\t\t\t<h2 class=\"entry-title\"><a target=\"_blank\" href=\"https:\/\/gemaa.iesp.uerj.br\/en\/uncategorized\/ufjf-universidade-federal-de-juiz-de-fora\/\">UFJF &#8211; Universidade Federal de Juiz de Fora<\/a><\/h2>\n\t\t\t\t\t\t\t\t<div class=\"entry-content\">\n\t\t\t\t\tNatureza Jur\u00eddica: Federal Ano de aplica\u00e7\u00e3o da a\u00e7\u00e3o afirmativa: 2005 Meio legal de ado\u00e7\u00e3o: Resolu\u00e7\u00e3o do conselho universit\u00e1rio Modalidade de&hellip;\t\t\t\t<\/div>\n\t\t\t<\/div>\n\t\t\t\n\t\t\t\n\t\t\t<div class=\"card-post post-7412\">\n\t\t\t\t<div class=\"classificacoes\">\n\t\t\t\t\t<ul class=\"post-type\">\n\t\t\t\t\t\t<li><span rel=\"tag\" class=\"Post\">Post<\/span><\/li>\n\t\t\t\t\t<\/ul>\n\t\t\t\t\t<ul class=\"categorias\"><li><a href=\"https:\/\/gemaa.iesp.uerj.br\/en\/category\/uncategorized\/\" rel=\"tag\">Uncategorized<\/a><\/li><\/ul>\t\t\t\t\t\t\t\t\t<\/div>\n\t\t\t\t<span class=\"date\">16\/09\/2011<\/span>\n\n\t\t\t\t<h2 class=\"entry-title\"><a target=\"_blank\" href=\"https:\/\/gemaa.iesp.uerj.br\/en\/uncategorized\/ufmg-universidade-federal-de-minas-gerais\/\">UFMG &#8211; Universidade Federal de Minas Gerais<\/a><\/h2>\n\t\t\t\t\t\t\t\t<div class=\"entry-content\">\n\t\t\t\t\tNatureza Jur\u00eddica: Federal Ano de aplica\u00e7\u00e3o da a\u00e7\u00e3o afirmativa: 2008 Meio legal de ado\u00e7\u00e3o: Resolu\u00e7\u00e3o do conselho universit\u00e1rio Modalidade de&hellip;\t\t\t\t<\/div>\n\t\t\t<\/div>\n\t\t\t\n\t\t\t\n\t\t\t<div class=\"card-post post-7413\">\n\t\t\t\t<div class=\"classificacoes\">\n\t\t\t\t\t<ul class=\"post-type\">\n\t\t\t\t\t\t<li><span rel=\"tag\" class=\"Post\">Post<\/span><\/li>\n\t\t\t\t\t<\/ul>\n\t\t\t\t\t<ul class=\"categorias\"><li><a href=\"https:\/\/gemaa.iesp.uerj.br\/en\/category\/uncategorized\/\" rel=\"tag\">Uncategorized<\/a><\/li><\/ul>\t\t\t\t\t\t\t\t\t<\/div>\n\t\t\t\t<span class=\"date\">16\/09\/2011<\/span>\n\n\t\t\t\t<h2 class=\"entry-title\"><a target=\"_blank\" href=\"https:\/\/gemaa.iesp.uerj.br\/en\/uncategorized\/ufv-universidade-federal-de-vicosa\/\">UFV &#8211; Universidade Federal de Vi\u00e7osa<\/a><\/h2>\n\t\t\t\t\t\t\t\t<div class=\"entry-content\">\n\t\t\t\t\tNatureza Jur\u00eddica: Federal Ano de aplica\u00e7\u00e3o da a\u00e7\u00e3o afirmativa: 2009 Meio legal de ado\u00e7\u00e3o: Resolu\u00e7\u00e3o do conselho universit\u00e1rio Modalidade de&hellip;\t\t\t\t<\/div>\n\t\t\t<\/div>\n\t\t\t\n\t\t\t\n\t\t\t<div class=\"card-post post-7414\">\n\t\t\t\t<div class=\"classificacoes\">\n\t\t\t\t\t<ul class=\"post-type\">\n\t\t\t\t\t\t<li><span rel=\"tag\" class=\"Post\">Post<\/span><\/li>\n\t\t\t\t\t<\/ul>\n\t\t\t\t\t<ul class=\"categorias\"><li><a href=\"https:\/\/gemaa.iesp.uerj.br\/en\/category\/uncategorized\/\" rel=\"tag\">Uncategorized<\/a><\/li><\/ul>\t\t\t\t\t\t\t\t\t<\/div>\n\t\t\t\t<span class=\"date\">16\/09\/2011<\/span>\n\n\t\t\t\t<h2 class=\"entry-title\"><a target=\"_blank\" href=\"https:\/\/gemaa.iesp.uerj.br\/en\/uncategorized\/ufop-universidade-federal-de-ouro-preto\/\">UFOP &#8211; Universidade Federal de Ouro Preto<\/a><\/h2>\n\t\t\t\t\t\t\t\t<div class=\"entry-content\">\n\t\t\t\t\tNatureza Jur\u00eddica: Federal Ano de aplica\u00e7\u00e3o da a\u00e7\u00e3o afirmativa: 2008 Meio legal de ado\u00e7\u00e3o: Resolu\u00e7\u00e3o do conselho universit\u00e1rio Modalidade de&hellip;\t\t\t\t<\/div>\n\t\t\t<\/div>\n\t\t\t\n\t\t\t\n\t\t\t<div class=\"card-post post-7415\">\n\t\t\t\t<div class=\"classificacoes\">\n\t\t\t\t\t<ul class=\"post-type\">\n\t\t\t\t\t\t<li><span rel=\"tag\" class=\"Post\">Post<\/span><\/li>\n\t\t\t\t\t<\/ul>\n\t\t\t\t\t<ul class=\"categorias\"><li><a href=\"https:\/\/gemaa.iesp.uerj.br\/en\/category\/uncategorized\/\" rel=\"tag\">Uncategorized<\/a><\/li><\/ul>\t\t\t\t\t\t\t\t\t<\/div>\n\t\t\t\t<span class=\"date\">16\/09\/2011<\/span>\n\n\t\t\t\t<h2 class=\"entry-title\"><a target=\"_blank\" href=\"https:\/\/gemaa.iesp.uerj.br\/en\/uncategorized\/ufsj-universidade-federal-de-sao-joao-del-rei\/\">UFSJ &#8211; Universidade Federal de S\u00e3o Jo\u00e3o del-Rei<\/a><\/h2>\n\t\t\t\t\t\t\t\t<div class=\"entry-content\">\n\t\t\t\t\tNatureza Jur\u00eddica: Federal Ano de aplica\u00e7\u00e3o da a\u00e7\u00e3o afirmativa: 2009 Meio legal de ado\u00e7\u00e3o: Resolu\u00e7\u00e3o do conselho universit\u00e1rio Modalidade de&hellip;\t\t\t\t<\/div>\n\t\t\t<\/div>\n\t\t\t\n\t\t\t\n\t\t\t<div class=\"card-post post-7416\">\n\t\t\t\t<div class=\"classificacoes\">\n\t\t\t\t\t<ul class=\"post-type\">\n\t\t\t\t\t\t<li><span rel=\"tag\" class=\"Post\">Post<\/span><\/li>\n\t\t\t\t\t<\/ul>\n\t\t\t\t\t<ul class=\"categorias\"><li><a href=\"https:\/\/gemaa.iesp.uerj.br\/en\/category\/uncategorized\/\" rel=\"tag\">Uncategorized<\/a><\/li><\/ul>\t\t\t\t\t\t\t\t\t<\/div>\n\t\t\t\t<span class=\"date\">16\/09\/2011<\/span>\n\n\t\t\t\t<h2 class=\"entry-title\"><a target=\"_blank\" href=\"https:\/\/gemaa.iesp.uerj.br\/en\/uncategorized\/uftm-universidade-federal-do-triangulo-mineiro\/\">UFTM &#8211; Universidade Federal do Tri\u00e2ngulo Mineiro<\/a><\/h2>\n\t\t\t\t\t\t\t\t<div class=\"entry-content\">\n\t\t\t\t\tNatureza Jur\u00eddica: Federal Ano de aplica\u00e7\u00e3o da a\u00e7\u00e3o afirmativa: 2009 Meio legal de ado\u00e7\u00e3o: Resolu\u00e7\u00e3o do conselho universit\u00e1rio Modalidade de&hellip;\t\t\t\t<\/div>\n\t\t\t<\/div>\n\t\t\t\n\t\t\t\n\t\t\t<div class=\"card-post post-7417\">\n\t\t\t\t<div class=\"classificacoes\">\n\t\t\t\t\t<ul class=\"post-type\">\n\t\t\t\t\t\t<li><span rel=\"tag\" class=\"Post\">Post<\/span><\/li>\n\t\t\t\t\t<\/ul>\n\t\t\t\t\t<ul class=\"categorias\"><li><a href=\"https:\/\/gemaa.iesp.uerj.br\/en\/category\/uncategorized\/\" rel=\"tag\">Uncategorized<\/a><\/li><\/ul>\t\t\t\t\t\t\t\t\t<\/div>\n\t\t\t\t<span class=\"date\">16\/09\/2011<\/span>\n\n\t\t\t\t<h2 class=\"entry-title\"><a target=\"_blank\" href=\"https:\/\/gemaa.iesp.uerj.br\/en\/uncategorized\/ufu-universidade-federal-de-uberlandia\/\">UFU &#8211; Universidade Federal de Uberl\u00e2ndia<\/a><\/h2>\n\t\t\t\t\t\t\t\t<div class=\"entry-content\">\n\t\t\t\t\tNatureza Jur\u00eddica: Federal Ano de aplica\u00e7\u00e3o da a\u00e7\u00e3o afirmativa: 2008 Meio legal de ado\u00e7\u00e3o: Resolu\u00e7\u00e3o do conselho universit\u00e1rio Modalidade de&hellip;\t\t\t\t<\/div>\n\t\t\t<\/div>\n\t\t\t\n\t\t\t\n\t\t\t<div class=\"card-post post-7418\">\n\t\t\t\t<div class=\"classificacoes\">\n\t\t\t\t\t<ul class=\"post-type\">\n\t\t\t\t\t\t<li><span rel=\"tag\" class=\"Post\">Post<\/span><\/li>\n\t\t\t\t\t<\/ul>\n\t\t\t\t\t<ul class=\"categorias\"><li><a href=\"https:\/\/gemaa.iesp.uerj.br\/en\/category\/uncategorized\/\" rel=\"tag\">Uncategorized<\/a><\/li><\/ul>\t\t\t\t\t\t\t\t\t<\/div>\n\t\t\t\t<span class=\"date\">16\/09\/2011<\/span>\n\n\t\t\t\t<h2 class=\"entry-title\"><a target=\"_blank\" href=\"https:\/\/gemaa.iesp.uerj.br\/en\/uncategorized\/ufvjm-universidade-federal-de-vicosa\/\">UFVJM &#8211; Universidade Federal de Vi\u00e7osa<\/a><\/h2>\n\t\t\t\t\t\t\t\t<div class=\"entry-content\">\n\t\t\t\t\tNatureza Jur\u00eddica: Federal Ano de aplica\u00e7\u00e3o da a\u00e7\u00e3o afirmativa: 2008 Meio legal de ado\u00e7\u00e3o: Resolu\u00e7\u00e3o do conselho universit\u00e1rio Modalidade de&hellip;\t\t\t\t<\/div>\n\t\t\t<\/div>\n\t\t\t\n\t\t\t\n\t\t\t<div class=\"card-post post-7419\">\n\t\t\t\t<div class=\"classificacoes\">\n\t\t\t\t\t<ul class=\"post-type\">\n\t\t\t\t\t\t<li><span rel=\"tag\" class=\"Post\">Post<\/span><\/li>\n\t\t\t\t\t<\/ul>\n\t\t\t\t\t<ul class=\"categorias\"><li><a href=\"https:\/\/gemaa.iesp.uerj.br\/en\/category\/uncategorized\/\" rel=\"tag\">Uncategorized<\/a><\/li><\/ul>\t\t\t\t\t\t\t\t\t<\/div>\n\t\t\t\t<span class=\"date\">16\/09\/2011<\/span>\n\n\t\t\t\t<h2 class=\"entry-title\"><a target=\"_blank\" href=\"https:\/\/gemaa.iesp.uerj.br\/en\/uncategorized\/unimontes-universidade-estadual-de-montes-claros\/\">UNIMONTES &#8211; Universidade Estadual de Montes Claros<\/a><\/h2>\n\t\t\t\t\t\t\t\t<div class=\"entry-content\">\n\t\t\t\t\tNatureza Jur\u00eddica: Estadual Ano de aplica\u00e7\u00e3o da a\u00e7\u00e3o afirmativa: 2004 Meio legal de ado\u00e7\u00e3o: Lei Estadual Modalidade de a\u00e7\u00e3o afirmativa:&hellip;\t\t\t\t<\/div>\n\t\t\t<\/div>\n\t\t\t\n\t\t\t\n\t\t\t<div class=\"card-post post-7420\">\n\t\t\t\t<div class=\"classificacoes\">\n\t\t\t\t\t<ul class=\"post-type\">\n\t\t\t\t\t\t<li><span rel=\"tag\" class=\"Post\">Post<\/span><\/li>\n\t\t\t\t\t<\/ul>\n\t\t\t\t\t<ul class=\"categorias\"><li><a href=\"https:\/\/gemaa.iesp.uerj.br\/en\/category\/uncategorized\/\" rel=\"tag\">Uncategorized<\/a><\/li><\/ul>\t\t\t\t\t\t\t\t\t<\/div>\n\t\t\t\t<span class=\"date\">16\/09\/2011<\/span>\n\n\t\t\t\t<h2 class=\"entry-title\"><a target=\"_blank\" href=\"https:\/\/gemaa.iesp.uerj.br\/en\/uncategorized\/ufes-universidade-federal-do-espirito-santo\/\">UFES &#8211; Universidade Federal do Esp\u00edrito Santo<\/a><\/h2>\n\t\t\t\t\t\t\t\t<div class=\"entry-content\">\n\t\t\t\t\tNatureza Jur\u00eddica: Federal Ano de aplica\u00e7\u00e3o da a\u00e7\u00e3o afirmativa: 2008 Meio legal de ado\u00e7\u00e3o: Resolu\u00e7\u00e3o do conselho universit\u00e1rio Modalidade de&hellip;\t\t\t\t<\/div>\n\t\t\t<\/div>\n\t\t\t\n\t\t\t\n\t\t\t<div class=\"card-post post-7421\">\n\t\t\t\t<div class=\"classificacoes\">\n\t\t\t\t\t<ul class=\"post-type\">\n\t\t\t\t\t\t<li><span rel=\"tag\" class=\"Post\">Post<\/span><\/li>\n\t\t\t\t\t<\/ul>\n\t\t\t\t\t<ul class=\"categorias\"><li><a href=\"https:\/\/gemaa.iesp.uerj.br\/en\/category\/uncategorized\/\" rel=\"tag\">Uncategorized<\/a><\/li><\/ul>\t\t\t\t\t\t\t\t\t<\/div>\n\t\t\t\t<span class=\"date\">16\/09\/2011<\/span>\n\n\t\t\t\t<h2 class=\"entry-title\"><a target=\"_blank\" href=\"https:\/\/gemaa.iesp.uerj.br\/en\/uncategorized\/uerj-universidade-do-estado-do-rio-de-janeiro\/\">UERJ &#8211; Universidade do Estado do Rio de Janeiro<\/a><\/h2>\n\t\t\t\t\t\t\t\t<div class=\"entry-content\">\n\t\t\t\t\tNatureza Jur\u00eddica: Estadual Ano de aplica\u00e7\u00e3o da a\u00e7\u00e3o afirmativa: 2003 Meio legal de ado\u00e7\u00e3o: Lei Estadual Modalidade de a\u00e7\u00e3o afirmativa:&hellip;\t\t\t\t<\/div>\n\t\t\t<\/div>\n\t\t\t\n\t\t\t\n\t\t\t<div class=\"card-post post-7422\">\n\t\t\t\t<div class=\"classificacoes\">\n\t\t\t\t\t<ul class=\"post-type\">\n\t\t\t\t\t\t<li><span rel=\"tag\" class=\"Post\">Post<\/span><\/li>\n\t\t\t\t\t<\/ul>\n\t\t\t\t\t<ul class=\"categorias\"><li><a href=\"https:\/\/gemaa.iesp.uerj.br\/en\/category\/uncategorized\/\" rel=\"tag\">Uncategorized<\/a><\/li><\/ul>\t\t\t\t\t\t\t\t\t<\/div>\n\t\t\t\t<span class=\"date\">16\/09\/2011<\/span>\n\n\t\t\t\t<h2 class=\"entry-title\"><a target=\"_blank\" href=\"https:\/\/gemaa.iesp.uerj.br\/en\/uncategorized\/uff-universidade-federal-fluminense\/\">UFF &#8211; Universidade Federal Fluminense<\/a><\/h2>\n\t\t\t\t\t\t\t\t<div class=\"entry-content\">\n\t\t\t\t\tNatureza Jur\u00eddica: Federal Ano de aplica\u00e7\u00e3o da a\u00e7\u00e3o afirmativa: 2007 Meio legal de ado\u00e7\u00e3o: Resolu\u00e7\u00e3o do conselho universit\u00e1rio Modalidade de&hellip;\t\t\t\t<\/div>\n\t\t\t<\/div>\n\t\t\t\n\t\t\t\n\t\t\t<div class=\"card-post post-7423\">\n\t\t\t\t<div class=\"classificacoes\">\n\t\t\t\t\t<ul class=\"post-type\">\n\t\t\t\t\t\t<li><span rel=\"tag\" class=\"Post\">Post<\/span><\/li>\n\t\t\t\t\t<\/ul>\n\t\t\t\t\t<ul class=\"categorias\"><li><a href=\"https:\/\/gemaa.iesp.uerj.br\/en\/category\/uncategorized\/\" rel=\"tag\">Uncategorized<\/a><\/li><\/ul>\t\t\t\t\t\t\t\t\t<\/div>\n\t\t\t\t<span class=\"date\">16\/09\/2011<\/span>\n\n\t\t\t\t<h2 class=\"entry-title\"><a target=\"_blank\" href=\"https:\/\/gemaa.iesp.uerj.br\/en\/uncategorized\/ufrrj-universidade-federal-rural-do-rio-de-janeiro\/\">UFRRJ &#8211; Universidade Federal Rural do Rio de Janeiro<\/a><\/h2>\n\t\t\t\t\t\t\t\t<div class=\"entry-content\">\n\t\t\t\t\tNatureza Jur\u00eddica: Federal Ano de aplica\u00e7\u00e3o da a\u00e7\u00e3o afirmativa: 2010 Meio legal de ado\u00e7\u00e3o: Resolu\u00e7\u00e3o do conselho universit\u00e1rio Modalidade de&hellip;\t\t\t\t<\/div>\n\t\t\t<\/div>\n\t\t\t\n\t\t\t\n\t\t\t<div class=\"card-post post-7424\">\n\t\t\t\t<div class=\"classificacoes\">\n\t\t\t\t\t<ul class=\"post-type\">\n\t\t\t\t\t\t<li><span rel=\"tag\" class=\"Post\">Post<\/span><\/li>\n\t\t\t\t\t<\/ul>\n\t\t\t\t\t<ul class=\"categorias\"><li><a href=\"https:\/\/gemaa.iesp.uerj.br\/en\/category\/uncategorized\/\" rel=\"tag\">Uncategorized<\/a><\/li><\/ul>\t\t\t\t\t\t\t\t\t<\/div>\n\t\t\t\t<span class=\"date\">16\/09\/2011<\/span>\n\n\t\t\t\t<h2 class=\"entry-title\"><a target=\"_blank\" href=\"https:\/\/gemaa.iesp.uerj.br\/en\/uncategorized\/uenf-universidade-estadual-do-norte-fluminense-darcy-ribeiro\/\">UENF &#8211; Universidade Estadual do Norte Fluminense Darcy Ribeiro<\/a><\/h2>\n\t\t\t\t\t\t\t\t<div class=\"entry-content\">\n\t\t\t\t\tNatureza Jur\u00eddica: Estadual Ano de aplica\u00e7\u00e3o da a\u00e7\u00e3o afirmativa: 2003 Meio legal de ado\u00e7\u00e3o: Lei Estadual Modalidade de a\u00e7\u00e3o afirmativa:&hellip;\t\t\t\t<\/div>\n\t\t\t<\/div>\n\t\t\t\n\t\t\t\n\t\t\t<div class=\"card-post post-7425\">\n\t\t\t\t<div class=\"classificacoes\">\n\t\t\t\t\t<ul class=\"post-type\">\n\t\t\t\t\t\t<li><span rel=\"tag\" class=\"Post\">Post<\/span><\/li>\n\t\t\t\t\t<\/ul>\n\t\t\t\t\t<ul class=\"categorias\"><li><a href=\"https:\/\/gemaa.iesp.uerj.br\/en\/category\/uncategorized\/\" rel=\"tag\">Uncategorized<\/a><\/li><\/ul>\t\t\t\t\t\t\t\t\t<\/div>\n\t\t\t\t<span class=\"date\">16\/09\/2011<\/span>\n\n\t\t\t\t<h2 class=\"entry-title\"><a target=\"_blank\" href=\"https:\/\/gemaa.iesp.uerj.br\/en\/uncategorized\/ufrj-universidade-federal-do-rio-de-janeiro\/\">UFRJ &#8211; Universidade Federal do Rio de Janeiro<\/a><\/h2>\n\t\t\t\t\t\t\t\t<div class=\"entry-content\">\n\t\t\t\t\tNatureza Jur\u00eddica: Federal Ano de aplica\u00e7\u00e3o da a\u00e7\u00e3o afirmativa: 2010 Meio legal de ado\u00e7\u00e3o: Resolu\u00e7\u00e3o do conselho universit\u00e1rio Modalidade de&hellip;\t\t\t\t<\/div>\n\t\t\t<\/div>\n\t\t\t\n\t\t\t\n\t\t\t<div class=\"card-post post-7426\">\n\t\t\t\t<div class=\"classificacoes\">\n\t\t\t\t\t<ul class=\"post-type\">\n\t\t\t\t\t\t<li><span rel=\"tag\" class=\"Post\">Post<\/span><\/li>\n\t\t\t\t\t<\/ul>\n\t\t\t\t\t<ul class=\"categorias\"><li><a href=\"https:\/\/gemaa.iesp.uerj.br\/en\/category\/uncategorized\/\" rel=\"tag\">Uncategorized<\/a><\/li><\/ul>\t\t\t\t\t\t\t\t\t<\/div>\n\t\t\t\t<span class=\"date\">16\/09\/2011<\/span>\n\n\t\t\t\t<h2 class=\"entry-title\"><a target=\"_blank\" href=\"https:\/\/gemaa.iesp.uerj.br\/en\/uncategorized\/ufabc-universidade-federal-do-abc\/\">UFABC &#8211; Universidade Federal do ABC<\/a><\/h2>\n\t\t\t\t\t\t\t\t<div class=\"entry-content\">\n\t\t\t\t\tNatureza Jur\u00eddica: Federal Ano de aplica\u00e7\u00e3o da a\u00e7\u00e3o afirmativa: 2007 Meio legal de ado\u00e7\u00e3o: Resolu\u00e7\u00e3o do conselho universit\u00e1rio Modalidade de&hellip;\t\t\t\t<\/div>\n\t\t\t<\/div>\n\t\t\t\n\t\t\t\n\t\t\t<div class=\"card-post post-7427\">\n\t\t\t\t<div class=\"classificacoes\">\n\t\t\t\t\t<ul class=\"post-type\">\n\t\t\t\t\t\t<li><span rel=\"tag\" class=\"Post\">Post<\/span><\/li>\n\t\t\t\t\t<\/ul>\n\t\t\t\t\t<ul class=\"categorias\"><li><a href=\"https:\/\/gemaa.iesp.uerj.br\/en\/category\/uncategorized\/\" rel=\"tag\">Uncategorized<\/a><\/li><\/ul>\t\t\t\t\t\t\t\t\t<\/div>\n\t\t\t\t<span class=\"date\">16\/09\/2011<\/span>\n\n\t\t\t\t<h2 class=\"entry-title\"><a target=\"_blank\" href=\"https:\/\/gemaa.iesp.uerj.br\/en\/uncategorized\/ufscar-universidade-federal-de-sao-carlos\/\">UFSCAR &#8211; Universidade Federal de S\u00e3o Carlos<\/a><\/h2>\n\t\t\t\t\t\t\t\t<div class=\"entry-content\">\n\t\t\t\t\tNatureza Jur\u00eddica: Federal Ano de aplica\u00e7\u00e3o da a\u00e7\u00e3o afirmativa: 2008 Meio legal de ado\u00e7\u00e3o: Resolu\u00e7\u00e3o do conselho universit\u00e1rio Modalidade de&hellip;\t\t\t\t<\/div>\n\t\t\t<\/div>\n\t\t\t\n\t\t\t\n\t\t\t<div class=\"card-post post-7428\">\n\t\t\t\t<div class=\"classificacoes\">\n\t\t\t\t\t<ul class=\"post-type\">\n\t\t\t\t\t\t<li><span rel=\"tag\" class=\"Post\">Post<\/span><\/li>\n\t\t\t\t\t<\/ul>\n\t\t\t\t\t<ul class=\"categorias\"><li><a href=\"https:\/\/gemaa.iesp.uerj.br\/en\/category\/uncategorized\/\" rel=\"tag\">Uncategorized<\/a><\/li><\/ul>\t\t\t\t\t\t\t\t\t<\/div>\n\t\t\t\t<span class=\"date\">16\/09\/2011<\/span>\n\n\t\t\t\t<h2 class=\"entry-title\"><a target=\"_blank\" href=\"https:\/\/gemaa.iesp.uerj.br\/en\/uncategorized\/unicamp-universidade-estadual-de-campinas\/\">UNICAMP &#8211; Universidade Estadual de Campinas<\/a><\/h2>\n\t\t\t\t\t\t\t\t<div class=\"entry-content\">\n\t\t\t\t\tNatureza Jur\u00eddica: Estadual Ano de aplica\u00e7\u00e3o da a\u00e7\u00e3o afirmativa: 2004 Meio legal de ado\u00e7\u00e3o: Resolu\u00e7\u00e3o do conselho universit\u00e1rio Modalidade de&hellip;\t\t\t\t<\/div>\n\t\t\t<\/div>\n\t\t\t\n\t\t\t\n\t\t\t<div class=\"card-post post-7429\">\n\t\t\t\t<div class=\"classificacoes\">\n\t\t\t\t\t<ul class=\"post-type\">\n\t\t\t\t\t\t<li><span rel=\"tag\" class=\"Post\">Post<\/span><\/li>\n\t\t\t\t\t<\/ul>\n\t\t\t\t\t<ul class=\"categorias\"><li><a href=\"https:\/\/gemaa.iesp.uerj.br\/en\/category\/uncategorized\/\" rel=\"tag\">Uncategorized<\/a><\/li><\/ul>\t\t\t\t\t\t\t\t\t<\/div>\n\t\t\t\t<span class=\"date\">16\/09\/2011<\/span>\n\n\t\t\t\t<h2 class=\"entry-title\"><a target=\"_blank\" href=\"https:\/\/gemaa.iesp.uerj.br\/en\/uncategorized\/unifesp-universidade-federal-de-sao-paulo\/\">UNIFESP &#8211; Universidade Federal de S\u00e3o Paulo<\/a><\/h2>\n\t\t\t\t\t\t\t\t<div class=\"entry-content\">\n\t\t\t\t\tNatureza Jur\u00eddica: Estadual Ano de aplica\u00e7\u00e3o da a\u00e7\u00e3o afirmativa: 2005 Meio legal de ado\u00e7\u00e3o: Resolu\u00e7\u00e3o do conselho universit\u00e1rio Modalidade de&hellip;\t\t\t\t<\/div>\n\t\t\t<\/div>\n\t\t\t\n\t\t\t\n\t\t\t<div class=\"card-post post-7430\">\n\t\t\t\t<div class=\"classificacoes\">\n\t\t\t\t\t<ul class=\"post-type\">\n\t\t\t\t\t\t<li><span rel=\"tag\" class=\"Post\">Post<\/span><\/li>\n\t\t\t\t\t<\/ul>\n\t\t\t\t\t<ul class=\"categorias\"><li><a href=\"https:\/\/gemaa.iesp.uerj.br\/en\/category\/uncategorized\/\" rel=\"tag\">Uncategorized<\/a><\/li><\/ul>\t\t\t\t\t\t\t\t\t<\/div>\n\t\t\t\t<span class=\"date\">16\/09\/2011<\/span>\n\n\t\t\t\t<h2 class=\"entry-title\"><a target=\"_blank\" href=\"https:\/\/gemaa.iesp.uerj.br\/en\/uncategorized\/usp-universidade-de-sao-paulo\/\">USP &#8211; Universidade de S\u00e3o Paulo<\/a><\/h2>\n\t\t\t\t\t\t\t\t<div class=\"entry-content\">\n\t\t\t\t\tNatureza Jur\u00eddica: Estadual Ano de aplica\u00e7\u00e3o da a\u00e7\u00e3o afirmativa: 2006 Meio legal de ado\u00e7\u00e3o: Resolu\u00e7\u00e3o do conselho universit\u00e1rio Modalidade de&hellip;\t\t\t\t<\/div>\n\t\t\t<\/div>\n\t\t\t\n\t\t\t\n\t\t\t<div class=\"card-post post-7431\">\n\t\t\t\t<div class=\"classificacoes\">\n\t\t\t\t\t<ul class=\"post-type\">\n\t\t\t\t\t\t<li><span rel=\"tag\" class=\"Post\">Post<\/span><\/li>\n\t\t\t\t\t<\/ul>\n\t\t\t\t\t<ul class=\"categorias\"><li><a href=\"https:\/\/gemaa.iesp.uerj.br\/en\/category\/uncategorized\/\" rel=\"tag\">Uncategorized<\/a><\/li><\/ul>\t\t\t\t\t\t\t\t\t<\/div>\n\t\t\t\t<span class=\"date\">16\/09\/2011<\/span>\n\n\t\t\t\t<h2 class=\"entry-title\"><a target=\"_blank\" href=\"https:\/\/gemaa.iesp.uerj.br\/en\/uncategorized\/uel-universidade-estadual-de-londrina\/\">UEL &#8211; Universidade Estadual de Londrina<\/a><\/h2>\n\t\t\t\t\t\t\t\t<div class=\"entry-content\">\n\t\t\t\t\tNatureza Jur\u00eddica: Estadual Ano de aplica\u00e7\u00e3o da a\u00e7\u00e3o afirmativa: 2005 Meio legal de ado\u00e7\u00e3o: Resolu\u00e7\u00e3o do conselho universit\u00e1rio Modalidade de&hellip;\t\t\t\t<\/div>\n\t\t\t<\/div>\n\t\t\t\n\t\t\t\n\t\t\t<div class=\"card-post post-7432\">\n\t\t\t\t<div class=\"classificacoes\">\n\t\t\t\t\t<ul class=\"post-type\">\n\t\t\t\t\t\t<li><span rel=\"tag\" class=\"Post\">Post<\/span><\/li>\n\t\t\t\t\t<\/ul>\n\t\t\t\t\t<ul class=\"categorias\"><li><a href=\"https:\/\/gemaa.iesp.uerj.br\/en\/category\/uncategorized\/\" rel=\"tag\">Uncategorized<\/a><\/li><\/ul>\t\t\t\t\t\t\t\t\t<\/div>\n\t\t\t\t<span class=\"date\">16\/09\/2011<\/span>\n\n\t\t\t\t<h2 class=\"entry-title\"><a target=\"_blank\" href=\"https:\/\/gemaa.iesp.uerj.br\/en\/uncategorized\/uem-universidade-estadual-de-maringa\/\">UEM &#8211; Universidade Estadual de Maring\u00e1<\/a><\/h2>\n\t\t\t\t\t\t\t\t<div class=\"entry-content\">\n\t\t\t\t\tNatureza Jur\u00eddica: Estadual Ano de aplica\u00e7\u00e3o da a\u00e7\u00e3o afirmativa: 2008 Meio legal de ado\u00e7\u00e3o: Lei Estadual Modalidade de a\u00e7\u00e3o afirmativa:&hellip;\t\t\t\t<\/div>\n\t\t\t<\/div>\n\t\t\t\n\t\t\t\n\t\t\t<div class=\"card-post post-7433\">\n\t\t\t\t<div class=\"classificacoes\">\n\t\t\t\t\t<ul class=\"post-type\">\n\t\t\t\t\t\t<li><span rel=\"tag\" class=\"Post\">Post<\/span><\/li>\n\t\t\t\t\t<\/ul>\n\t\t\t\t\t<ul class=\"categorias\"><li><a href=\"https:\/\/gemaa.iesp.uerj.br\/en\/category\/uncategorized\/\" rel=\"tag\">Uncategorized<\/a><\/li><\/ul>\t\t\t\t\t\t\t\t\t<\/div>\n\t\t\t\t<span class=\"date\">16\/09\/2011<\/span>\n\n\t\t\t\t<h2 class=\"entry-title\"><a target=\"_blank\" href=\"https:\/\/gemaa.iesp.uerj.br\/en\/uncategorized\/uenp-universidade-estadual-do-norte-do-parana\/\">UENP &#8211; Universidade Estadual do Norte do Paran\u00e1<\/a><\/h2>\n\t\t\t\t\t\t\t\t<div class=\"entry-content\">\n\t\t\t\t\tNatureza Jur\u00eddica: Estadual Ano de aplica\u00e7\u00e3o da a\u00e7\u00e3o afirmativa: 2008 Meio legal de ado\u00e7\u00e3o: Resolu\u00e7\u00e3o do conselho universit\u00e1rio Modalidade de&hellip;\t\t\t\t<\/div>\n\t\t\t<\/div>\n\t\t\t\n\t\t\t\n\t\t\t<div class=\"card-post post-7434\">\n\t\t\t\t<div class=\"classificacoes\">\n\t\t\t\t\t<ul class=\"post-type\">\n\t\t\t\t\t\t<li><span rel=\"tag\" class=\"Post\">Post<\/span><\/li>\n\t\t\t\t\t<\/ul>\n\t\t\t\t\t<ul class=\"categorias\"><li><a href=\"https:\/\/gemaa.iesp.uerj.br\/en\/category\/uncategorized\/\" rel=\"tag\">Uncategorized<\/a><\/li><\/ul>\t\t\t\t\t\t\t\t\t<\/div>\n\t\t\t\t<span class=\"date\">16\/09\/2011<\/span>\n\n\t\t\t\t<h2 class=\"entry-title\"><a target=\"_blank\" href=\"https:\/\/gemaa.iesp.uerj.br\/en\/uncategorized\/uepg-universidade-estadual-de-ponta-grossa\/\">UEPG &#8211; Universidade Estadual de Ponta Grossa<\/a><\/h2>\n\t\t\t\t\t\t\t\t<div class=\"entry-content\">\n\t\t\t\t\tNatureza Jur\u00eddica: Estadual Ano de aplica\u00e7\u00e3o da a\u00e7\u00e3o afirmativa: 2006 Meio legal de ado\u00e7\u00e3o: Resolu\u00e7\u00e3o do conselho universit\u00e1rio Modalidade de&hellip;\t\t\t\t<\/div>\n\t\t\t<\/div>\n\t\t\t\n\t\t\t\n\t\t\t<div class=\"card-post post-7435\">\n\t\t\t\t<div class=\"classificacoes\">\n\t\t\t\t\t<ul class=\"post-type\">\n\t\t\t\t\t\t<li><span rel=\"tag\" class=\"Post\">Post<\/span><\/li>\n\t\t\t\t\t<\/ul>\n\t\t\t\t\t<ul class=\"categorias\"><li><a href=\"https:\/\/gemaa.iesp.uerj.br\/en\/category\/uncategorized\/\" rel=\"tag\">Uncategorized<\/a><\/li><\/ul>\t\t\t\t\t\t\t\t\t<\/div>\n\t\t\t\t<span class=\"date\">16\/09\/2011<\/span>\n\n\t\t\t\t<h2 class=\"entry-title\"><a target=\"_blank\" href=\"https:\/\/gemaa.iesp.uerj.br\/en\/uncategorized\/ufpr-universidade-federal-do-parana\/\">UFPR &#8211; Universidade Federal do Paran\u00e1<\/a><\/h2>\n\t\t\t\t\t\t\t\t<div class=\"entry-content\">\n\t\t\t\t\tNatureza Jur\u00eddica: Federal Ano de aplica\u00e7\u00e3o da a\u00e7\u00e3o afirmativa: 2007 Meio legal de ado\u00e7\u00e3o: Resolu\u00e7\u00e3o do conselho universit\u00e1rio Modalidade de&hellip;\t\t\t\t<\/div>\n\t\t\t<\/div>\n\t\t\t\n\t\t\t\n\t\t\t<div class=\"card-post post-7436\">\n\t\t\t\t<div class=\"classificacoes\">\n\t\t\t\t\t<ul class=\"post-type\">\n\t\t\t\t\t\t<li><span rel=\"tag\" class=\"Post\">Post<\/span><\/li>\n\t\t\t\t\t<\/ul>\n\t\t\t\t\t<ul class=\"categorias\"><li><a href=\"https:\/\/gemaa.iesp.uerj.br\/en\/category\/uncategorized\/\" rel=\"tag\">Uncategorized<\/a><\/li><\/ul>\t\t\t\t\t\t\t\t\t<\/div>\n\t\t\t\t<span class=\"date\">16\/09\/2011<\/span>\n\n\t\t\t\t<h2 class=\"entry-title\"><a target=\"_blank\" href=\"https:\/\/gemaa.iesp.uerj.br\/en\/uncategorized\/unicentro-universidade-estadual-do-centro-oeste\/\">UNICENTRO &#8211; Universidade Estadual do Centro-Oeste<\/a><\/h2>\n\t\t\t\t\t\t\t\t<div class=\"entry-content\">\n\t\t\t\t\tNatureza Jur\u00eddica: Estadual Ano de aplica\u00e7\u00e3o da a\u00e7\u00e3o afirmativa: 2009 Meio legal de ado\u00e7\u00e3o: Lei Estadual Modalidade de a\u00e7\u00e3o afirmativa:&hellip;\t\t\t\t<\/div>\n\t\t\t<\/div>\n\t\t\t\n\t\t\t\n\t\t\t<div class=\"card-post post-7437\">\n\t\t\t\t<div class=\"classificacoes\">\n\t\t\t\t\t<ul class=\"post-type\">\n\t\t\t\t\t\t<li><span rel=\"tag\" class=\"Post\">Post<\/span><\/li>\n\t\t\t\t\t<\/ul>\n\t\t\t\t\t<ul class=\"categorias\"><li><a href=\"https:\/\/gemaa.iesp.uerj.br\/en\/category\/uncategorized\/\" rel=\"tag\">Uncategorized<\/a><\/li><\/ul>\t\t\t\t\t\t\t\t\t<\/div>\n\t\t\t\t<span class=\"date\">16\/09\/2011<\/span>\n\n\t\t\t\t<h2 class=\"entry-title\"><a target=\"_blank\" href=\"https:\/\/gemaa.iesp.uerj.br\/en\/uncategorized\/unioeste-universidade-estadual-do-oeste-do-parana\/\">UNIOESTE &#8211; Universidade Estadual do Oeste do Paran\u00e1<\/a><\/h2>\n\t\t\t\t\t\t\t\t<div class=\"entry-content\">\n\t\t\t\t\tNatureza Jur\u00eddica: Estadual Ano de aplica\u00e7\u00e3o da a\u00e7\u00e3o afirmativa: 2009 Meio legal de ado\u00e7\u00e3o: Lei Estadual Modalidade de a\u00e7\u00e3o afirmativa:&hellip;\t\t\t\t<\/div>\n\t\t\t<\/div>\n\t\t\t\n\t\t\t\n\t\t\t<div class=\"card-post post-7438\">\n\t\t\t\t<div class=\"classificacoes\">\n\t\t\t\t\t<ul class=\"post-type\">\n\t\t\t\t\t\t<li><span rel=\"tag\" class=\"Post\">Post<\/span><\/li>\n\t\t\t\t\t<\/ul>\n\t\t\t\t\t<ul class=\"categorias\"><li><a href=\"https:\/\/gemaa.iesp.uerj.br\/en\/category\/uncategorized\/\" rel=\"tag\">Uncategorized<\/a><\/li><\/ul>\t\t\t\t\t\t\t\t\t<\/div>\n\t\t\t\t<span class=\"date\">16\/09\/2011<\/span>\n\n\t\t\t\t<h2 class=\"entry-title\"><a target=\"_blank\" href=\"https:\/\/gemaa.iesp.uerj.br\/en\/uncategorized\/utfpr-universidade-tecnologica-federal-do-parana\/\">UTFPR &#8211; Universidade Tecnol\u00f3gica Federal do Paran\u00e1<\/a><\/h2>\n\t\t\t\t\t\t\t\t<div class=\"entry-content\">\n\t\t\t\t\tNatureza Jur\u00eddica: Federal Ano de aplica\u00e7\u00e3o da a\u00e7\u00e3o afirmativa: 2008 Meio legal de ado\u00e7\u00e3o: Resolu\u00e7\u00e3o do conselho universit\u00e1rio Modalidade de&hellip;\t\t\t\t<\/div>\n\t\t\t<\/div>\n\t\t\t\n\t\t\t\n\t\t\t<div class=\"card-post post-7439\">\n\t\t\t\t<div class=\"classificacoes\">\n\t\t\t\t\t<ul class=\"post-type\">\n\t\t\t\t\t\t<li><span rel=\"tag\" class=\"Post\">Post<\/span><\/li>\n\t\t\t\t\t<\/ul>\n\t\t\t\t\t<ul class=\"categorias\"><li><a href=\"https:\/\/gemaa.iesp.uerj.br\/en\/category\/uncategorized\/\" rel=\"tag\">Uncategorized<\/a><\/li><\/ul>\t\t\t\t\t\t\t\t\t<\/div>\n\t\t\t\t<span class=\"date\">16\/09\/2011<\/span>\n\n\t\t\t\t<h2 class=\"entry-title\"><a target=\"_blank\" href=\"https:\/\/gemaa.iesp.uerj.br\/en\/uncategorized\/ufsc-universidade-federal-de-santa-catarina\/\">UFSC &#8211; Universidade Federal de Santa Catarina<\/a><\/h2>\n\t\t\t\t\t\t\t\t<div class=\"entry-content\">\n\t\t\t\t\tNatureza Jur\u00eddica: Federal Ano de aplica\u00e7\u00e3o da a\u00e7\u00e3o afirmativa: 2007 Meio legal de ado\u00e7\u00e3o: Resolu\u00e7\u00e3o do conselho universit\u00e1rio Modalidade de&hellip;\t\t\t\t<\/div>\n\t\t\t<\/div>\n\t\t\t\n\t\t\t\n\t\t\t<div class=\"card-post post-7440\">\n\t\t\t\t<div class=\"classificacoes\">\n\t\t\t\t\t<ul class=\"post-type\">\n\t\t\t\t\t\t<li><span rel=\"tag\" class=\"Post\">Post<\/span><\/li>\n\t\t\t\t\t<\/ul>\n\t\t\t\t\t<ul class=\"categorias\"><li><a href=\"https:\/\/gemaa.iesp.uerj.br\/en\/category\/uncategorized\/\" rel=\"tag\">Uncategorized<\/a><\/li><\/ul>\t\t\t\t\t\t\t\t\t<\/div>\n\t\t\t\t<span class=\"date\">16\/09\/2011<\/span>\n\n\t\t\t\t<h2 class=\"entry-title\"><a target=\"_blank\" href=\"https:\/\/gemaa.iesp.uerj.br\/en\/uncategorized\/ufrgs-universidade-federal-do-rio-grande-do-sul\/\">UFRGS &#8211; Universidade Federal do Rio Grande do Sul<\/a><\/h2>\n\t\t\t\t\t\t\t\t<div class=\"entry-content\">\n\t\t\t\t\tNatureza Jur\u00eddica: Federal Ano de aplica\u00e7\u00e3o da a\u00e7\u00e3o afirmativa: 2008 Meio legal de ado\u00e7\u00e3o: Resolu\u00e7\u00e3o do conselho universit\u00e1rio Modalidade de&hellip;\t\t\t\t<\/div>\n\t\t\t<\/div>\n\t\t\t\n\t\t\t\n\t\t\t<div class=\"card-post post-7441\">\n\t\t\t\t<div class=\"classificacoes\">\n\t\t\t\t\t<ul class=\"post-type\">\n\t\t\t\t\t\t<li><span rel=\"tag\" class=\"Post\">Post<\/span><\/li>\n\t\t\t\t\t<\/ul>\n\t\t\t\t\t<ul class=\"categorias\"><li><a href=\"https:\/\/gemaa.iesp.uerj.br\/en\/category\/uncategorized\/\" rel=\"tag\">Uncategorized<\/a><\/li><\/ul>\t\t\t\t\t\t\t\t\t<\/div>\n\t\t\t\t<span class=\"date\">16\/09\/2011<\/span>\n\n\t\t\t\t<h2 class=\"entry-title\"><a target=\"_blank\" href=\"https:\/\/gemaa.iesp.uerj.br\/en\/uncategorized\/ufsm-universidade-federal-de-santa-maria\/\">UFSM &#8211; Universidade Federal de Santa Maria<\/a><\/h2>\n\t\t\t\t\t\t\t\t<div class=\"entry-content\">\n\t\t\t\t\tNatureza Jur\u00eddica: Federal Ano de aplica\u00e7\u00e3o da a\u00e7\u00e3o afirmativa: 2007 Meio legal de ado\u00e7\u00e3o: Resolu\u00e7\u00e3o do conselho universit\u00e1rio Modalidade de&hellip;\t\t\t\t<\/div>\n\t\t\t<\/div>\n\t\t\t\n\t\t\t\n\t\t\t<div class=\"card-post post-7442\">\n\t\t\t\t<div class=\"classificacoes\">\n\t\t\t\t\t<ul class=\"post-type\">\n\t\t\t\t\t\t<li><span rel=\"tag\" class=\"Post\">Post<\/span><\/li>\n\t\t\t\t\t<\/ul>\n\t\t\t\t\t<ul class=\"categorias\"><li><a href=\"https:\/\/gemaa.iesp.uerj.br\/en\/category\/uncategorized\/\" rel=\"tag\">Uncategorized<\/a><\/li><\/ul>\t\t\t\t\t\t\t\t\t<\/div>\n\t\t\t\t<span class=\"date\">16\/09\/2011<\/span>\n\n\t\t\t\t<h2 class=\"entry-title\"><a target=\"_blank\" href=\"https:\/\/gemaa.iesp.uerj.br\/en\/uncategorized\/unipampa-universidade-federal-do-pampa\/\">UNIPAMPA &#8211; Universidade Federal do Pampa<\/a><\/h2>\n\t\t\t\t\t\t\t\t<div class=\"entry-content\">\n\t\t\t\t\tNatureza Jur\u00eddica: Federal Ano de aplica\u00e7\u00e3o da a\u00e7\u00e3o afirmativa: 2009 Meio legal de ado\u00e7\u00e3o: Resolu\u00e7\u00e3o do conselho universit\u00e1rio Modalidade de&hellip;\t\t\t\t<\/div>\n\t\t\t<\/div>\n\t\t\t\n\t\t\t\n\t\t\t<div class=\"card-post post-7443\">\n\t\t\t\t<div class=\"classificacoes\">\n\t\t\t\t\t<ul class=\"post-type\">\n\t\t\t\t\t\t<li><span rel=\"tag\" class=\"Post\">Post<\/span><\/li>\n\t\t\t\t\t<\/ul>\n\t\t\t\t\t<ul class=\"categorias\"><li><a href=\"https:\/\/gemaa.iesp.uerj.br\/en\/category\/uncategorized\/\" rel=\"tag\">Uncategorized<\/a><\/li><\/ul>\t\t\t\t\t\t\t\t\t<\/div>\n\t\t\t\t<span class=\"date\">16\/09\/2011<\/span>\n\n\t\t\t\t<h2 class=\"entry-title\"><a target=\"_blank\" href=\"https:\/\/gemaa.iesp.uerj.br\/en\/uncategorized\/uergs-universidade-estadual-do-rio-grande-do-sul\/\">UERGS &#8211; Universidade Estadual do Rio Grande do Sul<\/a><\/h2>\n\t\t\t\t\t\t\t\t<div class=\"entry-content\">\n\t\t\t\t\tNatureza Jur\u00eddica: Estadual Ano de aplica\u00e7\u00e3o da a\u00e7\u00e3o afirmativa: 2002 Meio legal de ado\u00e7\u00e3o: Lei Estadual Modalidade de a\u00e7\u00e3o afirmativa:&hellip;\t\t\t\t<\/div>\n\t\t\t<\/div>\n\t\t\t\n\t\t\t\t<\/div>\n<\/div>\n<\/div>\n<\/div>\n\n\n\n<div class=\"wp-block-getwid-button-group filterButton__Wrapper\"><div class=\"wp-block-getwid-button-group__wrapper has-width-100\">\n<div class=\"wp-block-button has-custom-width wp-block-button__width-100 ep-custom-buttons-icon eplus-iFOFwk filterButton__trigger\" id=\"filterButton__trigger\"><a class=\"wp-block-button__link has-palette-color-6-color has-palette-color-2-background-color has-text-color has-background no-border-radius\">Filtros<\/a><\/div>\n<\/div><\/div>\n","protected":false},"excerpt":{"rendered":"","protected":false},"author":1,"featured_media":0,"parent":0,"menu_order":0,"comment_status":"closed","ping_status":"closed","template":"","meta":{"_acf_changed":false,"footnotes":""},"class_list":["post-6872","page","type-page","status-publish","hentry"],"blocksy_meta":{"styles_descriptor":{"styles":{"desktop":"","tablet":"","mobile":""},"google_fonts":[],"version":6}},"featured_image_urls_v2":{"full":"","thumbnail":"","medium":"","medium_large":"","large":"","gs-tiny":"","xl":"","xxl":"","xxxl":"","xxxxl":"","xxxxxl":"","1536x1536":"","2048x2048":""},"post_excerpt_stackable_v2":"<p>PostsProjetos de pesquisa Tem\u00e1ticas Audiovisual &nbsp;&nbsp;&nbsp;Cinema &nbsp;&nbsp;&nbsp;Video game Education &nbsp;&nbsp;&nbsp;Basic Education &nbsp;&nbsp;&nbsp;Graduate &nbsp;&nbsp;&nbsp;Higher Education Inequalities &nbsp;&nbsp;&nbsp;Class &nbsp;&nbsp;&nbsp;Gender &nbsp;&nbsp;&nbsp;Race Media &nbsp;&nbsp;&nbsp;Advertising &nbsp;&nbsp;&nbsp;Press &nbsp;&nbsp;&nbsp;TV Politics &nbsp;&nbsp;&nbsp;Elections Formatos Bulletins History Infographics Reporting Surveys Texts for discussion Uncategorized Autores Dados de participa\u00e7\u00e3o das mulheres na ci\u00eancia Boletim GEMAA 3: Ra\u00e7a e G\u00eanero no Festival de Cinema do Rio de Janeiro Guilhermina Augusti 16 \u2013 Efeitos das altera\u00e7\u00f5es do PAAIS-Unicamp nos vestibulares de 2016 e 2017 Jheniffer Ribeiro 9 &#8211; O Programa de Inclus\u00e3o Social da USP (INCLUSP) Festival do Rio &#8211; Perfil da Diversidade de Ra\u00e7a e G\u00eanero Diversidade Racial e de G\u00eanero nos&hellip;<\/p>\n","category_list_v2":"","author_info_v2":{"name":"gerome","url":"https:\/\/gemaa.iesp.uerj.br\/en\/author\/gerome\/"},"comments_num_v2":"0 comments","acf":[],"_links":{"self":[{"href":"https:\/\/gemaa.iesp.uerj.br\/en\/wp-json\/wp\/v2\/pages\/6872","targetHints":{"allow":["GET"]}}],"collection":[{"href":"https:\/\/gemaa.iesp.uerj.br\/en\/wp-json\/wp\/v2\/pages"}],"about":[{"href":"https:\/\/gemaa.iesp.uerj.br\/en\/wp-json\/wp\/v2\/types\/page"}],"author":[{"embeddable":true,"href":"https:\/\/gemaa.iesp.uerj.br\/en\/wp-json\/wp\/v2\/users\/1"}],"replies":[{"embeddable":true,"href":"https:\/\/gemaa.iesp.uerj.br\/en\/wp-json\/wp\/v2\/comments?post=6872"}],"version-history":[{"count":0,"href":"https:\/\/gemaa.iesp.uerj.br\/en\/wp-json\/wp\/v2\/pages\/6872\/revisions"}],"wp:attachment":[{"href":"https:\/\/gemaa.iesp.uerj.br\/en\/wp-json\/wp\/v2\/media?parent=6872"}],"curies":[{"name":"wp","href":"https:\/\/api.w.org\/{rel}","templated":true}]}}