{"id":6834,"date":"2011-11-01T17:33:55","date_gmt":"2011-11-01T17:33:55","guid":{"rendered":"https:\/\/gemaa.iesp.uerj.br\/linha-do-tempo\/"},"modified":"2022-05-09T15:14:18","modified_gmt":"2022-05-09T15:14:18","slug":"timeline","status":"publish","type":"page","link":"https:\/\/gemaa.iesp.uerj.br\/en\/timeline\/","title":{"rendered":"Timeline"},"content":{"rendered":"<p><iframe src=\"https:\/\/cdn.knightlab.com\/libs\/timeline3\/latest\/embed\/index.html?source=15E-hRGzqZwGpk4JTY9s_0CB0roOe-9EcQZhPb1pjNFE&amp;font=Georgia-Helvetica&amp;lang=pt-br&amp;initial_zoom=2&amp;height=650\" width=\"100%\" height=\"650\" frameborder=\"0\" allowfullscreen=\"allowfullscreen\"><\/iframe><\/p>\n<h3>Refer\u00eancias<\/h3>\n<p>Comission For Racial Equality (2005) <em>Timeline of provisions against racial discrimination. <\/em>Dispon\u00edvel em: <a href=\"http:\/\/www.cre.gov.uk\/\" target=\"_blank\" rel=\"noopener\">www.cre.gov.uk<\/a><\/p>\n<p>Daflon, Ver\u00f4nica Toste. (2007). <em>Pol\u00edticas de Reserva: o Modelo Indiano de A\u00e7\u00e3o Afirmativa<\/em>. Disserta\u00e7\u00e3o de mestrado orientada por Jo\u00e3o Feres J\u00fanior e defendida no Instituto Universit\u00e1rio de Pesquisas do Rio de Janeiro (IUPERJ) para obten\u00e7\u00e3o do t\u00edtulo de mestre em Sociologia.<\/p>\n<p>Domingues, Petr\u00f4nio. (2005) \u201cA\u00e7\u00f5es afirmativas para negros no Brasil: o in\u00edcio de uma repara\u00e7\u00e3o hist\u00f3rica\u201d. <em>Revista Brasileira de Educa\u00e7\u00e3o<\/em>. Maio-agosto. pp. 164-176. Dispon\u00edvel em: <a href=\"http:\/\/www.scielo.br\/pdf\/rbedu\/n29\/n29a13.pdf\" target=\"_blank\" rel=\"noopener\" class=\"broken_link\">http:\/\/www.scielo.br\/pdf\/rbedu\/n29\/n29a13.pdf<\/a><\/p>\n<p>Godoy, Arnaldo. (2008) \u201cA constitui\u00e7\u00e3o da \u00cdndia\u201d. Dispon\u00edvel em: <a href=\"http:\/\/jus.uol.com.br\/revista\/texto\/10831\/a-constituicao-da-india\" target=\"_blank\" rel=\"noopener\">http:\/\/jus.uol.com.br\/revista\/texto\/10831\/a-constituicao-da-india<\/a><\/p>\n<p>Lindsay, B. (1997). &#8220;Toward Conceptual, Policy, and Programmatic Frameworks of Affirmative Action in South African Universities.&#8221; In: <em>The Journal of Negro Education<\/em>. Vol. 66, n\u00ba 4. p. 522-538.<\/p>\n<p><a href=\"http:\/\/legislacao.planalto.gov.br\/legisla\/legislacao.nsf\/Viw_Identificacao\/lei%2012.288-2010?OpenDocument\" class=\"broken_link\">Lei n\u00ba 12.288, de&nbsp;20 de julho de 2010<\/a>\u2013 Estatuto da Igualdade Racial. Dispon\u00edvel em: <a href=\"http:\/\/www.planalto.gov.br\/ccivil_03\/_Ato2007-2010\/2010\/Lei\/L12288.htm\" target=\"_blank\" rel=\"noopener\" class=\"broken_link\">http:\/\/www.planalto.gov.br\/ccivil_03\/_Ato2007-2010\/2010\/Lei\/L12288.htm<\/a><\/p>\n<p>Lei n\u00ba 70 de 1993. Congresso da Col\u00f4mbia. Dispon\u00edvel em: <a href=\"http:\/\/www.secretariasenado.gov.co\/senado\/basedoc\/ley\/1993\/ley_0070_1993.html\" target=\"_blank\" rel=\"noopener\" class=\"broken_link\">http:\/\/www.secretariasenado.gov.co\/senado\/basedoc\/ley\/1993\/ley_0070_1993.html<\/a><\/p>\n<p>Santiago: Fundaci\u00f3n Equitas. Dispon\u00edvelhttp:\/\/www.secretaria em: <a href=\"http:\/\/www.pathwaystohigher\" target=\"_blank\" rel=\"noopener\">http:\/\/www.pathwaystohigher<\/a> education.org\/resources\/pdf\/0012.pdf<\/p>\n<p>Moehlecke, Sabrina. (2004) \u201cDemocratiza\u00e7\u00e3o e integra\u00e7\u00e3o racial: a experi\u00eancia de a\u00e7\u00e3o afirmativa nos Estados Unidos\u201d. Trabalho apresentado na ANPED. Dispon\u00edvel em: <a href=\"http:\/\/www.anped.org.br\/reunioes\/27\/gt03\/t0314.pdf\" target=\"_blank\" rel=\"noopener\" class=\"broken_link\">http:\/\/www.anped.org.br\/reunioes\/27\/gt03\/t0314.pdf<\/a><\/p>\n<p>Naik, Asmita. (2003) \u201cOs direitos de minorias \u00e9tnicas e raciais\u201d. Human Rights Education Associates. Dispon\u00edvel em: <a href=\"http:\/\/www.hrea.org\/index.php?doc_id=700\" target=\"_blank\" rel=\"noopener\">http:\/\/www.hrea.org\/index.php?doc_id=700<\/a><\/p>\n<p>Nesiah, Decanesan. (1999) <em>Discrimination With Reason? \u2013 The Policy of Reservations in the United States, India and Malaysia.<\/em> Oxford: Oxford University Press<\/p>\n<p>Organiza\u00e7\u00e3o dos Estados Americanos (1948) \u201cCarta da Organiza\u00e7\u00e3o dos Estados Americanos\u201d. Dispon\u00edvel em: <a href=\"http:\/\/www.oas.org\/juridico\/portuguese\/carta.htm\" target=\"_blank\" rel=\"noopener\">http:\/\/www.oas.org\/juridico\/portuguese\/carta.htm<\/a><\/p>\n<p>Organiza\u00e7\u00e3o dos Estados Americanos (1994) \u201cAg\/Res 1271 (XXIV 0\/94) No Discriminaci\u00f3n y Tolerancia\u201d. Dispon\u00edvel em: <a href=\"http:\/\/www.oas.org\/dil\/esp\/AG-RES_1271_%28XXIV-O-94%29.htm\" target=\"_blank\" rel=\"noopener\">http:\/\/www.oas.org\/dil\/esp\/AG-RES_1271_%28XXIV-O-94%29.htm<\/a><\/p>\n<p>Organiza\u00e7\u00e3o dos Estados Americanos. \u201cInstrumentos internacionales para combatir El racismo, la discriminaci\u00f3n y las diferentes formas de intolerancia\u201d. Dispon\u00edvel em: <a href=\"http:\/\/www.oas.org\/dil\/esp\/discriminacion_instrumentos_internacionales.htm\" target=\"_blank\" rel=\"noopener\">http:\/\/www.oas.org\/dil\/esp\/discriminacion_instrumentos_internacionales.htm<\/a><\/p>\n<p>Organiza\u00e7\u00e3o dos Estados Americanos. \u201cAfrodescendientes \u2013 instrumentos internacionales\u201d. Dispon\u00edvel em: <a href=\"https:\/\/www.oas.org\/es\/sla\/ddi\/afrodescendientes_instrumentos_internacionales.asp\" target=\"_blank\" rel=\"noopener\">http:\/\/www.oas.org\/dil\/esp\/afrodescendientes_ instrumentos_internacionales.htm<\/a><\/p>\n<p>Symonides, Janusz. (1996) <em>The struggle against discrimination: <\/em><em>a collection of international instruments adopted by the United Nations System<\/em>. Paris: Unesco. Dispon\u00edvel em: <a href=\"http:\/\/unesdoc.unesco.org\/images\/0010\/001060\/106049e.pdf\" target=\"_blank\" rel=\"noopener\">http:\/\/unesdoc.unesco.org\/images\/0010\/001060\/106049e.pdf<\/a><\/p>\n<p>\u201cTimeline of Affirmative Action Milestones\u201d.&nbsp; Dispon\u00edvel em: <a href=\"http:\/\/www.infoplease.com\/ spot\/affirmativetimeline1.html\" target=\"_blank\" rel=\"noopener\" error=\"true\" class=\"broken_link\">http:\/\/www.infoplease.com\/ spot\/affirmativetimeline1.html<\/a><\/p>\n","protected":false},"excerpt":{"rendered":"<p>Refer\u00eancias Comission For Racial Equality (2005) Timeline of provisions against racial discrimination. Dispon\u00edvel em: www.cre.gov.uk Daflon, Ver\u00f4nica Toste. (2007). Pol\u00edticas de Reserva: o Modelo Indiano de A\u00e7\u00e3o Afirmativa. Disserta\u00e7\u00e3o de mestrado orientada por Jo\u00e3o Feres J\u00fanior e defendida no Instituto Universit\u00e1rio de Pesquisas do Rio de Janeiro (IUPERJ) para obten\u00e7\u00e3o do t\u00edtulo de mestre em [&hellip;]<\/p>\n","protected":false},"author":10,"featured_media":0,"parent":0,"menu_order":3,"comment_status":"open","ping_status":"open","template":"","meta":{"_acf_changed":false,"footnotes":""},"class_list":["post-6834","page","type-page","status-publish","hentry"],"blocksy_meta":{"styles_descriptor":{"styles":{"desktop":"","tablet":"","mobile":""},"google_fonts":[],"version":6}},"featured_image_urls_v2":{"full":"","thumbnail":"","medium":"","medium_large":"","large":"","gs-tiny":"","xl":"","xxl":"","xxxl":"","xxxxl":"","xxxxxl":"","1536x1536":"","2048x2048":""},"post_excerpt_stackable_v2":"<p>Refer\u00eancias Comission For Racial Equality (2005) Timeline of provisions against racial discrimination. Dispon\u00edvel em: www.cre.gov.uk Daflon, Ver\u00f4nica Toste. (2007). Pol\u00edticas de Reserva: o Modelo Indiano de A\u00e7\u00e3o Afirmativa. Disserta\u00e7\u00e3o de mestrado orientada por Jo\u00e3o Feres J\u00fanior e defendida no Instituto Universit\u00e1rio de Pesquisas do Rio de Janeiro (IUPERJ) para obten\u00e7\u00e3o do t\u00edtulo de mestre em Sociologia. Domingues, Petr\u00f4nio. (2005) \u201cA\u00e7\u00f5es afirmativas para negros no Brasil: o in\u00edcio de uma repara\u00e7\u00e3o hist\u00f3rica\u201d. Revista Brasileira de Educa\u00e7\u00e3o. Maio-agosto. pp. 164-176. Dispon\u00edvel em: http:\/\/www.scielo.br\/pdf\/rbedu\/n29\/n29a13.pdf Godoy, Arnaldo. (2008) \u201cA constitui\u00e7\u00e3o da \u00cdndia\u201d. Dispon\u00edvel em: http:\/\/jus.uol.com.br\/revista\/texto\/10831\/a-constituicao-da-india Lindsay, B. (1997). &#8220;Toward Conceptual, Policy, and Programmatic Frameworks&hellip;<\/p>\n","category_list_v2":"","author_info_v2":{"name":"Jo\u00e3o Feres","url":"https:\/\/gemaa.iesp.uerj.br\/en\/author\/feres\/"},"comments_num_v2":"0 comments","acf":[],"_links":{"self":[{"href":"https:\/\/gemaa.iesp.uerj.br\/en\/wp-json\/wp\/v2\/pages\/6834","targetHints":{"allow":["GET"]}}],"collection":[{"href":"https:\/\/gemaa.iesp.uerj.br\/en\/wp-json\/wp\/v2\/pages"}],"about":[{"href":"https:\/\/gemaa.iesp.uerj.br\/en\/wp-json\/wp\/v2\/types\/page"}],"author":[{"embeddable":true,"href":"https:\/\/gemaa.iesp.uerj.br\/en\/wp-json\/wp\/v2\/users\/10"}],"replies":[{"embeddable":true,"href":"https:\/\/gemaa.iesp.uerj.br\/en\/wp-json\/wp\/v2\/comments?post=6834"}],"version-history":[{"count":0,"href":"https:\/\/gemaa.iesp.uerj.br\/en\/wp-json\/wp\/v2\/pages\/6834\/revisions"}],"wp:attachment":[{"href":"https:\/\/gemaa.iesp.uerj.br\/en\/wp-json\/wp\/v2\/media?parent=6834"}],"curies":[{"name":"wp","href":"https:\/\/api.w.org\/{rel}","templated":true}]}}