{"id":6813,"date":"2022-04-08T14:37:25","date_gmt":"2022-04-08T14:37:25","guid":{"rendered":"https:\/\/gemaa.iesp.uerj.br\/artigos-2\/"},"modified":"2023-04-13T17:36:58","modified_gmt":"2023-04-13T17:36:58","slug":"articles","status":"publish","type":"page","link":"https:\/\/gemaa.iesp.uerj.br\/en\/articles\/","title":{"rendered":"Articles"},"content":{"rendered":"\n<p>Clique para acessar os artigos:<\/p>\n\n\n\n<h2 class=\"wp-block-heading\">2017<\/h2>\n\n\n\n<figure id=\"2017\" class=\"wp-block-table\"><table><tbody><tr><td><img decoding=\"async\" src=\"http:\/\/gemaa.iesp.uerj.br\/wp-content\/uploads\/2011\/10\/site_pdf-icon.png\" alt=\"pdf-icon\" width=\"30\" height=\"30\"><a href=\"http:\/\/www.sesc.com.br\/wps\/wcm\/connect\/a084fd5b-d173-44e4-b255-0aa0d8346c29\/SinaisSociais_SS32_WEB.pdf?MOD=AJPERES&amp;CACHEID=a084fd5b-d173-44e4-b255-0aa0d8346c29\" target=\"_blank\" rel=\"noreferrer noopener\" class=\"broken_link\"><strong>Rela\u00e7\u00f5es raciais no Brasil contempor\u00e2neo: uma an\u00e1lise preliminar da produ\u00e7\u00e3o em artigos acad\u00eamicos dos \u00faltimos vinte anos (1994-2013).<\/strong><\/a>&nbsp;Luiz Augusto Campos e Ingrid Gomes<\/td><\/tr><tr><td><img decoding=\"async\" src=\"http:\/\/gemaa.iesp.uerj.br\/wp-content\/uploads\/2011\/10\/site_pdf-icon.png\" alt=\"pdf-icon\" width=\"30\" height=\"30\"><a href=\"http:\/\/www.scielo.br\/pdf\/rsocp\/v25n61\/0104-4478-rsocp-25-61-0125.pdf\" target=\"_blank\" rel=\"noreferrer noopener\" class=\"broken_link\"><strong>O que afasta pretos e pardos da representa\u00e7\u00e3o pol\u00edtica? Uma an\u00e1lise a partir das elei\u00e7\u00f5es legislativas de 2014.<\/strong><\/a>&nbsp;Luiz Augusto Campos<\/td><\/tr><tr><td><img decoding=\"async\" src=\"http:\/\/gemaa.iesp.uerj.br\/wp-content\/uploads\/2011\/10\/site_pdf-icon.png\" alt=\"pdf-icon\" width=\"30\" height=\"30\"><strong><a href=\"http:\/\/www.scielo.br\/pdf\/rbcsoc\/v32n95\/0102-6909-rbcsoc-3295072017.pdf\" target=\"_blank\" rel=\"noreferrer noopener\" class=\"broken_link\">RACISMO EM TR\u00caS DIMENS\u00d5ES: Uma abordagem realista-cr\u00edtica.<\/a><\/strong>&nbsp;Luiz Augusto Campos<\/td><\/tr><tr><td><img decoding=\"async\" src=\"http:\/\/gemaa.iesp.uerj.br\/wp-content\/uploads\/2011\/10\/site_pdf-icon.png\" alt=\"pdf-icon\" width=\"30\" height=\"30\"><a href=\"http:\/\/www.scielo.br\/pdf\/dados\/v60n2\/0011-5258-dados-60-2-0293.pdf\" target=\"_blank\" rel=\"noreferrer noopener\" class=\"broken_link\"><strong>Sentindo na Pele: Percep\u00e7\u00f5es de Discrimina\u00e7\u00e3o Cotidiana de Pretos e Pardos no Brasil.<\/strong><\/a>&nbsp;Jo\u00e3o Feres J\u00fanior, Ver\u00f4nica Toste Daflon e Fl\u00e1vio Carvalhaes<\/td><\/tr><tr><td><img decoding=\"async\" src=\"http:\/\/gemaa.iesp.uerj.br\/wp-content\/uploads\/2011\/10\/site_pdf-icon.png\" alt=\"pdf-icon\" width=\"30\" height=\"30\"><a href=\"http:\/\/www.scielo.br\/pdf\/cp\/v47n166\/1980-5314-cp-47-166-1292.pdf\" target=\"_blank\" rel=\"noreferrer noopener\" class=\"broken_link\"><strong>Formula\u00e7\u00e3o e implementa\u00e7\u00e3o da a\u00e7\u00e3o afirmativa para p\u00f3s-gradua\u00e7\u00e3o do Museu Nacional.<\/strong><\/a>&nbsp;Anna Carolina Venturini<\/td><\/tr><\/tbody><\/table><\/figure>\n\n\n\n<h2 class=\"wp-block-heading\">2016<\/h2>\n\n\n\n<figure id=\"2016\" class=\"wp-block-table\"><table><tbody><tr><td><img decoding=\"async\" src=\"http:\/\/gemaa.iesp.uerj.br\/wp-content\/uploads\/2011\/10\/site_pdf-icon.png\" alt=\"pdf-icon\" width=\"30\" height=\"30\"><a href=\"http:\/\/revistas.ufpr.br\/politica\/article\/viewFile\/45338\/28751\" target=\"_blank\" rel=\"noreferrer noopener\"><strong>A Inclus\u00e3o de Mulheres no Parlamento como Medida de Justi\u00e7a Social: An\u00e1lise Comparativa dos Sistemas de Cotas do Brasil e da Bol\u00edvia.<\/strong><\/a>&nbsp;Anna Carolina Venturini<\/td><\/tr><tr><td><img decoding=\"async\" src=\"http:\/\/gemaa.iesp.uerj.br\/wp-content\/uploads\/2011\/10\/site_pdf-icon.png\" alt=\"pdf-icon\" width=\"30\" height=\"30\"><a href=\"http:\/\/revistaestudospoliticos.com\/wp-content\/uploads\/2016\/10\/620-627.pdf\" target=\"_blank\" rel=\"noreferrer noopener\" class=\"broken_link\"><strong>Rela\u00e7\u00f5es Raciais entre Negros e Brancos em S\u00e3o Paulo: a hist\u00f3ria de uma edi\u00e7\u00e3o.<\/strong><\/a>&nbsp;Luiz Augusto Campos<\/td><\/tr><tr><td><img decoding=\"async\" src=\"http:\/\/gemaa.iesp.uerj.br\/wp-content\/uploads\/2011\/10\/site_pdf-icon.png\" alt=\"pdf-icon\" width=\"30\" height=\"30\"><strong><a href=\"http:\/\/www.scielo.br\/pdf\/ln\/n99\/1807-0175-ln-99-00257.pdf\" target=\"_blank\" rel=\"noreferrer noopener\" class=\"broken_link\">A\u00e7\u00e3o Afirmativa no Brasil: Multiculturalismo ou Justi\u00e7a Social?<\/a><\/strong>&nbsp;Jo\u00e3o Feres J\u00fanior e Luiz Augusto Campos<\/td><\/tr><tr><td><img decoding=\"async\" src=\"http:\/\/gemaa.iesp.uerj.br\/wp-content\/uploads\/2011\/10\/site_pdf-icon.png\" alt=\"pdf-icon\" width=\"30\" height=\"30\"><a href=\"http:\/\/www.revistas.usp.br\/plural\/article\/view\/118380\/115938\" target=\"_blank\" rel=\"noreferrer noopener\"><strong>\u201cGlobo, a gente se v\u00ea por aqui?\u201d Diversidade racial nas telenovelas das \u00faltimas tr\u00eas d\u00e9cadas (1985 \u2013 2014).&nbsp;<\/strong><\/a>&nbsp;Luiz Augusto Campos e Jo\u00e3o Feres J\u00fanior<\/td><\/tr><tr><td><img decoding=\"async\" src=\"http:\/\/gemaa.iesp.uerj.br\/wp-content\/uploads\/2011\/10\/site_pdf-icon.png\" alt=\"pdf-icon\" width=\"30\" height=\"30\"><a href=\"http:\/\/www.sescsp.org.br\/files\/artigo\/bc5c90df-72f3-4c64-94a1-53fe7f8e82f0.pdf\" target=\"_blank\" rel=\"noreferrer noopener\"><strong>Cor e g\u00eanero no cinema comercial brasileiro: uma an\u00e1lise dos filmes de maior bilheteria.&nbsp;<\/strong><\/a>&nbsp;Marcia Rangel Candido, Ver\u00f4nica Toste Daflon e Jo\u00e3o Feres J\u00fanior<\/td><\/tr><\/tbody><\/table><\/figure>\n\n\n\n<h2 class=\"wp-block-heading\">2015<\/h2>\n\n\n\n<figure id=\"2015\" class=\"wp-block-table\"><table><tbody><tr><td><img decoding=\"async\" src=\"http:\/\/gemaa.iesp.uerj.br\/wp-content\/uploads\/2011\/10\/site_pdf-icon.png\" alt=\"pdf-icon\" width=\"30\" height=\"30\"><a href=\"http:\/\/dx.doi.org\/10.1590\/0103-335220151606\" target=\"_blank\" rel=\"noreferrer noopener\" class=\"broken_link\"><strong>A cor dos eleitos: determinantes da sub-representa\u00e7\u00e3o pol\u00edtica dos n\u00e3o brancos no Brasil.<\/strong><\/a>&nbsp;Luiz Augusto Campos&nbsp;e&nbsp;Carlos Machado<\/td><\/tr><tr><td><img decoding=\"async\" src=\"http:\/\/gemaa.iesp.uerj.br\/wp-content\/uploads\/2011\/10\/site_pdf-icon.png\" alt=\"pdf-icon\" width=\"30\" height=\"30\"><strong><a href=\"http:\/\/gemaa.iesp.uerj.br\/wp-content\/uploads\/2018\/03\/A-ra%C3%A7a-dos-ineleitos.pdf\" target=\"_blank\" rel=\"noreferrer noopener\" class=\"broken_link\">A ra\u00e7a dos (in)eleitos.<\/a><\/strong>&nbsp;Luiz Augusto Campos&nbsp;e&nbsp;Carlos Machado<\/td><\/tr><tr><td><img decoding=\"async\" src=\"http:\/\/gemaa.iesp.uerj.br\/wp-content\/uploads\/2011\/10\/site_pdf-icon.png\" alt=\"pdf-icon\" width=\"30\" height=\"30\"><a href=\"http:\/\/www.scielo.br\/scielo.php?pid=S1517-45222015000300092&amp;script=sci_abstract&amp;tlng=pt%22\" target=\"_blank\" rel=\"noreferrer noopener\" class=\"broken_link\"><strong>A\u00e7\u00e3o afirmativa na \u00cdndia e no Brasil: um estudo sobre a ret\u00f3rica acad\u00eamica.<\/strong><\/a>&nbsp;Jo\u00e3o Feres J\u00fanior e Ver\u00f4nica Toste<\/td><\/tr><tr><td><img decoding=\"async\" src=\"http:\/\/gemaa.iesp.uerj.br\/wp-content\/uploads\/2011\/10\/site_pdf-icon.png\" alt=\"pdf-icon\" width=\"30\" height=\"30\"><a href=\"http:\/\/www.e-publicacoes.uerj.br\/index.php\/cdf\/article\/view\/14229\/10769\" target=\"_blank\" rel=\"noreferrer noopener\"><strong>Pol\u00edticas da igualdade racial no ensino superior.<\/strong><\/a>&nbsp;Jo\u00e3o Feres J\u00fanior e Ver\u00f4nica Toste<\/td><\/tr><\/tbody><\/table><\/figure>\n\n\n\n<h2 class=\"wp-block-heading\">2014<\/h2>\n\n\n\n<figure id=\"2014\" class=\"wp-block-table\"><table><tbody><tr><td><img decoding=\"async\" src=\"http:\/\/gemaa.iesp.uerj.br\/wp-content\/uploads\/2011\/10\/site_pdf-icon.png\" alt=\"pdf-icon\" width=\"30\" height=\"30\"><a href=\"http:\/\/dx.doi.org\/10.1590\/S0102-69092014000100007\" target=\"_blank\" rel=\"noreferrer noopener\" class=\"broken_link\"><strong>A\u00e7\u00e3o afirmativa, comunitarismo e multiculturalismo: rela\u00e7\u00f5es necess\u00e1rias ou contingentes?.<\/strong><\/a>&nbsp;Luiz Augusto Campos e Jo\u00e3o Feres J\u00fanior<\/td><\/tr><tr><td><img decoding=\"async\" src=\"http:\/\/gemaa.iesp.uerj.br\/wp-content\/uploads\/2011\/10\/site_pdf-icon.png\" alt=\"pdf-icon\" width=\"30\" height=\"30\"><a href=\"https:\/\/www.academia.edu\/10178010\/A_identifica%C3%A7%C3%A3o_de_enquadramentos_atrav%C3%A9s_da_an%C3%A1lise_de_correspond%C3%AAncias_um_modelo_anal%C3%ADtico_aplicado_%C3%A0_controv%C3%A9rsia_das_a%C3%A7%C3%B5es_afirmativas_raciais_na_imprensa\" target=\"_blank\" rel=\"noreferrer noopener\"><strong>A identifica\u00e7\u00e3o de enquadramentos atrav\u00e9s da an\u00e1lise de correspond\u00eancias: um modelo anal\u00edtico aplicado \u00e0 controv\u00e9rsia das a\u00e7\u00f5es afirmativas raciais na imprensa.<\/strong><\/a>&nbsp;Luiz Augusto Campos<\/td><\/tr><\/tbody><\/table><\/figure>\n\n\n\n<h2 class=\"wp-block-heading\">2013<\/h2>\n\n\n\n<figure id=\"2013\" class=\"wp-block-table\"><table><tbody><tr><td><img decoding=\"async\" src=\"http:\/\/gemaa.iesp.uerj.br\/wp-content\/uploads\/2011\/10\/site_pdf-icon.png\" alt=\"pdf-icon\" width=\"30\" height=\"30\"><a href=\"http:\/\/dx.doi.org\/10.1590\/S0103-33522013000200001\" target=\"_blank\" rel=\"noreferrer noopener\" class=\"broken_link\"><strong>Administrando o debate p\u00fablico: O Globo e a controv\u00e9rsia em torno das cotas raciais.<\/strong><\/a>&nbsp;Luiz Augusto Campos, Jo\u00e3o Feres J\u00fanior e Ver\u00f4nica Toste<\/td><\/tr><tr><td><img decoding=\"async\" src=\"http:\/\/gemaa.iesp.uerj.br\/wp-content\/uploads\/2011\/10\/site_pdf-icon.png\" alt=\"pdf-icon\" width=\"30\" height=\"30\"><a href=\"http:\/\/www.scielo.br\/scielo.php?pid=S0104-44782013000400005&amp;script=sci_arttext\" target=\"_blank\" rel=\"noreferrer noopener\" class=\"broken_link\"><strong>Liberalismo igualit\u00e1rio e a\u00e7\u00e3o afirmativa: da teoria moral \u00e0 pol\u00edtica p\u00fablica.<\/strong><\/a>&nbsp;Jo\u00e3o Feres J\u00fanior e Luiz Augusto Campos<\/td><\/tr><tr><td><img decoding=\"async\" src=\"http:\/\/gemaa.iesp.uerj.br\/wp-content\/uploads\/2011\/10\/site_pdf-icon.png\" alt=\"pdf-icon\" width=\"30\" height=\"30\"><a href=\"http:\/\/dx.doi.org\/10.1590\/S0100-15742013000100015\" target=\"_blank\" rel=\"noreferrer noopener\" class=\"broken_link\"><strong>A\u00e7\u00f5es afirmativas raciais no ensino superior p\u00fablico brasileiro: um panorama anal\u00edtico.<\/strong><\/a>&nbsp;Ver\u00f4nica Toste, Jo\u00e3o Feres J\u00fanior e Luiz Augusto Campos<\/td><\/tr><tr><td><img decoding=\"async\" src=\"http:\/\/gemaa.iesp.uerj.br\/wp-content\/uploads\/2011\/10\/site_pdf-icon.png\" alt=\"pdf-icon\" width=\"30\" height=\"30\"><a href=\"http:\/\/www.scielo.br\/pdf\/dados\/v56n1\/a04v56n1.pdf\" target=\"_blank\" rel=\"noreferrer noopener\" class=\"broken_link\"><strong>Monteiro Lobato e politicamente correto.<\/strong><\/a>&nbsp;Jo\u00e3o Feres J\u00fanior, Leonardo Fernandes Nascimento e Zena Winona Eisenberg<\/td><\/tr><tr><td><img decoding=\"async\" src=\"http:\/\/gemaa.iesp.uerj.br\/wp-content\/uploads\/2011\/10\/site_pdf-icon.png\" alt=\"pdf-icon\" width=\"30\" height=\"30\"><a href=\"http:\/\/www.cch.ufv.br\/revista\/pdfs\/vol12\/artigo8vol12-2.pdf\" target=\"_blank\" rel=\"noreferrer noopener\"><strong>A\u00e7\u00e3o afirmativa, ra\u00e7a e racismo: uma an\u00e1lise das a\u00e7\u00f5es de inclus\u00e3o racial nos mandatos de Lula e Dilma.<\/strong>&nbsp;<\/a>Jo\u00e3o Feres J\u00fanior, Ver\u00f4nica Toste e Luiz Augusto Campos<\/td><\/tr><tr><td><img decoding=\"async\" src=\"http:\/\/gemaa.iesp.uerj.br\/wp-content\/uploads\/2011\/10\/site_pdf-icon.png\" alt=\"pdf-icon\" width=\"30\" height=\"30\"><a href=\"http:\/\/gemaa.iesp.uerj.br\/wp-content\/uploads\/2018\/03\/O-pardo-como-dilema-pol%C3%ADtico.pdf\" target=\"_blank\" rel=\"noreferrer noopener\" class=\"broken_link\"><strong>O pardo como dilema pol\u00edtico.<\/strong><\/a>&nbsp;Luiz Augusto Campos<\/td><\/tr><tr><td><img decoding=\"async\" src=\"http:\/\/gemaa.iesp.uerj.br\/wp-content\/uploads\/2011\/10\/site_pdf-icon.png\" alt=\"pdf-icon\" width=\"30\" height=\"30\"><a href=\"http:\/\/gemaa.iesp.uerj.br\/wp-content\/uploads\/2018\/03\/A%C3%A7%C3%A3o-afirmativa-na-revista-Veja.pdf\" target=\"_blank\" rel=\"noreferrer noopener\" class=\"broken_link\"><strong>A\u00e7\u00e3o afirmativa na revista Veja: estrat\u00e9gias editoriais e o enquadramento p\u00fablico.<\/strong><\/a>&nbsp;Ver\u00f4nica Toste e Jo\u00e3o Feres J\u00fanior<\/td><\/tr><\/tbody><\/table><\/figure>\n\n\n\n<h2 class=\"wp-block-heading\">2012<\/h2>\n\n\n\n<figure id=\"2012\" class=\"wp-block-table\"><table><tbody><tr><td><img decoding=\"async\" src=\"http:\/\/gemaa.iesp.uerj.br\/wp-content\/uploads\/2011\/10\/site_pdf-icon.png\" alt=\"pdf-icon\" width=\"30\" height=\"30\"><a href=\"http:\/\/www.scielo.br\/scielo.php?script=sci_arttext&amp;pid=S0104-44782012000100005&amp;lng=en&amp;nrm=iso\" target=\"_blank\" rel=\"noreferrer noopener\" class=\"broken_link\"><strong>\u201cWe have a dream\u201d \u2013 cientistas sociais e a &nbsp;controv\u00e9rsia sobre as cotas raciais na imprensa.<\/strong><\/a>&nbsp;Luiz Augusto Campos<\/td><\/tr><\/tbody><\/table><\/figure>\n\n\n\n<h2 class=\"wp-block-heading\">2011<\/h2>\n\n\n\n<figure id=\"2011\" class=\"wp-block-table\"><table><tbody><tr><td><img decoding=\"async\" src=\"http:\/\/gemaa.iesp.uerj.br\/wp-content\/uploads\/2011\/10\/site_pdf-icon.png\" alt=\"pdf-icon\" width=\"30\" height=\"30\"><a href=\"http:\/\/www.contemporanea.ufscar.br\/index.php\/contemporanea\/article\/view\/37\/19\" target=\"_blank\" rel=\"noreferrer noopener\"><strong>Fora de quadro: a a\u00e7\u00e3o afirmativa nas p\u00e1ginas d\u2019O Globo (2011).<\/strong><\/a>&nbsp;Jo\u00e3o Feres J\u00fanior, Luiz Augusto Campos e Ver\u00f4nica Toste<\/td><\/tr><tr><td><img decoding=\"async\" src=\"http:\/\/gemaa.iesp.uerj.br\/wp-content\/uploads\/2011\/10\/site_pdf-icon.png\" alt=\"pdf-icon\" width=\"30\" height=\"30\"><a href=\"https:\/\/nacla.org\/article\/lula%E2%80%99s-approach-affirmative-action-and-race\" target=\"_blank\" rel=\"noreferrer noopener\" class=\"broken_link\"><strong>Lula\u2019s Approach to Affirmative Action and Race.<\/strong><\/a>&nbsp;Jo\u00e3o Feres J\u00fanior, Ver\u00f4nica Toste e Luiz Augusto Campos<\/td><\/tr><\/tbody><\/table><\/figure>\n\n\n\n<h2 class=\"wp-block-heading\">2010<\/h2>\n\n\n\n<figure id=\"2010\" class=\"wp-block-table\"><table><tbody><tr><td><img decoding=\"async\" src=\"http:\/\/gemaa.iesp.uerj.br\/wp-content\/uploads\/2011\/10\/site_pdf-icon.png\" alt=\"pdf-icon\" width=\"30\" height=\"30\"><a href=\"http:\/\/gemaa.iesp.uerj.br\/wp-content\/uploads\/2018\/03\/Cotas-no-STF.pdf\" target=\"_blank\" rel=\"noreferrer noopener\"><strong>Cotas no STF: Os argumentos como eles s\u00e3o.<\/strong><\/a>&nbsp;Jo\u00e3o Feres J\u00fanior, Ver\u00f4nica Toste e Luiz Augusto Campos<\/td><\/tr><tr><td><img decoding=\"async\" src=\"http:\/\/gemaa.iesp.uerj.br\/wp-content\/uploads\/2011\/10\/site_pdf-icon.png\" alt=\"pdf-icon\" width=\"30\" height=\"30\"><a href=\"http:\/\/www.stf.jus.br\/arquivo\/cms\/processoAudienciaPublicaAcaoAfirmativa\/anexo\/Apresentacao_STF__Joao_Feres_Junior.pdf\" target=\"_blank\" rel=\"noreferrer noopener\" class=\"broken_link\"><strong>Apresenta\u00e7\u00e3o no Supremo Tribunal Federal \u2013 ADPF 186.<\/strong>&nbsp;<\/a>Jo\u00e3o Feres J\u00fanior<\/td><\/tr><\/tbody><\/table><\/figure>\n\n\n\n<h2 class=\"wp-block-heading\">2008<\/h2>\n\n\n\n<figure id=\"2008\" class=\"wp-block-table\"><table><tbody><tr><td><img decoding=\"async\" src=\"http:\/\/gemaa.iesp.uerj.br\/wp-content\/uploads\/2011\/10\/site_pdf-icon.png\" alt=\"pdf-icon\" width=\"30\" height=\"30\"><a href=\"http:\/\/www.seer.ufal.br\/index.php\/latitude\/article\/view\/158\" target=\"_blank\" rel=\"noreferrer noopener\"><strong>As trocas de acusa\u00e7\u00f5es entre intelectuais na controv\u00e9rsia p\u00fablica acerca das cotas raciais.<\/strong><\/a>&nbsp;Luiz Augusto Campos<\/td><\/tr><tr><td><img decoding=\"async\" src=\"http:\/\/gemaa.iesp.uerj.br\/wp-content\/uploads\/2011\/10\/site_pdf-icon.png\" alt=\"pdf-icon\" width=\"30\" height=\"30\"><a href=\"http:\/\/lasa.international.pitt.edu\/forum\/files\/vol39\/LASAForum-Vol39-Issue1.pdf\" target=\"_blank\" rel=\"noreferrer noopener\"><strong>Using race and skin color in public policies.<\/strong><\/a>&nbsp;Jo\u00e3o Feres J\u00fanior<\/td><\/tr><\/tbody><\/table><\/figure>\n\n\n\n<h2 class=\"wp-block-heading\">2007<\/h2>\n\n\n\n<figure id=\"2007\" class=\"wp-block-table\"><table><tbody><tr><td><img decoding=\"async\" src=\"http:\/\/gemaa.iesp.uerj.br\/wp-content\/uploads\/2011\/10\/site_pdf-icon.png\" alt=\"pdf-icon\" width=\"30\" height=\"30\"><a href=\"http:\/\/www.achegas.net\/numero\/30\/joao_feres_30.pdf\" target=\"_blank\" rel=\"noreferrer noopener\"><strong>Comparando justifica\u00e7\u00f5es das pol\u00edticas de a\u00e7\u00e3o afirmativa: Estados Unidos e Brasil.<\/strong><\/a>&nbsp;Jo\u00e3o Feres J\u00fanior<\/td><\/tr><tr><td><img decoding=\"async\" src=\"http:\/\/gemaa.iesp.uerj.br\/wp-content\/uploads\/2011\/10\/site_pdf-icon.png\" alt=\"pdf-icon\" width=\"30\" height=\"30\"><a href=\"http:\/\/www.sociedadeemestudos.ufpr.br\/atual\/arquivos\/junior%20pag%2053.pdf\" target=\"_blank\" rel=\"noreferrer noopener\"><strong>O combate \u00e0 discrimina\u00e7\u00e3o racial nos EUA: estudo hist\u00f3rico comparado da atua\u00e7\u00e3o dos tr\u00eas poderes.<\/strong><\/a>&nbsp;Jo\u00e3o Feres J\u00fanior<\/td><\/tr><\/tbody><\/table><\/figure>\n\n\n\n<h2 class=\"wp-block-heading\">2006<\/h2>\n\n\n\n<figure id=\"2006\" class=\"wp-block-table\"><table><tbody><tr><td><img decoding=\"async\" src=\"http:\/\/gemaa.iesp.uerj.br\/wp-content\/uploads\/2011\/10\/site_pdf-icon.png\" alt=\"pdf-icon\" width=\"30\" height=\"30\"><a href=\"http:\/\/www.scielo.br\/scielo.php?script=sci_arttext&amp;pid=S0102-69092006000200009&amp;lng=pt&amp;nrm=iso&amp;tlng=pt\" target=\"_blank\" rel=\"noreferrer noopener\" class=\"broken_link\"><strong>Aspectos sem\u00e2nticos da discrimina\u00e7\u00e3o racial no Brasil: Para al\u00e9m da teoria da modernidade.<\/strong><\/a>&nbsp;Jo\u00e3o Feres J\u00fanior<\/td><\/tr><tr><td><img decoding=\"async\" src=\"http:\/\/gemaa.iesp.uerj.br\/wp-content\/uploads\/2011\/10\/site_pdf-icon.png\" alt=\"pdf-icon\" width=\"30\" height=\"30\"><a href=\"http:\/\/dx.doi.org\/10.1590\/S0103-20702006000200018\" target=\"_blank\" rel=\"noreferrer noopener\" class=\"broken_link\"><strong>Resenha \u2013 Up against the law: affirmative action and the Supreme Court.<\/strong><\/a>&nbsp;Jo\u00e3o Feres J\u00fanior<\/td><\/tr><\/tbody><\/table><\/figure>\n\n\n\n<h2 class=\"wp-block-heading\">2004<\/h2>\n\n\n\n<figure id=\"2004\" class=\"wp-block-table\"><table><tbody><tr><td><img decoding=\"async\" src=\"http:\/\/gemaa.iesp.uerj.br\/wp-content\/uploads\/2011\/10\/site_pdf-icon.png\" alt=\"pdf-icon\" width=\"30\" height=\"30\"><a href=\"http:\/\/files.ufgd.edu.br\/arquivos\/arquivos\/78\/NEAB\/FERES%20JUNIOR-%20Joao.%20Acao%20Afirmativa%20no%20Brasil%20fundamentos%20e%20criticas.pdf\" target=\"_blank\" rel=\"noreferrer noopener\"><strong>A\u00e7\u00e3o afirmativa no Brasil: fundamentos e cr\u00edticas.<\/strong><\/a>&nbsp;Jo\u00e3o Feres J\u00fanior<\/td><\/tr><\/tbody><\/table><\/figure>\n","protected":false},"excerpt":{"rendered":"<p>Clique para acessar os artigos: 2017 Rela\u00e7\u00f5es raciais no Brasil contempor\u00e2neo: uma an\u00e1lise preliminar da produ\u00e7\u00e3o em artigos acad\u00eamicos dos \u00faltimos vinte anos (1994-2013).&nbsp;Luiz Augusto Campos e Ingrid Gomes O que afasta pretos e pardos da representa\u00e7\u00e3o pol\u00edtica? Uma an\u00e1lise a partir das elei\u00e7\u00f5es legislativas de 2014.&nbsp;Luiz Augusto Campos RACISMO EM TR\u00caS DIMENS\u00d5ES: Uma abordagem [&hellip;]<\/p>\n","protected":false},"author":1,"featured_media":0,"parent":0,"menu_order":0,"comment_status":"closed","ping_status":"closed","template":"","meta":{"_acf_changed":false,"footnotes":""},"class_list":["post-6813","page","type-page","status-publish","hentry"],"blocksy_meta":{"styles_descriptor":{"styles":{"desktop":"","tablet":"","mobile":""},"google_fonts":[],"version":6}},"featured_image_urls_v2":{"full":"","thumbnail":"","medium":"","medium_large":"","large":"","gs-tiny":"","xl":"","xxl":"","xxxl":"","xxxxl":"","xxxxxl":"","1536x1536":"","2048x2048":""},"post_excerpt_stackable_v2":"<p>Clique para acessar os artigos: 2017 Rela\u00e7\u00f5es raciais no Brasil contempor\u00e2neo: uma an\u00e1lise preliminar da produ\u00e7\u00e3o em artigos acad\u00eamicos dos \u00faltimos vinte anos (1994-2013).&nbsp;Luiz Augusto Campos e Ingrid GomesO que afasta pretos e pardos da representa\u00e7\u00e3o pol\u00edtica? Uma an\u00e1lise a partir das elei\u00e7\u00f5es legislativas de 2014.&nbsp;Luiz Augusto CamposRACISMO EM TR\u00caS DIMENS\u00d5ES: Uma abordagem realista-cr\u00edtica.&nbsp;Luiz Augusto CamposSentindo na Pele: Percep\u00e7\u00f5es de Discrimina\u00e7\u00e3o Cotidiana de Pretos e Pardos no Brasil.&nbsp;Jo\u00e3o Feres J\u00fanior, Ver\u00f4nica Toste Daflon e Fl\u00e1vio CarvalhaesFormula\u00e7\u00e3o e implementa\u00e7\u00e3o da a\u00e7\u00e3o afirmativa para p\u00f3s-gradua\u00e7\u00e3o do Museu Nacional.&nbsp;Anna Carolina Venturini 2016 A Inclus\u00e3o de Mulheres no Parlamento como Medida de Justi\u00e7a Social:&hellip;<\/p>\n","category_list_v2":"","author_info_v2":{"name":"gerome","url":"https:\/\/gemaa.iesp.uerj.br\/en\/author\/gerome\/"},"comments_num_v2":"0 comments","acf":[],"_links":{"self":[{"href":"https:\/\/gemaa.iesp.uerj.br\/en\/wp-json\/wp\/v2\/pages\/6813","targetHints":{"allow":["GET"]}}],"collection":[{"href":"https:\/\/gemaa.iesp.uerj.br\/en\/wp-json\/wp\/v2\/pages"}],"about":[{"href":"https:\/\/gemaa.iesp.uerj.br\/en\/wp-json\/wp\/v2\/types\/page"}],"author":[{"embeddable":true,"href":"https:\/\/gemaa.iesp.uerj.br\/en\/wp-json\/wp\/v2\/users\/1"}],"replies":[{"embeddable":true,"href":"https:\/\/gemaa.iesp.uerj.br\/en\/wp-json\/wp\/v2\/comments?post=6813"}],"version-history":[{"count":0,"href":"https:\/\/gemaa.iesp.uerj.br\/en\/wp-json\/wp\/v2\/pages\/6813\/revisions"}],"wp:attachment":[{"href":"https:\/\/gemaa.iesp.uerj.br\/en\/wp-json\/wp\/v2\/media?parent=6813"}],"curies":[{"name":"wp","href":"https:\/\/api.w.org\/{rel}","templated":true}]}}